{"id":12973,"date":"2018-10-02T14:28:07","date_gmt":"2018-10-02T14:28:07","guid":{"rendered":"http:\/\/portal.sma.gob.cl\/?page_id=12973"},"modified":"2018-12-19T19:26:49","modified_gmt":"2018-12-19T19:26:49","slug":"comunicados","status":"publish","type":"page","link":"https:\/\/portal.sma.gob.cl\/index.php\/sala-de-prensa\/comunicados\/","title":{"rendered":"Comunicados"},"content":{"rendered":"<div class=\"fusion-fullwidth fullwidth-box fusion-builder-row-1 nonhundred-percent-fullwidth non-hundred-percent-height-scrolling\" style=\"--awb-border-radius-top-left:0px;--awb-border-radius-top-right:0px;--awb-border-radius-bottom-right:0px;--awb-border-radius-bottom-left:0px;--awb-flex-wrap:wrap;\" ><div class=\"fusion-builder-row fusion-row\"><div class=\"fusion-layout-column fusion_builder_column fusion-builder-column-0 fusion_builder_column_1_1 1_1 fusion-one-full fusion-column-first fusion-column-last\" style=\"--awb-bg-size:cover;\"><div class=\"fusion-column-wrapper fusion-flex-column-wrapper-legacy\"><div class=\"fusion-blog-shortcode fusion-blog-shortcode-1 fusion-blog-archive fusion-blog-layout-medium fusion-blog-pagination\"><div class=\"fusion-posts-container fusion-posts-container-pagination\" data-pages=\"148\"><article id=\"blog-1-post-38274\" class=\"fusion-post-medium post-38274 post type-post status-publish format-standard has-post-thumbnail hentry category-comunicados-noticias\">\n\t<style type=\"text\/css\">\n\t\t\n\t\t\n\t\t\n\t\t\n\t\t\t<\/style>\n\n\n\t\t\t<div class=\"fusion-flexslider flexslider fusion-flexslider-loading fusion-post-slideshow\" style=\"\">\n\t\t<ul class=\"slides\">\n\t\t\t\n\t\t\t\t\t\t\t\t\t\t\t\t\t\t<li><div  class=\"fusion-image-wrapper fusion-image-size-fixed\" aria-haspopup=\"true\">\n\t\t\t\t\t\t\t<a href=\"https:\/\/portal.sma.gob.cl\/index.php\/autoridades-lanzan-gestion-de-episodios-criticos-gec-2026-para-enfrentar-la-mala-calidad-del-aire-en-la-region-metropolitana\/\" aria-label=\"Autoridades lanzan Gesti\u00f3n de Episodios Cr\u00edticos (GEC) 2026 para enfrentar la mala calidad del aire en la Regi\u00f3n Metropolitana\">\n\t\t\t\t\t\t\t<img decoding=\"async\" width=\"320\" height=\"202\" src=\"https:\/\/portal.sma.gob.cl\/wp-content\/uploads\/2026\/04\/WhatsApp-Image-2026-04-30-at-4.53.32-PM-320x202.jpeg\" class=\"attachment-blog-medium size-blog-medium wp-post-image\" alt=\"\" srcset=\"https:\/\/portal.sma.gob.cl\/wp-content\/uploads\/2026\/04\/WhatsApp-Image-2026-04-30-at-4.53.32-PM-320x202.jpeg 320w, https:\/\/portal.sma.gob.cl\/wp-content\/uploads\/2026\/04\/WhatsApp-Image-2026-04-30-at-4.53.32-PM-700x441.jpeg 700w\" sizes=\"(max-width: 320px) 100vw, 320px\" \/>\t\t\t<\/a>\n\t\t\t\t\t\t\t<\/div>\n<\/li>\n\t\t\t\n\t\t\t\n\t\t\t\t\t\t\t\t\t\t\t\n\t\t\t\t\t\n\t\t\t\t\t\t\t\t\t\t\t<li>\n\t\t\t\t\t\t\t<div class=\"fusion-image-wrapper\">\n\t\t\t\t\t\t\t\t<a href=\"https:\/\/portal.sma.gob.cl\/index.php\/autoridades-lanzan-gestion-de-episodios-criticos-gec-2026-para-enfrentar-la-mala-calidad-del-aire-en-la-region-metropolitana\/\" aria-label=\"Autoridades lanzan Gesti\u00f3n de Episodios Cr\u00edticos (GEC) 2026 para enfrentar la mala calidad del aire en la Regi\u00f3n Metropolitana\">\n\t\t\t\t\t\t\t\t\t<img decoding=\"async\" width=\"320\" height=\"202\" src=\"https:\/\/portal.sma.gob.cl\/wp-content\/uploads\/2026\/04\/WhatsApp-Image-2026-04-30-at-4.53.32-PM-2-320x202.jpeg\" alt=\"\" class=\"wp-image-38279\" role=\"presentation\" srcset=\"https:\/\/portal.sma.gob.cl\/wp-content\/uploads\/2026\/04\/WhatsApp-Image-2026-04-30-at-4.53.32-PM-2-320x202.jpeg 320w, https:\/\/portal.sma.gob.cl\/wp-content\/uploads\/2026\/04\/WhatsApp-Image-2026-04-30-at-4.53.32-PM-2-700x441.jpeg 700w\" sizes=\"(max-width: 320px) 100vw, 320px\" \/>\t\t\t\t\t\t\t\t<\/a>\n\t\t\t\t\t\t\t\t<a style=\"display:none;\" href=\"https:\/\/portal.sma.gob.cl\/wp-content\/uploads\/2026\/04\/WhatsApp-Image-2026-04-30-at-4.53.32-PM-2.jpeg\" data-rel=\"iLightbox[gallery38274]\"  title=\"\" data-title=\"WhatsApp Image 2026-04-30 at 4.53.32 PM (2)\" data-caption=\"\">\n\t\t\t\t\t\t\t\t\t\t\t\t\t\t\t\t\t<\/a>\n\t\t\t\t\t\t\t<\/div>\n\t\t\t\t\t\t<\/li>\n\t\t\t\t\t\t\t\t\t\t\t\t\t\t\t\t\t\t\t\t\t\t\t\t\t\t\t\t\t\t\t\t\t\t\t\t\t\t\t\t\t\t\t\t\t\t\t\t\t\t\t\t\t\t\n\t\t\t\t\t\n\t\t\t\t\t\t\t\t\t\t\t<li>\n\t\t\t\t\t\t\t<div class=\"fusion-image-wrapper\">\n\t\t\t\t\t\t\t\t<a href=\"https:\/\/portal.sma.gob.cl\/index.php\/autoridades-lanzan-gestion-de-episodios-criticos-gec-2026-para-enfrentar-la-mala-calidad-del-aire-en-la-region-metropolitana\/\" aria-label=\"Autoridades lanzan Gesti\u00f3n de Episodios Cr\u00edticos (GEC) 2026 para enfrentar la mala calidad del aire en la Regi\u00f3n Metropolitana\">\n\t\t\t\t\t\t\t\t\t<img decoding=\"async\" width=\"320\" height=\"202\" src=\"https:\/\/portal.sma.gob.cl\/wp-content\/uploads\/2026\/04\/WhatsApp-Image-2026-04-30-at-4.53.32-PM-1-320x202.jpeg\" alt=\"\" class=\"wp-image-38278\" role=\"presentation\" srcset=\"https:\/\/portal.sma.gob.cl\/wp-content\/uploads\/2026\/04\/WhatsApp-Image-2026-04-30-at-4.53.32-PM-1-320x202.jpeg 320w, https:\/\/portal.sma.gob.cl\/wp-content\/uploads\/2026\/04\/WhatsApp-Image-2026-04-30-at-4.53.32-PM-1-700x441.jpeg 700w\" sizes=\"(max-width: 320px) 100vw, 320px\" \/>\t\t\t\t\t\t\t\t<\/a>\n\t\t\t\t\t\t\t\t<a style=\"display:none;\" href=\"https:\/\/portal.sma.gob.cl\/wp-content\/uploads\/2026\/04\/WhatsApp-Image-2026-04-30-at-4.53.32-PM-1.jpeg\" data-rel=\"iLightbox[gallery38274]\"  title=\"\" data-title=\"WhatsApp Image 2026-04-30 at 4.53.32 PM (1)\" data-caption=\"\">\n\t\t\t\t\t\t\t\t\t\t\t\t\t\t\t\t\t<\/a>\n\t\t\t\t\t\t\t<\/div>\n\t\t\t\t\t\t<\/li>\n\t\t\t\t\t\t\t\t\t\t\t\t\t\t\t\t\t\t\t\t\t<\/ul>\n\t<\/div>\n\t<div class=\"fusion-post-content post-content\"><h2 class=\"blog-shortcode-post-title entry-title\"><a href=\"https:\/\/portal.sma.gob.cl\/index.php\/autoridades-lanzan-gestion-de-episodios-criticos-gec-2026-para-enfrentar-la-mala-calidad-del-aire-en-la-region-metropolitana\/\">Autoridades lanzan Gesti\u00f3n de Episodios Cr\u00edticos (GEC) 2026 para enfrentar la mala calidad del aire en la Regi\u00f3n Metropolitana<\/a><\/h2><div class=\"fusion-post-content-container\"><p>La\u00a0ministra del Medio Ambiente,\u00a0Francisca Toledo,\u00a0el\u00a0Delegado\u00a0Presidencial RM,\u00a0Germ\u00e1n Codina,\u00a0la\u00a0Superintendenta\u00a0del Medio Ambiente (s) Claudia Pastore,\u00a0junto a\u00a0los seremis metropolitanos y los servicios fiscalizadores de<a href=\"https:\/\/portal.sma.gob.cl\/index.php\/autoridades-lanzan-gestion-de-episodios-criticos-gec-2026-para-enfrentar-la-mala-calidad-del-aire-en-la-region-metropolitana\/\">Leer m\u00e1s<\/a><\/p><\/div><\/div><div class=\"fusion-clearfix\"><\/div><div class=\"fusion-meta-info\"><div class=\"fusion-alignleft\"><span class=\"vcard\" style=\"display: none;\"><span class=\"fn\"><a href=\"https:\/\/portal.sma.gob.cl\/index.php\/author\/clausoto\/\" title=\"Entradas de Claudia Soto\" rel=\"author\">Claudia Soto<\/a><\/span><\/span><span class=\"updated\" style=\"display:none;\">2026-04-30T17:29:50-04:00<\/span><span>30 Abril, 2026<\/span><span class=\"fusion-inline-sep\">|<\/span><a href=\"https:\/\/portal.sma.gob.cl\/index.php\/category\/comunicados-noticias\/\" rel=\"category tag\">COMUNICADOS<\/a><span class=\"fusion-inline-sep\">|<\/span><\/div><\/div><\/article>\n<article id=\"blog-1-post-38269\" class=\"fusion-post-medium post-38269 post type-post status-publish format-standard has-post-thumbnail hentry category-comunicados-noticias category-destacado category-macrozona-centro category-notas-noticias category-sin-categoria\">\n\t<style type=\"text\/css\">\n\t\t\n\t\t\n\t\t\n\t\t\n\t\t\t<\/style>\n\n\n\t\t\t<div class=\"fusion-flexslider flexslider fusion-flexslider-loading fusion-post-slideshow\" style=\"\">\n\t\t<ul class=\"slides\">\n\t\t\t\n\t\t\t\t\t\t\t\t\t\t\t\t\t\t<li><div  class=\"fusion-image-wrapper fusion-image-size-fixed\" aria-haspopup=\"true\">\n\t\t\t\t\t\t\t<a href=\"https:\/\/portal.sma.gob.cl\/index.php\/gestion-de-episodios-criticos-2026-sma-publica-listado-de-paralizacion-de-grandes-establecimientos-afectos-al-ppda-de-la-rm\/\" aria-label=\"Gesti\u00f3n de Episodios Cr\u00edticos 2026: SMA publica listado de paralizaci\u00f3n de grandes establecimientos afectos al PPDA de la RM\u00a0\">\n\t\t\t\t\t\t\t<img decoding=\"async\" width=\"320\" height=\"202\" src=\"https:\/\/portal.sma.gob.cl\/wp-content\/uploads\/2013\/10\/gec-320x202.jpg\" class=\"attachment-blog-medium size-blog-medium wp-post-image\" alt=\"\" \/>\t\t\t<\/a>\n\t\t\t\t\t\t\t<\/div>\n<\/li>\n\t\t\t\n\t\t\t\n\t\t\t\t\t\t\t\t\t\t\t\t\t\t\t\t\t\t\t\t\t\t\t\t\t\t\t\t\t\t\t\t\t\t\t\t\t\t\t\t\t\t\t\t\t\t\t\t\t\t\t\t\t\t\t\t\t\t\t\t\t\t\t\t\t\t\t\t<\/ul>\n\t<\/div>\n\t<div class=\"fusion-post-content post-content\"><h2 class=\"blog-shortcode-post-title entry-title\"><a href=\"https:\/\/portal.sma.gob.cl\/index.php\/gestion-de-episodios-criticos-2026-sma-publica-listado-de-paralizacion-de-grandes-establecimientos-afectos-al-ppda-de-la-rm\/\">Gesti\u00f3n de Episodios Cr\u00edticos 2026: SMA publica listado de paralizaci\u00f3n de grandes establecimientos afectos al PPDA de la RM\u00a0<\/a><\/h2><div class=\"fusion-post-content-container\"><p>A partir del 1 de mayo, cinco instalaciones deber\u00e1n paralizar la operaci\u00f3n de sus fuentes estacionarias durante episodios de preemergencia<a href=\"https:\/\/portal.sma.gob.cl\/index.php\/gestion-de-episodios-criticos-2026-sma-publica-listado-de-paralizacion-de-grandes-establecimientos-afectos-al-ppda-de-la-rm\/\">Leer m\u00e1s<\/a><\/p><\/div><\/div><div class=\"fusion-clearfix\"><\/div><div class=\"fusion-meta-info\"><div class=\"fusion-alignleft\"><span class=\"vcard\" style=\"display: none;\"><span class=\"fn\"><a href=\"https:\/\/portal.sma.gob.cl\/index.php\/author\/patodlr\/\" title=\"Entradas de Patricio DLR\" rel=\"author\">Patricio DLR<\/a><\/span><\/span><span class=\"updated\" style=\"display:none;\">2026-04-30T17:41:09-04:00<\/span><span>30 Abril, 2026<\/span><span class=\"fusion-inline-sep\">|<\/span><a href=\"https:\/\/portal.sma.gob.cl\/index.php\/category\/comunicados-noticias\/\" rel=\"category tag\">COMUNICADOS<\/a>, <a href=\"https:\/\/portal.sma.gob.cl\/index.php\/category\/destacado\/\" rel=\"category tag\">DESTACADO<\/a>, <a href=\"https:\/\/portal.sma.gob.cl\/index.php\/category\/macrozona\/macrozona-centro\/\" rel=\"category tag\">Macrozona Centro<\/a>, <a href=\"https:\/\/portal.sma.gob.cl\/index.php\/category\/notas-noticias\/\" rel=\"category tag\">NOTAS<\/a>, <a href=\"https:\/\/portal.sma.gob.cl\/index.php\/category\/sin-categoria\/\" rel=\"category tag\">Sin categor\u00eda<\/a><span class=\"fusion-inline-sep\">|<\/span><\/div><\/div><\/article>\n<article id=\"blog-1-post-38266\" class=\"fusion-post-medium post-38266 post type-post status-publish format-standard has-post-thumbnail hentry category-comunicados-noticias category-destacado\">\n\t<style type=\"text\/css\">\n\t\t\n\t\t\n\t\t\n\t\t\n\t\t\t<\/style>\n\n\n\t\t\t<div class=\"fusion-flexslider flexslider fusion-flexslider-loading fusion-post-slideshow\" style=\"\">\n\t\t<ul class=\"slides\">\n\t\t\t\n\t\t\t\t\t\t\t\t\t\t\t\t\t\t<li><div  class=\"fusion-image-wrapper fusion-image-size-fixed\" aria-haspopup=\"true\">\n\t\t\t\t\t\t\t<a href=\"https:\/\/portal.sma.gob.cl\/index.php\/sma-inicia-investigacion-contra-enap-refinerias-aconcagua\/\" aria-label=\"SMA inicia investigaci\u00f3n contra ENAP Refiner\u00edas Aconcagua\">\n\t\t\t\t\t\t\t<img decoding=\"async\" width=\"320\" height=\"202\" src=\"https:\/\/portal.sma.gob.cl\/wp-content\/uploads\/2025\/10\/xlogosma-2.jpg.pagespeed.ic_.UCjY-cEuQc-320x202.webp\" class=\"attachment-blog-medium size-blog-medium wp-post-image\" alt=\"\" srcset=\"https:\/\/portal.sma.gob.cl\/wp-content\/uploads\/2025\/10\/xlogosma-2.jpg.pagespeed.ic_.UCjY-cEuQc-320x202.webp 320w, https:\/\/portal.sma.gob.cl\/wp-content\/uploads\/2025\/10\/xlogosma-2.jpg.pagespeed.ic_.UCjY-cEuQc-700x441.webp 700w\" sizes=\"(max-width: 320px) 100vw, 320px\" \/>\t\t\t<\/a>\n\t\t\t\t\t\t\t<\/div>\n<\/li>\n\t\t\t\n\t\t\t\n\t\t\t\t\t\t\t\t\t\t\t\t\t\t\t\t\t\t\t\t\t\t\t\t\t\t\t\t\t\t\t\t\t\t\t\t\t\t\t\t\t\t\t\t\t\t\t\t\t\t\t\t\t\t\t\t\t\t\t\t\t\t\t\t\t\t\t\t<\/ul>\n\t<\/div>\n\t<div class=\"fusion-post-content post-content\"><h2 class=\"blog-shortcode-post-title entry-title\"><a href=\"https:\/\/portal.sma.gob.cl\/index.php\/sma-inicia-investigacion-contra-enap-refinerias-aconcagua\/\">SMA inicia investigaci\u00f3n contra ENAP Refiner\u00edas Aconcagua<\/a><\/h2><div class=\"fusion-post-content-container\"><p>En relaci\u00f3n con la informaci\u00f3n difundida en medios de comunicaci\u00f3n sobre la entrega de antecedentes presuntamente falsos a la Superintendencia<a href=\"https:\/\/portal.sma.gob.cl\/index.php\/sma-inicia-investigacion-contra-enap-refinerias-aconcagua\/\">Leer m\u00e1s<\/a><\/p><\/div><\/div><div class=\"fusion-clearfix\"><\/div><div class=\"fusion-meta-info\"><div class=\"fusion-alignleft\"><span class=\"vcard\" style=\"display: none;\"><span class=\"fn\"><a href=\"https:\/\/portal.sma.gob.cl\/index.php\/author\/clausoto\/\" title=\"Entradas de Claudia Soto\" rel=\"author\">Claudia Soto<\/a><\/span><\/span><span class=\"updated\" style=\"display:none;\">2026-04-30T10:34:22-04:00<\/span><span>30 Abril, 2026<\/span><span class=\"fusion-inline-sep\">|<\/span><a href=\"https:\/\/portal.sma.gob.cl\/index.php\/category\/comunicados-noticias\/\" rel=\"category tag\">COMUNICADOS<\/a>, <a href=\"https:\/\/portal.sma.gob.cl\/index.php\/category\/destacado\/\" rel=\"category tag\">DESTACADO<\/a><span class=\"fusion-inline-sep\">|<\/span><\/div><\/div><\/article>\n<article id=\"blog-1-post-38260\" class=\"fusion-post-medium post-38260 post type-post status-publish format-standard has-post-thumbnail hentry category-comunicados-noticias category-destacado\">\n\t<style type=\"text\/css\">\n\t\t\n\t\t\n\t\t\n\t\t\n\t\t\t<\/style>\n\n\n\t\t\t<div class=\"fusion-flexslider flexslider fusion-flexslider-loading fusion-post-slideshow\" style=\"\">\n\t\t<ul class=\"slides\">\n\t\t\t\n\t\t\t\t\t\t\t\t\t\t\t\t\t\t<li><div  class=\"fusion-image-wrapper fusion-image-size-fixed\" aria-haspopup=\"true\">\n\t\t\t\t\t\t\t<a href=\"https:\/\/portal.sma.gob.cl\/index.php\/dia-internacional-de-la-conciencia-sobre-el-ruido-sma-destaca-nueva-normativa-y-refuerza-gestion-territorial-ante-aumento-de-denuncias\/\" aria-label=\"D\u00eda Internacional de la Conciencia sobre el Ruido: SMA destaca nueva normativa y refuerza gesti\u00f3n territorial ante aumento de denuncias\">\n\t\t\t\t\t\t\t<img decoding=\"async\" width=\"320\" height=\"202\" src=\"https:\/\/portal.sma.gob.cl\/wp-content\/uploads\/2024\/11\/ruido-800x475-1-320x202.jpg\" class=\"attachment-blog-medium size-blog-medium wp-post-image\" alt=\"\" srcset=\"https:\/\/portal.sma.gob.cl\/wp-content\/uploads\/2024\/11\/ruido-800x475-1-320x202.jpg 320w, https:\/\/portal.sma.gob.cl\/wp-content\/uploads\/2024\/11\/ruido-800x475-1-700x441.jpg 700w\" sizes=\"(max-width: 320px) 100vw, 320px\" \/>\t\t\t<\/a>\n\t\t\t\t\t\t\t<\/div>\n<\/li>\n\t\t\t\n\t\t\t\n\t\t\t\t\t\t\t\t\t\t\t\t\t\t\t\t\t\t\t\t\t\t\t\t\t\t\t\t\t\t\t\t\t\t\t\t\t\t\t\t\t\t\t\t\t\t\t\t\t\t\t\t\t\t\t\t\t\t\t\t\t\t\t\t\t\t\t\t<\/ul>\n\t<\/div>\n\t<div class=\"fusion-post-content post-content\"><h2 class=\"blog-shortcode-post-title entry-title\"><a href=\"https:\/\/portal.sma.gob.cl\/index.php\/dia-internacional-de-la-conciencia-sobre-el-ruido-sma-destaca-nueva-normativa-y-refuerza-gestion-territorial-ante-aumento-de-denuncias\/\">D\u00eda Internacional de la Conciencia sobre el Ruido: SMA destaca nueva normativa y refuerza gesti\u00f3n territorial ante aumento de denuncias<\/a><\/h2><div class=\"fusion-post-content-container\"><p>Durante el primer trimestre de 2026, las denuncias por ruido han aumentado un 24% respecto al mismo periodo del a\u00f1o<a href=\"https:\/\/portal.sma.gob.cl\/index.php\/dia-internacional-de-la-conciencia-sobre-el-ruido-sma-destaca-nueva-normativa-y-refuerza-gestion-territorial-ante-aumento-de-denuncias\/\">Leer m\u00e1s<\/a><\/p><\/div><\/div><div class=\"fusion-clearfix\"><\/div><div class=\"fusion-meta-info\"><div class=\"fusion-alignleft\"><span class=\"vcard\" style=\"display: none;\"><span class=\"fn\"><a href=\"https:\/\/portal.sma.gob.cl\/index.php\/author\/clausoto\/\" title=\"Entradas de Claudia Soto\" rel=\"author\">Claudia Soto<\/a><\/span><\/span><span class=\"updated\" style=\"display:none;\">2026-04-29T12:12:29-04:00<\/span><span>29 Abril, 2026<\/span><span class=\"fusion-inline-sep\">|<\/span><a href=\"https:\/\/portal.sma.gob.cl\/index.php\/category\/comunicados-noticias\/\" rel=\"category tag\">COMUNICADOS<\/a>, <a href=\"https:\/\/portal.sma.gob.cl\/index.php\/category\/destacado\/\" rel=\"category tag\">DESTACADO<\/a><span class=\"fusion-inline-sep\">|<\/span><\/div><\/div><\/article>\n<article id=\"blog-1-post-38060\" class=\"fusion-post-medium post-38060 post type-post status-publish format-standard has-post-thumbnail hentry category-comunicados-noticias category-destacado\">\n\t<style type=\"text\/css\">\n\t\t\n\t\t\n\t\t\n\t\t\n\t\t\t<\/style>\n\n\n\t\t\t<div class=\"fusion-flexslider flexslider fusion-flexslider-loading fusion-post-slideshow\" style=\"\">\n\t\t<ul class=\"slides\">\n\t\t\t\n\t\t\t\t\t\t\t\t\t\t\t\t\t\t<li><div  class=\"fusion-image-wrapper fusion-image-size-fixed\" aria-haspopup=\"true\">\n\t\t\t\t\t\t\t<a href=\"https:\/\/portal.sma.gob.cl\/index.php\/sma-inicia-fiscalizacion-de-episodios-criticos-en-los-planes-de-descontaminacion-desde-el-maule-hasta-aysen\/\" aria-label=\"SMA inicia fiscalizaci\u00f3n de episodios cr\u00edticos en los Planes de Descontaminaci\u00f3n desde el Maule hasta Ays\u00e9n\">\n\t\t\t\t\t\t\t<img decoding=\"async\" width=\"320\" height=\"202\" src=\"https:\/\/portal.sma.gob.cl\/wp-content\/uploads\/2018\/10\/taller-aire-nota-320x202.jpg\" class=\"attachment-blog-medium size-blog-medium wp-post-image\" alt=\"taller-aire-nota\" \/>\t\t\t<\/a>\n\t\t\t\t\t\t\t<\/div>\n<\/li>\n\t\t\t\n\t\t\t\n\t\t\t\t\t\t\t\t\t\t\t\t\t\t\t\t\t\t\t\t\t\t\t\t\t\t\t\t\t\t\t\t\t\t\t\t\t\t\t\t\t\t\t\t\t\t\t\t\t\t\t\t\t\t\t\t\t\t\t\t\t\t\t\t\t\t\t\t<\/ul>\n\t<\/div>\n\t<div class=\"fusion-post-content post-content\"><h2 class=\"blog-shortcode-post-title entry-title\"><a href=\"https:\/\/portal.sma.gob.cl\/index.php\/sma-inicia-fiscalizacion-de-episodios-criticos-en-los-planes-de-descontaminacion-desde-el-maule-hasta-aysen\/\">SMA inicia fiscalizaci\u00f3n de episodios cr\u00edticos en los Planes de Descontaminaci\u00f3n desde el Maule hasta Ays\u00e9n<\/a><\/h2><div class=\"fusion-post-content-container\"><p>Comercio de le\u00f1a seca, uso de artefactos a le\u00f1a en establecimientos comerciales y \u00f3rganos del Estado y verificaci\u00f3n de emisiones<a href=\"https:\/\/portal.sma.gob.cl\/index.php\/sma-inicia-fiscalizacion-de-episodios-criticos-en-los-planes-de-descontaminacion-desde-el-maule-hasta-aysen\/\">Leer m\u00e1s<\/a><\/p><\/div><\/div><div class=\"fusion-clearfix\"><\/div><div class=\"fusion-meta-info\"><div class=\"fusion-alignleft\"><span class=\"vcard\" style=\"display: none;\"><span class=\"fn\"><a href=\"https:\/\/portal.sma.gob.cl\/index.php\/author\/clausoto\/\" title=\"Entradas de Claudia Soto\" rel=\"author\">Claudia Soto<\/a><\/span><\/span><span class=\"updated\" style=\"display:none;\">2026-04-01T14:56:56-03:00<\/span><span>1 Abril, 2026<\/span><span class=\"fusion-inline-sep\">|<\/span><a href=\"https:\/\/portal.sma.gob.cl\/index.php\/category\/comunicados-noticias\/\" rel=\"category tag\">COMUNICADOS<\/a>, <a href=\"https:\/\/portal.sma.gob.cl\/index.php\/category\/destacado\/\" rel=\"category tag\">DESTACADO<\/a><span class=\"fusion-inline-sep\">|<\/span><\/div><\/div><\/article>\n<article id=\"blog-1-post-38057\" class=\"fusion-post-medium post-38057 post type-post status-publish format-standard has-post-thumbnail hentry category-comunicados-noticias category-destacado category-notas-noticias\">\n\t<style type=\"text\/css\">\n\t\t\n\t\t\n\t\t\n\t\t\n\t\t\t<\/style>\n\n\n\t\t\t<div class=\"fusion-flexslider flexslider fusion-flexslider-loading fusion-post-slideshow\" style=\"\">\n\t\t<ul class=\"slides\">\n\t\t\t\n\t\t\t\t\t\t\t\t\t\t\t\t\t\t<li><div  class=\"fusion-image-wrapper fusion-image-size-fixed\" aria-haspopup=\"true\">\n\t\t\t\t\t\t\t<a href=\"https:\/\/portal.sma.gob.cl\/index.php\/sma-impulsa-programa-con-municipios-para-fortalecer-la-fiscalizacion-de-ruidos\/\" aria-label=\"SMA impulsa programa con municipios para fortalecer la fiscalizaci\u00f3n de ruidos\">\n\t\t\t\t\t\t\t<img decoding=\"async\" width=\"320\" height=\"202\" src=\"https:\/\/portal.sma.gob.cl\/wp-content\/uploads\/2026\/04\/PSX_20260206_203026-320x202.png\" class=\"attachment-blog-medium size-blog-medium wp-post-image\" alt=\"\" srcset=\"https:\/\/portal.sma.gob.cl\/wp-content\/uploads\/2026\/04\/PSX_20260206_203026-320x202.png 320w, https:\/\/portal.sma.gob.cl\/wp-content\/uploads\/2026\/04\/PSX_20260206_203026-700x441.png 700w\" sizes=\"(max-width: 320px) 100vw, 320px\" \/>\t\t\t<\/a>\n\t\t\t\t\t\t\t<\/div>\n<\/li>\n\t\t\t\n\t\t\t\n\t\t\t\t\t\t\t\t\t\t\t\t\t\t\t\t\t\t\t\t\t\t\t\t\t\t\t\t\t\t\t\t\t\t\t\t\t\t\t\t\t\t\t\t\t\t\t\t\t\t\t\t\t\t\t\t\t\t\t\t\t\t\t\t\t\t\t\t<\/ul>\n\t<\/div>\n\t<div class=\"fusion-post-content post-content\"><h2 class=\"blog-shortcode-post-title entry-title\"><a href=\"https:\/\/portal.sma.gob.cl\/index.php\/sma-impulsa-programa-con-municipios-para-fortalecer-la-fiscalizacion-de-ruidos\/\">SMA impulsa programa con municipios para fortalecer la fiscalizaci\u00f3n de ruidos<\/a><\/h2><div class=\"fusion-post-content-container\"><p>La iniciativa, que considera a 12 municipios, contempla la entrega en comodato de un son\u00f3metro y calibrador ac\u00fastico, para apoyar<a href=\"https:\/\/portal.sma.gob.cl\/index.php\/sma-impulsa-programa-con-municipios-para-fortalecer-la-fiscalizacion-de-ruidos\/\">Leer m\u00e1s<\/a><\/p><\/div><\/div><div class=\"fusion-clearfix\"><\/div><div class=\"fusion-meta-info\"><div class=\"fusion-alignleft\"><span class=\"vcard\" style=\"display: none;\"><span class=\"fn\"><a href=\"https:\/\/portal.sma.gob.cl\/index.php\/author\/dmartinez\/\" title=\"Entradas de Daniela Martinez\" rel=\"author\">Daniela Martinez<\/a><\/span><\/span><span class=\"updated\" style=\"display:none;\">2026-04-01T09:29:00-03:00<\/span><span>1 Abril, 2026<\/span><span class=\"fusion-inline-sep\">|<\/span><a href=\"https:\/\/portal.sma.gob.cl\/index.php\/category\/comunicados-noticias\/\" rel=\"category tag\">COMUNICADOS<\/a>, <a href=\"https:\/\/portal.sma.gob.cl\/index.php\/category\/destacado\/\" rel=\"category tag\">DESTACADO<\/a>, <a href=\"https:\/\/portal.sma.gob.cl\/index.php\/category\/notas-noticias\/\" rel=\"category tag\">NOTAS<\/a><span class=\"fusion-inline-sep\">|<\/span><\/div><\/div><\/article>\n<article id=\"blog-1-post-38052\" class=\"fusion-post-medium post-38052 post type-post status-publish format-standard has-post-thumbnail hentry category-comunicados-noticias category-destacado category-notas-noticias\">\n\t<style type=\"text\/css\">\n\t\t\n\t\t\n\t\t\n\t\t\n\t\t\t<\/style>\n\n\n\t\t\t<div class=\"fusion-flexslider flexslider fusion-flexslider-loading fusion-post-slideshow\" style=\"\">\n\t\t<ul class=\"slides\">\n\t\t\t\n\t\t\t\t\t\t\t\t\t\t\t\t\t\t<li><div  class=\"fusion-image-wrapper fusion-image-size-fixed\" aria-haspopup=\"true\">\n\t\t\t\t\t\t\t<a href=\"https:\/\/portal.sma.gob.cl\/index.php\/claudia-pastore-asume-como-superintendenta-s-del-medio-ambiente\/\" aria-label=\"Claudia Pastore asume como Superintendenta (s) del Medio Ambiente\">\n\t\t\t\t\t\t\t<img decoding=\"async\" width=\"320\" height=\"202\" src=\"https:\/\/portal.sma.gob.cl\/wp-content\/uploads\/2026\/03\/WhatsApp-Image-2026-03-31-at-9.26.35-AM-320x202.jpeg\" class=\"attachment-blog-medium size-blog-medium wp-post-image\" alt=\"\" srcset=\"https:\/\/portal.sma.gob.cl\/wp-content\/uploads\/2026\/03\/WhatsApp-Image-2026-03-31-at-9.26.35-AM-320x202.jpeg 320w, https:\/\/portal.sma.gob.cl\/wp-content\/uploads\/2026\/03\/WhatsApp-Image-2026-03-31-at-9.26.35-AM-700x441.jpeg 700w\" sizes=\"(max-width: 320px) 100vw, 320px\" \/>\t\t\t<\/a>\n\t\t\t\t\t\t\t<\/div>\n<\/li>\n\t\t\t\n\t\t\t\n\t\t\t\t\t\t\t\t\t\t\t\t\t\t\t\t\t\t\t\t\t\t\t\t\t\t\t\t\t\t\t\t\t\t\t\t\t\t\t\t\t\t\t\t\t\t\t\t\t\t\t\t\t\t\t\t\t\t\t\t\t\t\t\t\t\t\t\t<\/ul>\n\t<\/div>\n\t<div class=\"fusion-post-content post-content\"><h2 class=\"blog-shortcode-post-title entry-title\"><a href=\"https:\/\/portal.sma.gob.cl\/index.php\/claudia-pastore-asume-como-superintendenta-s-del-medio-ambiente\/\">Claudia Pastore asume como Superintendenta (s) del Medio Ambiente<\/a><\/h2><div class=\"fusion-post-content-container\"><p>El pasado 18 de marzo, el Ministerio del Medio Ambiente confirm\u00f3 a Claudia Pastore como nueva Superintendenta (s) del Medio<a href=\"https:\/\/portal.sma.gob.cl\/index.php\/claudia-pastore-asume-como-superintendenta-s-del-medio-ambiente\/\">Leer m\u00e1s<\/a><\/p><\/div><\/div><div class=\"fusion-clearfix\"><\/div><div class=\"fusion-meta-info\"><div class=\"fusion-alignleft\"><span class=\"vcard\" style=\"display: none;\"><span class=\"fn\"><a href=\"https:\/\/portal.sma.gob.cl\/index.php\/author\/clausoto\/\" title=\"Entradas de Claudia Soto\" rel=\"author\">Claudia Soto<\/a><\/span><\/span><span class=\"updated\" style=\"display:none;\">2026-04-14T14:03:08-04:00<\/span><span>31 Marzo, 2026<\/span><span class=\"fusion-inline-sep\">|<\/span><a href=\"https:\/\/portal.sma.gob.cl\/index.php\/category\/comunicados-noticias\/\" rel=\"category tag\">COMUNICADOS<\/a>, <a href=\"https:\/\/portal.sma.gob.cl\/index.php\/category\/destacado\/\" rel=\"category tag\">DESTACADO<\/a>, <a href=\"https:\/\/portal.sma.gob.cl\/index.php\/category\/notas-noticias\/\" rel=\"category tag\">NOTAS<\/a><span class=\"fusion-inline-sep\">|<\/span><\/div><\/div><\/article>\n<article id=\"blog-1-post-38049\" class=\"fusion-post-medium post-38049 post type-post status-publish format-standard has-post-thumbnail hentry category-comunicados-noticias category-destacado category-notas-noticias\">\n\t<style type=\"text\/css\">\n\t\t\n\t\t\n\t\t\n\t\t\n\t\t\t<\/style>\n\n\n\t\t\t<div class=\"fusion-flexslider flexslider fusion-flexslider-loading fusion-post-slideshow\" style=\"\">\n\t\t<ul class=\"slides\">\n\t\t\t\n\t\t\t\t\t\t\t\t\t\t\t\t\t\t<li><div  class=\"fusion-image-wrapper fusion-image-size-fixed\" aria-haspopup=\"true\">\n\t\t\t\t\t\t\t<a href=\"https:\/\/portal.sma.gob.cl\/index.php\/sma-publica-listado-de-105-establecimientos-afectos-al-pago-del-impuesto-verde-del-ano-2025\/\" aria-label=\"SMA publica listado de 105 establecimientos afectos al pago del Impuesto Verde del a\u00f1o 2025\">\n\t\t\t\t\t\t\t<img decoding=\"async\" width=\"320\" height=\"202\" src=\"https:\/\/portal.sma.gob.cl\/wp-content\/uploads\/2025\/07\/refineria-1-320x202.jpg\" class=\"attachment-blog-medium size-blog-medium wp-post-image\" alt=\"\" srcset=\"https:\/\/portal.sma.gob.cl\/wp-content\/uploads\/2025\/07\/refineria-1-320x202.jpg 320w, https:\/\/portal.sma.gob.cl\/wp-content\/uploads\/2025\/07\/refineria-1-700x441.jpg 700w\" sizes=\"(max-width: 320px) 100vw, 320px\" \/>\t\t\t<\/a>\n\t\t\t\t\t\t\t<\/div>\n<\/li>\n\t\t\t\n\t\t\t\n\t\t\t\t\t\t\t\t\t\t\t\t\t\t\t\t\t\t\t\t\t\t\t\t\t\t\t\t\t\t\t\t\t\t\t\t\t\t\t\t\t\t\t\t\t\t\t\t\t\t\t\t\t\t\t\t\t\t\t\t\t\t\t\t\t\t\t\t<\/ul>\n\t<\/div>\n\t<div class=\"fusion-post-content post-content\"><h2 class=\"blog-shortcode-post-title entry-title\"><a href=\"https:\/\/portal.sma.gob.cl\/index.php\/sma-publica-listado-de-105-establecimientos-afectos-al-pago-del-impuesto-verde-del-ano-2025\/\">SMA publica listado de 105 establecimientos afectos al pago del Impuesto Verde del a\u00f1o 2025<\/a><\/h2><div class=\"fusion-post-content-container\"><p>Este gravamen, establecido en la Ley 20.780, afecta a las emisiones al aire de material particulado (MP), \u00f3xidos de nitr\u00f3geno<a href=\"https:\/\/portal.sma.gob.cl\/index.php\/sma-publica-listado-de-105-establecimientos-afectos-al-pago-del-impuesto-verde-del-ano-2025\/\">Leer m\u00e1s<\/a><\/p><\/div><\/div><div class=\"fusion-clearfix\"><\/div><div class=\"fusion-meta-info\"><div class=\"fusion-alignleft\"><span class=\"vcard\" style=\"display: none;\"><span class=\"fn\"><a href=\"https:\/\/portal.sma.gob.cl\/index.php\/author\/dmartinez\/\" title=\"Entradas de Daniela Martinez\" rel=\"author\">Daniela Martinez<\/a><\/span><\/span><span class=\"updated\" style=\"display:none;\">2026-03-30T12:58:21-03:00<\/span><span>30 Marzo, 2026<\/span><span class=\"fusion-inline-sep\">|<\/span><a href=\"https:\/\/portal.sma.gob.cl\/index.php\/category\/comunicados-noticias\/\" rel=\"category tag\">COMUNICADOS<\/a>, <a href=\"https:\/\/portal.sma.gob.cl\/index.php\/category\/destacado\/\" rel=\"category tag\">DESTACADO<\/a>, <a href=\"https:\/\/portal.sma.gob.cl\/index.php\/category\/notas-noticias\/\" rel=\"category tag\">NOTAS<\/a><span class=\"fusion-inline-sep\">|<\/span><\/div><\/div><\/article>\n<article id=\"blog-1-post-37960\" class=\"fusion-post-medium post-37960 post type-post status-publish format-standard has-post-thumbnail hentry category-comunicados-noticias category-concon-quintero-y-puchuncavi category-destacado\">\n\t<style type=\"text\/css\">\n\t\t\n\t\t\n\t\t\n\t\t\n\t\t\t<\/style>\n\n\n\t\t\t<div class=\"fusion-flexslider flexslider fusion-flexslider-loading fusion-post-slideshow\" style=\"\">\n\t\t<ul class=\"slides\">\n\t\t\t\n\t\t\t\t\t\t\t\t\t\t\t\t\t\t<li><div  class=\"fusion-image-wrapper fusion-image-size-fixed\" aria-haspopup=\"true\">\n\t\t\t\t\t\t\t<a href=\"https:\/\/portal.sma.gob.cl\/index.php\/sma-lanza-nuevo-sitio-web-dedicado-al-seguimiento-ambiental-en-concon-quintero-y-puchuncavi\/\" aria-label=\"SMA lanza nuevo sitio web dedicado al seguimiento ambiental en Conc\u00f3n, Quintero y Puchuncav\u00ed\">\n\t\t\t\t\t\t\t<img decoding=\"async\" width=\"320\" height=\"202\" src=\"https:\/\/portal.sma.gob.cl\/wp-content\/uploads\/2026\/03\/cqp-nota-320x202.png\" class=\"attachment-blog-medium size-blog-medium wp-post-image\" alt=\"\" srcset=\"https:\/\/portal.sma.gob.cl\/wp-content\/uploads\/2026\/03\/cqp-nota-320x202.png 320w, https:\/\/portal.sma.gob.cl\/wp-content\/uploads\/2026\/03\/cqp-nota-700x441.png 700w\" sizes=\"(max-width: 320px) 100vw, 320px\" \/>\t\t\t<\/a>\n\t\t\t\t\t\t\t<\/div>\n<\/li>\n\t\t\t\n\t\t\t\n\t\t\t\t\t\t\t\t\t\t\t\t\t\t\t\t\t\t\t\t\t\t\t\t\t\t\t\t\t\t\t\t\t\t\t\t\t\t\t\t\t\t\t\t\t\t\t\t\t\t\t\t\t\t\t\t\t\t\t\t\t\t\t\t\t\t\t\t<\/ul>\n\t<\/div>\n\t<div class=\"fusion-post-content post-content\"><h2 class=\"blog-shortcode-post-title entry-title\"><a href=\"https:\/\/portal.sma.gob.cl\/index.php\/sma-lanza-nuevo-sitio-web-dedicado-al-seguimiento-ambiental-en-concon-quintero-y-puchuncavi\/\">SMA lanza nuevo sitio web dedicado al seguimiento ambiental en Conc\u00f3n, Quintero y Puchuncav\u00ed<\/a><\/h2><div class=\"fusion-post-content-container\"><p>Adem\u00e1s, la instituci\u00f3n public\u00f3 el \"Informe de resultados del monitoreo de compuestos org\u00e1nicos vol\u00e1tiles en aire\u201d del a\u00f1o 2025. La<a href=\"https:\/\/portal.sma.gob.cl\/index.php\/sma-lanza-nuevo-sitio-web-dedicado-al-seguimiento-ambiental-en-concon-quintero-y-puchuncavi\/\">Leer m\u00e1s<\/a><\/p><\/div><\/div><div class=\"fusion-clearfix\"><\/div><div class=\"fusion-meta-info\"><div class=\"fusion-alignleft\"><span class=\"vcard\" style=\"display: none;\"><span class=\"fn\"><a href=\"https:\/\/portal.sma.gob.cl\/index.php\/author\/clausoto\/\" title=\"Entradas de Claudia Soto\" rel=\"author\">Claudia Soto<\/a><\/span><\/span><span class=\"updated\" style=\"display:none;\">2026-03-10T15:32:48-03:00<\/span><span>10 Marzo, 2026<\/span><span class=\"fusion-inline-sep\">|<\/span><a href=\"https:\/\/portal.sma.gob.cl\/index.php\/category\/comunicados-noticias\/\" rel=\"category tag\">COMUNICADOS<\/a>, <a href=\"https:\/\/portal.sma.gob.cl\/index.php\/category\/concon-quintero-y-puchuncavi\/\" rel=\"category tag\">Conc\u00f3n, Quintero y Puchuncav\u00ed<\/a>, <a href=\"https:\/\/portal.sma.gob.cl\/index.php\/category\/destacado\/\" rel=\"category tag\">DESTACADO<\/a><span class=\"fusion-inline-sep\">|<\/span><\/div><\/div><\/article>\n<article id=\"blog-1-post-37955\" class=\"fusion-post-medium post-37955 post type-post status-publish format-standard has-post-thumbnail hentry category-comunicados-noticias category-destacado\">\n\t<style type=\"text\/css\">\n\t\t\n\t\t\n\t\t\n\t\t\n\t\t\t<\/style>\n\n\n\t\t\t<div class=\"fusion-flexslider flexslider fusion-flexslider-loading fusion-post-slideshow\" style=\"\">\n\t\t<ul class=\"slides\">\n\t\t\t\n\t\t\t\t\t\t\t\t\t\t\t\t\t\t<li><div  class=\"fusion-image-wrapper fusion-image-size-fixed\" aria-haspopup=\"true\">\n\t\t\t\t\t\t\t<a href=\"https:\/\/portal.sma.gob.cl\/index.php\/superintendenta-marie-claude-plumer-destaca-quiebre-historico-en-gestion-de-denuncias\/\" aria-label=\"Superintendenta Marie Claude Plumer destaca &#8220;quiebre hist\u00f3rico&#8221; en gesti\u00f3n de denuncias\">\n\t\t\t\t\t\t\t<img decoding=\"async\" width=\"320\" height=\"202\" src=\"https:\/\/portal.sma.gob.cl\/wp-content\/uploads\/2026\/03\/IMG_8295-scaled-e1773088856193-320x202.jpg\" class=\"attachment-blog-medium size-blog-medium wp-post-image\" alt=\"\" srcset=\"https:\/\/portal.sma.gob.cl\/wp-content\/uploads\/2026\/03\/IMG_8295-scaled-e1773088856193-320x202.jpg 320w, https:\/\/portal.sma.gob.cl\/wp-content\/uploads\/2026\/03\/IMG_8295-scaled-e1773088856193-700x441.jpg 700w\" sizes=\"(max-width: 320px) 100vw, 320px\" \/>\t\t\t<\/a>\n\t\t\t\t\t\t\t<\/div>\n<\/li>\n\t\t\t\n\t\t\t\n\t\t\t\t\t\t\t\t\t\t\t\t\t\t\t\t\t\t\t\t\t\t\t\t\t\t\t\t\t\t\t\t\t\t\t\t\t\t\t\t\t\t\t\t\t\t\t\t\t\t\t\t\t\t\t\t\t\t\t\t\t\t\t\t\t\t\t\t<\/ul>\n\t<\/div>\n\t<div class=\"fusion-post-content post-content\"><h2 class=\"blog-shortcode-post-title entry-title\"><a href=\"https:\/\/portal.sma.gob.cl\/index.php\/superintendenta-marie-claude-plumer-destaca-quiebre-historico-en-gestion-de-denuncias\/\">Superintendenta Marie Claude Plumer destaca &#8220;quiebre hist\u00f3rico&#8221; en gesti\u00f3n de denuncias<\/a><\/h2><div class=\"fusion-post-content-container\"><p>Si en 2022 el total de casos finalizados alcanz\u00f3 las 9.654, los pendientes fueron 13.516. Sin embargo, en 2025, estos<a href=\"https:\/\/portal.sma.gob.cl\/index.php\/superintendenta-marie-claude-plumer-destaca-quiebre-historico-en-gestion-de-denuncias\/\">Leer m\u00e1s<\/a><\/p><\/div><\/div><div class=\"fusion-clearfix\"><\/div><div class=\"fusion-meta-info\"><div class=\"fusion-alignleft\"><span class=\"vcard\" style=\"display: none;\"><span class=\"fn\"><a href=\"https:\/\/portal.sma.gob.cl\/index.php\/author\/clausoto\/\" title=\"Entradas de Claudia Soto\" rel=\"author\">Claudia Soto<\/a><\/span><\/span><span class=\"updated\" style=\"display:none;\">2026-03-10T09:47:18-03:00<\/span><span>10 Marzo, 2026<\/span><span class=\"fusion-inline-sep\">|<\/span><a href=\"https:\/\/portal.sma.gob.cl\/index.php\/category\/comunicados-noticias\/\" rel=\"category tag\">COMUNICADOS<\/a>, <a href=\"https:\/\/portal.sma.gob.cl\/index.php\/category\/destacado\/\" rel=\"category tag\">DESTACADO<\/a><span class=\"fusion-inline-sep\">|<\/span><\/div><\/div><\/article>\n<\/div><div class=\"pagination clearfix\"><span class=\"current\">1<\/span><a href=\"https:\/\/portal.sma.gob.cl\/index.php\/wp-json\/wp\/v2\/pages\/12973\/page\/2\/\" class=\"inactive\">2<\/a><a class=\"pagination-next\" rel=\"next\" href=\"https:\/\/portal.sma.gob.cl\/index.php\/wp-json\/wp\/v2\/pages\/12973\/page\/2\/\"><span class=\"page-text\">Next<\/span><span class=\"page-next\"><\/span><\/a><\/div><div class=\"fusion-clearfix\"><\/div><\/div><div class=\"fusion-clearfix\"><\/div><\/div><\/div><\/div><\/div>\n","protected":false},"excerpt":{"rendered":"","protected":false},"author":3,"featured_media":0,"parent":12124,"menu_order":0,"comment_status":"closed","ping_status":"closed","template":"","meta":{"footnotes":""},"class_list":["post-12973","page","type-page","status-publish","hentry"],"_links":{"self":[{"href":"https:\/\/portal.sma.gob.cl\/index.php\/wp-json\/wp\/v2\/pages\/12973","targetHints":{"allow":["GET"]}}],"collection":[{"href":"https:\/\/portal.sma.gob.cl\/index.php\/wp-json\/wp\/v2\/pages"}],"about":[{"href":"https:\/\/portal.sma.gob.cl\/index.php\/wp-json\/wp\/v2\/types\/page"}],"author":[{"embeddable":true,"href":"https:\/\/portal.sma.gob.cl\/index.php\/wp-json\/wp\/v2\/users\/3"}],"replies":[{"embeddable":true,"href":"https:\/\/portal.sma.gob.cl\/index.php\/wp-json\/wp\/v2\/comments?post=12973"}],"version-history":[{"count":5,"href":"https:\/\/portal.sma.gob.cl\/index.php\/wp-json\/wp\/v2\/pages\/12973\/revisions"}],"predecessor-version":[{"id":17329,"href":"https:\/\/portal.sma.gob.cl\/index.php\/wp-json\/wp\/v2\/pages\/12973\/revisions\/17329"}],"up":[{"embeddable":true,"href":"https:\/\/portal.sma.gob.cl\/index.php\/wp-json\/wp\/v2\/pages\/12124"}],"wp:attachment":[{"href":"https:\/\/portal.sma.gob.cl\/index.php\/wp-json\/wp\/v2\/media?parent=12973"}],"curies":[{"name":"wp","href":"https:\/\/api.w.org\/{rel}","templated":true}]}}