{"id":12975,"date":"2018-10-02T14:28:32","date_gmt":"2018-10-02T14:28:32","guid":{"rendered":"http:\/\/portal.sma.gob.cl\/?page_id=12975"},"modified":"2018-12-19T19:28:14","modified_gmt":"2018-12-19T19:28:14","slug":"notas","status":"publish","type":"page","link":"https:\/\/portal.sma.gob.cl\/index.php\/sala-de-prensa\/notas\/","title":{"rendered":"Notas"},"content":{"rendered":"<div class=\"fusion-fullwidth fullwidth-box fusion-builder-row-1 nonhundred-percent-fullwidth non-hundred-percent-height-scrolling\" style=\"--awb-border-radius-top-left:0px;--awb-border-radius-top-right:0px;--awb-border-radius-bottom-right:0px;--awb-border-radius-bottom-left:0px;--awb-flex-wrap:wrap;\" ><div class=\"fusion-builder-row fusion-row\"><div class=\"fusion-layout-column fusion_builder_column fusion-builder-column-0 fusion_builder_column_1_1 1_1 fusion-one-full fusion-column-first fusion-column-last\" style=\"--awb-bg-size:cover;\"><div class=\"fusion-column-wrapper fusion-flex-column-wrapper-legacy\"><div class=\"fusion-blog-shortcode fusion-blog-shortcode-1 fusion-blog-archive fusion-blog-layout-medium fusion-blog-pagination\"><div class=\"fusion-posts-container fusion-posts-container-pagination\" data-pages=\"77\"><article id=\"blog-1-post-38057\" class=\"fusion-post-medium post-38057 post type-post status-publish format-standard has-post-thumbnail hentry category-comunicados-noticias category-destacado category-notas-noticias\">\n\t<style type=\"text\/css\">\n\t\t\n\t\t\n\t\t\n\t\t\n\t\t\t<\/style>\n\n\n\t\t\t<div class=\"fusion-flexslider flexslider fusion-flexslider-loading fusion-post-slideshow\" style=\"\">\n\t\t<ul class=\"slides\">\n\t\t\t\n\t\t\t\t\t\t\t\t\t\t\t\t\t\t<li><div  class=\"fusion-image-wrapper fusion-image-size-fixed\" aria-haspopup=\"true\">\n\t\t\t\t\t\t\t<a href=\"https:\/\/portal.sma.gob.cl\/index.php\/sma-impulsa-programa-con-municipios-para-fortalecer-la-fiscalizacion-de-ruidos\/\" aria-label=\"SMA impulsa programa con municipios para fortalecer la fiscalizaci\u00f3n de ruidos\">\n\t\t\t\t\t\t\t<img decoding=\"async\" width=\"320\" height=\"202\" src=\"https:\/\/portal.sma.gob.cl\/wp-content\/uploads\/2026\/04\/PSX_20260206_203026-320x202.png\" class=\"attachment-blog-medium size-blog-medium wp-post-image\" alt=\"\" srcset=\"https:\/\/portal.sma.gob.cl\/wp-content\/uploads\/2026\/04\/PSX_20260206_203026-320x202.png 320w, https:\/\/portal.sma.gob.cl\/wp-content\/uploads\/2026\/04\/PSX_20260206_203026-700x441.png 700w\" sizes=\"(max-width: 320px) 100vw, 320px\" \/>\t\t\t<\/a>\n\t\t\t\t\t\t\t<\/div>\n<\/li>\n\t\t\t\n\t\t\t\n\t\t\t\t\t\t\t\t\t\t\t\t\t\t\t\t\t\t\t\t\t\t\t\t\t\t\t\t\t\t\t\t\t\t\t\t\t\t\t\t\t\t\t\t\t\t\t\t\t\t\t\t\t\t\t\t\t\t\t\t\t\t\t\t\t\t\t\t<\/ul>\n\t<\/div>\n\t<div class=\"fusion-post-content post-content\"><h2 class=\"blog-shortcode-post-title entry-title\"><a href=\"https:\/\/portal.sma.gob.cl\/index.php\/sma-impulsa-programa-con-municipios-para-fortalecer-la-fiscalizacion-de-ruidos\/\">SMA impulsa programa con municipios para fortalecer la fiscalizaci\u00f3n de ruidos<\/a><\/h2><div class=\"fusion-post-content-container\"><p>La iniciativa, que considera a 12 municipios, contempla la entrega en comodato de un son\u00f3metro y calibrador ac\u00fastico, para apoyar<a href=\"https:\/\/portal.sma.gob.cl\/index.php\/sma-impulsa-programa-con-municipios-para-fortalecer-la-fiscalizacion-de-ruidos\/\">Leer m\u00e1s<\/a><\/p><\/div><\/div><div class=\"fusion-clearfix\"><\/div><div class=\"fusion-meta-info\"><div class=\"fusion-alignleft\"><span class=\"vcard\" style=\"display: none;\"><span class=\"fn\"><a href=\"https:\/\/portal.sma.gob.cl\/index.php\/author\/dmartinez\/\" title=\"Entradas de Daniela Martinez\" rel=\"author\">Daniela Martinez<\/a><\/span><\/span><span class=\"updated\" style=\"display:none;\">2026-04-01T09:29:00-03:00<\/span><span>1 Abril, 2026<\/span><span class=\"fusion-inline-sep\">|<\/span><a href=\"https:\/\/portal.sma.gob.cl\/index.php\/category\/comunicados-noticias\/\" rel=\"category tag\">COMUNICADOS<\/a>, <a href=\"https:\/\/portal.sma.gob.cl\/index.php\/category\/destacado\/\" rel=\"category tag\">DESTACADO<\/a>, <a href=\"https:\/\/portal.sma.gob.cl\/index.php\/category\/notas-noticias\/\" rel=\"category tag\">NOTAS<\/a><span class=\"fusion-inline-sep\">|<\/span><\/div><\/div><\/article>\n<article id=\"blog-1-post-38052\" class=\"fusion-post-medium post-38052 post type-post status-publish format-standard has-post-thumbnail hentry category-comunicados-noticias category-destacado category-notas-noticias\">\n\t<style type=\"text\/css\">\n\t\t\n\t\t\n\t\t\n\t\t\n\t\t\t<\/style>\n\n\n\t\t\t<div class=\"fusion-flexslider flexslider fusion-flexslider-loading fusion-post-slideshow\" style=\"\">\n\t\t<ul class=\"slides\">\n\t\t\t\n\t\t\t\t\t\t\t\t\t\t\t\t\t\t<li><div  class=\"fusion-image-wrapper fusion-image-size-fixed\" aria-haspopup=\"true\">\n\t\t\t\t\t\t\t<a href=\"https:\/\/portal.sma.gob.cl\/index.php\/claudia-pastore-asume-como-superintendenta-s-del-medio-ambiente\/\" aria-label=\"Claudia Pastore asume como Superintendenta (s) del Medio Ambiente\">\n\t\t\t\t\t\t\t<img decoding=\"async\" width=\"320\" height=\"202\" src=\"https:\/\/portal.sma.gob.cl\/wp-content\/uploads\/2026\/03\/WhatsApp-Image-2026-03-31-at-9.26.35-AM-320x202.jpeg\" class=\"attachment-blog-medium size-blog-medium wp-post-image\" alt=\"\" srcset=\"https:\/\/portal.sma.gob.cl\/wp-content\/uploads\/2026\/03\/WhatsApp-Image-2026-03-31-at-9.26.35-AM-320x202.jpeg 320w, https:\/\/portal.sma.gob.cl\/wp-content\/uploads\/2026\/03\/WhatsApp-Image-2026-03-31-at-9.26.35-AM-700x441.jpeg 700w\" sizes=\"(max-width: 320px) 100vw, 320px\" \/>\t\t\t<\/a>\n\t\t\t\t\t\t\t<\/div>\n<\/li>\n\t\t\t\n\t\t\t\n\t\t\t\t\t\t\t\t\t\t\t\t\t\t\t\t\t\t\t\t\t\t\t\t\t\t\t\t\t\t\t\t\t\t\t\t\t\t\t\t\t\t\t\t\t\t\t\t\t\t\t\t\t\t\t\t\t\t\t\t\t\t\t\t\t\t\t\t<\/ul>\n\t<\/div>\n\t<div class=\"fusion-post-content post-content\"><h2 class=\"blog-shortcode-post-title entry-title\"><a href=\"https:\/\/portal.sma.gob.cl\/index.php\/claudia-pastore-asume-como-superintendenta-s-del-medio-ambiente\/\">Claudia Pastore asume como Superintendenta (s) del Medio Ambiente<\/a><\/h2><div class=\"fusion-post-content-container\"><p>El pasado 18 de marzo, el Ministerio del Medio Ambiente confirm\u00f3 a Claudia Pastore como nueva Superintendenta (s) del Medio<a href=\"https:\/\/portal.sma.gob.cl\/index.php\/claudia-pastore-asume-como-superintendenta-s-del-medio-ambiente\/\">Leer m\u00e1s<\/a><\/p><\/div><\/div><div class=\"fusion-clearfix\"><\/div><div class=\"fusion-meta-info\"><div class=\"fusion-alignleft\"><span class=\"vcard\" style=\"display: none;\"><span class=\"fn\"><a href=\"https:\/\/portal.sma.gob.cl\/index.php\/author\/clausoto\/\" title=\"Entradas de Claudia Soto\" rel=\"author\">Claudia Soto<\/a><\/span><\/span><span class=\"updated\" style=\"display:none;\">2026-04-14T14:03:08-04:00<\/span><span>31 Marzo, 2026<\/span><span class=\"fusion-inline-sep\">|<\/span><a href=\"https:\/\/portal.sma.gob.cl\/index.php\/category\/comunicados-noticias\/\" rel=\"category tag\">COMUNICADOS<\/a>, <a href=\"https:\/\/portal.sma.gob.cl\/index.php\/category\/destacado\/\" rel=\"category tag\">DESTACADO<\/a>, <a href=\"https:\/\/portal.sma.gob.cl\/index.php\/category\/notas-noticias\/\" rel=\"category tag\">NOTAS<\/a><span class=\"fusion-inline-sep\">|<\/span><\/div><\/div><\/article>\n<article id=\"blog-1-post-38049\" class=\"fusion-post-medium post-38049 post type-post status-publish format-standard has-post-thumbnail hentry category-comunicados-noticias category-destacado category-notas-noticias\">\n\t<style type=\"text\/css\">\n\t\t\n\t\t\n\t\t\n\t\t\n\t\t\t<\/style>\n\n\n\t\t\t<div class=\"fusion-flexslider flexslider fusion-flexslider-loading fusion-post-slideshow\" style=\"\">\n\t\t<ul class=\"slides\">\n\t\t\t\n\t\t\t\t\t\t\t\t\t\t\t\t\t\t<li><div  class=\"fusion-image-wrapper fusion-image-size-fixed\" aria-haspopup=\"true\">\n\t\t\t\t\t\t\t<a href=\"https:\/\/portal.sma.gob.cl\/index.php\/sma-publica-listado-de-105-establecimientos-afectos-al-pago-del-impuesto-verde-del-ano-2025\/\" aria-label=\"SMA publica listado de 105 establecimientos afectos al pago del Impuesto Verde del a\u00f1o 2025\">\n\t\t\t\t\t\t\t<img decoding=\"async\" width=\"320\" height=\"202\" src=\"https:\/\/portal.sma.gob.cl\/wp-content\/uploads\/2025\/07\/refineria-1-320x202.jpg\" class=\"attachment-blog-medium size-blog-medium wp-post-image\" alt=\"\" srcset=\"https:\/\/portal.sma.gob.cl\/wp-content\/uploads\/2025\/07\/refineria-1-320x202.jpg 320w, https:\/\/portal.sma.gob.cl\/wp-content\/uploads\/2025\/07\/refineria-1-700x441.jpg 700w\" sizes=\"(max-width: 320px) 100vw, 320px\" \/>\t\t\t<\/a>\n\t\t\t\t\t\t\t<\/div>\n<\/li>\n\t\t\t\n\t\t\t\n\t\t\t\t\t\t\t\t\t\t\t\t\t\t\t\t\t\t\t\t\t\t\t\t\t\t\t\t\t\t\t\t\t\t\t\t\t\t\t\t\t\t\t\t\t\t\t\t\t\t\t\t\t\t\t\t\t\t\t\t\t\t\t\t\t\t\t\t<\/ul>\n\t<\/div>\n\t<div class=\"fusion-post-content post-content\"><h2 class=\"blog-shortcode-post-title entry-title\"><a href=\"https:\/\/portal.sma.gob.cl\/index.php\/sma-publica-listado-de-105-establecimientos-afectos-al-pago-del-impuesto-verde-del-ano-2025\/\">SMA publica listado de 105 establecimientos afectos al pago del Impuesto Verde del a\u00f1o 2025<\/a><\/h2><div class=\"fusion-post-content-container\"><p>Este gravamen, establecido en la Ley 20.780, afecta a las emisiones al aire de material particulado (MP), \u00f3xidos de nitr\u00f3geno<a href=\"https:\/\/portal.sma.gob.cl\/index.php\/sma-publica-listado-de-105-establecimientos-afectos-al-pago-del-impuesto-verde-del-ano-2025\/\">Leer m\u00e1s<\/a><\/p><\/div><\/div><div class=\"fusion-clearfix\"><\/div><div class=\"fusion-meta-info\"><div class=\"fusion-alignleft\"><span class=\"vcard\" style=\"display: none;\"><span class=\"fn\"><a href=\"https:\/\/portal.sma.gob.cl\/index.php\/author\/dmartinez\/\" title=\"Entradas de Daniela Martinez\" rel=\"author\">Daniela Martinez<\/a><\/span><\/span><span class=\"updated\" style=\"display:none;\">2026-03-30T12:58:21-03:00<\/span><span>30 Marzo, 2026<\/span><span class=\"fusion-inline-sep\">|<\/span><a href=\"https:\/\/portal.sma.gob.cl\/index.php\/category\/comunicados-noticias\/\" rel=\"category tag\">COMUNICADOS<\/a>, <a href=\"https:\/\/portal.sma.gob.cl\/index.php\/category\/destacado\/\" rel=\"category tag\">DESTACADO<\/a>, <a href=\"https:\/\/portal.sma.gob.cl\/index.php\/category\/notas-noticias\/\" rel=\"category tag\">NOTAS<\/a><span class=\"fusion-inline-sep\">|<\/span><\/div><\/div><\/article>\n<article id=\"blog-1-post-37863\" class=\"fusion-post-medium post-37863 post type-post status-publish format-standard has-post-thumbnail hentry category-comunicados-noticias category-notas-noticias\">\n\t<style type=\"text\/css\">\n\t\t\n\t\t\n\t\t\n\t\t\n\t\t\t<\/style>\n\n\n\t\t\t<div class=\"fusion-flexslider flexslider fusion-flexslider-loading fusion-post-slideshow\" style=\"\">\n\t\t<ul class=\"slides\">\n\t\t\t\n\t\t\t\t\t\t\t\t\t\t\t\t\t\t<li><div  class=\"fusion-image-wrapper fusion-image-size-fixed\" aria-haspopup=\"true\">\n\t\t\t\t\t\t\t<a href=\"https:\/\/portal.sma.gob.cl\/index.php\/sma-y-directemar-firman-convenio-para-fortalecer-la-fiscalizacion-ambiental-maritima\/\" aria-label=\"SMA y DIRECTEMAR firman convenio para fortalecer la fiscalizaci\u00f3n ambiental mar\u00edtima\">\n\t\t\t\t\t\t\t<img decoding=\"async\" width=\"320\" height=\"202\" src=\"https:\/\/portal.sma.gob.cl\/wp-content\/uploads\/2026\/03\/WhatsApp-Image-2026-03-04-at-9.29.31-AM-2-320x202.jpeg\" class=\"attachment-blog-medium size-blog-medium wp-post-image\" alt=\"\" srcset=\"https:\/\/portal.sma.gob.cl\/wp-content\/uploads\/2026\/03\/WhatsApp-Image-2026-03-04-at-9.29.31-AM-2-320x202.jpeg 320w, https:\/\/portal.sma.gob.cl\/wp-content\/uploads\/2026\/03\/WhatsApp-Image-2026-03-04-at-9.29.31-AM-2-700x441.jpeg 700w\" sizes=\"(max-width: 320px) 100vw, 320px\" \/>\t\t\t<\/a>\n\t\t\t\t\t\t\t<\/div>\n<\/li>\n\t\t\t\n\t\t\t\n\t\t\t\t\t\t\t\t\t\t\t\n\t\t\t\t\t\n\t\t\t\t\t\t\t\t\t\t\t<li>\n\t\t\t\t\t\t\t<div class=\"fusion-image-wrapper\">\n\t\t\t\t\t\t\t\t<a href=\"https:\/\/portal.sma.gob.cl\/index.php\/sma-y-directemar-firman-convenio-para-fortalecer-la-fiscalizacion-ambiental-maritima\/\" aria-label=\"SMA y DIRECTEMAR firman convenio para fortalecer la fiscalizaci\u00f3n ambiental mar\u00edtima\">\n\t\t\t\t\t\t\t\t\t<img decoding=\"async\" width=\"320\" height=\"202\" src=\"https:\/\/portal.sma.gob.cl\/wp-content\/uploads\/2026\/03\/LBY03038-320x202.jpg\" alt=\"\" class=\"wp-image-37865\" role=\"presentation\" srcset=\"https:\/\/portal.sma.gob.cl\/wp-content\/uploads\/2026\/03\/LBY03038-320x202.jpg 320w, https:\/\/portal.sma.gob.cl\/wp-content\/uploads\/2026\/03\/LBY03038-700x441.jpg 700w\" sizes=\"(max-width: 320px) 100vw, 320px\" \/>\t\t\t\t\t\t\t\t<\/a>\n\t\t\t\t\t\t\t\t<a style=\"display:none;\" href=\"https:\/\/portal.sma.gob.cl\/wp-content\/uploads\/2026\/03\/LBY03038-scaled.jpg\" data-rel=\"iLightbox[gallery37863]\"  title=\"\" data-title=\"LBY03038\" data-caption=\"\">\n\t\t\t\t\t\t\t\t\t\t\t\t\t\t\t\t\t<\/a>\n\t\t\t\t\t\t\t<\/div>\n\t\t\t\t\t\t<\/li>\n\t\t\t\t\t\t\t\t\t\t\t\t\t\t\t\t\t\t\t\t\t\t\t\t\n\t\t\t\t\t\n\t\t\t\t\t\t\t\t\t\t\t<li>\n\t\t\t\t\t\t\t<div class=\"fusion-image-wrapper\">\n\t\t\t\t\t\t\t\t<a href=\"https:\/\/portal.sma.gob.cl\/index.php\/sma-y-directemar-firman-convenio-para-fortalecer-la-fiscalizacion-ambiental-maritima\/\" aria-label=\"SMA y DIRECTEMAR firman convenio para fortalecer la fiscalizaci\u00f3n ambiental mar\u00edtima\">\n\t\t\t\t\t\t\t\t\t<img decoding=\"async\" width=\"320\" height=\"202\" src=\"https:\/\/portal.sma.gob.cl\/wp-content\/uploads\/2026\/03\/LBY02880-320x202.jpg\" alt=\"\" class=\"wp-image-37866\" role=\"presentation\" srcset=\"https:\/\/portal.sma.gob.cl\/wp-content\/uploads\/2026\/03\/LBY02880-320x202.jpg 320w, https:\/\/portal.sma.gob.cl\/wp-content\/uploads\/2026\/03\/LBY02880-700x441.jpg 700w\" sizes=\"(max-width: 320px) 100vw, 320px\" \/>\t\t\t\t\t\t\t\t<\/a>\n\t\t\t\t\t\t\t\t<a style=\"display:none;\" href=\"https:\/\/portal.sma.gob.cl\/wp-content\/uploads\/2026\/03\/LBY02880-scaled.jpg\" data-rel=\"iLightbox[gallery37863]\"  title=\"\" data-title=\"LBY02880\" data-caption=\"\">\n\t\t\t\t\t\t\t\t\t\t\t\t\t\t\t\t\t<\/a>\n\t\t\t\t\t\t\t<\/div>\n\t\t\t\t\t\t<\/li>\n\t\t\t\t\t\t\t\t\t\t\t\t\t\t\t\t\t\t\t\t\t\t\t\t\t\t\t\t\t\t\t\t\t\t\t\t\t\t\t\t\t\t\t\t\t\t\t\t\t\t\t<\/ul>\n\t<\/div>\n\t<div class=\"fusion-post-content post-content\"><h2 class=\"blog-shortcode-post-title entry-title\"><a href=\"https:\/\/portal.sma.gob.cl\/index.php\/sma-y-directemar-firman-convenio-para-fortalecer-la-fiscalizacion-ambiental-maritima\/\">SMA y DIRECTEMAR firman convenio para fortalecer la fiscalizaci\u00f3n ambiental mar\u00edtima<\/a><\/h2><div class=\"fusion-post-content-container\"><p>El acuerdo contempla 12 l\u00edneas de trabajo que buscan consolidar la cooperaci\u00f3n entre ambos organismos. La Superintendencia del Medio Ambiente<a href=\"https:\/\/portal.sma.gob.cl\/index.php\/sma-y-directemar-firman-convenio-para-fortalecer-la-fiscalizacion-ambiental-maritima\/\">Leer m\u00e1s<\/a><\/p><\/div><\/div><div class=\"fusion-clearfix\"><\/div><div class=\"fusion-meta-info\"><div class=\"fusion-alignleft\"><span class=\"vcard\" style=\"display: none;\"><span class=\"fn\"><a href=\"https:\/\/portal.sma.gob.cl\/index.php\/author\/dmartinez\/\" title=\"Entradas de Daniela Martinez\" rel=\"author\">Daniela Martinez<\/a><\/span><\/span><span class=\"updated\" style=\"display:none;\">2026-03-04T14:45:13-03:00<\/span><span>4 Marzo, 2026<\/span><span class=\"fusion-inline-sep\">|<\/span><a href=\"https:\/\/portal.sma.gob.cl\/index.php\/category\/comunicados-noticias\/\" rel=\"category tag\">COMUNICADOS<\/a>, <a href=\"https:\/\/portal.sma.gob.cl\/index.php\/category\/notas-noticias\/\" rel=\"category tag\">NOTAS<\/a><span class=\"fusion-inline-sep\">|<\/span><\/div><\/div><\/article>\n<article id=\"blog-1-post-37508\" class=\"fusion-post-medium post-37508 post type-post status-publish format-standard has-post-thumbnail hentry category-comunicados-noticias category-destacado category-macrozona-sur category-notas-noticias\">\n\t<style type=\"text\/css\">\n\t\t\n\t\t\n\t\t\n\t\t\n\t\t\t<\/style>\n\n\n\t\t\t<div class=\"fusion-flexslider flexslider fusion-flexslider-loading fusion-post-slideshow\" style=\"\">\n\t\t<ul class=\"slides\">\n\t\t\t\n\t\t\t\t\t\t\t\t\t\t\t\t\t\t<li><div  class=\"fusion-image-wrapper fusion-image-size-fixed\" aria-haspopup=\"true\">\n\t\t\t\t\t\t\t<a href=\"https:\/\/portal.sma.gob.cl\/index.php\/biobio-sma-inicia-procedimiento-sancionatorio-contra-iti-chile-s-a-por-incumplimientos-al-plan-de-descontaminacion-atmosferico\/\" aria-label=\"Biob\u00edo: SMA inicia procedimiento sancionatorio contra ITI Chile S.A. por incumplimientos al Plan de Descontaminaci\u00f3n Atmosf\u00e9rico\">\n\t\t\t\t\t\t\t<img decoding=\"async\" width=\"320\" height=\"202\" src=\"https:\/\/portal.sma.gob.cl\/wp-content\/uploads\/2026\/02\/DSC02646-320x202.jpg\" class=\"attachment-blog-medium size-blog-medium wp-post-image\" alt=\"\" srcset=\"https:\/\/portal.sma.gob.cl\/wp-content\/uploads\/2026\/02\/DSC02646-320x202.jpg 320w, https:\/\/portal.sma.gob.cl\/wp-content\/uploads\/2026\/02\/DSC02646-700x441.jpg 700w\" sizes=\"(max-width: 320px) 100vw, 320px\" \/>\t\t\t<\/a>\n\t\t\t\t\t\t\t<\/div>\n<\/li>\n\t\t\t\n\t\t\t\n\t\t\t\t\t\t\t\t\t\t\t\t\t\t\t\t\t\t\t\t\t\t\t\t\t\t\t\t\t\t\t\t\t\t\t\t\t\t\t\t\t\t\t\t\t\t\t\t\t\t\t\t\t\t\t\t\t\t\t\t\t\t\t\t\t\t\t\t<\/ul>\n\t<\/div>\n\t<div class=\"fusion-post-content post-content\"><h2 class=\"blog-shortcode-post-title entry-title\"><a href=\"https:\/\/portal.sma.gob.cl\/index.php\/biobio-sma-inicia-procedimiento-sancionatorio-contra-iti-chile-s-a-por-incumplimientos-al-plan-de-descontaminacion-atmosferico\/\">Biob\u00edo: SMA inicia procedimiento sancionatorio contra ITI Chile S.A. por incumplimientos al Plan de Descontaminaci\u00f3n Atmosf\u00e9rico<\/a><\/h2><div class=\"fusion-post-content-container\"><p>Los cargos incluyen incumplimientos a medidas de control de emisiones y la superaci\u00f3n de l\u00edmites normativos de material particulado en<a href=\"https:\/\/portal.sma.gob.cl\/index.php\/biobio-sma-inicia-procedimiento-sancionatorio-contra-iti-chile-s-a-por-incumplimientos-al-plan-de-descontaminacion-atmosferico\/\">Leer m\u00e1s<\/a><\/p><\/div><\/div><div class=\"fusion-clearfix\"><\/div><div class=\"fusion-meta-info\"><div class=\"fusion-alignleft\"><span class=\"vcard\" style=\"display: none;\"><span class=\"fn\"><a href=\"https:\/\/portal.sma.gob.cl\/index.php\/author\/dmartinez\/\" title=\"Entradas de Daniela Martinez\" rel=\"author\">Daniela Martinez<\/a><\/span><\/span><span class=\"updated\" style=\"display:none;\">2026-02-05T09:27:44-03:00<\/span><span>5 Febrero, 2026<\/span><span class=\"fusion-inline-sep\">|<\/span><a href=\"https:\/\/portal.sma.gob.cl\/index.php\/category\/comunicados-noticias\/\" rel=\"category tag\">COMUNICADOS<\/a>, <a href=\"https:\/\/portal.sma.gob.cl\/index.php\/category\/destacado\/\" rel=\"category tag\">DESTACADO<\/a>, <a href=\"https:\/\/portal.sma.gob.cl\/index.php\/category\/macrozona\/macrozona-sur\/\" rel=\"category tag\">Macrozona Sur<\/a>, <a href=\"https:\/\/portal.sma.gob.cl\/index.php\/category\/notas-noticias\/\" rel=\"category tag\">NOTAS<\/a><span class=\"fusion-inline-sep\">|<\/span><\/div><\/div><\/article>\n<article id=\"blog-1-post-37476\" class=\"fusion-post-medium post-37476 post type-post status-publish format-standard has-post-thumbnail hentry category-comunicados-noticias category-destacado category-macrozona-sur category-notas-noticias\">\n\t<style type=\"text\/css\">\n\t\t\n\t\t\n\t\t\n\t\t\n\t\t\t<\/style>\n\n\n\t\t\t<div class=\"fusion-flexslider flexslider fusion-flexslider-loading fusion-post-slideshow\" style=\"\">\n\t\t<ul class=\"slides\">\n\t\t\t\n\t\t\t\t\t\t\t\t\t\t\t\t\t\t<li><div  class=\"fusion-image-wrapper fusion-image-size-fixed\" aria-haspopup=\"true\">\n\t\t\t\t\t\t\t<a href=\"https:\/\/portal.sma.gob.cl\/index.php\/valdivia-sma-inicia-requerimiento-de-ingreso-al-seia-contra-titular-de-proyecto-inmobiliario-relleno-santa-rosa\/\" aria-label=\"Valdivia: SMA inicia requerimiento de ingreso al SEIA contra titular de proyecto inmobiliario Relleno Santa Rosa\">\n\t\t\t\t\t\t\t<img decoding=\"async\" width=\"320\" height=\"202\" src=\"https:\/\/portal.sma.gob.cl\/wp-content\/uploads\/2026\/02\/a1500f6d-c946-42a1-a389-60d6b0b77707-320x202.jpg\" class=\"attachment-blog-medium size-blog-medium wp-post-image\" alt=\"\" srcset=\"https:\/\/portal.sma.gob.cl\/wp-content\/uploads\/2026\/02\/a1500f6d-c946-42a1-a389-60d6b0b77707-320x202.jpg 320w, https:\/\/portal.sma.gob.cl\/wp-content\/uploads\/2026\/02\/a1500f6d-c946-42a1-a389-60d6b0b77707-700x441.jpg 700w\" sizes=\"(max-width: 320px) 100vw, 320px\" \/>\t\t\t<\/a>\n\t\t\t\t\t\t\t<\/div>\n<\/li>\n\t\t\t\n\t\t\t\n\t\t\t\t\t\t\t\t\t\t\t\n\t\t\t\t\t\n\t\t\t\t\t\t\t\t\t\t\t<li>\n\t\t\t\t\t\t\t<div class=\"fusion-image-wrapper\">\n\t\t\t\t\t\t\t\t<a href=\"https:\/\/portal.sma.gob.cl\/index.php\/valdivia-sma-inicia-requerimiento-de-ingreso-al-seia-contra-titular-de-proyecto-inmobiliario-relleno-santa-rosa\/\" aria-label=\"Valdivia: SMA inicia requerimiento de ingreso al SEIA contra titular de proyecto inmobiliario Relleno Santa Rosa\">\n\t\t\t\t\t\t\t\t\t<img decoding=\"async\" width=\"320\" height=\"202\" src=\"https:\/\/portal.sma.gob.cl\/wp-content\/uploads\/2026\/02\/a9d2a1c9-ffe1-44f6-b358-eff04caab842-320x202.jpg\" alt=\"\" class=\"wp-image-37478\" role=\"presentation\" srcset=\"https:\/\/portal.sma.gob.cl\/wp-content\/uploads\/2026\/02\/a9d2a1c9-ffe1-44f6-b358-eff04caab842-320x202.jpg 320w, https:\/\/portal.sma.gob.cl\/wp-content\/uploads\/2026\/02\/a9d2a1c9-ffe1-44f6-b358-eff04caab842-700x441.jpg 700w\" sizes=\"(max-width: 320px) 100vw, 320px\" \/>\t\t\t\t\t\t\t\t<\/a>\n\t\t\t\t\t\t\t\t<a style=\"display:none;\" href=\"https:\/\/portal.sma.gob.cl\/wp-content\/uploads\/2026\/02\/a9d2a1c9-ffe1-44f6-b358-eff04caab842.jpg\" data-rel=\"iLightbox[gallery37476]\"  title=\"\" data-title=\"a9d2a1c9-ffe1-44f6-b358-eff04caab842\" data-caption=\"\">\n\t\t\t\t\t\t\t\t\t\t\t\t\t\t\t\t\t<\/a>\n\t\t\t\t\t\t\t<\/div>\n\t\t\t\t\t\t<\/li>\n\t\t\t\t\t\t\t\t\t\t\t\t\t\t\t\t\t\t\t\t\t\t\t\t\t\t\t\t\t\t\t\t\t\t\t\t\t\t\t\t\t\t\t\t\t\t\t\t\t\t\t\t\t\t\t\t\t\t\t\t\t\t\t\t\t\t<\/ul>\n\t<\/div>\n\t<div class=\"fusion-post-content post-content\"><h2 class=\"blog-shortcode-post-title entry-title\"><a href=\"https:\/\/portal.sma.gob.cl\/index.php\/valdivia-sma-inicia-requerimiento-de-ingreso-al-seia-contra-titular-de-proyecto-inmobiliario-relleno-santa-rosa\/\">Valdivia: SMA inicia requerimiento de ingreso al SEIA contra titular de proyecto inmobiliario Relleno Santa Rosa<\/a><\/h2><div class=\"fusion-post-content-container\"><p>El procedimiento se inici\u00f3 tras la realizaci\u00f3n de fiscalizaciones en terreno, que permitieron constatar alteraciones al Humedal Estero Santa Rosa,<a href=\"https:\/\/portal.sma.gob.cl\/index.php\/valdivia-sma-inicia-requerimiento-de-ingreso-al-seia-contra-titular-de-proyecto-inmobiliario-relleno-santa-rosa\/\">Leer m\u00e1s<\/a><\/p><\/div><\/div><div class=\"fusion-clearfix\"><\/div><div class=\"fusion-meta-info\"><div class=\"fusion-alignleft\"><span class=\"vcard\" style=\"display: none;\"><span class=\"fn\"><a href=\"https:\/\/portal.sma.gob.cl\/index.php\/author\/dmartinez\/\" title=\"Entradas de Daniela Martinez\" rel=\"author\">Daniela Martinez<\/a><\/span><\/span><span class=\"updated\" style=\"display:none;\">2026-02-02T10:46:17-03:00<\/span><span>2 Febrero, 2026<\/span><span class=\"fusion-inline-sep\">|<\/span><a href=\"https:\/\/portal.sma.gob.cl\/index.php\/category\/comunicados-noticias\/\" rel=\"category tag\">COMUNICADOS<\/a>, <a href=\"https:\/\/portal.sma.gob.cl\/index.php\/category\/destacado\/\" rel=\"category tag\">DESTACADO<\/a>, <a href=\"https:\/\/portal.sma.gob.cl\/index.php\/category\/macrozona\/macrozona-sur\/\" rel=\"category tag\">Macrozona Sur<\/a>, <a href=\"https:\/\/portal.sma.gob.cl\/index.php\/category\/notas-noticias\/\" rel=\"category tag\">NOTAS<\/a><span class=\"fusion-inline-sep\">|<\/span><\/div><\/div><\/article>\n<article id=\"blog-1-post-37447\" class=\"fusion-post-medium post-37447 post type-post status-publish format-standard has-post-thumbnail hentry category-comunicados-noticias category-destacado category-macrozona-norte category-notas-noticias\">\n\t<style type=\"text\/css\">\n\t\t\n\t\t\n\t\t\n\t\t\n\t\t\t<\/style>\n\n\n\t\t\t<div class=\"fusion-flexslider flexslider fusion-flexslider-loading fusion-post-slideshow\" style=\"\">\n\t\t<ul class=\"slides\">\n\t\t\t\n\t\t\t\t\t\t\t\t\t\t\t\t\t\t<li><div  class=\"fusion-image-wrapper fusion-image-size-fixed\" aria-haspopup=\"true\">\n\t\t\t\t\t\t\t<a href=\"https:\/\/portal.sma.gob.cl\/index.php\/antofagasta-sma-formula-cargos-contra-el-proyecto-mina-mantos-del-pacifico-por-incumplimientos-ambientales\/\" aria-label=\"Antofagasta: SMA formula cargos contra el proyecto Mina Mantos del Pac\u00edfico por incumplimientos ambientales\">\n\t\t\t\t\t\t\t<img decoding=\"async\" width=\"320\" height=\"202\" src=\"https:\/\/portal.sma.gob.cl\/wp-content\/uploads\/2026\/01\/WhatsApp-Image-2026-01-27-at-3.03.27-PM-320x202.jpeg\" class=\"attachment-blog-medium size-blog-medium wp-post-image\" alt=\"\" srcset=\"https:\/\/portal.sma.gob.cl\/wp-content\/uploads\/2026\/01\/WhatsApp-Image-2026-01-27-at-3.03.27-PM-320x202.jpeg 320w, https:\/\/portal.sma.gob.cl\/wp-content\/uploads\/2026\/01\/WhatsApp-Image-2026-01-27-at-3.03.27-PM-700x441.jpeg 700w\" sizes=\"(max-width: 320px) 100vw, 320px\" \/>\t\t\t<\/a>\n\t\t\t\t\t\t\t<\/div>\n<\/li>\n\t\t\t\n\t\t\t\n\t\t\t\t\t\t\t\t\t\t\t\n\t\t\t\t\t\n\t\t\t\t\t\t\t\t\t\t\t<li>\n\t\t\t\t\t\t\t<div class=\"fusion-image-wrapper\">\n\t\t\t\t\t\t\t\t<a href=\"https:\/\/portal.sma.gob.cl\/index.php\/antofagasta-sma-formula-cargos-contra-el-proyecto-mina-mantos-del-pacifico-por-incumplimientos-ambientales\/\" aria-label=\"Antofagasta: SMA formula cargos contra el proyecto Mina Mantos del Pac\u00edfico por incumplimientos ambientales\">\n\t\t\t\t\t\t\t\t\t<img decoding=\"async\" width=\"320\" height=\"202\" src=\"https:\/\/portal.sma.gob.cl\/wp-content\/uploads\/2026\/01\/WhatsApp-Image-2026-01-27-at-3.03.27-PM-1-320x202.jpeg\" alt=\"\" class=\"wp-image-37449\" role=\"presentation\" srcset=\"https:\/\/portal.sma.gob.cl\/wp-content\/uploads\/2026\/01\/WhatsApp-Image-2026-01-27-at-3.03.27-PM-1-320x202.jpeg 320w, https:\/\/portal.sma.gob.cl\/wp-content\/uploads\/2026\/01\/WhatsApp-Image-2026-01-27-at-3.03.27-PM-1-700x441.jpeg 700w\" sizes=\"(max-width: 320px) 100vw, 320px\" \/>\t\t\t\t\t\t\t\t<\/a>\n\t\t\t\t\t\t\t\t<a style=\"display:none;\" href=\"https:\/\/portal.sma.gob.cl\/wp-content\/uploads\/2026\/01\/WhatsApp-Image-2026-01-27-at-3.03.27-PM-1.jpeg\" data-rel=\"iLightbox[gallery37447]\"  title=\"\" data-title=\"WhatsApp Image 2026-01-27 at 3.03.27 PM (1)\" data-caption=\"\">\n\t\t\t\t\t\t\t\t\t\t\t\t\t\t\t\t\t<\/a>\n\t\t\t\t\t\t\t<\/div>\n\t\t\t\t\t\t<\/li>\n\t\t\t\t\t\t\t\t\t\t\t\t\t\t\t\t\t\t\t\t\t\t\t\t\t\t\t\t\t\t\t\t\t\t\t\t\t\t\t\t\t\t\t\t\t\t\t\t\t\t\t\t\t\t\t\t\t\t\t\t\t\t\t\t\t\t<\/ul>\n\t<\/div>\n\t<div class=\"fusion-post-content post-content\"><h2 class=\"blog-shortcode-post-title entry-title\"><a href=\"https:\/\/portal.sma.gob.cl\/index.php\/antofagasta-sma-formula-cargos-contra-el-proyecto-mina-mantos-del-pacifico-por-incumplimientos-ambientales\/\">Antofagasta: SMA formula cargos contra el proyecto Mina Mantos del Pac\u00edfico por incumplimientos ambientales<\/a><\/h2><div class=\"fusion-post-content-container\"><p>A trav\u00e9s de actividades de fiscalizaci\u00f3n, se constat\u00f3 que el \u00e1rea de acopio de minerales del proyecto minero se encontrar\u00eda<a href=\"https:\/\/portal.sma.gob.cl\/index.php\/antofagasta-sma-formula-cargos-contra-el-proyecto-mina-mantos-del-pacifico-por-incumplimientos-ambientales\/\">Leer m\u00e1s<\/a><\/p><\/div><\/div><div class=\"fusion-clearfix\"><\/div><div class=\"fusion-meta-info\"><div class=\"fusion-alignleft\"><span class=\"vcard\" style=\"display: none;\"><span class=\"fn\"><a href=\"https:\/\/portal.sma.gob.cl\/index.php\/author\/dmartinez\/\" title=\"Entradas de Daniela Martinez\" rel=\"author\">Daniela Martinez<\/a><\/span><\/span><span class=\"updated\" style=\"display:none;\">2026-01-27T16:25:55-03:00<\/span><span>27 Enero, 2026<\/span><span class=\"fusion-inline-sep\">|<\/span><a href=\"https:\/\/portal.sma.gob.cl\/index.php\/category\/comunicados-noticias\/\" rel=\"category tag\">COMUNICADOS<\/a>, <a href=\"https:\/\/portal.sma.gob.cl\/index.php\/category\/destacado\/\" rel=\"category tag\">DESTACADO<\/a>, <a href=\"https:\/\/portal.sma.gob.cl\/index.php\/category\/macrozona\/macrozona-norte\/\" rel=\"category tag\">Macrozona Norte<\/a>, <a href=\"https:\/\/portal.sma.gob.cl\/index.php\/category\/notas-noticias\/\" rel=\"category tag\">NOTAS<\/a><span class=\"fusion-inline-sep\">|<\/span><\/div><\/div><\/article>\n<article id=\"blog-1-post-37389\" class=\"fusion-post-medium post-37389 post type-post status-publish format-standard has-post-thumbnail hentry category-comunicados-noticias category-destacado category-macrozona-centro category-metropolitana category-notas-noticias\">\n\t<style type=\"text\/css\">\n\t\t\n\t\t\n\t\t\n\t\t\n\t\t\t<\/style>\n\n\n\t\t\t<div class=\"fusion-flexslider flexslider fusion-flexslider-loading fusion-post-slideshow\" style=\"\">\n\t\t<ul class=\"slides\">\n\t\t\t\n\t\t\t\t\t\t\t\t\t\t\t\t\t\t<li><div  class=\"fusion-image-wrapper fusion-image-size-fixed\" aria-haspopup=\"true\">\n\t\t\t\t\t\t\t<a href=\"https:\/\/portal.sma.gob.cl\/index.php\/sma-sanciona-a-crillon-s-a-por-incumplimientos-en-ejecucion-del-proyecto-parque-cousino-macul\/\" aria-label=\"SMA sanciona a Crill\u00f3n S.A. por incumplimientos en ejecuci\u00f3n del proyecto Parque Cousi\u00f1o Macul\">\n\t\t\t\t\t\t\t<img decoding=\"async\" width=\"320\" height=\"202\" src=\"https:\/\/portal.sma.gob.cl\/wp-content\/uploads\/2026\/01\/DSC09859-320x202.jpg\" class=\"attachment-blog-medium size-blog-medium wp-post-image\" alt=\"\" srcset=\"https:\/\/portal.sma.gob.cl\/wp-content\/uploads\/2026\/01\/DSC09859-320x202.jpg 320w, https:\/\/portal.sma.gob.cl\/wp-content\/uploads\/2026\/01\/DSC09859-700x441.jpg 700w\" sizes=\"(max-width: 320px) 100vw, 320px\" \/>\t\t\t<\/a>\n\t\t\t\t\t\t\t<\/div>\n<\/li>\n\t\t\t\n\t\t\t\n\t\t\t\t\t\t\t\t\t\t\t\n\t\t\t\t\t\n\t\t\t\t\t\t\t\t\t\t\t<li>\n\t\t\t\t\t\t\t<div class=\"fusion-image-wrapper\">\n\t\t\t\t\t\t\t\t<a href=\"https:\/\/portal.sma.gob.cl\/index.php\/sma-sanciona-a-crillon-s-a-por-incumplimientos-en-ejecucion-del-proyecto-parque-cousino-macul\/\" aria-label=\"SMA sanciona a Crill\u00f3n S.A. por incumplimientos en ejecuci\u00f3n del proyecto Parque Cousi\u00f1o Macul\">\n\t\t\t\t\t\t\t\t\t<img decoding=\"async\" width=\"320\" height=\"202\" src=\"https:\/\/portal.sma.gob.cl\/wp-content\/uploads\/2026\/01\/DSC09839-320x202.jpg\" alt=\"\" class=\"wp-image-37391\" role=\"presentation\" srcset=\"https:\/\/portal.sma.gob.cl\/wp-content\/uploads\/2026\/01\/DSC09839-320x202.jpg 320w, https:\/\/portal.sma.gob.cl\/wp-content\/uploads\/2026\/01\/DSC09839-700x441.jpg 700w\" sizes=\"(max-width: 320px) 100vw, 320px\" \/>\t\t\t\t\t\t\t\t<\/a>\n\t\t\t\t\t\t\t\t<a style=\"display:none;\" href=\"https:\/\/portal.sma.gob.cl\/wp-content\/uploads\/2026\/01\/DSC09839-scaled.jpg\" data-rel=\"iLightbox[gallery37389]\"  title=\"\" data-title=\"DSC09839\" data-caption=\"\">\n\t\t\t\t\t\t\t\t\t\t\t\t\t\t\t\t\t<\/a>\n\t\t\t\t\t\t\t<\/div>\n\t\t\t\t\t\t<\/li>\n\t\t\t\t\t\t\t\t\t\t\t\t\t\t\t\t\t\t\t\t\t\t\t\t\n\t\t\t\t\t\n\t\t\t\t\t\t\t\t\t\t\t<li>\n\t\t\t\t\t\t\t<div class=\"fusion-image-wrapper\">\n\t\t\t\t\t\t\t\t<a href=\"https:\/\/portal.sma.gob.cl\/index.php\/sma-sanciona-a-crillon-s-a-por-incumplimientos-en-ejecucion-del-proyecto-parque-cousino-macul\/\" aria-label=\"SMA sanciona a Crill\u00f3n S.A. por incumplimientos en ejecuci\u00f3n del proyecto Parque Cousi\u00f1o Macul\">\n\t\t\t\t\t\t\t\t\t<img decoding=\"async\" width=\"320\" height=\"202\" src=\"https:\/\/portal.sma.gob.cl\/wp-content\/uploads\/2026\/01\/DSC09824-320x202.jpg\" alt=\"\" class=\"wp-image-37392\" role=\"presentation\" srcset=\"https:\/\/portal.sma.gob.cl\/wp-content\/uploads\/2026\/01\/DSC09824-320x202.jpg 320w, https:\/\/portal.sma.gob.cl\/wp-content\/uploads\/2026\/01\/DSC09824-700x441.jpg 700w\" sizes=\"(max-width: 320px) 100vw, 320px\" \/>\t\t\t\t\t\t\t\t<\/a>\n\t\t\t\t\t\t\t\t<a style=\"display:none;\" href=\"https:\/\/portal.sma.gob.cl\/wp-content\/uploads\/2026\/01\/DSC09824-scaled.jpg\" data-rel=\"iLightbox[gallery37389]\"  title=\"\" data-title=\"DSC09824\" data-caption=\"\">\n\t\t\t\t\t\t\t\t\t\t\t\t\t\t\t\t\t<\/a>\n\t\t\t\t\t\t\t<\/div>\n\t\t\t\t\t\t<\/li>\n\t\t\t\t\t\t\t\t\t\t\t\t\t\t\t\t\t\t\t\t\t\t\t\t\t\t\t\t\t\t\t\t\t\t\t\t\t\t\t\t\t\t\t\t\t\t\t\t\t\t\t<\/ul>\n\t<\/div>\n\t<div class=\"fusion-post-content post-content\"><h2 class=\"blog-shortcode-post-title entry-title\"><a href=\"https:\/\/portal.sma.gob.cl\/index.php\/sma-sanciona-a-crillon-s-a-por-incumplimientos-en-ejecucion-del-proyecto-parque-cousino-macul\/\">SMA sanciona a Crill\u00f3n S.A. por incumplimientos en ejecuci\u00f3n del proyecto Parque Cousi\u00f1o Macul<\/a><\/h2><div class=\"fusion-post-content-container\"><p>Tras constatar los incumplimientos, la SMA resolvi\u00f3 aplicar al titular una multa total de 297,7 Unidades Tributarias Anuales (UTA), equivalente<a href=\"https:\/\/portal.sma.gob.cl\/index.php\/sma-sanciona-a-crillon-s-a-por-incumplimientos-en-ejecucion-del-proyecto-parque-cousino-macul\/\">Leer m\u00e1s<\/a><\/p><\/div><\/div><div class=\"fusion-clearfix\"><\/div><div class=\"fusion-meta-info\"><div class=\"fusion-alignleft\"><span class=\"vcard\" style=\"display: none;\"><span class=\"fn\"><a href=\"https:\/\/portal.sma.gob.cl\/index.php\/author\/dmartinez\/\" title=\"Entradas de Daniela Martinez\" rel=\"author\">Daniela Martinez<\/a><\/span><\/span><span class=\"updated\" style=\"display:none;\">2026-01-26T08:43:49-03:00<\/span><span>25 Enero, 2026<\/span><span class=\"fusion-inline-sep\">|<\/span><a href=\"https:\/\/portal.sma.gob.cl\/index.php\/category\/comunicados-noticias\/\" rel=\"category tag\">COMUNICADOS<\/a>, <a href=\"https:\/\/portal.sma.gob.cl\/index.php\/category\/destacado\/\" rel=\"category tag\">DESTACADO<\/a>, <a href=\"https:\/\/portal.sma.gob.cl\/index.php\/category\/macrozona\/macrozona-centro\/\" rel=\"category tag\">Macrozona Centro<\/a>, <a href=\"https:\/\/portal.sma.gob.cl\/index.php\/category\/regiones\/metropolitana\/\" rel=\"category tag\">Metropolitana<\/a>, <a href=\"https:\/\/portal.sma.gob.cl\/index.php\/category\/notas-noticias\/\" rel=\"category tag\">NOTAS<\/a><span class=\"fusion-inline-sep\">|<\/span><\/div><\/div><\/article>\n<article id=\"blog-1-post-37495\" class=\"fusion-post-medium post-37495 post type-post status-publish format-standard has-post-thumbnail hentry category-comunicados-noticias category-destacado category-notas-noticias\">\n\t<style type=\"text\/css\">\n\t\t\n\t\t\n\t\t\n\t\t\n\t\t\t<\/style>\n\n\n\t\t\t<div class=\"fusion-flexslider flexslider fusion-flexslider-loading fusion-post-slideshow\" style=\"\">\n\t\t<ul class=\"slides\">\n\t\t\t\n\t\t\t\t\t\t\t\t\t\t\t\t\t\t<li><div  class=\"fusion-image-wrapper fusion-image-size-fixed\" aria-haspopup=\"true\">\n\t\t\t\t\t\t\t<a href=\"https:\/\/portal.sma.gob.cl\/index.php\/sbap-y-sma-firman-convenio-para-fortalecer-fiscalizacion-ambiental-y-proteccion-de-la-biodiversidad\/\" aria-label=\"SBAP y SMA firman convenio para fortalecer fiscalizaci\u00f3n ambiental y protecci\u00f3n de la biodiversidad\">\n\t\t\t\t\t\t\t<img decoding=\"async\" width=\"320\" height=\"202\" src=\"https:\/\/portal.sma.gob.cl\/wp-content\/uploads\/2026\/02\/DSC01455-1-320x202.jpg\" class=\"attachment-blog-medium size-blog-medium wp-post-image\" alt=\"\" srcset=\"https:\/\/portal.sma.gob.cl\/wp-content\/uploads\/2026\/02\/DSC01455-1-320x202.jpg 320w, https:\/\/portal.sma.gob.cl\/wp-content\/uploads\/2026\/02\/DSC01455-1-700x441.jpg 700w\" sizes=\"(max-width: 320px) 100vw, 320px\" \/>\t\t\t<\/a>\n\t\t\t\t\t\t\t<\/div>\n<\/li>\n\t\t\t\n\t\t\t\n\t\t\t\t\t\t\t\t\t\t\t\n\t\t\t\t\t\n\t\t\t\t\t\t\t\t\t\t\t<li>\n\t\t\t\t\t\t\t<div class=\"fusion-image-wrapper\">\n\t\t\t\t\t\t\t\t<a href=\"https:\/\/portal.sma.gob.cl\/index.php\/sbap-y-sma-firman-convenio-para-fortalecer-fiscalizacion-ambiental-y-proteccion-de-la-biodiversidad\/\" aria-label=\"SBAP y SMA firman convenio para fortalecer fiscalizaci\u00f3n ambiental y protecci\u00f3n de la biodiversidad\">\n\t\t\t\t\t\t\t\t\t<img decoding=\"async\" width=\"320\" height=\"202\" src=\"https:\/\/portal.sma.gob.cl\/wp-content\/uploads\/2026\/02\/DSC01401-1-320x202.jpg\" alt=\"\" class=\"wp-image-37501\" role=\"presentation\" srcset=\"https:\/\/portal.sma.gob.cl\/wp-content\/uploads\/2026\/02\/DSC01401-1-320x202.jpg 320w, https:\/\/portal.sma.gob.cl\/wp-content\/uploads\/2026\/02\/DSC01401-1-700x441.jpg 700w\" sizes=\"(max-width: 320px) 100vw, 320px\" \/>\t\t\t\t\t\t\t\t<\/a>\n\t\t\t\t\t\t\t\t<a style=\"display:none;\" href=\"https:\/\/portal.sma.gob.cl\/wp-content\/uploads\/2026\/02\/DSC01401-1-scaled.jpg\" data-rel=\"iLightbox[gallery37495]\"  title=\"\" data-title=\"DSC01401 (1)\" data-caption=\"\">\n\t\t\t\t\t\t\t\t\t\t\t\t\t\t\t\t\t<\/a>\n\t\t\t\t\t\t\t<\/div>\n\t\t\t\t\t\t<\/li>\n\t\t\t\t\t\t\t\t\t\t\t\t\t\t\t\t\t\t\t\t\t\t\t\t\n\t\t\t\t\t\n\t\t\t\t\t\t\t\t\t\t\t<li>\n\t\t\t\t\t\t\t<div class=\"fusion-image-wrapper\">\n\t\t\t\t\t\t\t\t<a href=\"https:\/\/portal.sma.gob.cl\/index.php\/sbap-y-sma-firman-convenio-para-fortalecer-fiscalizacion-ambiental-y-proteccion-de-la-biodiversidad\/\" aria-label=\"SBAP y SMA firman convenio para fortalecer fiscalizaci\u00f3n ambiental y protecci\u00f3n de la biodiversidad\">\n\t\t\t\t\t\t\t\t\t<img decoding=\"async\" width=\"320\" height=\"202\" src=\"https:\/\/portal.sma.gob.cl\/wp-content\/uploads\/2026\/02\/DSC01473-1-320x202.jpg\" alt=\"\" class=\"wp-image-37502\" role=\"presentation\" srcset=\"https:\/\/portal.sma.gob.cl\/wp-content\/uploads\/2026\/02\/DSC01473-1-320x202.jpg 320w, https:\/\/portal.sma.gob.cl\/wp-content\/uploads\/2026\/02\/DSC01473-1-700x441.jpg 700w\" sizes=\"(max-width: 320px) 100vw, 320px\" \/>\t\t\t\t\t\t\t\t<\/a>\n\t\t\t\t\t\t\t\t<a style=\"display:none;\" href=\"https:\/\/portal.sma.gob.cl\/wp-content\/uploads\/2026\/02\/DSC01473-1-scaled.jpg\" data-rel=\"iLightbox[gallery37495]\"  title=\"\" data-title=\"DSC01473 (1)\" data-caption=\"\">\n\t\t\t\t\t\t\t\t\t\t\t\t\t\t\t\t\t<\/a>\n\t\t\t\t\t\t\t<\/div>\n\t\t\t\t\t\t<\/li>\n\t\t\t\t\t\t\t\t\t\t\t\t\t\t\t\t\t\t\t\t\t\t\t\t\t\t\t\t\t\t\t\t\t\t\t\t\t\t\t\t\t\t\t\t\t\t\t\t\t\t\t<\/ul>\n\t<\/div>\n\t<div class=\"fusion-post-content post-content\"><h2 class=\"blog-shortcode-post-title entry-title\"><a href=\"https:\/\/portal.sma.gob.cl\/index.php\/sbap-y-sma-firman-convenio-para-fortalecer-fiscalizacion-ambiental-y-proteccion-de-la-biodiversidad\/\">SBAP y SMA firman convenio para fortalecer fiscalizaci\u00f3n ambiental y protecci\u00f3n de la biodiversidad<\/a><\/h2><div class=\"fusion-post-content-container\"><p>El acuerdo permitir\u00e1 que el Servicio de Biodiversidad y \u00c1reas Protegidas disponga del apoyo t\u00e9cnico, metodol\u00f3gico y tecnol\u00f3gico, desarrollado y<a href=\"https:\/\/portal.sma.gob.cl\/index.php\/sbap-y-sma-firman-convenio-para-fortalecer-fiscalizacion-ambiental-y-proteccion-de-la-biodiversidad\/\">Leer m\u00e1s<\/a><\/p><\/div><\/div><div class=\"fusion-clearfix\"><\/div><div class=\"fusion-meta-info\"><div class=\"fusion-alignleft\"><span class=\"vcard\" style=\"display: none;\"><span class=\"fn\"><a href=\"https:\/\/portal.sma.gob.cl\/index.php\/author\/dmartinez\/\" title=\"Entradas de Daniela Martinez\" rel=\"author\">Daniela Martinez<\/a><\/span><\/span><span class=\"updated\" style=\"display:none;\">2026-02-04T09:27:45-03:00<\/span><span>22 Enero, 2026<\/span><span class=\"fusion-inline-sep\">|<\/span><a href=\"https:\/\/portal.sma.gob.cl\/index.php\/category\/comunicados-noticias\/\" rel=\"category tag\">COMUNICADOS<\/a>, <a href=\"https:\/\/portal.sma.gob.cl\/index.php\/category\/destacado\/\" rel=\"category tag\">DESTACADO<\/a>, <a href=\"https:\/\/portal.sma.gob.cl\/index.php\/category\/notas-noticias\/\" rel=\"category tag\">NOTAS<\/a><span class=\"fusion-inline-sep\">|<\/span><\/div><\/div><\/article>\n<article id=\"blog-1-post-37353\" class=\"fusion-post-medium post-37353 post type-post status-publish format-standard has-post-thumbnail hentry category-comunicados-noticias category-destacado category-macrozona-norte category-notas-noticias\">\n\t<style type=\"text\/css\">\n\t\t\n\t\t\n\t\t\n\t\t\n\t\t\t<\/style>\n\n\n\t\t\t<div class=\"fusion-flexslider flexslider fusion-flexslider-loading fusion-post-slideshow\" style=\"\">\n\t\t<ul class=\"slides\">\n\t\t\t\n\t\t\t\t\t\t\t\t\t\t\t\t\t\t<li><div  class=\"fusion-image-wrapper fusion-image-size-fixed\" aria-haspopup=\"true\">\n\t\t\t\t\t\t\t<a href=\"https:\/\/portal.sma.gob.cl\/index.php\/corte-suprema-confirma-sancion-aplicada-por-la-sma-a-antofagasta-terminal-internacional\/\" aria-label=\"Corte Suprema confirma sanci\u00f3n aplicada por la SMA a Antofagasta Terminal Internacional\">\n\t\t\t\t\t\t\t<img decoding=\"async\" width=\"320\" height=\"202\" src=\"https:\/\/portal.sma.gob.cl\/wp-content\/uploads\/2026\/01\/DSC_0295-320x202.jpg\" class=\"attachment-blog-medium size-blog-medium wp-post-image\" alt=\"\" srcset=\"https:\/\/portal.sma.gob.cl\/wp-content\/uploads\/2026\/01\/DSC_0295-320x202.jpg 320w, https:\/\/portal.sma.gob.cl\/wp-content\/uploads\/2026\/01\/DSC_0295-700x441.jpg 700w\" sizes=\"(max-width: 320px) 100vw, 320px\" \/>\t\t\t<\/a>\n\t\t\t\t\t\t\t<\/div>\n<\/li>\n\t\t\t\n\t\t\t\n\t\t\t\t\t\t\t\t\t\t\t\t\t\t\t\t\t\t\t\t\t\t\t\t\t\t\t\t\t\t\t\t\t\t\t\t\t\t\t\t\t\t\t\t\t\t\t\t\t\t\t\t\t\t\t\t\t\t\t\t\t\t\t\t\t\t\t\t<\/ul>\n\t<\/div>\n\t<div class=\"fusion-post-content post-content\"><h2 class=\"blog-shortcode-post-title entry-title\"><a href=\"https:\/\/portal.sma.gob.cl\/index.php\/corte-suprema-confirma-sancion-aplicada-por-la-sma-a-antofagasta-terminal-internacional\/\">Corte Suprema confirma sanci\u00f3n aplicada por la SMA a Antofagasta Terminal Internacional<\/a><\/h2><div class=\"fusion-post-content-container\"><p>La sanci\u00f3n fue aplicada en 2024 por infracciones asociadas a la superaci\u00f3n de l\u00edmites autorizados en la RCA del proyecto<a href=\"https:\/\/portal.sma.gob.cl\/index.php\/corte-suprema-confirma-sancion-aplicada-por-la-sma-a-antofagasta-terminal-internacional\/\">Leer m\u00e1s<\/a><\/p><\/div><\/div><div class=\"fusion-clearfix\"><\/div><div class=\"fusion-meta-info\"><div class=\"fusion-alignleft\"><span class=\"vcard\" style=\"display: none;\"><span class=\"fn\"><a href=\"https:\/\/portal.sma.gob.cl\/index.php\/author\/dmartinez\/\" title=\"Entradas de Daniela Martinez\" rel=\"author\">Daniela Martinez<\/a><\/span><\/span><span class=\"updated\" style=\"display:none;\">2026-01-19T17:04:30-03:00<\/span><span>19 Enero, 2026<\/span><span class=\"fusion-inline-sep\">|<\/span><a href=\"https:\/\/portal.sma.gob.cl\/index.php\/category\/comunicados-noticias\/\" rel=\"category tag\">COMUNICADOS<\/a>, <a href=\"https:\/\/portal.sma.gob.cl\/index.php\/category\/destacado\/\" rel=\"category tag\">DESTACADO<\/a>, <a href=\"https:\/\/portal.sma.gob.cl\/index.php\/category\/macrozona\/macrozona-norte\/\" rel=\"category tag\">Macrozona Norte<\/a>, <a href=\"https:\/\/portal.sma.gob.cl\/index.php\/category\/notas-noticias\/\" rel=\"category tag\">NOTAS<\/a><span class=\"fusion-inline-sep\">|<\/span><\/div><\/div><\/article>\n<\/div><div class=\"pagination clearfix\"><span class=\"current\">1<\/span><a href=\"https:\/\/portal.sma.gob.cl\/index.php\/wp-json\/wp\/v2\/pages\/12975\/page\/2\/\" class=\"inactive\">2<\/a><a class=\"pagination-next\" rel=\"next\" href=\"https:\/\/portal.sma.gob.cl\/index.php\/wp-json\/wp\/v2\/pages\/12975\/page\/2\/\"><span class=\"page-text\">Next<\/span><span class=\"page-next\"><\/span><\/a><\/div><div class=\"fusion-clearfix\"><\/div><\/div><div class=\"fusion-clearfix\"><\/div><\/div><\/div><\/div><\/div>\n","protected":false},"excerpt":{"rendered":"","protected":false},"author":3,"featured_media":0,"parent":12124,"menu_order":0,"comment_status":"closed","ping_status":"closed","template":"","meta":{"footnotes":""},"class_list":["post-12975","page","type-page","status-publish","hentry"],"_links":{"self":[{"href":"https:\/\/portal.sma.gob.cl\/index.php\/wp-json\/wp\/v2\/pages\/12975","targetHints":{"allow":["GET"]}}],"collection":[{"href":"https:\/\/portal.sma.gob.cl\/index.php\/wp-json\/wp\/v2\/pages"}],"about":[{"href":"https:\/\/portal.sma.gob.cl\/index.php\/wp-json\/wp\/v2\/types\/page"}],"author":[{"embeddable":true,"href":"https:\/\/portal.sma.gob.cl\/index.php\/wp-json\/wp\/v2\/users\/3"}],"replies":[{"embeddable":true,"href":"https:\/\/portal.sma.gob.cl\/index.php\/wp-json\/wp\/v2\/comments?post=12975"}],"version-history":[{"count":5,"href":"https:\/\/portal.sma.gob.cl\/index.php\/wp-json\/wp\/v2\/pages\/12975\/revisions"}],"predecessor-version":[{"id":17330,"href":"https:\/\/portal.sma.gob.cl\/index.php\/wp-json\/wp\/v2\/pages\/12975\/revisions\/17330"}],"up":[{"embeddable":true,"href":"https:\/\/portal.sma.gob.cl\/index.php\/wp-json\/wp\/v2\/pages\/12124"}],"wp:attachment":[{"href":"https:\/\/portal.sma.gob.cl\/index.php\/wp-json\/wp\/v2\/media?parent=12975"}],"curies":[{"name":"wp","href":"https:\/\/api.w.org\/{rel}","templated":true}]}}