{"id":13886,"date":"2018-10-29T20:04:46","date_gmt":"2018-10-29T20:04:46","guid":{"rendered":"http:\/\/portal.sma.gob.cl\/?page_id=13886"},"modified":"2024-02-21T11:02:56","modified_gmt":"2024-02-21T14:02:56","slug":"preguntas-frecuentes","status":"publish","type":"page","link":"https:\/\/portal.sma.gob.cl\/index.php\/preguntas-frecuentes\/","title":{"rendered":"Preguntas Frecuentes"},"content":{"rendered":"<p><div class=\"fusion-fullwidth fullwidth-box fusion-builder-row-1 nonhundred-percent-fullwidth non-hundred-percent-height-scrolling\" style=\"--awb-border-radius-top-left:0px;--awb-border-radius-top-right:0px;--awb-border-radius-bottom-right:0px;--awb-border-radius-bottom-left:0px;--awb-flex-wrap:wrap;\" ><div class=\"fusion-builder-row fusion-row\"><div class=\"fusion-layout-column fusion_builder_column fusion-builder-column-0 fusion_builder_column_1_1 1_1 fusion-one-full fusion-column-first fusion-column-last\" style=\"--awb-bg-size:cover;\"><div class=\"fusion-column-wrapper fusion-flex-column-wrapper-legacy\"><div class=\"fusion-text fusion-text-1\"><p>A trav\u00e9s de esta secci\u00f3n podr\u00e1s conocer la lista de Preguntas Frecuentes relacionadas al rol de La Superintendencia del Medio Ambiente con respecto a: nuestros procedimientos de fiscalizaci\u00f3n, procedimientos sancionatorios, recursos ante Tribunales Ambientales, tr\u00e1mites ante la SMA, denuncias, transparencia y atenci\u00f3n ciudadana, y sobre Entidades T\u00e9cnicas.<\/p>\n<\/div><div class=\"fusion-clearfix\"><\/div><\/div><\/div><\/div><\/div><div class=\"fusion-fullwidth fullwidth-box fusion-builder-row-2 nonhundred-percent-fullwidth non-hundred-percent-height-scrolling\" style=\"--awb-border-radius-top-left:0px;--awb-border-radius-top-right:0px;--awb-border-radius-bottom-right:0px;--awb-border-radius-bottom-left:0px;--awb-flex-wrap:wrap;\" ><div class=\"fusion-builder-row fusion-row\"><div class=\"fusion-layout-column fusion_builder_column fusion-builder-column-1 fusion_builder_column_1_1 1_1 fusion-one-full fusion-column-first fusion-column-last\" style=\"--awb-bg-size:cover;\"><div class=\"fusion-column-wrapper fusion-flex-column-wrapper-legacy\"><div class=\"fusion-builder-row fusion-builder-row-inner fusion-row\"><div class=\"fusion-layout-column fusion_builder_column_inner fusion-builder-nested-column-0 fusion_builder_column_inner_1_4 1_4 fusion-one-fourth fusion-column-first\" style=\"--awb-bg-size:cover;width:25%;width:calc(25% - ( ( 4% + 4% + 4% ) * 0.25 ) );margin-right: 4%;\"><div class=\"fusion-column-wrapper fusion-flex-column-wrapper-legacy\"><div class=\"fusion-text fusion-text-2\"><p style=\"text-align: center;\"><a class=\"fusion-one-page-text-link\" href=\"#preguntas\"><img decoding=\"async\" class=\"alignnone\" src=\"https:\/\/portal.sma.gob.cl\/wp-content\/uploads\/2018\/10\/fiscalizacion.png\" width=\"110\" height=\"104\" \/><\/a><br \/>\n<strong>Procedimiento de Fiscalizaci\u00f3n<\/strong><\/p>\n<\/div><div class=\"fusion-clearfix\"><\/div><\/div><\/div><div class=\"fusion-layout-column fusion_builder_column_inner fusion-builder-nested-column-1 fusion_builder_column_inner_1_4 1_4 fusion-one-fourth\" style=\"--awb-bg-size:cover;width:25%;width:calc(25% - ( ( 4% + 4% + 4% ) * 0.25 ) );margin-right: 4%;\"><div class=\"fusion-column-wrapper fusion-flex-column-wrapper-legacy\"><div class=\"fusion-text fusion-text-3\"><p style=\"text-align: center;\"><a class=\"fusion-one-page-text-link\" href=\"#sancion\"><img decoding=\"async\" class=\"alignnone\" src=\"https:\/\/portal.sma.gob.cl\/wp-content\/uploads\/2018\/10\/sancion.png\" width=\"110\" height=\"104\" \/><\/a><br \/>\n<strong>Procedimiento Sancionatorio<\/strong><\/p>\n<\/div><div class=\"fusion-clearfix\"><\/div><\/div><\/div><div class=\"fusion-layout-column fusion_builder_column_inner fusion-builder-nested-column-2 fusion_builder_column_inner_1_4 1_4 fusion-one-fourth\" style=\"--awb-bg-size:cover;width:25%;width:calc(25% - ( ( 4% + 4% + 4% ) * 0.25 ) );margin-right: 4%;\"><div class=\"fusion-column-wrapper fusion-flex-column-wrapper-legacy\"><div class=\"fusion-text fusion-text-4\"><p style=\"text-align: center;\"><a class=\"fusion-one-page-text-link\" href=\"#recursos\"><img decoding=\"async\" class=\"alignnone\" src=\"https:\/\/portal.sma.gob.cl\/wp-content\/uploads\/2018\/10\/tribunal.png\" width=\"110\" height=\"104\" \/><\/a><br \/>\n<strong>Recursos ante tribunales ambientales<\/strong><\/p>\n<\/div><div class=\"fusion-clearfix\"><\/div><\/div><\/div><div class=\"fusion-layout-column fusion_builder_column_inner fusion-builder-nested-column-3 fusion_builder_column_inner_1_4 1_4 fusion-one-fourth fusion-column-last\" style=\"--awb-bg-size:cover;width:25%;width:calc(25% - ( ( 4% + 4% + 4% ) * 0.25 ) );\"><div class=\"fusion-column-wrapper fusion-flex-column-wrapper-legacy\"><div class=\"fusion-clearfix\"><\/div><\/div><\/div><\/div><div class=\"fusion-builder-row fusion-builder-row-inner fusion-row\"><div class=\"fusion-layout-column fusion_builder_column_inner fusion-builder-nested-column-4 fusion_builder_column_inner_1_4 1_4 fusion-one-fourth fusion-column-first\" style=\"--awb-bg-size:cover;width:25%;width:calc(25% - ( ( 4% + 4% + 4% ) * 0.25 ) );margin-right: 4%;\"><div class=\"fusion-column-wrapper fusion-flex-column-wrapper-legacy\"><div class=\"fusion-text fusion-text-5\"><p style=\"text-align: center;\"><a class=\"fusion-one-page-text-link\" href=\"#denuncias\"><img decoding=\"async\" class=\"alignnone\" src=\"https:\/\/portal.sma.gob.cl\/wp-content\/uploads\/2018\/10\/denuncias.png\" width=\"110\" height=\"104\" \/><\/a><br \/>\n<strong>Denuncias<\/strong><\/p>\n<\/div><div class=\"fusion-clearfix\"><\/div><\/div><\/div><div class=\"fusion-layout-column fusion_builder_column_inner fusion-builder-nested-column-5 fusion_builder_column_inner_1_4 1_4 fusion-one-fourth\" style=\"--awb-bg-size:cover;width:25%;width:calc(25% - ( ( 4% + 4% + 4% ) * 0.25 ) );margin-right: 4%;\"><div class=\"fusion-column-wrapper fusion-flex-column-wrapper-legacy\"><div class=\"fusion-text fusion-text-6\"><p style=\"text-align: center;\"><a class=\"fusion-one-page-text-link\" href=\"#transparencia\"><img decoding=\"async\" class=\"alignnone\" src=\"https:\/\/portal.sma.gob.cl\/wp-content\/uploads\/2018\/10\/ico-31.png\" width=\"110\" height=\"104\" \/><\/a><br \/>\n<strong>Transparencia y atenci\u00f3n ciudadana<\/strong><\/p>\n<\/div><div class=\"fusion-clearfix\"><\/div><\/div><\/div><div class=\"fusion-layout-column fusion_builder_column_inner fusion-builder-nested-column-6 fusion_builder_column_inner_1_4 1_4 fusion-one-fourth\" style=\"--awb-bg-size:cover;width:25%;width:calc(25% - ( ( 4% + 4% + 4% ) * 0.25 ) );margin-right: 4%;\"><div class=\"fusion-column-wrapper fusion-flex-column-wrapper-legacy\"><div class=\"fusion-clearfix\"><\/div><\/div><\/div><div class=\"fusion-layout-column fusion_builder_column_inner fusion-builder-nested-column-7 fusion_builder_column_inner_1_4 1_4 fusion-one-fourth fusion-column-last\" style=\"--awb-bg-size:cover;width:25%;width:calc(25% - ( ( 4% + 4% + 4% ) * 0.25 ) );\"><div class=\"fusion-column-wrapper fusion-flex-column-wrapper-legacy\"><div class=\"fusion-clearfix\"><\/div><\/div><\/div><\/div><div class=\"fusion-clearfix\"><\/div><\/div><\/div><\/div><\/div><div id=\"preguntas\" class=\"fusion-container-anchor\"><div class=\"fusion-fullwidth fullwidth-box fusion-builder-row-3 nonhundred-percent-fullwidth non-hundred-percent-height-scrolling\" style=\"--awb-border-radius-top-left:0px;--awb-border-radius-top-right:0px;--awb-border-radius-bottom-right:0px;--awb-border-radius-bottom-left:0px;--awb-flex-wrap:wrap;\" ><div class=\"fusion-builder-row fusion-row\"><div class=\"fusion-layout-column fusion_builder_column fusion-builder-column-2 fusion_builder_column_1_1 1_1 fusion-one-full fusion-column-first fusion-column-last\" style=\"--awb-bg-size:cover;\"><div class=\"fusion-column-wrapper fusion-flex-column-wrapper-legacy\"><div class=\"fusion-text fusion-text-7\"><h2><strong>Procedimiento de Fiscalizaci\u00f3n<\/strong><\/h2>\n<\/div><div class=\"accordian fusion-accordian\" style=\"--awb-border-size:1px;--awb-icon-size:11px;--awb-content-font-size:14px;--awb-icon-alignment:left;--awb-hover-color:#f9f9f9;--awb-border-color:#cccccc;--awb-background-color:#ffffff;--awb-divider-color:#e0dede;--awb-divider-hover-color:#e0dede;--awb-icon-color:#ffffff;--awb-title-color:#00355e;--awb-content-color:var(--awb-color8);--awb-icon-box-color:#333333;--awb-toggle-hover-accent-color:#1465ad;--awb-title-font-family:&quot;Open Sans&quot;;--awb-title-font-weight:600;--awb-title-font-style:normal;--awb-title-font-size:14px;--awb-content-font-family:&quot;Open Sans&quot;;--awb-content-font-style:normal;--awb-content-font-weight:400;\"><div class=\"panel-group fusion-toggle-icon-boxed\" id=\"accordion-13886-1\"><div class=\"fusion-panel panel-default panel-43680142b0e91f51c fusion-toggle-no-divider\"><div class=\"panel-heading\"><h4 class=\"panel-title toggle\" id=\"toggle_43680142b0e91f51c\"><a aria-expanded=\"false\" aria-controls=\"43680142b0e91f51c\" role=\"button\" data-toggle=\"collapse\" data-parent=\"#accordion-13886-1\" data-target=\"#43680142b0e91f51c\" href=\"#43680142b0e91f51c\"><span class=\"fusion-toggle-icon-wrapper\" aria-hidden=\"true\"><i class=\"fa-fusion-box active-icon awb-icon-minus\" aria-hidden=\"true\"><\/i><i class=\"fa-fusion-box inactive-icon awb-icon-plus\" aria-hidden=\"true\"><\/i><\/span><span class=\"fusion-toggle-heading\">\u00bfQu\u00e9 fiscaliza la SMA?<\/span><\/a><\/h4><\/div><div id=\"43680142b0e91f51c\" class=\"panel-collapse collapse \" aria-labelledby=\"toggle_43680142b0e91f51c\"><div class=\"panel-body toggle-content fusion-clearfix\">La SMA fiscaliza aquellos proyectos y\/o actividades que se encuentren afectos a instrumentos de car\u00e1cter ambiental, incluyendo Resoluciones de Calificaci\u00f3n Ambiental, Planes de Prevenci\u00f3n y\/o de Descontaminaci\u00f3n Ambiental, las Normas de Calidad Ambiental, las Normas de Emisi\u00f3n, y todos aquellos otros instrumentos de car\u00e1cter ambiental establecidos, de acuerdo a lo se\u00f1alado en el art\u00edculo 2\u00b0 de la Ley Org\u00e1nica de la SMA. Por lo tanto, la SMA no fiscaliza todos los temas relacionados con el medio ambiente, sino que solo la normativa ambiental establecida bajo sus competencias.<\/div><\/div><\/div><div class=\"fusion-panel panel-default panel-568c901126eb89f42 fusion-toggle-no-divider\"><div class=\"panel-heading\"><h4 class=\"panel-title toggle\" id=\"toggle_568c901126eb89f42\"><a aria-expanded=\"false\" aria-controls=\"568c901126eb89f42\" role=\"button\" data-toggle=\"collapse\" data-parent=\"#accordion-13886-1\" data-target=\"#568c901126eb89f42\" href=\"#568c901126eb89f42\"><span class=\"fusion-toggle-icon-wrapper\" aria-hidden=\"true\"><i class=\"fa-fusion-box active-icon awb-icon-minus\" aria-hidden=\"true\"><\/i><i class=\"fa-fusion-box inactive-icon awb-icon-plus\" aria-hidden=\"true\"><\/i><\/span><span class=\"fusion-toggle-heading\">\u00bfC\u00f3mo fiscaliza la SMA?<\/span><\/a><\/h4><\/div><div id=\"568c901126eb89f42\" class=\"panel-collapse collapse \" aria-labelledby=\"toggle_568c901126eb89f42\"><div class=\"panel-body toggle-content fusion-clearfix\">Existen tres actividades dentro del concepto fiscalizaci\u00f3n ambiental:<\/p>\n<p>a) Inspecci\u00f3n Ambiental propiamente tal, que corresponde a una actividad de constataci\u00f3n directa<br \/>\nde hechos en terreno.<\/p>\n<p>b) Examen de la Informaci\u00f3n, que corresponde a la revisi\u00f3n y an\u00e1lisis de documentaci\u00f3n o<br \/>\ninformaci\u00f3n en gabinete.<\/p>\n<p>c) Medici\u00f3n y An\u00e1lisis, que corresponde a la toma de muestras en instalaciones o fuera de \u00e9stas,<br \/>\ny su an\u00e1lisis posterior.<\/p>\n<p>Una vez concluida una actividad de inspecci\u00f3n ambiental propiamente tal, se confeccionar\u00e1 un Acta de Inspecci\u00f3n Ambiental que contendr\u00e1 todos los hechos constatados en dicha actividad. Con posterioridad, se elaborar\u00e1 un Informe de Fiscalizaci\u00f3n, que contendr\u00e1 un an\u00e1lisis completo de la visita de inspecci\u00f3n recogiendo, en los casos que corresponda, los resultados de los an\u00e1lisis de informaci\u00f3n y\/o mediciones que se hubieran llevado a cabo. En caso de identificar hallazgos, el informe es derivado a la Divisi\u00f3n de Sanci\u00f3n y Cumplimiento, de lo contrario, se publica directamente en el Sistema Nacional de Informaci\u00f3n de Fiscalizaci\u00f3n Ambiental (SNIFA).<\/div><\/div><\/div><div class=\"fusion-panel panel-default panel-6bf54f80c049e4776 fusion-toggle-no-divider\"><div class=\"panel-heading\"><h4 class=\"panel-title toggle\" id=\"toggle_6bf54f80c049e4776\"><a aria-expanded=\"false\" aria-controls=\"6bf54f80c049e4776\" role=\"button\" data-toggle=\"collapse\" data-parent=\"#accordion-13886-1\" data-target=\"#6bf54f80c049e4776\" href=\"#6bf54f80c049e4776\"><span class=\"fusion-toggle-icon-wrapper\" aria-hidden=\"true\"><i class=\"fa-fusion-box active-icon awb-icon-minus\" aria-hidden=\"true\"><\/i><i class=\"fa-fusion-box inactive-icon awb-icon-plus\" aria-hidden=\"true\"><\/i><\/span><span class=\"fusion-toggle-heading\">\u00bfQui\u00e9nes fiscalizan?<\/span><\/a><\/h4><\/div><div id=\"6bf54f80c049e4776\" class=\"panel-collapse collapse \" aria-labelledby=\"toggle_6bf54f80c049e4776\"><div class=\"panel-body toggle-content fusion-clearfix\">Las acciones de fiscalizaci\u00f3n pueden ser ejecutadas directamente por la Superintendencia, por las entidades t\u00e9cnicas acreditadas o por los organismos sectoriales competentes, de acuerdo a las condiciones establecidas en el p\u00e1rrafo 2\u00b0 de la Ley Org\u00e1nica de la SMA.<\/div><\/div><\/div><div class=\"fusion-panel panel-default panel-031b835a5b8fdb531 fusion-toggle-no-divider\"><div class=\"panel-heading\"><h4 class=\"panel-title toggle\" id=\"toggle_031b835a5b8fdb531\"><a aria-expanded=\"false\" aria-controls=\"031b835a5b8fdb531\" role=\"button\" data-toggle=\"collapse\" data-parent=\"#accordion-13886-1\" data-target=\"#031b835a5b8fdb531\" href=\"#031b835a5b8fdb531\"><span class=\"fusion-toggle-icon-wrapper\" aria-hidden=\"true\"><i class=\"fa-fusion-box active-icon awb-icon-minus\" aria-hidden=\"true\"><\/i><i class=\"fa-fusion-box inactive-icon awb-icon-plus\" aria-hidden=\"true\"><\/i><\/span><span class=\"fusion-toggle-heading\">\u00bfC\u00f3mo se programan las actividades de fiscalizaci\u00f3n?<\/span><\/a><\/h4><\/div><div id=\"031b835a5b8fdb531\" class=\"panel-collapse collapse \" aria-labelledby=\"toggle_031b835a5b8fdb531\"><div class=\"panel-body toggle-content fusion-clearfix\">La SMA establece programas y subprogramas de fiscalizaci\u00f3n de forma anual. Los programas se refieren a actividades de fiscalizaci\u00f3n que deben ser ejecutadas por la SMA, mientras que los subprogramas son actividades de fiscalizaci\u00f3n encomendadas a Organismos Sectoriales Competentes, de acuerdo a lo establecido en el art\u00edculo 16 de la Ley Org\u00e1nica de la SMA.<\/div><\/div><\/div><div class=\"fusion-panel panel-default panel-692404fe9905fb699 fusion-toggle-no-divider\"><div class=\"panel-heading\"><h4 class=\"panel-title toggle\" id=\"toggle_692404fe9905fb699\"><a aria-expanded=\"false\" aria-controls=\"692404fe9905fb699\" role=\"button\" data-toggle=\"collapse\" data-parent=\"#accordion-13886-1\" data-target=\"#692404fe9905fb699\" href=\"#692404fe9905fb699\"><span class=\"fusion-toggle-icon-wrapper\" aria-hidden=\"true\"><i class=\"fa-fusion-box active-icon awb-icon-minus\" aria-hidden=\"true\"><\/i><i class=\"fa-fusion-box inactive-icon awb-icon-plus\" aria-hidden=\"true\"><\/i><\/span><span class=\"fusion-toggle-heading\">\u00bfCu\u00e1ndo se fiscaliza?<\/span><\/a><\/h4><\/div><div id=\"692404fe9905fb699\" class=\"panel-collapse collapse \" aria-labelledby=\"toggle_692404fe9905fb699\"><div class=\"panel-body toggle-content fusion-clearfix\">La Superintendencia del Medio Ambiente, y los organismos colaboradores en la Fiscalizaci\u00f3n Ambiental, podr\u00e1n fiscalizar una instalaci\u00f3n y\/o un proyecto las veces que sea necesario, ya sea en el marco de la ejecuci\u00f3n de los Programas y Subprogramas de Fiscalizaci\u00f3n Ambiental, o si toman conocimiento, a trav\u00e9s de cualquier medio, de posibles incumplimientos o infracciones que sean de su competencia, de acuerdo a lo establecido en el T\u00edtulo II de la Ley Org\u00e1nica de la SMA.<\/div><\/div><\/div><div class=\"fusion-panel panel-default panel-00c37462af7264e1d fusion-toggle-no-divider\"><div class=\"panel-heading\"><h4 class=\"panel-title toggle\" id=\"toggle_00c37462af7264e1d\"><a aria-expanded=\"false\" aria-controls=\"00c37462af7264e1d\" role=\"button\" data-toggle=\"collapse\" data-parent=\"#accordion-13886-1\" data-target=\"#00c37462af7264e1d\" href=\"#00c37462af7264e1d\"><span class=\"fusion-toggle-icon-wrapper\" aria-hidden=\"true\"><i class=\"fa-fusion-box active-icon awb-icon-minus\" aria-hidden=\"true\"><\/i><i class=\"fa-fusion-box inactive-icon awb-icon-plus\" aria-hidden=\"true\"><\/i><\/span><span class=\"fusion-toggle-heading\">\u00bfQu\u00e9 es el seguimiento ambiental?<\/span><\/a><\/h4><\/div><div id=\"00c37462af7264e1d\" class=\"panel-collapse collapse \" aria-labelledby=\"toggle_00c37462af7264e1d\"><div class=\"panel-body toggle-content fusion-clearfix\">El seguimiento ambiental es el conjunto de acciones que tiene por objeto determinar los efectos reales de un proyecto o actividad en ejecuci\u00f3n, de modo de verificar si las variables ambientales relevantes que fueron objeto de la evaluaci\u00f3n ambiental, evolucionan de acuerdo a lo proyectado. El seguimiento ambiental considera las mediciones, an\u00e1lisis y dem\u00e1s datos que los titulares deban proporcionar a la SMA, de conformidad a las exigencias establecidas en las Resoluciones de Calificaci\u00f3n Ambiental correspondientes.<\/div><\/div><\/div><div class=\"fusion-panel panel-default panel-15c767e2095e1b719 fusion-toggle-no-divider\"><div class=\"panel-heading\"><h4 class=\"panel-title toggle\" id=\"toggle_15c767e2095e1b719\"><a aria-expanded=\"false\" aria-controls=\"15c767e2095e1b719\" role=\"button\" data-toggle=\"collapse\" data-parent=\"#accordion-13886-1\" data-target=\"#15c767e2095e1b719\" href=\"#15c767e2095e1b719\"><span class=\"fusion-toggle-icon-wrapper\" aria-hidden=\"true\"><i class=\"fa-fusion-box active-icon awb-icon-minus\" aria-hidden=\"true\"><\/i><i class=\"fa-fusion-box inactive-icon awb-icon-plus\" aria-hidden=\"true\"><\/i><\/span><span class=\"fusion-toggle-heading\">\u00bfC\u00f3mo reportar a la SMA?<\/span><\/a><\/h4><\/div><div id=\"15c767e2095e1b719\" class=\"panel-collapse collapse \" aria-labelledby=\"toggle_15c767e2095e1b719\"><div class=\"panel-body toggle-content fusion-clearfix\">Los titulares de proyectos y\/o actividades deben reportar a la SMA lo establecido en los distintos Instrumentos de Car\u00e1cter Ambiental, de acuerdo a las instrucciones de car\u00e1cter general provistas por la SMA, las cuales se encuentran disponibles en el Sistema Nacional de Informaci\u00f3n de Fiscalizaci\u00f3n Ambiental (SNIFA).<\/div><\/div><\/div><div class=\"fusion-panel panel-default panel-b97b9407dd734c85a fusion-toggle-no-divider\"><div class=\"panel-heading\"><h4 class=\"panel-title toggle\" id=\"toggle_b97b9407dd734c85a\"><a aria-expanded=\"false\" aria-controls=\"b97b9407dd734c85a\" role=\"button\" data-toggle=\"collapse\" data-parent=\"#accordion-13886-1\" data-target=\"#b97b9407dd734c85a\" href=\"#b97b9407dd734c85a\"><span class=\"fusion-toggle-icon-wrapper\" aria-hidden=\"true\"><i class=\"fa-fusion-box active-icon awb-icon-minus\" aria-hidden=\"true\"><\/i><i class=\"fa-fusion-box inactive-icon awb-icon-plus\" aria-hidden=\"true\"><\/i><\/span><span class=\"fusion-toggle-heading\">\u00bfD\u00f3nde encuentro informaci\u00f3n sobre las fiscalizaciones efectuadas?<\/span><\/a><\/h4><\/div><div id=\"b97b9407dd734c85a\" class=\"panel-collapse collapse \" aria-labelledby=\"toggle_b97b9407dd734c85a\"><div class=\"panel-body toggle-content fusion-clearfix\">En la secci\u00f3n de fiscalizaciones en el Sistema Nacional de Informaci\u00f3n de Fiscalizaci\u00f3n Ambiental (SNIFA).<br \/>\nLink: <a href=\"http:\/\/snifa.sma.gob.cl\" target=\"_blank\" rel=\"noopener noreferrer\">snifa.sma.gob.cl<\/a><\/div><\/div><\/div><\/div><\/div><div class=\"fusion-clearfix\"><\/div><\/div><\/div><\/div><\/div><\/div><div id=\"sancion\" class=\"fusion-container-anchor\"><div class=\"fusion-fullwidth fullwidth-box fusion-builder-row-4 nonhundred-percent-fullwidth non-hundred-percent-height-scrolling\" style=\"--awb-border-radius-top-left:0px;--awb-border-radius-top-right:0px;--awb-border-radius-bottom-right:0px;--awb-border-radius-bottom-left:0px;--awb-margin-top:40px;--awb-flex-wrap:wrap;\" ><div class=\"fusion-builder-row fusion-row\"><div class=\"fusion-layout-column fusion_builder_column fusion-builder-column-3 fusion_builder_column_1_1 1_1 fusion-one-full fusion-column-first fusion-column-last\" style=\"--awb-bg-size:cover;\"><div class=\"fusion-column-wrapper fusion-flex-column-wrapper-legacy\"><div class=\"fusion-text fusion-text-8\"><h2><strong>Procedimiento Sancionatorio<\/strong><\/h2>\n<\/div><div class=\"accordian fusion-accordian\" style=\"--awb-border-size:1px;--awb-icon-size:11px;--awb-content-font-size:14px;--awb-icon-alignment:left;--awb-hover-color:#f9f9f9;--awb-border-color:#cccccc;--awb-background-color:#ffffff;--awb-divider-color:#e0dede;--awb-divider-hover-color:#e0dede;--awb-icon-color:#ffffff;--awb-title-color:#00355e;--awb-content-color:var(--awb-color8);--awb-icon-box-color:#333333;--awb-toggle-hover-accent-color:#1465ad;--awb-title-font-family:&quot;Open Sans&quot;;--awb-title-font-weight:600;--awb-title-font-style:normal;--awb-title-font-size:14px;--awb-content-font-family:&quot;Open Sans&quot;;--awb-content-font-style:normal;--awb-content-font-weight:400;\"><div class=\"panel-group fusion-toggle-icon-boxed\" id=\"accordion-13886-2\"><div class=\"fusion-panel panel-default panel-63d29b3c41db0a245 fusion-toggle-has-divider\"><div class=\"panel-heading\"><h4 class=\"panel-title toggle\" id=\"toggle_63d29b3c41db0a245\"><a aria-expanded=\"false\" aria-controls=\"63d29b3c41db0a245\" role=\"button\" data-toggle=\"collapse\" data-parent=\"#accordion-13886-2\" data-target=\"#63d29b3c41db0a245\" href=\"#63d29b3c41db0a245\"><span class=\"fusion-toggle-icon-wrapper\" aria-hidden=\"true\"><i class=\"fa-fusion-box active-icon awb-icon-minus\" aria-hidden=\"true\"><\/i><i class=\"fa-fusion-box inactive-icon awb-icon-plus\" aria-hidden=\"true\"><\/i><\/span><span class=\"fusion-toggle-heading\">\u00bfCu\u00e1ndo se inicia un procedimiento sancionatorio?<\/span><\/a><\/h4><\/div><div id=\"63d29b3c41db0a245\" class=\"panel-collapse collapse \" aria-labelledby=\"toggle_63d29b3c41db0a245\"><div class=\"panel-body toggle-content fusion-clearfix\">Corresponde exclusivamente a la SMA el ejercicio de la potestad sancionadora respecto de las infracciones establecidas en el art\u00edculo 35 de la Ley Org\u00e1nica de la SMA. Adem\u00e1s, de acuerdo a lo establecido en el art\u00edculo 47 de la Ley, el procedimiento administrativo sancionatorio se inicia con la Formulaci\u00f3n de Cargos.<\/div><\/div><\/div><div class=\"fusion-panel panel-default panel-91d0515740e484eec fusion-toggle-has-divider\"><div class=\"panel-heading\"><h4 class=\"panel-title toggle\" id=\"toggle_91d0515740e484eec\"><a aria-expanded=\"false\" aria-controls=\"91d0515740e484eec\" role=\"button\" data-toggle=\"collapse\" data-parent=\"#accordion-13886-2\" data-target=\"#91d0515740e484eec\" href=\"#91d0515740e484eec\"><span class=\"fusion-toggle-icon-wrapper\" aria-hidden=\"true\"><i class=\"fa-fusion-box active-icon awb-icon-minus\" aria-hidden=\"true\"><\/i><i class=\"fa-fusion-box inactive-icon awb-icon-plus\" aria-hidden=\"true\"><\/i><\/span><span class=\"fusion-toggle-heading\">\u00bfQu\u00e9 es la formulaci\u00f3n de cargos?<\/span><\/a><\/h4><\/div><div id=\"91d0515740e484eec\" class=\"panel-collapse collapse \" aria-labelledby=\"toggle_91d0515740e484eec\"><div class=\"panel-body toggle-content fusion-clearfix\">De acuerdo a lo establecido en el art\u00edculo 49 de la Ley Org\u00e1nica de la SMA, la formulaci\u00f3n de cargos es un documento que formaliza el inicio de un procedimiento sancionatorio, el cual debe se\u00f1alar una descripci\u00f3n clara y precisa de los hechos que se estimen constitutivos de infracci\u00f3n y la fecha de su verificaci\u00f3n, la norma, medidas o condiciones eventualmente infringidas y la disposici\u00f3n que establece la infracci\u00f3n, y la sanci\u00f3n posible.<\/div><\/div><\/div><div class=\"fusion-panel panel-default panel-a4d2e57dbcd98f090 fusion-toggle-has-divider\"><div class=\"panel-heading\"><h4 class=\"panel-title toggle\" id=\"toggle_a4d2e57dbcd98f090\"><a aria-expanded=\"false\" aria-controls=\"a4d2e57dbcd98f090\" role=\"button\" data-toggle=\"collapse\" data-parent=\"#accordion-13886-2\" data-target=\"#a4d2e57dbcd98f090\" href=\"#a4d2e57dbcd98f090\"><span class=\"fusion-toggle-icon-wrapper\" aria-hidden=\"true\"><i class=\"fa-fusion-box active-icon awb-icon-minus\" aria-hidden=\"true\"><\/i><i class=\"fa-fusion-box inactive-icon awb-icon-plus\" aria-hidden=\"true\"><\/i><\/span><span class=\"fusion-toggle-heading\">\u00bfTodos los informes con hallazgos tienen sanci\u00f3n?<\/span><\/a><\/h4><\/div><div id=\"a4d2e57dbcd98f090\" class=\"panel-collapse collapse \" aria-labelledby=\"toggle_a4d2e57dbcd98f090\"><div class=\"panel-body toggle-content fusion-clearfix\">No todos los informes con hallazgos tienen sanci\u00f3n. La Divisi\u00f3n de Sanci\u00f3n y Cumplimiento de la SMA analiza el m\u00e9rito de los hallazgos, seg\u00fan las condiciones establecidas en el T\u00edtulo III de la Ley Org\u00e1nica de la SMA, y, en funci\u00f3n de ello, procede a formular cargos. En ocasiones, para hallazgos menores, se pueden establecer mecanismos alternativos de correcci\u00f3n temprana.<\/div><\/div><\/div><div class=\"fusion-panel panel-default panel-28f45f43aacc1eb38 fusion-toggle-has-divider\"><div class=\"panel-heading\"><h4 class=\"panel-title toggle\" id=\"toggle_28f45f43aacc1eb38\"><a aria-expanded=\"false\" aria-controls=\"28f45f43aacc1eb38\" role=\"button\" data-toggle=\"collapse\" data-parent=\"#accordion-13886-2\" data-target=\"#28f45f43aacc1eb38\" href=\"#28f45f43aacc1eb38\"><span class=\"fusion-toggle-icon-wrapper\" aria-hidden=\"true\"><i class=\"fa-fusion-box active-icon awb-icon-minus\" aria-hidden=\"true\"><\/i><i class=\"fa-fusion-box inactive-icon awb-icon-plus\" aria-hidden=\"true\"><\/i><\/span><span class=\"fusion-toggle-heading\">\u00bfCu\u00e1les son las sanciones que impone la SMA?<\/span><\/a><\/h4><\/div><div id=\"28f45f43aacc1eb38\" class=\"panel-collapse collapse \" aria-labelledby=\"toggle_28f45f43aacc1eb38\"><div class=\"panel-body toggle-content fusion-clearfix\">\n<p>De acuerdo a lo establecido en el art\u00edculo 38 de la Ley Org\u00e1nica de la SMA, las infracciones cuyo conocimiento compete a la Superintendencia, podr\u00e1n ser objeto de las siguientes sanciones:<br \/>\na) Amonestaci\u00f3n por escrito.<br \/>\nb) Multa de una a diez mil unidades tributarias anuales.<br \/>\nc) Clausura temporal o definitiva.<br \/>\nd) Revocaci\u00f3n de la Resoluci\u00f3n de Calificaci\u00f3n Ambiental.<\/p>\n<\/div><\/div><\/div><div class=\"fusion-panel panel-default panel-859d2302057b4e18b fusion-toggle-has-divider\"><div class=\"panel-heading\"><h4 class=\"panel-title toggle\" id=\"toggle_859d2302057b4e18b\"><a aria-expanded=\"false\" aria-controls=\"859d2302057b4e18b\" role=\"button\" data-toggle=\"collapse\" data-parent=\"#accordion-13886-2\" data-target=\"#859d2302057b4e18b\" href=\"#859d2302057b4e18b\"><span class=\"fusion-toggle-icon-wrapper\" aria-hidden=\"true\"><i class=\"fa-fusion-box active-icon awb-icon-minus\" aria-hidden=\"true\"><\/i><i class=\"fa-fusion-box inactive-icon awb-icon-plus\" aria-hidden=\"true\"><\/i><\/span><span class=\"fusion-toggle-heading\">\u00bfC\u00f3mo se definen las sanciones y se calculan las multas?<\/span><\/a><\/h4><\/div><div id=\"859d2302057b4e18b\" class=\"panel-collapse collapse \" aria-labelledby=\"toggle_859d2302057b4e18b\"><div class=\"panel-body toggle-content fusion-clearfix\">\n<p>La determinaci\u00f3n de las sanciones espec\u00edficas que en cada caso corresponda aplicar, se considerar\u00e1n las siguientes circunstancias, establecidas en el art\u00edculo 40 de la Ley Org\u00e1nica de la SMA:<\/p>\n<p>a) La importancia del da\u00f1o causado o del peligro ocasionado.<br \/>\nb) El n\u00famero de personas cuya salud pudo afectarse por la infracci\u00f3n.<br \/>\nc) El beneficio econ\u00f3mico obtenido con motivo de la infracci\u00f3n.<br \/>\nd) La intencionalidad en la comisi\u00f3n de la infracci\u00f3n y el grado de participaci\u00f3n en el hecho, acci\u00f3n u omisi\u00f3n constitutiva de la misma.<br \/>\ne) La conducta anterior del infractor.<br \/>\nf) La capacidad econ\u00f3mica del infractor.<br \/>\ng) El cumplimiento del programa se\u00f1alado en la letra r) del art\u00edculo 3\u00b0.<br \/>\nh) El detrimento o vulneraci\u00f3n de un \u00e1rea silvestre protegida del Estado.<br \/>\ni) Todo otro criterio que, a juicio fundado de la Superintendencia, sea relevante para la determinaci\u00f3n de la sanci\u00f3n.<\/p>\n<p>En la secci\u00f3n de publicaciones se encuentra disponible el documento denominado <a href=\"https:\/\/portal.sma.gob.cl\/index.php\/download\/bases-metodologicas-para-la-determinacion-de-sanciones-ambientales-2017\/?wpdmdl=14238&amp;masterkey=5be1ea5f3eac3\">\u201cBases metodol\u00f3gicas para la determinaci\u00f3n de sanciones ambientales\u201d<\/a>, en el cual se detallan los fundamentos adoptados en la aplicaci\u00f3n de sanciones, incluyendo criterios y f\u00f3rmulas de c\u00e1lculo.<\/p>\n<\/div><\/div><\/div><div class=\"fusion-panel panel-default panel-623aa349c0f785ae1 fusion-toggle-has-divider\"><div class=\"panel-heading\"><h4 class=\"panel-title toggle\" id=\"toggle_623aa349c0f785ae1\"><a aria-expanded=\"false\" aria-controls=\"623aa349c0f785ae1\" role=\"button\" data-toggle=\"collapse\" data-parent=\"#accordion-13886-2\" data-target=\"#623aa349c0f785ae1\" href=\"#623aa349c0f785ae1\"><span class=\"fusion-toggle-icon-wrapper\" aria-hidden=\"true\"><i class=\"fa-fusion-box active-icon awb-icon-minus\" aria-hidden=\"true\"><\/i><i class=\"fa-fusion-box inactive-icon awb-icon-plus\" aria-hidden=\"true\"><\/i><\/span><span class=\"fusion-toggle-heading\">\u00bfD\u00f3nde encuentro informaci\u00f3n sobre los procedimientos sancionatorios?<\/span><\/a><\/h4><\/div><div id=\"623aa349c0f785ae1\" class=\"panel-collapse collapse \" aria-labelledby=\"toggle_623aa349c0f785ae1\"><div class=\"panel-body toggle-content fusion-clearfix\">\n<p>En la secci\u00f3n de procedimientos sancionatorios en el Sistema Nacional de Informaci\u00f3n de Fiscalizaci\u00f3n Ambiental (SNIFA).<br \/>\nLink: <a href=\"http:\/\/snifa.sma.gob.cl\" target=\"_blank\" rel=\"noopener noreferrer\">snifa.sma.gob.cl<\/a><\/p>\n<\/div><\/div><\/div><div class=\"fusion-panel panel-default panel-2d15437e2387e80ef fusion-toggle-has-divider\"><div class=\"panel-heading\"><h4 class=\"panel-title toggle\" id=\"toggle_2d15437e2387e80ef\"><a aria-expanded=\"false\" aria-controls=\"2d15437e2387e80ef\" role=\"button\" data-toggle=\"collapse\" data-parent=\"#accordion-13886-2\" data-target=\"#2d15437e2387e80ef\" href=\"#2d15437e2387e80ef\"><span class=\"fusion-toggle-icon-wrapper\" aria-hidden=\"true\"><i class=\"fa-fusion-box active-icon awb-icon-minus\" aria-hidden=\"true\"><\/i><i class=\"fa-fusion-box inactive-icon awb-icon-plus\" aria-hidden=\"true\"><\/i><\/span><span class=\"fusion-toggle-heading\">\u00bfQu\u00e9 es un programa de cumplimiento y cuando se puede presentar?<\/span><\/a><\/h4><\/div><div id=\"2d15437e2387e80ef\" class=\"panel-collapse collapse \" aria-labelledby=\"toggle_2d15437e2387e80ef\"><div class=\"panel-body toggle-content fusion-clearfix\">\n<p>Tal como lo se\u00f1ala el art\u00edculo 42 de la Ley Org\u00e1nica de la Superintendencia del Medio Ambiente, al formul\u00e1rsele cargos a un titular, \u00e9ste puede optar por presentar, dentro del plazo de 10 d\u00edas h\u00e1biles desde que se le formularan cargos, el Programa de Cumplimiento ante la SMA, el cual consiste en un plan de acciones y metas presentado por el infractor, para que, dentro de un plazo fijado por la Superintendencia, el titular cumpla sus obligaciones ambientales. Si la SMA aprueba dicho programa, se suspende el procedimiento sancionatorio. No obstante, si el titular no cumple con los compromisos establecidos en dicho programa, arriesga hasta el doble de la multa original.<br \/>\nEn la secci\u00f3n documentos se encuentra disponible el documento <a href=\"https:\/\/portal.sma.gob.cl\/index.php\/guias-sma\/\" target=\"_blank\" rel=\"noopener noreferrer\">\u201cGu\u00eda para la presentaci\u00f3n de Programas de Cumplimiento Ambiental\u201d.<\/a><\/p>\n<\/div><\/div><\/div><div class=\"fusion-panel panel-default panel-d291a980631626c23 fusion-toggle-has-divider\"><div class=\"panel-heading\"><h4 class=\"panel-title toggle\" id=\"toggle_d291a980631626c23\"><a aria-expanded=\"false\" aria-controls=\"d291a980631626c23\" role=\"button\" data-toggle=\"collapse\" data-parent=\"#accordion-13886-2\" data-target=\"#d291a980631626c23\" href=\"#d291a980631626c23\"><span class=\"fusion-toggle-icon-wrapper\" aria-hidden=\"true\"><i class=\"fa-fusion-box active-icon awb-icon-minus\" aria-hidden=\"true\"><\/i><i class=\"fa-fusion-box inactive-icon awb-icon-plus\" aria-hidden=\"true\"><\/i><\/span><span class=\"fusion-toggle-heading\">\u00bfQu\u00e9 es una autodenuncia y cuando se puede presentar?<\/span><\/a><\/h4><\/div><div id=\"d291a980631626c23\" class=\"panel-collapse collapse \" aria-labelledby=\"toggle_d291a980631626c23\"><div class=\"panel-body toggle-content fusion-clearfix\">\n<p>La Autodenuncia es un instrumento de incentivo al cumplimiento regulado en el art\u00edculo 41 de la LOSMA y los art\u00edculos 2, 13, 14 y 15 del Reglamento, el cual define la Autodenuncia como la \u201ccomunicaci\u00f3n escrita efectuada por un infractor en las oficinas de la Superintendencia, sobre el hecho de estar cometiendo, por s\u00ed, cualquier infracci\u00f3n de competencia de ella\u201d. El uso de este instrumento procede en todos aquellos casos en que se est\u00e1 en conocimiento de estar cometiendo un hecho que se enmarca dentro de las posibles infracciones de competencia de la SMA, enunciadas en el art\u00edculo 35 de la LO-SMA. Sin perjuicio de lo anterior, corresponde a la Superintendencia el pronunciamiento respecto de la imputaci\u00f3n y calificaci\u00f3n de la o las infracciones que pudieran conllevar los hechos autodenunciados, a trav\u00e9s de la investigaci\u00f3n de los mismos y la evaluaci\u00f3n de sus implicancias jur\u00eddicas.<\/p>\n<p>En la secci\u00f3n documentos se encuentra disponible el documento <a href=\"https:\/\/portal.sma.gob.cl\/index.php\/guias-sma\/\" target=\"_blank\" rel=\"noopener noreferrer\">\u201cGu\u00eda para autodenuncias\u201d.<\/a><\/p>\n<\/div><\/div><\/div><div class=\"fusion-panel panel-default panel-54a2ce7247ed5f788 fusion-toggle-has-divider\"><div class=\"panel-heading\"><h4 class=\"panel-title toggle\" id=\"toggle_54a2ce7247ed5f788\"><a aria-expanded=\"false\" aria-controls=\"54a2ce7247ed5f788\" role=\"button\" data-toggle=\"collapse\" data-parent=\"#accordion-13886-2\" data-target=\"#54a2ce7247ed5f788\" href=\"#54a2ce7247ed5f788\"><span class=\"fusion-toggle-icon-wrapper\" aria-hidden=\"true\"><i class=\"fa-fusion-box active-icon awb-icon-minus\" aria-hidden=\"true\"><\/i><i class=\"fa-fusion-box inactive-icon awb-icon-plus\" aria-hidden=\"true\"><\/i><\/span><span class=\"fusion-toggle-heading\">\u00bfQu\u00e9 es un plan de reparaci\u00f3n y cuando se puede presentar?<\/span><\/a><\/h4><\/div><div id=\"54a2ce7247ed5f788\" class=\"panel-collapse collapse \" aria-labelledby=\"toggle_54a2ce7247ed5f788\"><div class=\"panel-body toggle-content fusion-clearfix\">\n<p>Seg\u00fan lo establecido en el art\u00edculo 43 de la Ley Org\u00e1nica de la SMA, es una propuesta de objetivos y medidas de reparaci\u00f3n del da\u00f1o ambiental causado, elaborada por el infractor que ha ocasionado dicho da\u00f1o. Sin perjuicio de las sanciones administrativas que se impongan, una vez notificada la resoluci\u00f3n de la Superintendencia que pone t\u00e9rmino al procedimiento sancionador, el infractor puede presentar voluntariamente ante ella una propuesta de plan de reparaci\u00f3n avalada por un estudio t\u00e9cnico ambiental.<\/p>\n<p>El Servicio de Evaluaci\u00f3n Ambiental deber\u00e1 pronunciarse acerca de los aspectos t\u00e9cnicos del plan de reparaci\u00f3n que el infractor deber\u00e1 implementar a su costo y dentro de los plazos que al efecto le fije tal autoridad. Una vez recibidos por la Superintendencia el plan de reparaci\u00f3n y su respectiva aceptaci\u00f3n por el Servicio de Evaluaci\u00f3n Ambiental, \u00e9sta lo aprobar\u00e1, y le corresponder\u00e1 la fiscalizaci\u00f3n de su cumplimiento.<\/p>\n<p>Si existiere da\u00f1o ambiental y el infractor no presentare voluntariamente un plan de reparaci\u00f3n, se deber\u00e1 ejercer la acci\u00f3n por da\u00f1o ambiental ante el Tribunal Ambiental.<\/p>\n<\/div><\/div><\/div><div class=\"fusion-panel panel-default panel-f4ba119e4ee9ea477 fusion-toggle-has-divider\"><div class=\"panel-heading\"><h4 class=\"panel-title toggle\" id=\"toggle_f4ba119e4ee9ea477\"><a aria-expanded=\"false\" aria-controls=\"f4ba119e4ee9ea477\" role=\"button\" data-toggle=\"collapse\" data-parent=\"#accordion-13886-2\" data-target=\"#f4ba119e4ee9ea477\" href=\"#f4ba119e4ee9ea477\"><span class=\"fusion-toggle-icon-wrapper\" aria-hidden=\"true\"><i class=\"fa-fusion-box active-icon awb-icon-minus\" aria-hidden=\"true\"><\/i><i class=\"fa-fusion-box inactive-icon awb-icon-plus\" aria-hidden=\"true\"><\/i><\/span><span class=\"fusion-toggle-heading\">\u00bfQu\u00e9 recursos se pueden interponer contra las resoluciones de la SMA?<\/span><\/a><\/h4><\/div><div id=\"f4ba119e4ee9ea477\" class=\"panel-collapse collapse \" aria-labelledby=\"toggle_f4ba119e4ee9ea477\"><div class=\"panel-body toggle-content fusion-clearfix\">\n<p>En contra de las resoluciones de la Superintendencia que apliquen sanciones, se podr\u00e1 interponer el recurso de reposici\u00f3n en el plazo de cinco d\u00edas h\u00e1biles contado desde el d\u00eda siguiente a la notificaci\u00f3n de la resoluci\u00f3n. Este recurso debe ser presentado a la Superintendencia, seg\u00fan lo establecido en el art\u00edculo 55 de la Ley Org\u00e1nica de la SMA.<\/p>\n<p>Asimismo, en caso que los afectados estimen que las resoluciones de la Superintendencia no se ajustan a la ley, reglamentos o dem\u00e1s disposiciones que le corresponda aplicar, podr\u00e1n reclamar de las mismas, dentro del plazo de 15 d\u00edas h\u00e1biles, contado desde la notificaci\u00f3n, ante el Tribunal Ambiental correspondiente.<\/p>\n<\/div><\/div><\/div><\/div><\/div><div class=\"fusion-clearfix\"><\/div><\/div><\/div><\/div><\/div><\/div><div id=\"recursos\" class=\"fusion-container-anchor\"><div class=\"fusion-fullwidth fullwidth-box fusion-builder-row-5 nonhundred-percent-fullwidth non-hundred-percent-height-scrolling\" style=\"--awb-border-radius-top-left:0px;--awb-border-radius-top-right:0px;--awb-border-radius-bottom-right:0px;--awb-border-radius-bottom-left:0px;--awb-margin-top:40px;--awb-flex-wrap:wrap;\" ><div class=\"fusion-builder-row fusion-row\"><div class=\"fusion-layout-column fusion_builder_column fusion-builder-column-4 fusion_builder_column_1_1 1_1 fusion-one-full fusion-column-first fusion-column-last\" style=\"--awb-bg-size:cover;\"><div class=\"fusion-column-wrapper fusion-flex-column-wrapper-legacy\"><div class=\"fusion-text fusion-text-9\"><h2><strong>Recursos ante tribunales ambientales<\/strong><\/h2>\n<\/div><div class=\"accordian fusion-accordian\" style=\"--awb-border-size:1px;--awb-icon-size:11px;--awb-content-font-size:14px;--awb-icon-alignment:left;--awb-hover-color:#f9f9f9;--awb-border-color:#cccccc;--awb-background-color:#ffffff;--awb-divider-color:#e0dede;--awb-divider-hover-color:#e0dede;--awb-icon-color:#ffffff;--awb-title-color:#00355e;--awb-content-color:var(--awb-color8);--awb-icon-box-color:#333333;--awb-toggle-hover-accent-color:#1465ad;--awb-title-font-family:&quot;Open Sans&quot;;--awb-title-font-weight:600;--awb-title-font-style:normal;--awb-title-font-size:14px;--awb-content-font-family:&quot;Open Sans&quot;;--awb-content-font-style:normal;--awb-content-font-weight:400;\"><div class=\"panel-group fusion-toggle-icon-boxed\" id=\"accordion-13886-3\"><div class=\"fusion-panel panel-default panel-350c373980730f0ca fusion-toggle-has-divider\"><div class=\"panel-heading\"><h4 class=\"panel-title toggle\" id=\"toggle_350c373980730f0ca\"><a aria-expanded=\"false\" aria-controls=\"350c373980730f0ca\" role=\"button\" data-toggle=\"collapse\" data-parent=\"#accordion-13886-3\" data-target=\"#350c373980730f0ca\" href=\"#350c373980730f0ca\"><span class=\"fusion-toggle-icon-wrapper\" aria-hidden=\"true\"><i class=\"fa-fusion-box active-icon awb-icon-minus\" aria-hidden=\"true\"><\/i><i class=\"fa-fusion-box inactive-icon awb-icon-plus\" aria-hidden=\"true\"><\/i><\/span><span class=\"fusion-toggle-heading\">\u00bfQu\u00e9 son los Tribunales Ambientales?<\/span><\/a><\/h4><\/div><div id=\"350c373980730f0ca\" class=\"panel-collapse collapse \" aria-labelledby=\"toggle_350c373980730f0ca\"><div class=\"panel-body toggle-content fusion-clearfix\">\n<p>Los Tribunales Ambientales de Chile son \u00f3rganos jurisdiccionales especiales, dedicados a resolver controversias relacionadas con el medio ambiente. De acuerdo a lo establecido en la Ley 20.600, una de sus funciones es resolver las reclamaciones de resoluciones de la SMA. Adem\u00e1s, deben autorizar las medidas propuestas por la SMA para evitar da\u00f1o inminente al medio ambiente o a la salud de las personas, as\u00ed como tambi\u00e9n las sanciones que consideren clausura temporal, clausura definitiva y revocaci\u00f3n de Resoluciones de Calificaci\u00f3n Ambiental.<\/p>\n<\/div><\/div><\/div><div class=\"fusion-panel panel-default panel-7c8dffd4d218867b0 fusion-toggle-has-divider\"><div class=\"panel-heading\"><h4 class=\"panel-title toggle\" id=\"toggle_7c8dffd4d218867b0\"><a aria-expanded=\"false\" aria-controls=\"7c8dffd4d218867b0\" role=\"button\" data-toggle=\"collapse\" data-parent=\"#accordion-13886-3\" data-target=\"#7c8dffd4d218867b0\" href=\"#7c8dffd4d218867b0\"><span class=\"fusion-toggle-icon-wrapper\" aria-hidden=\"true\"><i class=\"fa-fusion-box active-icon awb-icon-minus\" aria-hidden=\"true\"><\/i><i class=\"fa-fusion-box inactive-icon awb-icon-plus\" aria-hidden=\"true\"><\/i><\/span><span class=\"fusion-toggle-heading\">\u00bfD\u00f3nde se ubican los Tribunales Ambientales?<\/span><\/a><\/h4><\/div><div id=\"7c8dffd4d218867b0\" class=\"panel-collapse collapse \" aria-labelledby=\"toggle_7c8dffd4d218867b0\"><div class=\"panel-body toggle-content fusion-clearfix\">\n<p>la Ley N\u00b0 20.600 establece la instalaci\u00f3n de tres tribunales ambientales: \u00a0en el norte (Antofagasta), en el centro (Santiago) y en el sur del pa\u00eds (Valdivia). Para mayor informaci\u00f3n, consultar:<\/p>\n<p>Primer Tribunal Ambiental (Antofagasta): <a href=\"https:\/\/www.1ta.cl\/\">https:\/\/www.1ta.cl\/<\/a><\/p>\n<p>Segundo Tribunal Ambiental (Santiago): <a href=\"https:\/\/www.tribunalambiental.cl\/\">https:\/\/www.tribunalambiental.cl\/<\/a><\/p>\n<p>Tercer Tribunal Ambiental (Valdivia): <a href=\"https:\/\/3ta.cl\/\">https:\/\/3ta.cl\/<\/a><\/p>\n<\/div><\/div><\/div><div class=\"fusion-panel panel-default panel-b0d8fd273366694e3 fusion-toggle-has-divider\"><div class=\"panel-heading\"><h4 class=\"panel-title toggle\" id=\"toggle_b0d8fd273366694e3\"><a aria-expanded=\"false\" aria-controls=\"b0d8fd273366694e3\" role=\"button\" data-toggle=\"collapse\" data-parent=\"#accordion-13886-3\" data-target=\"#b0d8fd273366694e3\" href=\"#b0d8fd273366694e3\"><span class=\"fusion-toggle-icon-wrapper\" aria-hidden=\"true\"><i class=\"fa-fusion-box active-icon awb-icon-minus\" aria-hidden=\"true\"><\/i><i class=\"fa-fusion-box inactive-icon awb-icon-plus\" aria-hidden=\"true\"><\/i><\/span><span class=\"fusion-toggle-heading\">\u00bfQu\u00e9 medidas puede solicitar la SMA a los Tribunales Ambientales?<\/span><\/a><\/h4><\/div><div id=\"b0d8fd273366694e3\" class=\"panel-collapse collapse \" aria-labelledby=\"toggle_b0d8fd273366694e3\"><div class=\"panel-body toggle-content fusion-clearfix\">\n<p>De acuerdo a lo establecido en el art\u00edculo 48 de la Ley Org\u00e1nica de la SMA, cuando se haya iniciado el procedimiento sancionador, el instructor del procedimiento, con el objeto de evitar da\u00f1o inminente al medio ambiente o a la salud de las personas, podr\u00e1 solicitar fundadamente al Superintendente la adopci\u00f3n de alguna o algunas de las siguientes medidas provisionales:<\/p>\n<ol>\n<li>a) Medidas de correcci\u00f3n, seguridad o control que impidan la continuidad en la producci\u00f3n del riesgo o del da\u00f1o.<\/li>\n<li>b) Sellado de aparatos o equipos.<\/li>\n<li>c) Clausura temporal, parcial o total, de las instalaciones.<\/li>\n<li>d) Detenci\u00f3n del funcionamiento de las instalaciones.<\/li>\n<li>e) Suspensi\u00f3n temporal de la resoluci\u00f3n de calificaci\u00f3n ambiental.<\/li>\n<li>f) Ordenar programas de monitoreo y an\u00e1lisis espec\u00edficos que ser\u00e1n de cargo del infractor.<\/li>\n<\/ol>\n<p>En el caso de las medidas provisionales se\u00f1aladas anteriormente en las letras c), d) y e), la Superintendencia deber\u00e1 obtener la autorizaci\u00f3n previa del Tribunal Ambiental, lo cual tambi\u00e9n aplica cuando la Superintendencia desee aplicar las suspensiones se\u00f1aladas en las letras g) y h) del art\u00edculo 3\u00b0 de la Ley Org\u00e1nica, referidas a la suspensi\u00f3n transitoria de las autorizaciones de funcionamiento contenidas en las Resoluciones de Calificaci\u00f3n Ambiental o adoptar otras medidas urgentes y transitorias para el resguardo del medio ambiente, cuando la ejecuci\u00f3n u operaci\u00f3n de un proyecto o actividad genere, o pueda generar, un da\u00f1o grave e inminente para el medio ambiente, de forma previa a un procedimiento sancionatorio.<\/p>\n<\/div><\/div><\/div><div class=\"fusion-panel panel-default panel-fecb61ce0e0a68bbd fusion-toggle-has-divider\"><div class=\"panel-heading\"><h4 class=\"panel-title toggle\" id=\"toggle_fecb61ce0e0a68bbd\"><a aria-expanded=\"false\" aria-controls=\"fecb61ce0e0a68bbd\" role=\"button\" data-toggle=\"collapse\" data-parent=\"#accordion-13886-3\" data-target=\"#fecb61ce0e0a68bbd\" href=\"#fecb61ce0e0a68bbd\"><span class=\"fusion-toggle-icon-wrapper\" aria-hidden=\"true\"><i class=\"fa-fusion-box active-icon awb-icon-minus\" aria-hidden=\"true\"><\/i><i class=\"fa-fusion-box inactive-icon awb-icon-plus\" aria-hidden=\"true\"><\/i><\/span><span class=\"fusion-toggle-heading\">\u00bfQu\u00e9 sanciones propuestas por la SMA deben ser autorizadas por los Tribunales Ambientales?<\/span><\/a><\/h4><\/div><div id=\"fecb61ce0e0a68bbd\" class=\"panel-collapse collapse \" aria-labelledby=\"toggle_fecb61ce0e0a68bbd\"><div class=\"panel-body toggle-content fusion-clearfix\">\n<p>De acuerdo a lo establecido en el art\u00edculo 57 de la Ley Org\u00e1nica de la SMA, cuando la Superintendencia aplique las sanciones se\u00f1aladas en las letras c) y d) del art\u00edculo 38 (clausura temporal o definitiva y revocaci\u00f3n de Resoluciones de Calificaci\u00f3n Ambiental, respectivamente), la resoluci\u00f3n que las contenga deber\u00e1 siempre ser elevada en consulta al Tribunal Ambiental.<\/p>\n<\/div><\/div><\/div><\/div><\/div><div class=\"fusion-clearfix\"><\/div><\/div><\/div><\/div><\/div><\/div><div id=\"denuncias\" class=\"fusion-container-anchor\"><div class=\"fusion-fullwidth fullwidth-box fusion-builder-row-6 nonhundred-percent-fullwidth non-hundred-percent-height-scrolling\" style=\"--awb-border-radius-top-left:0px;--awb-border-radius-top-right:0px;--awb-border-radius-bottom-right:0px;--awb-border-radius-bottom-left:0px;--awb-margin-top:40px;--awb-flex-wrap:wrap;\" ><div class=\"fusion-builder-row fusion-row\"><div class=\"fusion-layout-column fusion_builder_column fusion-builder-column-5 fusion_builder_column_1_1 1_1 fusion-one-full fusion-column-first fusion-column-last\" style=\"--awb-bg-size:cover;\"><div class=\"fusion-column-wrapper fusion-flex-column-wrapper-legacy\"><div class=\"fusion-text fusion-text-10\"><h2><strong>Denuncias<\/strong><\/h2>\n<\/div><div class=\"accordian fusion-accordian\" style=\"--awb-border-size:1px;--awb-icon-size:11px;--awb-content-font-size:14px;--awb-icon-alignment:left;--awb-hover-color:#f9f9f9;--awb-border-color:#cccccc;--awb-background-color:#ffffff;--awb-divider-color:#e0dede;--awb-divider-hover-color:#e0dede;--awb-icon-color:#ffffff;--awb-title-color:#00355e;--awb-content-color:var(--awb-color8);--awb-icon-box-color:#333333;--awb-toggle-hover-accent-color:#1465ad;--awb-title-font-family:&quot;Open Sans&quot;;--awb-title-font-weight:600;--awb-title-font-style:normal;--awb-title-font-size:14px;--awb-content-font-family:&quot;Open Sans&quot;;--awb-content-font-style:normal;--awb-content-font-weight:400;\"><div class=\"panel-group fusion-toggle-icon-boxed\" id=\"accordion-13886-4\"><div class=\"fusion-panel panel-default panel-43c3bea6fa31f41c7 fusion-toggle-has-divider\"><div class=\"panel-heading\"><h4 class=\"panel-title toggle\" id=\"toggle_43c3bea6fa31f41c7\"><a aria-expanded=\"false\" aria-controls=\"43c3bea6fa31f41c7\" role=\"button\" data-toggle=\"collapse\" data-parent=\"#accordion-13886-4\" data-target=\"#43c3bea6fa31f41c7\" href=\"#43c3bea6fa31f41c7\"><span class=\"fusion-toggle-icon-wrapper\" aria-hidden=\"true\"><i class=\"fa-fusion-box active-icon awb-icon-minus\" aria-hidden=\"true\"><\/i><i class=\"fa-fusion-box inactive-icon awb-icon-plus\" aria-hidden=\"true\"><\/i><\/span><span class=\"fusion-toggle-heading\">\u00bfQu\u00e9 hechos puedo denunciar a la SMA?<\/span><\/a><\/h4><\/div><div id=\"43c3bea6fa31f41c7\" class=\"panel-collapse collapse \" aria-labelledby=\"toggle_43c3bea6fa31f41c7\"><div class=\"panel-body toggle-content fusion-clearfix\">\n<p>Las denuncias formuladas a la SMA deben dar cuenta de incumplimientos a alguno de los instrumentos de car\u00e1cter ambiental de su competencia, de lo contrario, ser\u00e1n derivadas al organismo p\u00fablico competente. Por lo tanto, la SMA no fiscaliza todas las denuncias relacionadas con el medio ambiente, sino que solo aquellas vinculadas a la normativa ambiental establecida bajo sus competencias, incluyendo Resoluciones de Calificaci\u00f3n Ambiental, Planes de Prevenci\u00f3n y\/o de Descontaminaci\u00f3n Ambiental, las Normas de Calidad Ambiental, las Normas de Emisi\u00f3n, y todos aquellos otros instrumentos de car\u00e1cter ambiental establecidos, de acuerdo a lo se\u00f1alado en el art\u00edculo 2\u00b0 de la Ley Org\u00e1nica de la SMA.<\/p>\n<\/div><\/div><\/div><div class=\"fusion-panel panel-default panel-ace13c3d0afcd1568 fusion-toggle-has-divider\"><div class=\"panel-heading\"><h4 class=\"panel-title toggle\" id=\"toggle_ace13c3d0afcd1568\"><a aria-expanded=\"false\" aria-controls=\"ace13c3d0afcd1568\" role=\"button\" data-toggle=\"collapse\" data-parent=\"#accordion-13886-4\" data-target=\"#ace13c3d0afcd1568\" href=\"#ace13c3d0afcd1568\"><span class=\"fusion-toggle-icon-wrapper\" aria-hidden=\"true\"><i class=\"fa-fusion-box active-icon awb-icon-minus\" aria-hidden=\"true\"><\/i><i class=\"fa-fusion-box inactive-icon awb-icon-plus\" aria-hidden=\"true\"><\/i><\/span><span class=\"fusion-toggle-heading\">\u00bfQui\u00e9n puede denunciar?<\/span><\/a><\/h4><\/div><div id=\"ace13c3d0afcd1568\" class=\"panel-collapse collapse \" aria-labelledby=\"toggle_ace13c3d0afcd1568\"><div class=\"panel-body toggle-content fusion-clearfix\">\n<p>El art\u00edculo 21 de la Ley Org\u00e1nica de la SMA se\u00f1ala que \u201ccualquier persona podr\u00e1 denunciar ante la Superintendencia el incumplimiento de instrumentos de gesti\u00f3n ambiental y normas ambientales (\u2026)\u201d. Es decir, toda persona \u2013sea natural o jur\u00eddica- ene la habilidad de poner en conocimiento a la SMA de eventuales infracciones a los instrumentos sobre los que ene competencia para, as\u00ed, poner en movimiento la actividad fiscalizadora y, en caso que proceda, de sanci\u00f3n de la Administraci\u00f3n del Estado.<\/p>\n<\/div><\/div><\/div><div class=\"fusion-panel panel-default panel-7eac4b625cb7bdca2 fusion-toggle-has-divider\"><div class=\"panel-heading\"><h4 class=\"panel-title toggle\" id=\"toggle_7eac4b625cb7bdca2\"><a aria-expanded=\"false\" aria-controls=\"7eac4b625cb7bdca2\" role=\"button\" data-toggle=\"collapse\" data-parent=\"#accordion-13886-4\" data-target=\"#7eac4b625cb7bdca2\" href=\"#7eac4b625cb7bdca2\"><span class=\"fusion-toggle-icon-wrapper\" aria-hidden=\"true\"><i class=\"fa-fusion-box active-icon awb-icon-minus\" aria-hidden=\"true\"><\/i><i class=\"fa-fusion-box inactive-icon awb-icon-plus\" aria-hidden=\"true\"><\/i><\/span><span class=\"fusion-toggle-heading\">\u00bfC\u00f3mo denunciar?<\/span><\/a><\/h4><\/div><div id=\"7eac4b625cb7bdca2\" class=\"panel-collapse collapse \" aria-labelledby=\"toggle_7eac4b625cb7bdca2\"><div class=\"panel-body toggle-content fusion-clearfix\">\n<p>Los requisitos que deben cumplir las denuncias est\u00e1n estipulados en la ley, espec\u00edficamente en el art\u00edculo 47 de la Ley Org\u00e1nica de la Superintendencia del Medio Ambiente, por lo que deben ser verificados para que \u00e9sta sea tramitada.<\/p>\n<p>En ese sentido, la denuncia debe ser formulada por escrito ante la SMA, se\u00f1alar lugar y fecha de la presentaci\u00f3n, individualizaci\u00f3n completa del denunciante y su firma \u2013de actuar mediante representante legal o apoderado habilitado, se deber\u00e1n acreditar de forma legal los poderes de representaci\u00f3n o personer\u00eda-, descripci\u00f3n completa de los hechos concretos que se estiman constitutivos de la infracci\u00f3n denunciada, precisando el lugar y la fecha de su comisi\u00f3n u ocurrencia; y, de ser posible, se deber\u00e1 indicar al presunto infractor, coordenadas geogr\u00e1ficas y si se tiene conocimiento, asociarse a una RCA o alg\u00fan otro instrumento de gesti\u00f3n ambiental de competencia de la SMA. Las denuncias deben presentarse en las oficinas de partes regionales que correspondan.<\/p>\n<p>Para mayor informaci\u00f3n, visitar el portal del ciudadano.<\/p>\n<\/div><\/div><\/div><div class=\"fusion-panel panel-default panel-8505459ec2508d63a fusion-toggle-has-divider\"><div class=\"panel-heading\"><h4 class=\"panel-title toggle\" id=\"toggle_8505459ec2508d63a\"><a aria-expanded=\"false\" aria-controls=\"8505459ec2508d63a\" role=\"button\" data-toggle=\"collapse\" data-parent=\"#accordion-13886-4\" data-target=\"#8505459ec2508d63a\" href=\"#8505459ec2508d63a\"><span class=\"fusion-toggle-icon-wrapper\" aria-hidden=\"true\"><i class=\"fa-fusion-box active-icon awb-icon-minus\" aria-hidden=\"true\"><\/i><i class=\"fa-fusion-box inactive-icon awb-icon-plus\" aria-hidden=\"true\"><\/i><\/span><span class=\"fusion-toggle-heading\">\u00bfEn qu\u00e9 casos mi denuncia no ser\u00eda admitida a tr\u00e1mite?<\/span><\/a><\/h4><\/div><div id=\"8505459ec2508d63a\" class=\"panel-collapse collapse \" aria-labelledby=\"toggle_8505459ec2508d63a\"><div class=\"panel-body toggle-content fusion-clearfix\">\n<p>Si una denuncia no cumple los requisitos establecidos en el art\u00edculo 47 de la Ley Org\u00e1nica de la SMA, entonces no ser\u00e1 admitida a tr\u00e1mite. Los requisitos para que una denuncia sea admitida a tr\u00e1mite son los siguientes: (i) ser formulada por escrito a la Superintendencia, se\u00f1alando lugar y fecha de presentaci\u00f3n; (ii) individualizaci\u00f3n completa del denunciante, quien deber\u00e1 suscribirla personalmente o por su mandatario o representante habilitado; (iii) debe contener una descripci\u00f3n de los hechos concretos que se estiman constitutivos de infracci\u00f3n, precisando lugar y fecha de su comisi\u00f3n; (iv) de ser posible, debe identificar al presunto infractor.<\/p>\n<\/div><\/div><\/div><div class=\"fusion-panel panel-default panel-f5b5af49cf498fce8 fusion-toggle-has-divider\"><div class=\"panel-heading\"><h4 class=\"panel-title toggle\" id=\"toggle_f5b5af49cf498fce8\"><a aria-expanded=\"false\" aria-controls=\"f5b5af49cf498fce8\" role=\"button\" data-toggle=\"collapse\" data-parent=\"#accordion-13886-4\" data-target=\"#f5b5af49cf498fce8\" href=\"#f5b5af49cf498fce8\"><span class=\"fusion-toggle-icon-wrapper\" aria-hidden=\"true\"><i class=\"fa-fusion-box active-icon awb-icon-minus\" aria-hidden=\"true\"><\/i><i class=\"fa-fusion-box inactive-icon awb-icon-plus\" aria-hidden=\"true\"><\/i><\/span><span class=\"fusion-toggle-heading\">\u00bfCu\u00e1l es el procedimiento que sigue mi denuncia?<\/span><\/a><\/h4><\/div><div id=\"f5b5af49cf498fce8\" class=\"panel-collapse collapse \" aria-labelledby=\"toggle_f5b5af49cf498fce8\"><div class=\"panel-body toggle-content fusion-clearfix\">\n<p>El art\u00edculo 47 de la Ley Org\u00e1nica de la SMA indica que la denuncia formulada, que cumpla los requisitos establecidos, originar\u00e1 un procedimiento sancionatorio cuando, a juicio de la Superintendencia del Medio Ambiente, est\u00e9 revestida de seriedad y tenga el m\u00e9rito suficiente. En caso contrario, se podr\u00e1 disponer de oficio la realizaci\u00f3n de acciones de fiscalizaci\u00f3n sobre el presunto infractor y, si ni siquiera existiere m\u00e9rito para ello, se dispondr\u00e1 el archivo de la misma por resoluci\u00f3n fundada, notificando de ello al interesado.<\/p>\n<\/div><\/div><\/div><div class=\"fusion-panel panel-default panel-9c78e760115eb3efb fusion-toggle-has-divider\"><div class=\"panel-heading\"><h4 class=\"panel-title toggle\" id=\"toggle_9c78e760115eb3efb\"><a aria-expanded=\"false\" aria-controls=\"9c78e760115eb3efb\" role=\"button\" data-toggle=\"collapse\" data-parent=\"#accordion-13886-4\" data-target=\"#9c78e760115eb3efb\" href=\"#9c78e760115eb3efb\"><span class=\"fusion-toggle-icon-wrapper\" aria-hidden=\"true\"><i class=\"fa-fusion-box active-icon awb-icon-minus\" aria-hidden=\"true\"><\/i><i class=\"fa-fusion-box inactive-icon awb-icon-plus\" aria-hidden=\"true\"><\/i><\/span><span class=\"fusion-toggle-heading\">\u00bfCu\u00e1les son los plazos de respuesta de la SMA?<\/span><\/a><\/h4><\/div><div id=\"9c78e760115eb3efb\" class=\"panel-collapse collapse \" aria-labelledby=\"toggle_9c78e760115eb3efb\"><div class=\"panel-body toggle-content fusion-clearfix\">\n<p>Desde el momento en que es presentada la denuncia ante este Servicio, la SMA tiene 60 d\u00edas h\u00e1biles para informar al ciudadano del resultado de la misma, de acuerdo a lo establecido en el art\u00edculo 21 de la Ley Org\u00e1nica de la SMA. En el evento que producto de tales denuncias se iniciare un procedimiento administrativo sancionador, el denunciante tendr\u00e1 para todos los efectos legales la calidad de interesado en el precitado procedimiento.<\/p>\n<\/div><\/div><\/div><div class=\"fusion-panel panel-default panel-10c405d8b8c5b1eac fusion-toggle-has-divider\"><div class=\"panel-heading\"><h4 class=\"panel-title toggle\" id=\"toggle_10c405d8b8c5b1eac\"><a aria-expanded=\"false\" aria-controls=\"10c405d8b8c5b1eac\" role=\"button\" data-toggle=\"collapse\" data-parent=\"#accordion-13886-4\" data-target=\"#10c405d8b8c5b1eac\" href=\"#10c405d8b8c5b1eac\"><span class=\"fusion-toggle-icon-wrapper\" aria-hidden=\"true\"><i class=\"fa-fusion-box active-icon awb-icon-minus\" aria-hidden=\"true\"><\/i><i class=\"fa-fusion-box inactive-icon awb-icon-plus\" aria-hidden=\"true\"><\/i><\/span><span class=\"fusion-toggle-heading\">\u00bfPuedo consultar sobre el estado de tramitaci\u00f3n de mi denuncia?<\/span><\/a><\/h4><\/div><div id=\"10c405d8b8c5b1eac\" class=\"panel-collapse collapse \" aria-labelledby=\"toggle_10c405d8b8c5b1eac\"><div class=\"panel-body toggle-content fusion-clearfix\">\n<p>La tramitaci\u00f3n de una denuncia, desde su formulaci\u00f3n hasta su resoluci\u00f3n \u2013sea que d\u00e9 lugar a la formulaci\u00f3n de cargos o a su archivo- tiene el car\u00e1cter de \u201cinformaci\u00f3n reservada\u201d, con el objetivo de asegurar que la investigaci\u00f3n que lleve a cabo la SMA no se vea obstaculizada.<\/p>\n<p>De esta forma, la SMA no puede entregar antecedentes, ni siquiera al denunciante, sobre el estado de tramitaci\u00f3n de la denuncia mientras esta no haya concluido. Ahora bien, si al concluir da lugar a la formulaci\u00f3n de cargos, el denunciante adquiere la calidad de interesado, raz\u00f3n por la cual ser\u00e1 notificado de todas las actuaciones relevantes.<\/p>\n<\/div><\/div><\/div><\/div><\/div><div class=\"fusion-clearfix\"><\/div><\/div><\/div><\/div><\/div><\/div><div id=\"transparencia\" class=\"fusion-container-anchor\"><div class=\"fusion-fullwidth fullwidth-box fusion-builder-row-7 nonhundred-percent-fullwidth non-hundred-percent-height-scrolling\" style=\"--awb-border-radius-top-left:0px;--awb-border-radius-top-right:0px;--awb-border-radius-bottom-right:0px;--awb-border-radius-bottom-left:0px;--awb-margin-top:40px;--awb-flex-wrap:wrap;\" ><div class=\"fusion-builder-row fusion-row\"><div class=\"fusion-layout-column fusion_builder_column fusion-builder-column-6 fusion_builder_column_1_1 1_1 fusion-one-full fusion-column-first fusion-column-last\" style=\"--awb-bg-size:cover;\"><div class=\"fusion-column-wrapper fusion-flex-column-wrapper-legacy\"><div class=\"fusion-text fusion-text-11\"><h2><strong>Transparencia y atenci\u00f3n ciudadana<\/strong><\/h2>\n<\/div><div class=\"accordian fusion-accordian\" style=\"--awb-border-size:1px;--awb-icon-size:11px;--awb-content-font-size:14px;--awb-icon-alignment:left;--awb-hover-color:#f9f9f9;--awb-border-color:#cccccc;--awb-background-color:#ffffff;--awb-divider-color:#e0dede;--awb-divider-hover-color:#e0dede;--awb-icon-color:#ffffff;--awb-title-color:#00355e;--awb-content-color:var(--awb-color8);--awb-icon-box-color:#333333;--awb-toggle-hover-accent-color:#1465ad;--awb-title-font-family:&quot;Open Sans&quot;;--awb-title-font-weight:600;--awb-title-font-style:normal;--awb-title-font-size:14px;--awb-content-font-family:&quot;Open Sans&quot;;--awb-content-font-style:normal;--awb-content-font-weight:400;\"><div class=\"panel-group fusion-toggle-icon-boxed\" id=\"accordion-13886-5\"><div class=\"fusion-panel panel-default panel-39fe32b09adc306fe fusion-toggle-has-divider\"><div class=\"panel-heading\"><h4 class=\"panel-title toggle\" id=\"toggle_39fe32b09adc306fe\"><a aria-expanded=\"false\" aria-controls=\"39fe32b09adc306fe\" role=\"button\" data-toggle=\"collapse\" data-parent=\"#accordion-13886-5\" data-target=\"#39fe32b09adc306fe\" href=\"#39fe32b09adc306fe\"><span class=\"fusion-toggle-icon-wrapper\" aria-hidden=\"true\"><i class=\"fa-fusion-box active-icon awb-icon-minus\" aria-hidden=\"true\"><\/i><i class=\"fa-fusion-box inactive-icon awb-icon-plus\" aria-hidden=\"true\"><\/i><\/span><span class=\"fusion-toggle-heading\">\u00bfC\u00f3mo puedo solicitar informaci\u00f3n a la SMA?<\/span><\/a><\/h4><\/div><div id=\"39fe32b09adc306fe\" class=\"panel-collapse collapse \" aria-labelledby=\"toggle_39fe32b09adc306fe\"><div class=\"panel-body toggle-content fusion-clearfix\">\n<p>Toda persona puede presentar una solicitud de informaci\u00f3n a la SMA, en formato electr\u00f3nico, a trav\u00e9s del Portal de Transparencia, de acuerdo a lo establecido en la Ley N\u00b0 20.285 sobre Acceso a la Informaci\u00f3n P\u00fablica, conocida como Ley de Transparencia.<\/p>\n<p>Adicionalmente, la SMA tiene el deber proactivo de informar a trav\u00e9s de su p\u00e1gina web ciertos aspectos que la Ley de Transparencia ha considerado relevantes, los cuales se encuentran disponibles en la secci\u00f3n de Gobierno Transparente:<\/p>\n<p><a href=\"https:\/\/transparencia.sma.gob.cl\" target=\"_blank\" rel=\"noopener noreferrer\">https:\/\/transparencia.sma.gob.cl<\/a><\/p>\n<p>Finalmente, la SMA dispone de informaci\u00f3n p\u00fablica relacionada con sus procesos de fiscalizaci\u00f3n, de sanci\u00f3n, la normativa ambiental y su comunidad regulada, en el Sistema Nacional de Informaci\u00f3n de Fiscalizaci\u00f3n Ambiental (SNIFA).<\/p>\n<p>Link: <a href=\"http:\/\/snifa.sma.gob.cl\">snifa.sma.gob.cl<\/a><\/p>\n<\/div><\/div><\/div><div class=\"fusion-panel panel-default panel-a3c02194620ea958c fusion-toggle-has-divider\"><div class=\"panel-heading\"><h4 class=\"panel-title toggle\" id=\"toggle_a3c02194620ea958c\"><a aria-expanded=\"false\" aria-controls=\"a3c02194620ea958c\" role=\"button\" data-toggle=\"collapse\" data-parent=\"#accordion-13886-5\" data-target=\"#a3c02194620ea958c\" href=\"#a3c02194620ea958c\"><span class=\"fusion-toggle-icon-wrapper\" aria-hidden=\"true\"><i class=\"fa-fusion-box active-icon awb-icon-minus\" aria-hidden=\"true\"><\/i><i class=\"fa-fusion-box inactive-icon awb-icon-plus\" aria-hidden=\"true\"><\/i><\/span><span class=\"fusion-toggle-heading\">\u00bfC\u00f3mo puedo conseguir informaci\u00f3n de fiscalizaciones y sanciones realizadas por la SMA? <\/span><\/a><\/h4><\/div><div id=\"a3c02194620ea958c\" class=\"panel-collapse collapse \" aria-labelledby=\"toggle_a3c02194620ea958c\"><div class=\"panel-body toggle-content fusion-clearfix\">\n<p>De acuerdo a lo establecido en el P\u00e1rrafo 3\u00b0 de la Ley Org\u00e1nica de la SMA, todos los procedimientos de fiscalizaci\u00f3n concluidos, y\/o los de sanci\u00f3n iniciados, independiente en el estado en que se encuentren, deben estar publicados en el Sistema Nacional de Informaci\u00f3n de Fiscalizaci\u00f3n Ambiental (SNIFA). Se trata de un sistema p\u00fablico, que la SMA mantiene actualizado con toda la informaci\u00f3n asociada a sus procesos y su comunidad regulada.<\/p>\n<p>Link: <a href=\"http:\/\/snifa.sma.gob.cl\" target=\"_blank\" rel=\"noopener noreferrer\">snifa.sma.gob.cl<\/a><\/p>\n<\/div><\/div><\/div><div class=\"fusion-panel panel-default panel-c265409e07ddf9e8d fusion-toggle-has-divider\"><div class=\"panel-heading\"><h4 class=\"panel-title toggle\" id=\"toggle_c265409e07ddf9e8d\"><a aria-expanded=\"false\" aria-controls=\"c265409e07ddf9e8d\" role=\"button\" data-toggle=\"collapse\" data-parent=\"#accordion-13886-5\" data-target=\"#c265409e07ddf9e8d\" href=\"#c265409e07ddf9e8d\"><span class=\"fusion-toggle-icon-wrapper\" aria-hidden=\"true\"><i class=\"fa-fusion-box active-icon awb-icon-minus\" aria-hidden=\"true\"><\/i><i class=\"fa-fusion-box inactive-icon awb-icon-plus\" aria-hidden=\"true\"><\/i><\/span><span class=\"fusion-toggle-heading\">\u00bfCu\u00e1les son las v\u00edas y horarios de atenci\u00f3n?<\/span><\/a><\/h4><\/div><div id=\"c265409e07ddf9e8d\" class=\"panel-collapse collapse \" aria-labelledby=\"toggle_c265409e07ddf9e8d\"><div class=\"panel-body toggle-content fusion-clearfix\">\n<p>De forma presencial, las oficinas de la SMA atienden de lunes a viernes de 9.00 a 13.00 hrs. Para mayor informaci\u00f3n ver secci\u00f3n de <a href=\"https:\/\/portal.sma.gob.cl\/index.php\/oficinas-regionales\/\" target=\"_blank\" rel=\"noopener noreferrer\">oficinas regionales.<\/a><\/p>\n<p>Si desea informaci\u00f3n v\u00eda telef\u00f3nica, debe llamar al 226171860, de lunes a viernes entre las 09.00 y las 13.00 horas.<\/p>\n<p>Le recordamos que, para presentar Reclamos, Sugerencias y pedir Informaciones, la v\u00eda para realizarlo es el Formulario de Atenci\u00f3n Ciudadana.<\/p>\n<p>Si desea ingresar Solicitudes de Informaci\u00f3n v\u00eda Ley de Transparencia, debe acceder al portal de transparencia.<\/p>\n<\/div><\/div><\/div><div class=\"fusion-panel panel-default panel-a624984fdf2b7eb46 fusion-toggle-has-divider\" style=\"--awb-title-color:#00355e;--awb-content-color:var(--awb-color8);\"><div class=\"panel-heading\"><h4 class=\"panel-title toggle\" id=\"toggle_a624984fdf2b7eb46\"><a aria-expanded=\"false\" aria-controls=\"a624984fdf2b7eb46\" role=\"button\" data-toggle=\"collapse\" data-parent=\"#accordion-13886-5\" data-target=\"#a624984fdf2b7eb46\" href=\"#a624984fdf2b7eb46\"><span class=\"fusion-toggle-icon-wrapper\" aria-hidden=\"true\"><i class=\"fa-fusion-box active-icon awb-icon-minus\" aria-hidden=\"true\"><\/i><i class=\"fa-fusion-box inactive-icon awb-icon-plus\" aria-hidden=\"true\"><\/i><\/span><span class=\"fusion-toggle-heading\">\u00bfC\u00f3mo puedo solicitar una reuni\u00f3n con personal de la SMA?<\/span><\/a><\/h4><\/div><div id=\"a624984fdf2b7eb46\" class=\"panel-collapse collapse \" aria-labelledby=\"toggle_a624984fdf2b7eb46\"><div class=\"panel-body toggle-content fusion-clearfix\">\n<p>Las reuniones con personal de la SMA deben ser solicitadas por medio de la Plataforma asociada a la Ley de Lobby: <a href=\"https:\/\/www.leylobby.gob.cl\/solicitud\/audiencia\">https:\/\/www.leylobby.gob.cl\/solicitud\/audiencia<\/a><\/p>\n<p>Adem\u00e1s, puedes solicitar reuni\u00f3n de <strong>Asistencia al Cumplimiento<\/strong> seg\u00fan cada \u00e1rea de la SMA. El detalle de los contactos en el siguiente <a href=\"https:\/\/portal.sma.gob.cl\/index.php\/asistencia-al-cumplimiento\/\">link<\/a><\/p>\n<\/div><\/div><\/div><\/div><\/div><div class=\"fusion-clearfix\"><\/div><\/div><\/div><\/div><\/div><\/div><\/p>\n","protected":false},"excerpt":{"rendered":"","protected":false},"author":3,"featured_media":0,"parent":0,"menu_order":0,"comment_status":"closed","ping_status":"closed","template":"","meta":{"footnotes":""},"class_list":["post-13886","page","type-page","status-publish","hentry"],"_links":{"self":[{"href":"https:\/\/portal.sma.gob.cl\/index.php\/wp-json\/wp\/v2\/pages\/13886","targetHints":{"allow":["GET"]}}],"collection":[{"href":"https:\/\/portal.sma.gob.cl\/index.php\/wp-json\/wp\/v2\/pages"}],"about":[{"href":"https:\/\/portal.sma.gob.cl\/index.php\/wp-json\/wp\/v2\/types\/page"}],"author":[{"embeddable":true,"href":"https:\/\/portal.sma.gob.cl\/index.php\/wp-json\/wp\/v2\/users\/3"}],"replies":[{"embeddable":true,"href":"https:\/\/portal.sma.gob.cl\/index.php\/wp-json\/wp\/v2\/comments?post=13886"}],"version-history":[{"count":86,"href":"https:\/\/portal.sma.gob.cl\/index.php\/wp-json\/wp\/v2\/pages\/13886\/revisions"}],"predecessor-version":[{"id":30336,"href":"https:\/\/portal.sma.gob.cl\/index.php\/wp-json\/wp\/v2\/pages\/13886\/revisions\/30336"}],"wp:attachment":[{"href":"https:\/\/portal.sma.gob.cl\/index.php\/wp-json\/wp\/v2\/media?parent=13886"}],"curies":[{"name":"wp","href":"https:\/\/api.w.org\/{rel}","templated":true}]}}