{"id":18138,"date":"2019-04-18T19:37:09","date_gmt":"2019-04-18T19:37:09","guid":{"rendered":"https:\/\/portal.sma.gob.cl\/?page_id=18138"},"modified":"2025-11-14T16:05:14","modified_gmt":"2025-11-14T19:05:14","slug":"consejo-de-la-sociedad-civil","status":"publish","type":"page","link":"https:\/\/portal.sma.gob.cl\/index.php\/consejo-de-la-sociedad-civil\/","title":{"rendered":"Consejo de la Sociedad Civil"},"content":{"rendered":"<p><div class=\"fusion-fullwidth fullwidth-box fusion-builder-row-1 nonhundred-percent-fullwidth non-hundred-percent-height-scrolling\" style=\"--awb-border-radius-top-left:0px;--awb-border-radius-top-right:0px;--awb-border-radius-bottom-right:0px;--awb-border-radius-bottom-left:0px;--awb-flex-wrap:wrap;\" ><div class=\"fusion-builder-row fusion-row\"><div class=\"fusion-layout-column fusion_builder_column fusion-builder-column-0 fusion_builder_column_1_1 1_1 fusion-one-full fusion-column-first fusion-column-last\" style=\"--awb-bg-size:cover;\" data-scroll-devices=\"small-visibility,medium-visibility,large-visibility\"><div class=\"fusion-column-wrapper fusion-column-has-shadow fusion-flex-column-wrapper-legacy\"><div class=\"fusion-image-element in-legacy-container\" style=\"--awb-caption-title-font-family:var(--h2_typography-font-family);--awb-caption-title-font-weight:var(--h2_typography-font-weight);--awb-caption-title-font-style:var(--h2_typography-font-style);--awb-caption-title-size:var(--h2_typography-font-size);--awb-caption-title-transform:var(--h2_typography-text-transform);--awb-caption-title-line-height:var(--h2_typography-line-height);--awb-caption-title-letter-spacing:var(--h2_typography-letter-spacing);\"><span class=\" fusion-imageframe imageframe-none imageframe-1 hover-type-none\"><img decoding=\"async\" width=\"875\" height=\"419\" title=\"grafica redes\" src=\"https:\/\/portal.sma.gob.cl\/wp-content\/uploads\/2024\/07\/cabecera-cosoc.jpg\" alt class=\"img-responsive wp-image-32358\" srcset=\"https:\/\/portal.sma.gob.cl\/wp-content\/uploads\/2024\/07\/cabecera-cosoc-200x96.jpg 200w, https:\/\/portal.sma.gob.cl\/wp-content\/uploads\/2024\/07\/cabecera-cosoc-400x192.jpg 400w, https:\/\/portal.sma.gob.cl\/wp-content\/uploads\/2024\/07\/cabecera-cosoc-600x287.jpg 600w, https:\/\/portal.sma.gob.cl\/wp-content\/uploads\/2024\/07\/cabecera-cosoc-800x383.jpg 800w, https:\/\/portal.sma.gob.cl\/wp-content\/uploads\/2024\/07\/cabecera-cosoc.jpg 875w\" sizes=\"(max-width: 800px) 100vw, 875px\" \/><\/span><\/div><div class=\"fusion-clearfix\"><\/div><\/div><\/div><div class=\"fusion-layout-column fusion_builder_column fusion-builder-column-1 fusion_builder_column_1_1 1_1 fusion-one-full fusion-column-first fusion-column-last\" style=\"--awb-bg-size:cover;\"><div class=\"fusion-column-wrapper fusion-column-has-shadow fusion-flex-column-wrapper-legacy\"><div class=\"fusion-text fusion-text-1\" style=\"--awb-text-transform:none;\"><div>En el marco de la Ley 20.500, Sobre Asociaciones y Participaci\u00f3n Ciudadana en la Gesti\u00f3n P\u00fablica, la Superintendencia del Medio Ambiente (SMA) constituy\u00f3 su Consejo de la Sociedad Civil, el cual\u00a0tiene un car\u00e1cter consultivo, representativo, plural y diverso. Tambi\u00e9n participa en los procesos de consulta de los planes, programas o pol\u00edticas en materia de seguimiento y fiscalizaci\u00f3n ambiental que la instituci\u00f3n estime pertinente.<\/div>\n<div><\/div>\n<div>Dicho Consejo tiene un car\u00e1cter consultivo, representativo, plural y diverso. Tambi\u00e9n participa en los procesos de consulta de los planes, programas o pol\u00edticas en materia de seguimiento y fiscalizaci\u00f3n ambiental que la instituci\u00f3n estime pertinente.<\/div>\n<div><\/div>\n<p><strong>El Reglamento que regula el funcionamiento del Consejo de la Sociedad Civil y sus miembros, se encuentra disponible en los siguientes documentos:<\/strong><\/p>\n<ul>\n<li><span style=\"text-decoration: underline;\"><a href=\"https:\/\/portal.sma.gob.cl\/index.php\/download\/resolucion-1024-nuevo-reglamento-consejo-de-la-sociedad-civil\/?wpdmdl=18977&amp;masterkey=5d653601babc3\">Resoluci\u00f3n N\u00ba1024, nuevo reglamento Consejo de la Sociedad Civil<\/a><\/span><\/li>\n<li><a href=\"https:\/\/portal.sma.gob.cl\/wp-content\/uploads\/2024\/08\/SMA-RE-No-1263-2024-DESIGNA-INTEGRANTES-DEL-COSOC.pdf\"><span style=\"text-decoration: underline;\">Resoluci\u00f3n N\u00b01263-2024, designa integrantes del Consejo de la Sociedad Civil 2024-2026.<\/span><\/a><\/li>\n<li><span style=\"text-decoration: underline;\"><a href=\"https:\/\/portal.sma.gob.cl\/wp-content\/uploads\/2024\/08\/RESOL-1371-SMA-2024.pdf\">Resoluci\u00f3n N\u00b01317, tiene presente desistimiento y modifica.<\/a><\/span><\/li>\n<li><a href=\"https:\/\/portal.sma.gob.cl\/wp-content\/uploads\/2025\/11\/Rex-2036-2025-que-Aprueba-Nuevo-Reglamento-COSOC-4.pdf\">Resoluci\u00f3n N\u00b02.036-2025 aprueba reglamento del COSOC.<\/a><\/li>\n<\/ul>\n<p>El Consejo lo integran 9 representantes de diversos \u00e1mbitos, quienes sesionan, al menos, dos veces al a\u00f1o.<\/p>\n<\/div><div class=\"fusion-text fusion-text-2\" style=\"--awb-text-transform:none;\"><h3><strong>El Consejo est\u00e1 compuesto por:<\/strong><\/h3>\n<\/div><div class=\"fusion-sep-clear\"><\/div><div class=\"fusion-separator fusion-full-width-sep\" style=\"margin-left: auto;margin-right: auto;width:100%;\"><div class=\"fusion-separator-border sep-single sep-solid\" style=\"--awb-height:20px;--awb-amount:20px;--awb-sep-color:#c1c1bf;border-color:#c1c1bf;border-top-width:3px;\"><\/div><\/div><div class=\"fusion-sep-clear\"><\/div><div class=\"fusion-text fusion-text-3\" style=\"--awb-text-transform:none;--awb-margin-top:20px;\"><p><span style=\"text-decoration: underline;\"><strong>Superintendencia del Medio Ambiente<\/strong><\/span><\/p>\n<ul>\n<li>Marie Claude Plumer, Superintendenta del Medio Ambiente.<\/li>\n<li>Maximiliano Ram\u00edrez, Encargado de la Secci\u00f3n de Atenci\u00f3n a P\u00fablico del Departamento de Experiencia Usuaria (SMA).<\/li>\n<\/ul>\n<p><span style=\"text-decoration: underline;\"><strong>Gremios u organizaciones empresariales del pa\u00eds:<\/strong><\/span><\/p>\n<ul>\n<li><strong>Confederaci\u00f3n de la Producci\u00f3n y el Comercio (CPC).<\/strong><br \/>\nPaulina Riquelme Pallamar (titular).<br \/>\nJavier Irarr\u00e1zaval Lazcano (suplente).<\/li>\n<li><strong>Consejo Minero de Chile.<\/strong><br \/>\nFrancisco Tapia Ferrer (titular).<br \/>\nKarla Lorenzo Vidal (suplente).<\/li>\n<\/ul>\n<p><span style=\"text-decoration: underline;\"><strong>Facultades de Ciencias Ambientales de instituciones de Educaci\u00f3n Superior:<\/strong><\/span><\/p>\n<ul>\n<li data-leveltext=\"\uf0b7\" data-font=\"Symbol\" data-listid=\"5\" data-list-defn-props=\"{\" aria-setsize=\"-1\" data-aria-posinset=\"1\" data-aria-level=\"1\"><span data-contrast=\"auto\"><b>Facultad de Ciencias de la Vida de la Universidad Andr\u00e9s Bello:<\/b><br \/>\nSebasti\u00e1n Lira Z\u00fa\u00f1iga (titular).<br \/>\n<\/span><span data-contrast=\"auto\"><span data-contrast=\"auto\">Ximena Ovalle N\u00fa\u00f1ez (suplente).<\/span><\/span><\/li>\n<li data-leveltext=\"\uf0b7\" data-font=\"Symbol\" data-listid=\"5\" data-list-defn-props=\"{\" aria-setsize=\"-1\" data-aria-posinset=\"1\" data-aria-level=\"1\"><span data-contrast=\"auto\"><b>Facultad de Ingenier\u00eda de la Universidad de Santiago de Chile:<\/b><\/span><span data-ccp-props=\"{\"><br \/>\n<\/span><span data-contrast=\"auto\">Jos\u00e9 Tarr\u00edo Mosquera (titular).\u00a0<\/span><span data-ccp-props=\"{\"><br \/>\n<\/span><span data-contrast=\"auto\">Jos\u00e9 Luis Borcosque (suplente).<\/span><span data-ccp-props=\"{\">\u00a0<\/span><\/li>\n<\/ul>\n<p><span style=\"text-decoration: underline;\"><strong>Facultades o escuelas de Derecho de instituciones de educaci\u00f3n superior, que estudien o se ocupen de materias de Derecho Ambiental y\/o Derecho Administrativo:<\/strong><\/span><\/p>\n<ul>\n<li data-leveltext=\"\uf0b7\" data-font=\"Symbol\" data-listid=\"6\" data-list-defn-props=\"{\" aria-setsize=\"-1\" data-aria-posinset=\"1\" data-aria-level=\"1\"><span data-contrast=\"auto\"><b>Facultad de Ciencias Jur\u00eddicas y Sociales (Instituto de Ciencias Jur\u00eddicas) de la Universidad Austral de Chile:<\/b><br \/>\nPablo Soto Delgado (titular) <\/span><span data-ccp-props=\"{\"><br \/>\n<\/span><span data-contrast=\"auto\">Rodrigo Castillo Jofr\u00e9 (suplente).<\/span><span data-ccp-props=\"{\">\u00a0<\/span><\/li>\n<\/ul>\n<p><span style=\"text-decoration: underline;\"><strong>Organizaciones no gubernamentales que tengan entre sus fines la protecci\u00f3n del Medio Ambiente:<\/strong><\/span><\/p>\n<ul>\n<li><strong>Fundaci\u00f3n para la Sustentabilidad del Gaviot\u00edn Chico:<\/strong><br \/>\nSylvia Hern\u00e1ndez Aquez (titular).<br \/>\nB\u00e1rbara Olmedo Barrera (suplente).<\/li>\n<li><strong>Oceana INC:<\/strong><br \/>\nCrist\u00f3bal Correa Yunis (titular).<br \/>\nLiesbeth Van der Meer (suplente).<\/li>\n<\/ul>\n<p><span style=\"text-decoration: underline;\"><strong>Colegios profesionales vinculados a la protecci\u00f3n del medio ambiente<\/strong><\/span><\/p>\n<ul>\n<li><strong>Colegio de Ge\u00f3logos de Chile:<\/strong><br \/>\nSof\u00eda Aravena Fern\u00e1ndez (titular).<\/li>\n<li><strong>Colegio de Ingenieros de Chile A.G:<\/strong><br \/>\nBoris Orellana Torres (titular).<br \/>\nRoc\u00edo Espinoza Alliende (titular).<\/li>\n<\/ul>\n<p><span style=\"text-decoration: underline;\"><a href=\"https:\/\/www.portaltransparencia.cl\/PortalPdT\/directorio-de-organismos-regulados\/?org=AW003\" target=\"_blank\" rel=\"noopener\">Actas hist\u00f3ricas<\/a><\/span><\/p>\n<\/div><div class=\"fusion-clearfix\"><\/div><\/div><\/div><\/div><\/div><div class=\"fusion-fullwidth fullwidth-box fusion-builder-row-2 fusion-flex-container nonhundred-percent-fullwidth non-hundred-percent-height-scrolling\" style=\"--awb-border-radius-top-left:0px;--awb-border-radius-top-right:0px;--awb-border-radius-bottom-right:0px;--awb-border-radius-bottom-left:0px;--awb-flex-wrap:wrap;\" ><div class=\"fusion-builder-row fusion-row fusion-flex-align-items-flex-start fusion-flex-content-wrap\" style=\"max-width:1144px;margin-left: calc(-4% \/ 2 );margin-right: calc(-4% \/ 2 );\"><div class=\"fusion-layout-column fusion_builder_column fusion-builder-column-2 fusion_builder_column_1_1 1_1 fusion-flex-column\" style=\"--awb-bg-size:cover;--awb-width-large:100%;--awb-margin-top-large:0px;--awb-spacing-right-large:1.92%;--awb-margin-bottom-large:20px;--awb-spacing-left-large:1.92%;--awb-width-medium:100%;--awb-order-medium:0;--awb-spacing-right-medium:1.92%;--awb-spacing-left-medium:1.92%;--awb-width-small:100%;--awb-order-small:0;--awb-spacing-right-small:1.92%;--awb-spacing-left-small:1.92%;\"><div class=\"fusion-column-wrapper fusion-column-has-shadow fusion-flex-justify-content-flex-start fusion-content-layout-column\"><div class=\"fusion-text fusion-text-4\" style=\"--awb-text-transform:none;\"><h3><strong>Biograf\u00edas<\/strong><\/h3>\n<\/div><div class=\"fusion-separator fusion-full-width-sep\" style=\"align-self: center;margin-left: auto;margin-right: auto;width:100%;\"><div class=\"fusion-separator-border sep-single sep-solid\" style=\"--awb-height:20px;--awb-amount:20px;--awb-sep-color:#c1c1bf;border-color:#c1c1bf;border-top-width:3px;\"><\/div><\/div><\/div><\/div><div class=\"fusion-layout-column fusion_builder_column fusion-builder-column-3 fusion_builder_column_1_3 1_3 fusion-flex-column\" style=\"--awb-bg-size:cover;--awb-width-large:33.333333333333%;--awb-margin-top-large:0px;--awb-spacing-right-large:5.76%;--awb-margin-bottom-large:20px;--awb-spacing-left-large:5.76%;--awb-width-medium:100%;--awb-order-medium:0;--awb-spacing-right-medium:1.92%;--awb-spacing-left-medium:1.92%;--awb-width-small:100%;--awb-order-small:0;--awb-spacing-right-small:1.92%;--awb-spacing-left-small:1.92%;\"><div class=\"fusion-column-wrapper fusion-column-has-shadow fusion-flex-justify-content-flex-start fusion-content-layout-column\"><div class=\"fusion-image-element \" style=\"--awb-caption-title-font-family:var(--h2_typography-font-family);--awb-caption-title-font-weight:var(--h2_typography-font-weight);--awb-caption-title-font-style:var(--h2_typography-font-style);--awb-caption-title-size:var(--h2_typography-font-size);--awb-caption-title-transform:var(--h2_typography-text-transform);--awb-caption-title-line-height:var(--h2_typography-line-height);--awb-caption-title-letter-spacing:var(--h2_typography-letter-spacing);\"><span class=\" fusion-imageframe imageframe-none imageframe-2 hover-type-none\"><img decoding=\"async\" width=\"400\" height=\"419\" title=\"Sofia_A\" src=\"https:\/\/portal.sma.gob.cl\/wp-content\/uploads\/2022\/01\/Sofia_A.png\" alt class=\"img-responsive wp-image-23162\" srcset=\"https:\/\/portal.sma.gob.cl\/wp-content\/uploads\/2022\/01\/Sofia_A-200x210.png 200w, https:\/\/portal.sma.gob.cl\/wp-content\/uploads\/2022\/01\/Sofia_A.png 400w\" sizes=\"(max-width: 1024px) 100vw, (max-width: 640px) 100vw, 400px\" \/><\/span><\/div><\/div><\/div><div class=\"fusion-layout-column fusion_builder_column fusion-builder-column-4 fusion_builder_column_2_3 2_3 fusion-flex-column\" style=\"--awb-bg-size:cover;--awb-width-large:66.666666666667%;--awb-margin-top-large:0px;--awb-spacing-right-large:2.88%;--awb-margin-bottom-large:20px;--awb-spacing-left-large:2.88%;--awb-width-medium:100%;--awb-order-medium:0;--awb-spacing-right-medium:1.92%;--awb-spacing-left-medium:1.92%;--awb-width-small:100%;--awb-order-small:0;--awb-spacing-right-small:1.92%;--awb-spacing-left-small:1.92%;\"><div class=\"fusion-column-wrapper fusion-column-has-shadow fusion-flex-justify-content-flex-start fusion-content-layout-column\"><div class=\"fusion-text fusion-text-5\" style=\"--awb-text-transform:none;\"><h3><strong>Sof\u00eda Aravena<\/strong><\/h3>\n<p>Ge\u00f3loga especialista en Hidrogeolog\u00eda, con 26 a\u00f1os de experiencia profesional en el \u00e1rea privada y p\u00fablica. Cuenta con un s\u00f3lidos conocimientos en materias de recursos h\u00eddricos subterr\u00e1neos y superficiales, riesgo geol\u00f3gico y glaciolog\u00eda, principalmente en proyectos mineros y de energ\u00eda. Se caracteriza por su rigurosidad t\u00e9cnica y la constante b\u00fasqueda de alternativas viables y efectivas en las decisiones de los equipos de trabajo. Posee competencias conductuales en las \u00e1reas de la comunicaci\u00f3n efectiva, negociaci\u00f3n, liderazgo, planificaci\u00f3n y organizaci\u00f3n.<\/p>\n<\/div><\/div><\/div><\/div><\/div><div class=\"fusion-fullwidth fullwidth-box fusion-builder-row-3 fusion-flex-container nonhundred-percent-fullwidth non-hundred-percent-height-scrolling\" style=\"--awb-border-radius-top-left:0px;--awb-border-radius-top-right:0px;--awb-border-radius-bottom-right:0px;--awb-border-radius-bottom-left:0px;--awb-flex-wrap:wrap;\" ><div class=\"fusion-builder-row fusion-row fusion-flex-align-items-flex-start fusion-flex-content-wrap\" style=\"max-width:1144px;margin-left: calc(-4% \/ 2 );margin-right: calc(-4% \/ 2 );\"><div class=\"fusion-layout-column fusion_builder_column fusion-builder-column-5 fusion_builder_column_1_3 1_3 fusion-flex-column\" style=\"--awb-bg-size:cover;--awb-width-large:33.333333333333%;--awb-margin-top-large:0px;--awb-spacing-right-large:5.76%;--awb-margin-bottom-large:20px;--awb-spacing-left-large:5.76%;--awb-width-medium:100%;--awb-order-medium:0;--awb-spacing-right-medium:1.92%;--awb-spacing-left-medium:1.92%;--awb-width-small:100%;--awb-order-small:0;--awb-spacing-right-small:1.92%;--awb-spacing-left-small:1.92%;\"><div class=\"fusion-column-wrapper fusion-column-has-shadow fusion-flex-justify-content-flex-start fusion-content-layout-column\"><div class=\"fusion-image-element \" style=\"--awb-caption-title-font-family:var(--h2_typography-font-family);--awb-caption-title-font-weight:var(--h2_typography-font-weight);--awb-caption-title-font-style:var(--h2_typography-font-style);--awb-caption-title-size:var(--h2_typography-font-size);--awb-caption-title-transform:var(--h2_typography-text-transform);--awb-caption-title-line-height:var(--h2_typography-line-height);--awb-caption-title-letter-spacing:var(--h2_typography-letter-spacing);\"><span class=\" fusion-imageframe imageframe-none imageframe-3 hover-type-none\"><img decoding=\"async\" width=\"251\" height=\"300\" title=\"Boris Orellana (Colegio de Ingenieros)\" src=\"https:\/\/portal.sma.gob.cl\/wp-content\/uploads\/2024\/08\/Boris-Orellana-Colegio-de-Ingenieros-251x300.jpeg\" alt class=\"img-responsive wp-image-32806\" srcset=\"https:\/\/portal.sma.gob.cl\/wp-content\/uploads\/2024\/08\/Boris-Orellana-Colegio-de-Ingenieros-200x239.jpeg 200w, https:\/\/portal.sma.gob.cl\/wp-content\/uploads\/2024\/08\/Boris-Orellana-Colegio-de-Ingenieros-400x478.jpeg 400w, https:\/\/portal.sma.gob.cl\/wp-content\/uploads\/2024\/08\/Boris-Orellana-Colegio-de-Ingenieros-600x717.jpeg 600w, https:\/\/portal.sma.gob.cl\/wp-content\/uploads\/2024\/08\/Boris-Orellana-Colegio-de-Ingenieros-800x956.jpeg 800w, https:\/\/portal.sma.gob.cl\/wp-content\/uploads\/2024\/08\/Boris-Orellana-Colegio-de-Ingenieros.jpeg 1000w\" sizes=\"(max-width: 1024px) 100vw, (max-width: 640px) 100vw, 400px\" \/><\/span><\/div><\/div><\/div><div class=\"fusion-layout-column fusion_builder_column fusion-builder-column-6 fusion_builder_column_2_3 2_3 fusion-flex-column\" style=\"--awb-bg-size:cover;--awb-width-large:66.666666666667%;--awb-margin-top-large:0px;--awb-spacing-right-large:2.88%;--awb-margin-bottom-large:20px;--awb-spacing-left-large:2.88%;--awb-width-medium:100%;--awb-order-medium:0;--awb-spacing-right-medium:1.92%;--awb-spacing-left-medium:1.92%;--awb-width-small:100%;--awb-order-small:0;--awb-spacing-right-small:1.92%;--awb-spacing-left-small:1.92%;\"><div class=\"fusion-column-wrapper fusion-column-has-shadow fusion-flex-justify-content-flex-start fusion-content-layout-column\"><div class=\"fusion-text fusion-text-6\" style=\"--awb-text-transform:none;\"><h3><strong>Boris Orellana Torres<\/strong><\/h3>\n<p>Ingeniero Civil Industrial de la Universidad Mayor y Ge\u00f3grafo de la Universidad de Chile. Posee un Master en Ingenier\u00eda y Gesti\u00f3n Ambiental de la Universidad Polit\u00e9cnica de Catalu\u00f1a (Espa\u00f1a), con una amplia experiencia en instituciones p\u00fablicas y privadas en el \u00e1mbito ambiental, y en procesos industriales en el \u00e1rea de residuos, fiscalizaci\u00f3n, considerando sus consecuencias territoriales y ambientales.<\/p>\n<\/div><\/div><\/div><\/div><\/div><div class=\"fusion-fullwidth fullwidth-box fusion-builder-row-4 fusion-flex-container nonhundred-percent-fullwidth non-hundred-percent-height-scrolling\" style=\"--awb-border-radius-top-left:0px;--awb-border-radius-top-right:0px;--awb-border-radius-bottom-right:0px;--awb-border-radius-bottom-left:0px;--awb-flex-wrap:wrap;\" ><div class=\"fusion-builder-row fusion-row fusion-flex-align-items-flex-start fusion-flex-content-wrap\" style=\"max-width:1144px;margin-left: calc(-4% \/ 2 );margin-right: calc(-4% \/ 2 );\"><div class=\"fusion-layout-column fusion_builder_column fusion-builder-column-7 fusion_builder_column_1_3 1_3 fusion-flex-column\" style=\"--awb-bg-size:cover;--awb-width-large:33.333333333333%;--awb-margin-top-large:0px;--awb-spacing-right-large:5.76%;--awb-margin-bottom-large:20px;--awb-spacing-left-large:5.76%;--awb-width-medium:100%;--awb-order-medium:0;--awb-spacing-right-medium:1.92%;--awb-spacing-left-medium:1.92%;--awb-width-small:100%;--awb-order-small:0;--awb-spacing-right-small:1.92%;--awb-spacing-left-small:1.92%;\"><div class=\"fusion-column-wrapper fusion-column-has-shadow fusion-flex-justify-content-flex-start fusion-content-layout-column\"><div class=\"fusion-image-element \" style=\"--awb-caption-title-font-family:var(--h2_typography-font-family);--awb-caption-title-font-weight:var(--h2_typography-font-weight);--awb-caption-title-font-style:var(--h2_typography-font-style);--awb-caption-title-size:var(--h2_typography-font-size);--awb-caption-title-transform:var(--h2_typography-text-transform);--awb-caption-title-line-height:var(--h2_typography-line-height);--awb-caption-title-letter-spacing:var(--h2_typography-letter-spacing);\"><span class=\" fusion-imageframe imageframe-none imageframe-4 hover-type-none\"><img decoding=\"async\" width=\"400\" height=\"419\" title=\"Paulina_R\" src=\"https:\/\/portal.sma.gob.cl\/wp-content\/uploads\/2022\/01\/Paulina_R.png\" alt class=\"img-responsive wp-image-23160\" srcset=\"https:\/\/portal.sma.gob.cl\/wp-content\/uploads\/2022\/01\/Paulina_R-200x210.png 200w, https:\/\/portal.sma.gob.cl\/wp-content\/uploads\/2022\/01\/Paulina_R.png 400w\" sizes=\"(max-width: 1024px) 100vw, (max-width: 640px) 100vw, 400px\" \/><\/span><\/div><\/div><\/div><div class=\"fusion-layout-column fusion_builder_column fusion-builder-column-8 fusion_builder_column_2_3 2_3 fusion-flex-column\" style=\"--awb-bg-size:cover;--awb-width-large:66.666666666667%;--awb-margin-top-large:0px;--awb-spacing-right-large:2.88%;--awb-margin-bottom-large:20px;--awb-spacing-left-large:2.88%;--awb-width-medium:100%;--awb-order-medium:0;--awb-spacing-right-medium:1.92%;--awb-spacing-left-medium:1.92%;--awb-width-small:100%;--awb-order-small:0;--awb-spacing-right-small:1.92%;--awb-spacing-left-small:1.92%;\"><div class=\"fusion-column-wrapper fusion-column-has-shadow fusion-flex-justify-content-flex-start fusion-content-layout-column\"><div class=\"fusion-text fusion-text-7\" style=\"--awb-text-transform:none;\"><h3><strong>Paulina Riquelme Pallamar <\/strong><\/h3>\n<p>Abogada de la Pontificia Universidad Cat\u00f3lica de Chile. Ha sido la Presidenta de la Comisi\u00f3n de Desarrollo Sostenible de la Confederaci\u00f3n de la Producci\u00f3n y el Comercio (CPC) por m\u00e1s de 6 a\u00f1os. Adem\u00e1s de contar con una destacada trayectoria acad\u00e9mica y docente, fund\u00f3 el estudio jur\u00eddico Eelaw hace m\u00e1s de 15 a\u00f1os, y ha sido reconocida por diversas instituciones como Chambers and Partners, Legal 500 y Best Lawyers. Ha participado en la formulaci\u00f3n de diversas pol\u00edticas p\u00fablicas y en el Consejo Consultivo del Ministerio del Medio Ambiente (MMA), y los COSOC de la Superintendencia del Medio Ambiente (SMA) y del Servicio de Evaluaci\u00f3n Ambiental (SEA). Adem\u00e1s, particip\u00f3 de la Comisi\u00f3n Asesora Presidencial para la reforma del Servicio de Evaluaci\u00f3n de Impacto Ambiental (SEIA) en 2015.<\/p>\n<\/div><\/div><\/div><\/div><\/div><div class=\"fusion-fullwidth fullwidth-box fusion-builder-row-5 fusion-flex-container nonhundred-percent-fullwidth non-hundred-percent-height-scrolling\" style=\"--awb-border-radius-top-left:0px;--awb-border-radius-top-right:0px;--awb-border-radius-bottom-right:0px;--awb-border-radius-bottom-left:0px;--awb-flex-wrap:wrap;\" ><div class=\"fusion-builder-row fusion-row fusion-flex-align-items-flex-start fusion-flex-content-wrap\" style=\"max-width:1144px;margin-left: calc(-4% \/ 2 );margin-right: calc(-4% \/ 2 );\"><div class=\"fusion-layout-column fusion_builder_column fusion-builder-column-9 fusion_builder_column_1_3 1_3 fusion-flex-column\" style=\"--awb-bg-size:cover;--awb-width-large:33.333333333333%;--awb-margin-top-large:0px;--awb-spacing-right-large:5.76%;--awb-margin-bottom-large:20px;--awb-spacing-left-large:5.76%;--awb-width-medium:100%;--awb-order-medium:0;--awb-spacing-right-medium:1.92%;--awb-spacing-left-medium:1.92%;--awb-width-small:100%;--awb-order-small:0;--awb-spacing-right-small:1.92%;--awb-spacing-left-small:1.92%;\"><div class=\"fusion-column-wrapper fusion-column-has-shadow fusion-flex-justify-content-flex-start fusion-content-layout-column\"><div class=\"fusion-image-element \" style=\"--awb-caption-title-font-family:var(--h2_typography-font-family);--awb-caption-title-font-weight:var(--h2_typography-font-weight);--awb-caption-title-font-style:var(--h2_typography-font-style);--awb-caption-title-size:var(--h2_typography-font-size);--awb-caption-title-transform:var(--h2_typography-text-transform);--awb-caption-title-line-height:var(--h2_typography-line-height);--awb-caption-title-letter-spacing:var(--h2_typography-letter-spacing);\"><span class=\" fusion-imageframe imageframe-none imageframe-5 hover-type-none\"><img decoding=\"async\" width=\"1200\" height=\"1332\" title=\"Francisco Tapia CONSEJO MINERO\" src=\"https:\/\/portal.sma.gob.cl\/wp-content\/uploads\/2024\/08\/Francisco-Tapia-CONSEJO-MINERO.jpg\" alt class=\"img-responsive wp-image-32808\" srcset=\"https:\/\/portal.sma.gob.cl\/wp-content\/uploads\/2024\/08\/Francisco-Tapia-CONSEJO-MINERO-200x222.jpg 200w, https:\/\/portal.sma.gob.cl\/wp-content\/uploads\/2024\/08\/Francisco-Tapia-CONSEJO-MINERO-400x444.jpg 400w, https:\/\/portal.sma.gob.cl\/wp-content\/uploads\/2024\/08\/Francisco-Tapia-CONSEJO-MINERO-600x666.jpg 600w, https:\/\/portal.sma.gob.cl\/wp-content\/uploads\/2024\/08\/Francisco-Tapia-CONSEJO-MINERO-800x888.jpg 800w, https:\/\/portal.sma.gob.cl\/wp-content\/uploads\/2024\/08\/Francisco-Tapia-CONSEJO-MINERO.jpg 1200w\" sizes=\"(max-width: 1024px) 100vw, (max-width: 640px) 100vw, 400px\" \/><\/span><\/div><\/div><\/div><div class=\"fusion-layout-column fusion_builder_column fusion-builder-column-10 fusion_builder_column_2_3 2_3 fusion-flex-column\" style=\"--awb-bg-size:cover;--awb-width-large:66.666666666667%;--awb-margin-top-large:0px;--awb-spacing-right-large:2.88%;--awb-margin-bottom-large:20px;--awb-spacing-left-large:2.88%;--awb-width-medium:100%;--awb-order-medium:0;--awb-spacing-right-medium:1.92%;--awb-spacing-left-medium:1.92%;--awb-width-small:100%;--awb-order-small:0;--awb-spacing-right-small:1.92%;--awb-spacing-left-small:1.92%;\"><div class=\"fusion-column-wrapper fusion-column-has-shadow fusion-flex-justify-content-flex-start fusion-content-layout-column\"><div class=\"fusion-text fusion-text-8\" style=\"--awb-text-transform:none;\"><h3><strong>Francisco Tapia Ferrer<\/strong><\/h3>\n<p>Abogado y Mag\u00edster en Derecho, ambos por la Universidad de Chile, y Mag\u00edster en Pol\u00edticas P\u00fablicas por la Universidad de Oxford. Durante su carrera se ha especializado en asuntos ambientales y regulatorios. En el sector p\u00fablico, fue asesor jur\u00eddico del Tribunal Ambiental de Valdivia y del Ministerio de Hacienda. En el sector privado, ha asesorado a empresas de diversas industrias, apoyando tanto en el desarrollo y gesti\u00f3n de proyectos, como en disputas, procedimientos sancionatorios y juicios de responsabilidad por da\u00f1o ambiental.\u200d Actualmente asesora al Consejo Minero en asuntos regulatorios y de sustentabilidad.<\/p>\n<\/div><\/div><\/div><\/div><\/div><div class=\"fusion-fullwidth fullwidth-box fusion-builder-row-6 fusion-flex-container nonhundred-percent-fullwidth non-hundred-percent-height-scrolling\" style=\"--awb-border-radius-top-left:0px;--awb-border-radius-top-right:0px;--awb-border-radius-bottom-right:0px;--awb-border-radius-bottom-left:0px;--awb-flex-wrap:wrap;\" ><div class=\"fusion-builder-row fusion-row fusion-flex-align-items-flex-start fusion-flex-content-wrap\" style=\"max-width:1144px;margin-left: calc(-4% \/ 2 );margin-right: calc(-4% \/ 2 );\"><div class=\"fusion-layout-column fusion_builder_column fusion-builder-column-11 fusion_builder_column_1_3 1_3 fusion-flex-column\" style=\"--awb-bg-size:cover;--awb-width-large:33.333333333333%;--awb-margin-top-large:0px;--awb-spacing-right-large:5.76%;--awb-margin-bottom-large:20px;--awb-spacing-left-large:5.76%;--awb-width-medium:100%;--awb-order-medium:0;--awb-spacing-right-medium:1.92%;--awb-spacing-left-medium:1.92%;--awb-width-small:100%;--awb-order-small:0;--awb-spacing-right-small:1.92%;--awb-spacing-left-small:1.92%;\"><div class=\"fusion-column-wrapper fusion-column-has-shadow fusion-flex-justify-content-flex-start fusion-content-layout-column\"><div class=\"fusion-image-element \" style=\"--awb-caption-title-font-family:var(--h2_typography-font-family);--awb-caption-title-font-weight:var(--h2_typography-font-weight);--awb-caption-title-font-style:var(--h2_typography-font-style);--awb-caption-title-size:var(--h2_typography-font-size);--awb-caption-title-transform:var(--h2_typography-text-transform);--awb-caption-title-line-height:var(--h2_typography-line-height);--awb-caption-title-letter-spacing:var(--h2_typography-letter-spacing);\"><span class=\" fusion-imageframe imageframe-none imageframe-6 hover-type-none\"><img decoding=\"async\" width=\"291\" height=\"300\" title=\"Sylvia hernandez GAVIOTI\u0301N CHICO\" src=\"https:\/\/portal.sma.gob.cl\/wp-content\/uploads\/2024\/08\/Sylvia-hernandez-GAVIOTIN-CHICO-291x300.jpg\" alt class=\"img-responsive wp-image-32814\" srcset=\"https:\/\/portal.sma.gob.cl\/wp-content\/uploads\/2024\/08\/Sylvia-hernandez-GAVIOTIN-CHICO-200x206.jpg 200w, https:\/\/portal.sma.gob.cl\/wp-content\/uploads\/2024\/08\/Sylvia-hernandez-GAVIOTIN-CHICO-400x412.jpg 400w, https:\/\/portal.sma.gob.cl\/wp-content\/uploads\/2024\/08\/Sylvia-hernandez-GAVIOTIN-CHICO-600x618.jpg 600w, https:\/\/portal.sma.gob.cl\/wp-content\/uploads\/2024\/08\/Sylvia-hernandez-GAVIOTIN-CHICO-800x825.jpg 800w, https:\/\/portal.sma.gob.cl\/wp-content\/uploads\/2024\/08\/Sylvia-hernandez-GAVIOTIN-CHICO.jpg 848w\" sizes=\"(max-width: 1024px) 100vw, (max-width: 640px) 100vw, 400px\" \/><\/span><\/div><\/div><\/div><div class=\"fusion-layout-column fusion_builder_column fusion-builder-column-12 fusion_builder_column_2_3 2_3 fusion-flex-column\" style=\"--awb-bg-size:cover;--awb-width-large:66.666666666667%;--awb-margin-top-large:0px;--awb-spacing-right-large:2.88%;--awb-margin-bottom-large:20px;--awb-spacing-left-large:2.88%;--awb-width-medium:100%;--awb-order-medium:0;--awb-spacing-right-medium:1.92%;--awb-spacing-left-medium:1.92%;--awb-width-small:100%;--awb-order-small:0;--awb-spacing-right-small:1.92%;--awb-spacing-left-small:1.92%;\"><div class=\"fusion-column-wrapper fusion-column-has-shadow fusion-flex-justify-content-flex-start fusion-content-layout-column\"><div class=\"fusion-text fusion-text-9\" style=\"--awb-text-transform:none;\"><h3><strong>Sylvia Hern\u00e1ndez Aquez\u00a0<\/strong><\/h3>\n<p>Ge\u00f3grafa de la Pontificia Universidad Cat\u00f3lica de Chile. La actual Directora ejecutiva de la Fundaci\u00f3n Para la Sustentabilidad del Gaviot\u00edn posee una amplia trayectoria en elaboraci\u00f3n de proyectos de investigaci\u00f3n y educaci\u00f3n ambiental, adem\u00e1s de una extensa experiencia en el mundo p\u00fablico y privado.<\/p>\n<\/div><\/div><\/div><\/div><\/div><div class=\"fusion-fullwidth fullwidth-box fusion-builder-row-7 fusion-flex-container nonhundred-percent-fullwidth non-hundred-percent-height-scrolling\" style=\"--awb-border-radius-top-left:0px;--awb-border-radius-top-right:0px;--awb-border-radius-bottom-right:0px;--awb-border-radius-bottom-left:0px;--awb-flex-wrap:wrap;\" ><div class=\"fusion-builder-row fusion-row fusion-flex-align-items-flex-start fusion-flex-content-wrap\" style=\"max-width:1144px;margin-left: calc(-4% \/ 2 );margin-right: calc(-4% \/ 2 );\"><div class=\"fusion-layout-column fusion_builder_column fusion-builder-column-13 fusion_builder_column_1_3 1_3 fusion-flex-column\" style=\"--awb-bg-size:cover;--awb-width-large:33.333333333333%;--awb-margin-top-large:0px;--awb-spacing-right-large:5.76%;--awb-margin-bottom-large:20px;--awb-spacing-left-large:5.76%;--awb-width-medium:100%;--awb-order-medium:0;--awb-spacing-right-medium:1.92%;--awb-spacing-left-medium:1.92%;--awb-width-small:100%;--awb-order-small:0;--awb-spacing-right-small:1.92%;--awb-spacing-left-small:1.92%;\"><div class=\"fusion-column-wrapper fusion-column-has-shadow fusion-flex-justify-content-flex-start fusion-content-layout-column\"><div class=\"fusion-image-element \" style=\"--awb-caption-title-font-family:var(--h2_typography-font-family);--awb-caption-title-font-weight:var(--h2_typography-font-weight);--awb-caption-title-font-style:var(--h2_typography-font-style);--awb-caption-title-size:var(--h2_typography-font-size);--awb-caption-title-transform:var(--h2_typography-text-transform);--awb-caption-title-line-height:var(--h2_typography-line-height);--awb-caption-title-letter-spacing:var(--h2_typography-letter-spacing);\"><span class=\" fusion-imageframe imageframe-none imageframe-7 hover-type-none\"><img decoding=\"async\" width=\"289\" height=\"300\" title=\"Cristobal Correa OCEANA\" src=\"https:\/\/portal.sma.gob.cl\/wp-content\/uploads\/2024\/08\/Cristobal-Correa-OCEANA-289x300.jpg\" alt class=\"img-responsive wp-image-32807\" srcset=\"https:\/\/portal.sma.gob.cl\/wp-content\/uploads\/2024\/08\/Cristobal-Correa-OCEANA-200x208.jpg 200w, https:\/\/portal.sma.gob.cl\/wp-content\/uploads\/2024\/08\/Cristobal-Correa-OCEANA-400x415.jpg 400w, https:\/\/portal.sma.gob.cl\/wp-content\/uploads\/2024\/08\/Cristobal-Correa-OCEANA-600x623.jpg 600w, https:\/\/portal.sma.gob.cl\/wp-content\/uploads\/2024\/08\/Cristobal-Correa-OCEANA-800x831.jpg 800w, https:\/\/portal.sma.gob.cl\/wp-content\/uploads\/2024\/08\/Cristobal-Correa-OCEANA-1200x1246.jpg 1200w, https:\/\/portal.sma.gob.cl\/wp-content\/uploads\/2024\/08\/Cristobal-Correa-OCEANA.jpg 1886w\" sizes=\"(max-width: 1024px) 100vw, (max-width: 640px) 100vw, 400px\" \/><\/span><\/div><\/div><\/div><div class=\"fusion-layout-column fusion_builder_column fusion-builder-column-14 fusion_builder_column_2_3 2_3 fusion-flex-column\" style=\"--awb-bg-size:cover;--awb-width-large:66.666666666667%;--awb-margin-top-large:0px;--awb-spacing-right-large:2.88%;--awb-margin-bottom-large:20px;--awb-spacing-left-large:2.88%;--awb-width-medium:100%;--awb-order-medium:0;--awb-spacing-right-medium:1.92%;--awb-spacing-left-medium:1.92%;--awb-width-small:100%;--awb-order-small:0;--awb-spacing-right-small:1.92%;--awb-spacing-left-small:1.92%;\"><div class=\"fusion-column-wrapper fusion-column-has-shadow fusion-flex-justify-content-flex-start fusion-content-layout-column\"><div class=\"fusion-text fusion-text-10\" style=\"--awb-text-transform:none;\"><h3><strong>Crist\u00f3bal Correa Yunis<\/strong><\/h3>\n<p>Abogado de la Universidad Diego Portales, cuenta con un diplomado del Centro de Derecho Ambiental de la Universidad de Chile y ha enfocado su inter\u00e9s y vocaci\u00f3n en el derecho ambiental, formando parte de organizaciones que velan por la justicia ambiental.<\/p>\n<p>Posteriormente, trabaj\u00f3 en el Congreso Nacional, siendo asesor legislativo de distintas diputadas y diputados, concentrando la mayor parte de su labor en la Comisi\u00f3n de Medio Ambiente y Recursos Naturales, donde se discuten distintos proyectos de ley de inter\u00e9s para el mundo ambiental. Antes de unirse a Oceana, trabaj\u00f3 como asesor legislativo del Ministerio del Medio Ambiente, en donde se enfoc\u00f3 en la tramitaci\u00f3n de distintas iniciativas en el Congreso Nacional.<\/p>\n<\/div><\/div><\/div><\/div><\/div><div class=\"fusion-fullwidth fullwidth-box fusion-builder-row-8 fusion-flex-container nonhundred-percent-fullwidth non-hundred-percent-height-scrolling\" style=\"--awb-border-radius-top-left:0px;--awb-border-radius-top-right:0px;--awb-border-radius-bottom-right:0px;--awb-border-radius-bottom-left:0px;--awb-flex-wrap:wrap;\" ><div class=\"fusion-builder-row fusion-row fusion-flex-align-items-flex-start fusion-flex-content-wrap\" style=\"max-width:1144px;margin-left: calc(-4% \/ 2 );margin-right: calc(-4% \/ 2 );\"><div class=\"fusion-layout-column fusion_builder_column fusion-builder-column-15 fusion_builder_column_1_3 1_3 fusion-flex-column\" style=\"--awb-bg-size:cover;--awb-width-large:33.333333333333%;--awb-margin-top-large:0px;--awb-spacing-right-large:5.76%;--awb-margin-bottom-large:20px;--awb-spacing-left-large:5.76%;--awb-width-medium:100%;--awb-order-medium:0;--awb-spacing-right-medium:1.92%;--awb-spacing-left-medium:1.92%;--awb-width-small:100%;--awb-order-small:0;--awb-spacing-right-small:1.92%;--awb-spacing-left-small:1.92%;\"><div class=\"fusion-column-wrapper fusion-column-has-shadow fusion-flex-justify-content-flex-start fusion-content-layout-column\"><div class=\"fusion-image-element \" style=\"--awb-caption-title-font-family:var(--h2_typography-font-family);--awb-caption-title-font-weight:var(--h2_typography-font-weight);--awb-caption-title-font-style:var(--h2_typography-font-style);--awb-caption-title-size:var(--h2_typography-font-size);--awb-caption-title-transform:var(--h2_typography-text-transform);--awb-caption-title-line-height:var(--h2_typography-line-height);--awb-caption-title-letter-spacing:var(--h2_typography-letter-spacing);\"><span class=\" fusion-imageframe imageframe-none imageframe-8 hover-type-none\"><img decoding=\"async\" width=\"278\" height=\"300\" title=\"Sebastia\u0301n Lira (UANDRES BELLO)\" src=\"https:\/\/portal.sma.gob.cl\/wp-content\/uploads\/2024\/08\/Sebastian-Lira-UANDRES-BELLO-278x300.jpg\" alt class=\"img-responsive wp-image-32812\" srcset=\"https:\/\/portal.sma.gob.cl\/wp-content\/uploads\/2024\/08\/Sebastian-Lira-UANDRES-BELLO-200x216.jpg 200w, https:\/\/portal.sma.gob.cl\/wp-content\/uploads\/2024\/08\/Sebastian-Lira-UANDRES-BELLO-400x431.jpg 400w, https:\/\/portal.sma.gob.cl\/wp-content\/uploads\/2024\/08\/Sebastian-Lira-UANDRES-BELLO-600x647.jpg 600w, https:\/\/portal.sma.gob.cl\/wp-content\/uploads\/2024\/08\/Sebastian-Lira-UANDRES-BELLO-800x863.jpg 800w, https:\/\/portal.sma.gob.cl\/wp-content\/uploads\/2024\/08\/Sebastian-Lira-UANDRES-BELLO-1200x1294.jpg 1200w, https:\/\/portal.sma.gob.cl\/wp-content\/uploads\/2024\/08\/Sebastian-Lira-UANDRES-BELLO.jpg 1500w\" sizes=\"(max-width: 1024px) 100vw, (max-width: 640px) 100vw, 400px\" \/><\/span><\/div><\/div><\/div><div class=\"fusion-layout-column fusion_builder_column fusion-builder-column-16 fusion_builder_column_2_3 2_3 fusion-flex-column\" style=\"--awb-bg-size:cover;--awb-width-large:66.666666666667%;--awb-margin-top-large:0px;--awb-spacing-right-large:2.88%;--awb-margin-bottom-large:20px;--awb-spacing-left-large:2.88%;--awb-width-medium:100%;--awb-order-medium:0;--awb-spacing-right-medium:1.92%;--awb-spacing-left-medium:1.92%;--awb-width-small:100%;--awb-order-small:0;--awb-spacing-right-small:1.92%;--awb-spacing-left-small:1.92%;\"><div class=\"fusion-column-wrapper fusion-column-has-shadow fusion-flex-justify-content-flex-start fusion-content-layout-column\"><div class=\"fusion-text fusion-text-11\" style=\"--awb-text-transform:none;\"><h3><strong>Sebasti\u00e1n Lira Z\u00fa\u00f1iga<\/strong><\/h3>\n<p>Ingeniero Ambiental de la Universidad Andr\u00e9s Bello y Doctor en Ciencias de la Ingenier\u00eda de la Pontificia Universidad Cat\u00f3lica de Chile.<\/p>\n<p>Actualmente es acad\u00e9mico de la Facultad de Ciencias de la Vida de la U. Andr\u00e9s Bello y forma parte del cuerpo directivo de la carrera de Ingenier\u00eda Ambiental. Adem\u00e1s, pertenece al Centro de Investigaci\u00f3n para la Sustentabilidad (CIS) en donde desarrolla investigaci\u00f3n en las \u00e1reas de captura y almacenamiento de carbono.<\/p>\n<\/div><\/div><\/div><\/div><\/div><div class=\"fusion-fullwidth fullwidth-box fusion-builder-row-9 fusion-flex-container nonhundred-percent-fullwidth non-hundred-percent-height-scrolling\" style=\"--awb-border-radius-top-left:0px;--awb-border-radius-top-right:0px;--awb-border-radius-bottom-right:0px;--awb-border-radius-bottom-left:0px;--awb-flex-wrap:wrap;\" ><div class=\"fusion-builder-row fusion-row fusion-flex-align-items-flex-start fusion-flex-content-wrap\" style=\"max-width:1144px;margin-left: calc(-4% \/ 2 );margin-right: calc(-4% \/ 2 );\"><div class=\"fusion-layout-column fusion_builder_column fusion-builder-column-17 fusion_builder_column_1_3 1_3 fusion-flex-column\" style=\"--awb-bg-size:cover;--awb-width-large:33.333333333333%;--awb-margin-top-large:0px;--awb-spacing-right-large:5.76%;--awb-margin-bottom-large:20px;--awb-spacing-left-large:5.76%;--awb-width-medium:100%;--awb-order-medium:0;--awb-spacing-right-medium:1.92%;--awb-spacing-left-medium:1.92%;--awb-width-small:100%;--awb-order-small:0;--awb-spacing-right-small:1.92%;--awb-spacing-left-small:1.92%;\"><div class=\"fusion-column-wrapper fusion-column-has-shadow fusion-flex-justify-content-flex-start fusion-content-layout-column\"><div class=\"fusion-image-element \" style=\"--awb-caption-title-font-family:var(--h2_typography-font-family);--awb-caption-title-font-weight:var(--h2_typography-font-weight);--awb-caption-title-font-style:var(--h2_typography-font-style);--awb-caption-title-size:var(--h2_typography-font-size);--awb-caption-title-transform:var(--h2_typography-text-transform);--awb-caption-title-line-height:var(--h2_typography-line-height);--awb-caption-title-letter-spacing:var(--h2_typography-letter-spacing);\"><span class=\" fusion-imageframe imageframe-none imageframe-9 hover-type-none\"><img decoding=\"async\" width=\"255\" height=\"300\" title=\"Pablo Soto (UAUSTRAL)\" src=\"https:\/\/portal.sma.gob.cl\/wp-content\/uploads\/2024\/08\/Pablo-Soto-UAUSTRAL-255x300.png\" alt class=\"img-responsive wp-image-32810\" srcset=\"https:\/\/portal.sma.gob.cl\/wp-content\/uploads\/2024\/08\/Pablo-Soto-UAUSTRAL-200x235.png 200w, https:\/\/portal.sma.gob.cl\/wp-content\/uploads\/2024\/08\/Pablo-Soto-UAUSTRAL.png 400w\" sizes=\"(max-width: 1024px) 100vw, (max-width: 640px) 100vw, 255px\" \/><\/span><\/div><\/div><\/div><div class=\"fusion-layout-column fusion_builder_column fusion-builder-column-18 fusion_builder_column_2_3 2_3 fusion-flex-column\" style=\"--awb-bg-size:cover;--awb-width-large:66.666666666667%;--awb-margin-top-large:0px;--awb-spacing-right-large:2.88%;--awb-margin-bottom-large:20px;--awb-spacing-left-large:2.88%;--awb-width-medium:100%;--awb-order-medium:0;--awb-spacing-right-medium:1.92%;--awb-spacing-left-medium:1.92%;--awb-width-small:100%;--awb-order-small:0;--awb-spacing-right-small:1.92%;--awb-spacing-left-small:1.92%;\"><div class=\"fusion-column-wrapper fusion-column-has-shadow fusion-flex-justify-content-flex-start fusion-content-layout-column\"><div class=\"fusion-text fusion-text-12\" style=\"--awb-text-transform:none;\"><h3><strong>Pablo Soto Delgado<\/strong><\/h3>\n<p>Abogado y Doctor en Derecho de la Universidad Diego Portales.<\/p>\n<p>Actualmente es profesor de Derecho Administrativo y director del Mag\u00edster en Regulaci\u00f3n y Litigaci\u00f3n P\u00fablica de la Universidad Austral de Chile.<\/p>\n<\/div><\/div><\/div><\/div><\/div><div class=\"fusion-fullwidth fullwidth-box fusion-builder-row-10 fusion-flex-container nonhundred-percent-fullwidth non-hundred-percent-height-scrolling\" style=\"--awb-border-radius-top-left:0px;--awb-border-radius-top-right:0px;--awb-border-radius-bottom-right:0px;--awb-border-radius-bottom-left:0px;--awb-flex-wrap:wrap;\" ><div class=\"fusion-builder-row fusion-row fusion-flex-align-items-flex-start fusion-flex-content-wrap\" style=\"max-width:1144px;margin-left: calc(-4% \/ 2 );margin-right: calc(-4% \/ 2 );\"><div class=\"fusion-layout-column fusion_builder_column fusion-builder-column-19 fusion_builder_column_1_3 1_3 fusion-flex-column\" style=\"--awb-bg-size:cover;--awb-width-large:33.333333333333%;--awb-margin-top-large:0px;--awb-spacing-right-large:5.76%;--awb-margin-bottom-large:20px;--awb-spacing-left-large:5.76%;--awb-width-medium:100%;--awb-order-medium:0;--awb-spacing-right-medium:1.92%;--awb-spacing-left-medium:1.92%;--awb-width-small:100%;--awb-order-small:0;--awb-spacing-right-small:1.92%;--awb-spacing-left-small:1.92%;\"><div class=\"fusion-column-wrapper fusion-column-has-shadow fusion-flex-justify-content-flex-start fusion-content-layout-column\"><div class=\"fusion-image-element \" style=\"--awb-caption-title-font-family:var(--h2_typography-font-family);--awb-caption-title-font-weight:var(--h2_typography-font-weight);--awb-caption-title-font-style:var(--h2_typography-font-style);--awb-caption-title-size:var(--h2_typography-font-size);--awb-caption-title-transform:var(--h2_typography-text-transform);--awb-caption-title-line-height:var(--h2_typography-line-height);--awb-caption-title-letter-spacing:var(--h2_typography-letter-spacing);\"><span class=\" fusion-imageframe imageframe-none imageframe-10 hover-type-none\"><img decoding=\"async\" width=\"245\" height=\"300\" title=\"Jose\u0301 Tarri\u0301o USACH\" src=\"https:\/\/portal.sma.gob.cl\/wp-content\/uploads\/2024\/08\/Jose-Tarrio-USACH-245x300.png\" alt class=\"img-responsive wp-image-32809\" srcset=\"https:\/\/portal.sma.gob.cl\/wp-content\/uploads\/2024\/08\/Jose-Tarrio-USACH-200x245.png 200w, https:\/\/portal.sma.gob.cl\/wp-content\/uploads\/2024\/08\/Jose-Tarrio-USACH.png 319w\" sizes=\"(max-width: 1024px) 100vw, (max-width: 640px) 100vw, 245px\" \/><\/span><\/div><\/div><\/div><div class=\"fusion-layout-column fusion_builder_column fusion-builder-column-20 fusion_builder_column_2_3 2_3 fusion-flex-column\" style=\"--awb-bg-size:cover;--awb-width-large:66.666666666667%;--awb-margin-top-large:0px;--awb-spacing-right-large:2.88%;--awb-margin-bottom-large:20px;--awb-spacing-left-large:2.88%;--awb-width-medium:100%;--awb-order-medium:0;--awb-spacing-right-medium:1.92%;--awb-spacing-left-medium:1.92%;--awb-width-small:100%;--awb-order-small:0;--awb-spacing-right-small:1.92%;--awb-spacing-left-small:1.92%;\"><div class=\"fusion-column-wrapper fusion-column-has-shadow fusion-flex-justify-content-flex-start fusion-content-layout-column\"><div class=\"fusion-text fusion-text-13\" style=\"--awb-text-transform:none;\"><h3><strong>Jos\u00e9 Antonio Tarr\u00edo Mosquera\u00a0<\/strong><\/h3>\n<p>Doctor en Investigaci\u00f3n y Desarrollo en Geotecnolog\u00edas de la de la Universidad de Salamanca. Posee un M\u00e1ster Universitario en Geotecnolog\u00edas Cartogr\u00e1ficas en Ingenier\u00eda y Arquitectura de la misma casa de estudios.<\/p>\n<p>Actualmente, desempe\u00f1a su labor como Director del Departamento de Ingenier\u00eda Geoespacial y Ambiental y como Director del Centro de Procesamiento y An\u00e1lisis Geod\u00e9sico (USC SIRGAS) en la Universidad de Santiago de Chile (Usach), liderando la l\u00ednea de investigaci\u00f3n en Geodesia y GNSS en el Departamento de Ingenier\u00eda Geoespacial y Ambiental. Imparte docencia en Geodesia Satelital, Ajuste Geod\u00e9sico, Geodesia y aplicaciones geom\u00e1ticas con drones.<\/p>\n<p>Cuenta con m\u00e1s de 30 a\u00f1os de experiencia en la observaci\u00f3n y ajuste de campa\u00f1as geod\u00e9sicas activas y pasivas para organismos privados y estatales en Chile, Espa\u00f1a y Portugal. Su experiencia incluye la supervisi\u00f3n y ejecuci\u00f3n de proyectos que requieren precisi\u00f3n geod\u00e9sica, y el uso de tecnolog\u00edas avanzadas en el \u00e1mbito geoespacial.<\/p>\n<\/div><\/div><\/div><\/div><\/div><\/p>\n","protected":false},"excerpt":{"rendered":"","protected":false},"author":3,"featured_media":0,"parent":0,"menu_order":0,"comment_status":"closed","ping_status":"closed","template":"","meta":{"footnotes":""},"class_list":["post-18138","page","type-page","status-publish","hentry"],"_links":{"self":[{"href":"https:\/\/portal.sma.gob.cl\/index.php\/wp-json\/wp\/v2\/pages\/18138","targetHints":{"allow":["GET"]}}],"collection":[{"href":"https:\/\/portal.sma.gob.cl\/index.php\/wp-json\/wp\/v2\/pages"}],"about":[{"href":"https:\/\/portal.sma.gob.cl\/index.php\/wp-json\/wp\/v2\/types\/page"}],"author":[{"embeddable":true,"href":"https:\/\/portal.sma.gob.cl\/index.php\/wp-json\/wp\/v2\/users\/3"}],"replies":[{"embeddable":true,"href":"https:\/\/portal.sma.gob.cl\/index.php\/wp-json\/wp\/v2\/comments?post=18138"}],"version-history":[{"count":97,"href":"https:\/\/portal.sma.gob.cl\/index.php\/wp-json\/wp\/v2\/pages\/18138\/revisions"}],"predecessor-version":[{"id":37027,"href":"https:\/\/portal.sma.gob.cl\/index.php\/wp-json\/wp\/v2\/pages\/18138\/revisions\/37027"}],"wp:attachment":[{"href":"https:\/\/portal.sma.gob.cl\/index.php\/wp-json\/wp\/v2\/media?parent=18138"}],"curies":[{"name":"wp","href":"https:\/\/api.w.org\/{rel}","templated":true}]}}