{"id":20434,"date":"2020-04-24T11:13:45","date_gmt":"2020-04-24T15:13:45","guid":{"rendered":"https:\/\/portal.sma.gob.cl\/?page_id=20434"},"modified":"2025-06-27T13:10:56","modified_gmt":"2025-06-27T17:10:56","slug":"planes-de-prevencion-y-descontaminacion-ambiental","status":"publish","type":"page","link":"https:\/\/portal.sma.gob.cl\/index.php\/portal-regulados\/instructivos-y-guias\/planes-de-prevencion-y-descontaminacion-ambiental\/","title":{"rendered":"Planes de Prevenci\u00f3n y Descontaminaci\u00f3n Ambiental"},"content":{"rendered":"<p><div class=\"fusion-fullwidth fullwidth-box fusion-builder-row-1 nonhundred-percent-fullwidth non-hundred-percent-height-scrolling\" style=\"--awb-border-radius-top-left:0px;--awb-border-radius-top-right:0px;--awb-border-radius-bottom-right:0px;--awb-border-radius-bottom-left:0px;--awb-flex-wrap:wrap;\" ><div class=\"fusion-builder-row fusion-row\"><div class=\"fusion-layout-column fusion_builder_column fusion-builder-column-0 fusion_builder_column_1_1 1_1 fusion-one-full fusion-column-first fusion-column-last\" style=\"--awb-bg-size:cover;\"><div class=\"fusion-column-wrapper fusion-flex-column-wrapper-legacy\"><div class=\"fusion-text fusion-text-1\"><p>La Superintendencia del Medio Ambiente (SMA), tiene por objeto ejecutar, organizar y coordinar el seguimiento y fiscalizaci\u00f3n las medidas establecidas en diversos Instrumentos de Car\u00e1cter Ambiental, dentro de los cuales se encuentran los Planes de Prevenci\u00f3n y\/o de Descontaminaci\u00f3n Ambiental, los cuales contemplan una serie de medidas de control, cuya finalidad es recuperar los niveles establecidos en las Norma de Calidad ambiental que correspondan, y de esta forma, resguardar la salud de la poblaci\u00f3n.<\/p>\n<p><strong>En este contexto, la SMA tiene facultades para:<\/strong><\/p>\n<ul>\n<li>Impartir directrices e instrucciones en el ejercicio de su funci\u00f3n reguladora.<br \/>\nEjecutar anualmente el programa de fiscalizaci\u00f3n ambiental asociado a los instrumentos normativos de su competencia, mediante cualquiera de sus tres modalidades de fiscalizaci\u00f3n. Estas son: (i) en forma directa, (ii) en coordinaci\u00f3n con otros organismos del estado, o (iii) mediante la contrataci\u00f3n de terceros acreditados.<\/li>\n<li>Atender las denuncias originadas en el incumplimiento de la normativa aplicable.<\/li>\n<\/ul>\n<p>Las principales materias regulatorias de competencia de la SMA en marco de los Planes de Prevenci\u00f3n y\/o de Descontaminaci\u00f3n Ambiental, corresponden al uso de artefactos a le\u00f1a, comercializaci\u00f3n de le\u00f1a seca, l\u00edmite de emisi\u00f3n de fuentes estacionarias, y prohibici\u00f3n de funcionamiento de fuentes estacionarias en premergencia y emergencia ambiental.<\/p>\n<\/div><div class=\"fusion-clearfix\"><\/div><\/div><\/div><\/div><\/div><div class=\"fusion-fullwidth fullwidth-box fusion-builder-row-2 nonhundred-percent-fullwidth non-hundred-percent-height-scrolling\" style=\"--awb-border-radius-top-left:0px;--awb-border-radius-top-right:0px;--awb-border-radius-bottom-right:0px;--awb-border-radius-bottom-left:0px;--awb-flex-wrap:wrap;\" ><div class=\"fusion-builder-row fusion-row\"><div class=\"fusion-layout-column fusion_builder_column fusion-builder-column-1 fusion_builder_column_1_1 1_1 fusion-one-full fusion-column-first fusion-column-last\" style=\"--awb-bg-size:cover;\"><div class=\"fusion-column-wrapper fusion-column-has-shadow fusion-flex-column-wrapper-legacy\"><div class=\"accordian fusion-accordian\" style=\"--awb-border-size:1px;--awb-icon-size:13px;--awb-content-font-size:14px;--awb-icon-alignment:left;--awb-hover-color:#f9f9f9;--awb-border-color:#cccccc;--awb-background-color:#ffffff;--awb-divider-color:#e0dede;--awb-divider-hover-color:#e0dede;--awb-icon-color:#ffffff;--awb-title-color:#00355e;--awb-content-color:var(--awb-color8);--awb-icon-box-color:#333333;--awb-toggle-hover-accent-color:#0363ad;--awb-title-font-family:&quot;Open Sans&quot;;--awb-title-font-weight:600;--awb-title-font-style:normal;--awb-title-font-size:14px;--awb-content-font-family:&quot;Open Sans&quot;;--awb-content-font-style:normal;--awb-content-font-weight:400;\"><div class=\"panel-group fusion-toggle-icon-boxed\" id=\"accordion-20434-1\"><div class=\"fusion-panel panel-default panel-1702e04abf8a8445e fusion-toggle-has-divider\"><div class=\"panel-heading\"><h4 class=\"panel-title toggle\" id=\"toggle_1702e04abf8a8445e\"><a aria-expanded=\"false\" aria-controls=\"1702e04abf8a8445e\" role=\"button\" data-toggle=\"collapse\" data-parent=\"#accordion-20434-1\" data-target=\"#1702e04abf8a8445e\" href=\"#1702e04abf8a8445e\"><span class=\"fusion-toggle-icon-wrapper\" aria-hidden=\"true\"><i class=\"fa-fusion-box active-icon awb-icon-minus\" aria-hidden=\"true\"><\/i><i class=\"fa-fusion-box inactive-icon awb-icon-plus\" aria-hidden=\"true\"><\/i><\/span><span class=\"fusion-toggle-heading\">Fuentes Estacionarias<\/span><\/a><\/h4><\/div><div id=\"1702e04abf8a8445e\" class=\"panel-collapse collapse \" aria-labelledby=\"toggle_1702e04abf8a8445e\"><div class=\"panel-body toggle-content fusion-clearfix\">\n<p style=\"padding-left: 40px;\"><i class=\"fas fa-download\" style=\"margin-right: 5px; color: #90a6b7;\"><\/i><a href=\"https:\/\/portal.sma.gob.cl\/index.php\/download\/formato-reporte-resultados-cems\/?wpdmdl=23435&amp;masterkey=1iQyPbvot-cDWGbyjpFIAZFpdYxZwcfb4gYvMZnOB3Ob65Og8C1yxN98Dc0el4hdLLFNb76ucN6A6oMvJ-2OnsH3hs9DSmXNi0bhV0Yj9V0\" target=\"_blank\" rel=\"noopener noreferrer\">Descargar \u201cFormato reporte resultados CEMS\u201d<\/a><\/p>\n<p style=\"padding-left: 40px;\"><i class=\"fas fa-download\" style=\"margin-right: 5px; color: #90a6b7;\"><\/i><strong><a href=\"https:\/\/transparencia.sma.gob.cl\/doc\/resoluciones\/RESOL_EXENTA_SMA_2022\/RESOL%20EXENTA%20N%20368%20SMA.PDF\" target=\"_blank\" rel=\"noopener\">Resoluci\u00f3n Exenta N\u00ba368\/2022 SMA &#8211; PPDA RM<\/a><\/strong><\/p>\n<p style=\"padding-left: 40px; text-align: justify;\">\u201cEstablece Instrucci\u00f3n de car\u00e1cter general sobre deber de informar a los titulares de un Gran Establecimiento, en marco del Plan de Prevenci\u00f3n y Descontaminaci\u00f3n Atmosf\u00e9rica de la Regi\u00f3n Metropolitana de Santiago.\u201d<\/p>\n<p style=\"padding-left: 40px; text-align: justify;\">Esta instrucci\u00f3n, que ser\u00e1 publicada en el Diario Oficial el d\u00eda viernes 25 de marzo de 2022, est\u00e1 dirigida a los titulares calificados como un Gran Establecimiento, en marco del PPDA RM. En dicha resoluci\u00f3n, se requiere antecedentes generales de los Planes de Reducci\u00f3n de Emisiones y se establecen las materias que se deben reportar para dar cuenta del cumplimiento anual de la meta de reducci\u00f3n de emisiones, as\u00ed como el modo y plazos asociados para ello.<\/p>\n<\/div><\/div><\/div><div class=\"fusion-panel panel-default panel-2ff5e74f67539c4a6 fusion-toggle-has-divider\"><div class=\"panel-heading\"><h4 class=\"panel-title toggle\" id=\"toggle_2ff5e74f67539c4a6\"><a aria-expanded=\"false\" aria-controls=\"2ff5e74f67539c4a6\" role=\"button\" data-toggle=\"collapse\" data-parent=\"#accordion-20434-1\" data-target=\"#2ff5e74f67539c4a6\" href=\"#2ff5e74f67539c4a6\"><span class=\"fusion-toggle-icon-wrapper\" aria-hidden=\"true\"><i class=\"fa-fusion-box active-icon awb-icon-minus\" aria-hidden=\"true\"><\/i><i class=\"fa-fusion-box inactive-icon awb-icon-plus\" aria-hidden=\"true\"><\/i><\/span><span class=\"fusion-toggle-heading\">Comercio de le\u00f1a<\/span><\/a><\/h4><\/div><div id=\"2ff5e74f67539c4a6\" class=\"panel-collapse collapse \" aria-labelledby=\"toggle_2ff5e74f67539c4a6\"><div class=\"panel-body toggle-content fusion-clearfix\">\n<p><i class=\"fas fa-download\" style=\"margin-right: 5px; color: #90a6b7;\"><\/i><a href=\"https:\/\/transparencia.sma.gob.cl\/doc\/resoluciones\/RESOL_EXENTA_SMA_2020\/RESOL%20EXENTA%20N%20651%20SMA.PDF\" target=\"_blank\" rel=\"noopener noreferrer\"><strong>Resoluci\u00f3n Exenta N\u00ba 651\/2020 SMA<\/strong><\/a><br \/>\n\u201cInstrucciones de car\u00e1cter general sobre catastro y deber de reporte para los titulares del comercio de le\u00f1a afectos a los Planes de Prevenci\u00f3n y Descontaminaci\u00f3n que se indican\u201d.<\/p>\n<p>Esta instrucci\u00f3n establece\u00a0que los\u00a0titulares de comercio a le\u00f1a se deben inscribir en el sistema que la SMA dispondr\u00e1 para estos fines, y deber\u00e1n reportar mensualmente la humedad de la le\u00f1a que se comercializa entre otras variables.<\/p>\n<p><i class=\"fas fa-external-link-alt\" style=\"margin-right: 7px;\"><\/i><a href=\"https:\/\/portal.sma.gob.cl\/index.php\/catastro-comerciantes-de-lena\/\"><strong>Haga clic aqu\u00ed para ingresar al Catastro de Comerciantes de Le\u00f1a<\/strong><\/a><\/p>\n<p><i class=\"fas fa-download\" style=\"margin-right: 5px; color: #90a6b7;\"><\/i><a href=\"https:\/\/transparencia.sma.gob.cl\/doc\/resoluciones\/RESOL_EXENTA_SMA_2015\/RESOL%20EXENTA%20N%20937%20SMA.PDF\" target=\"_blank\" rel=\"noopener noreferrer\"><strong>Resoluci\u00f3n Exenta N\u00ba937\/2015<\/strong><\/a><br \/>\nAprueba protocolo para la medici\u00f3n de humedad de le\u00f1a y uso de xilohigr\u00f3metro en fiscalizaciones ambientales.<\/p>\n<p>Este protocolo establece requisitos t\u00e9cnicos para la medici\u00f3n de humedad de le\u00f1a y la determinaci\u00f3n del contenido de humedad en base a las Normas Chilenas NCh2965, NCh2907 y NCh2827.<\/p>\n<\/div><\/div><\/div><div class=\"fusion-panel panel-default panel-7fc6c56b3c016f7f1 fusion-toggle-has-divider\"><div class=\"panel-heading\"><h4 class=\"panel-title toggle\" id=\"toggle_7fc6c56b3c016f7f1\"><a aria-expanded=\"false\" aria-controls=\"7fc6c56b3c016f7f1\" role=\"button\" data-toggle=\"collapse\" data-parent=\"#accordion-20434-1\" data-target=\"#7fc6c56b3c016f7f1\" href=\"#7fc6c56b3c016f7f1\"><span class=\"fusion-toggle-icon-wrapper\" aria-hidden=\"true\"><i class=\"fa-fusion-box active-icon awb-icon-minus\" aria-hidden=\"true\"><\/i><i class=\"fa-fusion-box inactive-icon awb-icon-plus\" aria-hidden=\"true\"><\/i><\/span><span class=\"fusion-toggle-heading\">Uso de Artefactos de Calefacci\u00f3n<\/span><\/a><\/h4><\/div><div id=\"7fc6c56b3c016f7f1\" class=\"panel-collapse collapse \" aria-labelledby=\"toggle_7fc6c56b3c016f7f1\"><div class=\"panel-body toggle-content fusion-clearfix\">\n<p><i class=\"fas fa-download\" style=\"margin-right: 5px; color: #90a6b7;\"><\/i><a href=\"https:\/\/transparencia.sma.gob.cl\/doc\/resoluciones\/RESOL_EXENTA_SMA_2020\/RESOL%20EXENTA%20N%20498%20SMA.PDF\" target=\"_blank\" rel=\"noopener noreferrer\"><strong>Resoluci\u00f3n Exenta N\u00ba 498\/2020 SMA <\/strong><\/a><br \/>\n\u201cInstrucciones de car\u00e1cter general sobre el procedimiento y plazo para que los organismos de la administraci\u00f3n del Estado, municipalidades y titulares de establecimientos comerciales, afectos a Planes de Prevenci\u00f3n y\/o Descontaminaci\u00f3n que se indican, informen sobre la tenencia y caracter\u00edsticas de artefactos de calefacci\u00f3n en sus dependencias\u201d<\/p>\n<p>Esta instrucci\u00f3n permitir\u00e1 disponer de informaci\u00f3n acerca del tipo de artefacto que se encuentran utilizando los sujetos regulados, tanto p\u00fablicos como privados, y establecer mecanismos de colaboraci\u00f3n a trav\u00e9s de los programas de recambio con el Ministerio del Medio Ambiente a aquellos establecimientos que a\u00fan no hayan recambiado sus artefactos a le\u00f1a.<\/p>\n<p>Esta instrucci\u00f3n aplica a los sujetos regulados afectos a los siguientes Planes de Prevenci\u00f3n y\/o Descontaminaci\u00f3n: PDA Valle Central de O\u00b4Higgins, PDA de Talca y Maule, PPDA Chill\u00e1n y Chill\u00e1n Viejo, PDA Temuco y Padre Las Casas, PDA Osorno, PDA Valdivia y PDA Coyhaique, donde la fiscalizaci\u00f3n y sanci\u00f3n de la medida corresponde a la Superintendencia del Medio Ambiente.<\/p>\n<p><i class=\"fas fa-link\" style=\"margin-right: 5px; color: #90a6b7;\"><\/i><strong><a href=\"https:\/\/portal.sma.gob.cl\/index.php\/catastro-de-artefactos-de-calefaccion-y-fecha-de-reemplazo-de-calefactores-a-lena\/\">Haga clic aqu\u00ed para ir al Catastro de artefactos de calefacci\u00f3n y fecha de reemplazo de<br \/>\ncalefactores a le\u00f1a<\/a><\/strong><\/p>\n<hr \/>\n<h2><strong>Condiciones de uso de le\u00f1a en la RM<\/strong><\/h2>\n<p>A continuaci\u00f3n se describen las condiciones de uso de le\u00f1a para la Zona A y Zona B, definidas en el Plan de Prevenci\u00f3n y Descontaminaci\u00f3n de la RM, <a href=\"https:\/\/www.leychile.cl\/Navegar?idNorma=1111283\" target=\"_blank\" rel=\"noopener noreferrer\">Decreto N\u00b0 31 de 2016 del Ministerio del Medio Ambiente.<\/a><\/p>\n<p><i class=\"fas fa-download\" style=\"margin-right: 5px; color: #90a6b7;\"><\/i><a href=\"https:\/\/portal.sma.gob.cl\/index.php\/download\/afiche-zona-a\/?wpdmdl=20665&amp;masterkey=5ebab5cc64de6\" target=\"_blank\" rel=\"noopener noreferrer\"><strong>Descargar afiche &#8220;Restricciones de uso de le\u00f1a, Zona A&#8221;<\/strong><\/a><\/p>\n<p><i class=\"fas fa-download\" style=\"margin-right: 5px; color: #90a6b7;\"><\/i><a href=\"https:\/\/portal.sma.gob.cl\/index.php\/download\/afiche-zona-b\/?wpdmdl=20666&amp;masterkey=5ebab6099869f\" target=\"_blank\" rel=\"noopener noreferrer\"><strong>Descargar afiche &#8220;Restricciones de uso de le\u00f1a, Zona B&#8221;<\/strong><\/a><\/p>\n<\/div><\/div><\/div><div class=\"fusion-panel panel-default panel-e0c028feb5e3e108d fusion-toggle-has-divider\" style=\"--awb-title-color:#00355e;--awb-content-color:var(--awb-color8);\"><div class=\"panel-heading\"><h4 class=\"panel-title toggle\" id=\"toggle_e0c028feb5e3e108d\"><a aria-expanded=\"false\" aria-controls=\"e0c028feb5e3e108d\" role=\"button\" data-toggle=\"collapse\" data-parent=\"#accordion-20434-1\" data-target=\"#e0c028feb5e3e108d\" href=\"#e0c028feb5e3e108d\"><span class=\"fusion-toggle-icon-wrapper\" aria-hidden=\"true\"><i class=\"fa-fusion-box active-icon awb-icon-minus\" aria-hidden=\"true\"><\/i><i class=\"fa-fusion-box inactive-icon awb-icon-plus\" aria-hidden=\"true\"><\/i><\/span><span class=\"fusion-toggle-heading\">Sistema de reporte<\/span><\/a><\/h4><\/div><div id=\"e0c028feb5e3e108d\" class=\"panel-collapse collapse \" aria-labelledby=\"toggle_e0c028feb5e3e108d\"><div class=\"panel-body toggle-content fusion-clearfix\">\n<p>El reporte de los compromisos establecidos en los planes de prevenci\u00f3n y descontaminaci\u00f3n listados a continuaci\u00f3n debe realizarse a trav\u00e9s del Sistema de Seguimiento Atmosf\u00e9rico (SISAT).<\/p>\n<p><a href=\"https:\/\/vu.mma.gob.cl\/\" target=\"_blank\" rel=\"noopener noreferrer\"><strong>Haga clic aqu\u00ed para reportar<\/strong><\/a><\/p>\n<p><a href=\"https:\/\/portal.sma.gob.cl\/index.php\/download\/guia-sisat\/?wpdmdl=20945&amp;masterkey=5ee79bc62a7d5\" target=\"_blank\" rel=\"noopener noreferrer\"><strong>Haga clic aqu\u00ed para descargar la Gu\u00eda de reporte SISAT<\/strong><\/a><\/p>\n<p><a href=\"https:\/\/portal.sma.gob.cl\/wp-content\/uploads\/2024\/12\/Guia_Rapida_Actualizacion_SISAT.pdf\" target=\"_blank\" rel=\"noopener noreferrer\"><strong>Haga clic aqu\u00ed para descargar la <span data-olk-copy-source=\"MessageBody\">Gu\u00eda R\u00e1pida Actualizaci\u00f3n SISAT<\/span><\/strong><\/a><\/p>\n<table class=\"table-1\">\n<tbody>\n<tr>\n<td width=\"487\"><strong>Nombre<\/strong><\/td>\n<td width=\"680\"><strong>Descripcion<\/strong><\/td>\n<\/tr>\n<tr>\n<td width=\"487\">D.S N\u00b0 70\/2010 MINSEGPRES PDA Tocopilla<\/td>\n<td width=\"680\">Plan de descontaminaci\u00f3n atmosf\u00e9rica de Tocopilla y su zona circundante.<\/td>\n<\/tr>\n<tr>\n<td width=\"487\">D.S. N\u00b0 206\/2000 MINSEGPRES PDA Fundici\u00f3n Chuquicamata<\/td>\n<td width=\"680\">Plan de descontaminaci\u00f3n atmosf\u00e9rica para la zona circundante a la Fundici\u00f3n Chuquicamata de la Divisi\u00f3n Chuquicamata de Codelco Chile.<\/td>\n<\/tr>\n<tr>\n<td width=\"487\">D.S. N\u00b0164\/1998 MINSEGPRES PDA Mar\u00eda Elena y Pedro de Valdivia<\/td>\n<td width=\"680\">Plan de descontaminaci\u00f3n atmosf\u00e9rica para las localidades de Mar\u00eda Elena y Pedro de Valdivia.<\/td>\n<\/tr>\n<tr>\n<td width=\"487\">D.S. N\u00b0 180\/1994 MINSEGPRES PDA Fundici\u00f3n Hern\u00e1n Videla<\/td>\n<td width=\"680\">Plan de descontaminaci\u00f3n de la Fundici\u00f3n Hern\u00e1n Videla Lira de ENAMI.<\/td>\n<\/tr>\n<tr>\n<td width=\"487\">D.S. N\u00b0 179\/1998 MINSEGPRES PDA Fundici\u00f3n de Potrerillos Divisi\u00f3n Salvador<\/td>\n<td width=\"680\">Plan de descontaminaci\u00f3n atmosf\u00e9rica para la zona circundante a la Fundici\u00f3n de Potrerillos de la Divisi\u00f3n Salvador Codelco Chile.<\/td>\n<\/tr>\n<tr>\n<td width=\"487\">D.S. N\u00b0 59\/2014 MMA PDA Andacollo y sectores aleda\u00f1os<\/td>\n<td width=\"680\">Plan de descontaminaci\u00f3n atmosf\u00e9rica para la localidad de Andacollo y sectores aleda\u00f1os.<\/td>\n<\/tr>\n<tr>\n<td width=\"487\">D.S. N\u00b0105\/2018 MMA PPDA CQP<\/td>\n<td width=\"680\">Plan de prevenci\u00f3n y descontaminaci\u00f3n atmosf\u00e9rica para las comunas de Conc\u00f3n, Quintero y Puchuncav\u00ed<\/td>\n<\/tr>\n<tr>\n<td width=\"487\">D.S. N\u00b015\/2013 MMA PDA para el Valle Central VI Regi\u00f3n<\/td>\n<td width=\"680\">Plan de descontaminaci\u00f3n atmosf\u00e9rica para el Valle Central de la Regi\u00f3n del Libertador General Bernardo O\u00b4Higgins.<\/td>\n<\/tr>\n<tr>\n<td width=\"487\">D.S. N\u00b0 81\/1998 MINSEGPRES PDA Fundici\u00f3n Caletones Divisi\u00f3n El Teniente<\/td>\n<td width=\"680\">Plan de descontaminaci\u00f3n atmosf\u00e9rica para el \u00e1rea circundante a la Fundici\u00f3n de Caletones de la Divisi\u00f3n El Teniente de Codelco Chile.<\/td>\n<\/tr>\n<tr>\n<td width=\"487\">D.S. N\u00b049\/2015 MMA PDA Talca y Maule<\/td>\n<td width=\"680\">Plan de descontaminaci\u00f3n atmosf\u00e9rica para las comunas de Talca y Maule.<\/td>\n<\/tr>\n<tr>\n<td width=\"487\">D.S. N\u00b0 44\/2017 MMA PDA Curico<\/td>\n<td width=\"680\">Establece Plan de descontaminaci\u00f3n para el valle central de la provincia de Curic\u00f3<\/td>\n<\/tr>\n<tr>\n<td width=\"487\">D.S. N\u00b04\/2017 MMA PDA Los \u00c1ngeles<\/td>\n<td width=\"680\">Establece Plan de descontaminaci\u00f3n atmosf\u00e9rica para la comuna de Los \u00c1ngeles<\/td>\n<\/tr>\n<tr>\n<td width=\"487\">D.S. N\u00b06\/2018 MMA PPDA Concepci\u00f3n Metropolitano<\/td>\n<td width=\"680\">Plan de prevenci\u00f3n y descontaminaci\u00f3n atmosf\u00e9rica para las comunas de Concepci\u00f3n Metropolitano<\/td>\n<\/tr>\n<tr>\n<td width=\"487\">D.S. N\u00b048\/2015 MMA PPDA Chill\u00e1n y Chill\u00e1n Viejo<\/td>\n<td width=\"680\">Plan de prevenci\u00f3n y descontaminaci\u00f3n atmosf\u00e9rica para las comunas de Chill\u00e1n y Chill\u00e1n Viejo.<\/td>\n<\/tr>\n<tr>\n<td width=\"487\">D.S. N\u00b025\/2016 MMA PDA Valdivia<\/td>\n<td width=\"680\">Plan de descontaminaci\u00f3n atmof\u00e9rica para la comuna de Valdivia.<\/td>\n<\/tr>\n<tr>\n<td width=\"487\">D.S. N\u00b047\/2015 MMA PDA Osorno<\/td>\n<td width=\"680\">Plan de descontaminaci\u00f3n atmosf\u00e9rica para la comuna de Osorno.<\/td>\n<\/tr>\n<tr>\n<td width=\"487\">D.S. N\u00b08\/2015 MMA PDA Temuco y Padres Las Casas<\/td>\n<td width=\"680\">Establece Plan de Descontaminaci\u00f3n Atmosf\u00e9rica por MP2,5 para las comunas de Temuco y Padre Las Casas y de Actualizaci\u00f3n del Plan de Descontaminaci\u00f3n por MP10 para las mismas comunas<\/td>\n<\/tr>\n<tr>\n<td width=\"487\">D.S. N\u00b007\/2018 MMA PDA Coyhaique<\/td>\n<td width=\"680\">Plan de descontaminaci\u00f3n atmosf\u00e9rica para la ciudad de Coyhaique y su zona circundante.<\/td>\n<\/tr>\n<tr>\n<td width=\"487\">D.S. N\u00b038\/2016 MMA PPA Huasco<\/td>\n<td width=\"680\">Establece plan de prevenci\u00f3n de contaminaci\u00f3n atmosf\u00e9rica para la localidad de Huasco y su zona circundante<\/td>\n<\/tr>\n<\/tbody>\n<\/table>\n<\/div><\/div><\/div><div class=\"fusion-panel panel-default panel-7eedcb1f15f8d9017 fusion-toggle-has-divider\" style=\"--awb-title-color:#00355e;--awb-content-color:var(--awb-color8);\"><div class=\"panel-heading\"><h4 class=\"panel-title toggle\" id=\"toggle_7eedcb1f15f8d9017\"><a aria-expanded=\"false\" aria-controls=\"7eedcb1f15f8d9017\" role=\"button\" data-toggle=\"collapse\" data-parent=\"#accordion-20434-1\" data-target=\"#7eedcb1f15f8d9017\" href=\"#7eedcb1f15f8d9017\"><span class=\"fusion-toggle-icon-wrapper\" aria-hidden=\"true\"><i class=\"fa-fusion-box active-icon awb-icon-minus\" aria-hidden=\"true\"><\/i><i class=\"fa-fusion-box inactive-icon awb-icon-plus\" aria-hidden=\"true\"><\/i><\/span><span class=\"fusion-toggle-heading\">Talleres<\/span><\/a><\/h4><\/div><div id=\"7eedcb1f15f8d9017\" class=\"panel-collapse collapse \" aria-labelledby=\"toggle_7eedcb1f15f8d9017\"><div class=\"panel-body toggle-content fusion-clearfix\">\n\n<div class=\"table-1\">\n<table width=\"100%\">\n<thead>\n<tr>\n<th align=\"left\">Presentaci\u00f3n<\/th>\n<th align=\"left\">Fecha<\/th>\n<\/tr>\n<\/thead>\n<tbody>\n<tr>\n<td align=\"left\">Taller Asistencia al cumplimiento para titulares de fuentes estacionarias afectas a los PDA de la regi\u00f3n del Maule<\/p>\n<ol>\n<li data-ogsc=\"black\">\n<div class=\"table-1\"><a href=\"https:\/\/portal.sma.gob.cl\/wp-content\/uploads\/2025\/06\/1.-Taller-Maule-25-06-2025-Jeanette-Caroca.pdf\" target=\"_blank\" rel=\"noopener\">Medidas Aplicable a fuentes fijas Planes de Descontaminaci\u00f3n Atmosf\u00e9rica Regi\u00f3n del Maule<\/a><\/div>\n<\/li>\n<li data-ogsc=\"black\">\n<div class=\"table-1\"><a href=\"https:\/\/portal.sma.gob.cl\/wp-content\/uploads\/2025\/06\/2.-Taller-Maule-25-06-2025-Victor-Hugo-Delgado.pdf\" target=\"_blank\" rel=\"noopener\">Sistema de Seguimiento Atmosf\u00e9rico (SISAT) &#8211; Generalidades<\/a><\/div>\n<\/li>\n<li data-ogsc=\"black\">\n<div class=\"table-1\"><a href=\"https:\/\/portal.sma.gob.cl\/wp-content\/uploads\/2025\/06\/3.-Taller-Maule-25-06-2025-Renzo-Stanley.pdf\" target=\"_blank\" rel=\"noopener\">Sistema de Seguimiento Atmosf\u00e9rico (SISAT) &#8211; M\u00f3dulos de Reportes<\/a><\/div>\n<\/li>\n<\/ol>\n<\/td>\n<td align=\"left\">25 de junio 2025<\/td>\n<\/tr>\n<tr>\n<td align=\"left\"><span style=\"text-decoration: underline;\"><a href=\"https:\/\/portal.sma.gob.cl\/index.php\/download\/presentacion-n-1-medidas-aplicables-pda-ppda\/?wpdmdl=32309&amp;masterkey=8kEySGwl3DemzF5WCufw3uJirkZHgbiDNX680I-lGlJHUc7EqVFUvzwrewB7jXmZUnk3jRsMVO_qP0SeUW0mtvBKOKo4UvV7-UMiQ-OwzDQ\">Medidas fuentes fijas industriales \/PPDA Biob\u00edo<\/a><\/span><\/td>\n<td align=\"left\">3 de julio 2024<\/td>\n<\/tr>\n<tr>\n<td align=\"left\"><span style=\"text-decoration: underline;\"><a href=\"https:\/\/portal.sma.gob.cl\/index.php\/download\/presentacion-n-2-obligaciones-en-sisat-03-07-2024\/?wpdmdl=32310&amp;masterkey=hov6XpSt3KVIekDSnIKRTSqEoqXkRgWWfYoh2rqoJclM4S4myrYzXTGN7ME6PAwhLk-5aCdbvomfwCtuna4CgO_bZUuwYH_XmvnkDwDfbaQ\">Sistema de Seguimiento Atmosf\u00e9rico SISAT<\/a><\/span><\/td>\n<td align=\"left\">3 de julio 2024<\/td>\n<\/tr>\n<tr>\n<td align=\"left\"><span style=\"text-decoration: underline;\"><a href=\"https:\/\/portal.sma.gob.cl\/index.php\/download\/presentacion-n-3-reportes-en-sisat-03-07-2024\/?wpdmdl=32311&amp;masterkey=FedsMESV6sYjm3eMs68E_TRQHYCO0bx9S9B0pfvY4KbTO9aEMv8UHp_7kmFY7J9suYukWAKY9LJifIg94C7-Z43Gau9I1Wpa5d0NQnoC3y8\">Reportes en SISAT<\/a><\/span><\/td>\n<td align=\"left\">3 de julio 2024<\/td>\n<\/tr>\n<tr>\n<td align=\"left\"><span style=\"text-decoration: underline;\"><a href=\"https:\/\/portal.sma.gob.cl\/index.php\/download\/programa-taller_-planes-biobio_-2024\/?wpdmdl=32312&amp;masterkey=X1SD5wNgaErIarn2sEs9aF4TsmWVXApz4rPPGgnK8zgPzRxwTh3MiKgap_z_oy8V14RTBi-Iau4-uDXkJOFUB05siWMS2pjVTBA_Vk4MWC8\">Programa Taller PPDA \/ Biob\u00edo<\/a><\/span><\/td>\n<td align=\"left\">3 de julio 2024<\/td>\n<\/tr>\n<\/tbody>\n<\/table>\n<\/div>\n\n<\/div><\/div><\/div><\/div><\/div><div class=\"fusion-clearfix\"><\/div><\/div><\/div><\/div><\/div><\/p>\n","protected":false},"excerpt":{"rendered":"","protected":false},"author":3,"featured_media":0,"parent":12414,"menu_order":0,"comment_status":"closed","ping_status":"closed","template":"","meta":{"footnotes":""},"class_list":["post-20434","page","type-page","status-publish","hentry"],"_links":{"self":[{"href":"https:\/\/portal.sma.gob.cl\/index.php\/wp-json\/wp\/v2\/pages\/20434","targetHints":{"allow":["GET"]}}],"collection":[{"href":"https:\/\/portal.sma.gob.cl\/index.php\/wp-json\/wp\/v2\/pages"}],"about":[{"href":"https:\/\/portal.sma.gob.cl\/index.php\/wp-json\/wp\/v2\/types\/page"}],"author":[{"embeddable":true,"href":"https:\/\/portal.sma.gob.cl\/index.php\/wp-json\/wp\/v2\/users\/3"}],"replies":[{"embeddable":true,"href":"https:\/\/portal.sma.gob.cl\/index.php\/wp-json\/wp\/v2\/comments?post=20434"}],"version-history":[{"count":66,"href":"https:\/\/portal.sma.gob.cl\/index.php\/wp-json\/wp\/v2\/pages\/20434\/revisions"}],"predecessor-version":[{"id":35777,"href":"https:\/\/portal.sma.gob.cl\/index.php\/wp-json\/wp\/v2\/pages\/20434\/revisions\/35777"}],"up":[{"embeddable":true,"href":"https:\/\/portal.sma.gob.cl\/index.php\/wp-json\/wp\/v2\/pages\/12414"}],"wp:attachment":[{"href":"https:\/\/portal.sma.gob.cl\/index.php\/wp-json\/wp\/v2\/media?parent=20434"}],"curies":[{"name":"wp","href":"https:\/\/api.w.org\/{rel}","templated":true}]}}