{"id":21766,"date":"2020-11-10T09:24:09","date_gmt":"2020-11-10T12:24:09","guid":{"rendered":"https:\/\/portal.sma.gob.cl\/?page_id=21766"},"modified":"2024-01-23T12:11:56","modified_gmt":"2024-01-23T15:11:56","slug":"registro-de-titulares-y-clave-unica","status":"publish","type":"page","link":"https:\/\/portal.sma.gob.cl\/index.php\/portal-regulados\/instructivos-y-guias\/registro-de-titulares-y-clave-unica\/","title":{"rendered":"Registro de titulares y Clave \u00danica"},"content":{"rendered":"<p><div class=\"fusion-fullwidth fullwidth-box fusion-builder-row-1 fusion-flex-container nonhundred-percent-fullwidth non-hundred-percent-height-scrolling\" style=\"--awb-border-radius-top-left:0px;--awb-border-radius-top-right:0px;--awb-border-radius-bottom-right:0px;--awb-border-radius-bottom-left:0px;--awb-margin-bottom:30px;--awb-flex-wrap:wrap;\" ><div class=\"fusion-builder-row fusion-row fusion-flex-align-items-flex-start fusion-flex-content-wrap\" style=\"max-width:1144px;margin-left: calc(-4% \/ 2 );margin-right: calc(-4% \/ 2 );\"><div class=\"fusion-layout-column fusion_builder_column fusion-builder-column-0 fusion_builder_column_1_1 1_1 fusion-flex-column\" style=\"--awb-bg-size:cover;--awb-width-large:100%;--awb-margin-top-large:0px;--awb-spacing-right-large:1.92%;--awb-margin-bottom-large:20px;--awb-spacing-left-large:1.92%;--awb-width-medium:100%;--awb-order-medium:0;--awb-spacing-right-medium:1.92%;--awb-spacing-left-medium:1.92%;--awb-width-small:100%;--awb-order-small:0;--awb-spacing-right-small:1.92%;--awb-spacing-left-small:1.92%;\"><div class=\"fusion-column-wrapper fusion-column-has-shadow fusion-flex-justify-content-flex-start fusion-content-layout-column\"><div class=\"fusion-image-element \" style=\"--awb-caption-title-font-family:var(--h2_typography-font-family);--awb-caption-title-font-weight:var(--h2_typography-font-weight);--awb-caption-title-font-style:var(--h2_typography-font-style);--awb-caption-title-size:var(--h2_typography-font-size);--awb-caption-title-transform:var(--h2_typography-text-transform);--awb-caption-title-line-height:var(--h2_typography-line-height);--awb-caption-title-letter-spacing:var(--h2_typography-letter-spacing);\"><span class=\" fusion-imageframe imageframe-none imageframe-1 hover-type-none\"><img decoding=\"async\" width=\"1200\" height=\"617\" src=\"https:\/\/portal.sma.gob.cl\/wp-content\/uploads\/2020\/11\/imagen-sar.jpg\" alt class=\"img-responsive wp-image-21800\" srcset=\"https:\/\/portal.sma.gob.cl\/wp-content\/uploads\/2020\/11\/imagen-sar-200x103.jpg 200w, https:\/\/portal.sma.gob.cl\/wp-content\/uploads\/2020\/11\/imagen-sar-400x206.jpg 400w, https:\/\/portal.sma.gob.cl\/wp-content\/uploads\/2020\/11\/imagen-sar-600x309.jpg 600w, https:\/\/portal.sma.gob.cl\/wp-content\/uploads\/2020\/11\/imagen-sar-800x411.jpg 800w, https:\/\/portal.sma.gob.cl\/wp-content\/uploads\/2020\/11\/imagen-sar.jpg 1200w\" sizes=\"(max-width: 1024px) 100vw, (max-width: 640px) 100vw, 1200px\" \/><\/span><\/div><\/div><\/div><\/div><\/div><div class=\"fusion-fullwidth fullwidth-box fusion-builder-row-2 fusion-flex-container nonhundred-percent-fullwidth non-hundred-percent-height-scrolling\" style=\"--awb-border-radius-top-left:0px;--awb-border-radius-top-right:0px;--awb-border-radius-bottom-right:0px;--awb-border-radius-bottom-left:0px;--awb-margin-bottom:30px;--awb-flex-wrap:wrap;\" ><div class=\"fusion-builder-row fusion-row fusion-flex-align-items-flex-start fusion-flex-content-wrap\" style=\"max-width:1144px;margin-left: calc(-4% \/ 2 );margin-right: calc(-4% \/ 2 );\"><div class=\"fusion-layout-column fusion_builder_column fusion-builder-column-1 fusion_builder_column_1_1 1_1 fusion-flex-column\" style=\"--awb-bg-size:cover;--awb-width-large:100%;--awb-margin-top-large:0px;--awb-spacing-right-large:1.92%;--awb-margin-bottom-large:20px;--awb-spacing-left-large:1.92%;--awb-width-medium:100%;--awb-order-medium:0;--awb-spacing-right-medium:1.92%;--awb-spacing-left-medium:1.92%;--awb-width-small:100%;--awb-order-small:0;--awb-spacing-right-small:1.92%;--awb-spacing-left-small:1.92%;\"><div class=\"fusion-column-wrapper fusion-column-has-shadow fusion-flex-justify-content-flex-start fusion-content-layout-column\"><div class=\"fusion-text fusion-text-1\"><p><a href=\"https:\/\/transparencia.sma.gob.cl\/doc\/resoluciones\/RESOL_EXENTA_SMA_2020\/RESOL%20EXENTA%20N%202129%20SMA.PDF\" target=\"_blank\" rel=\"noopener noreferrer\"><strong><img decoding=\"async\" class=\" alignleft\" src=\"https:\/\/portal.sma.gob.cl\/wp-content\/plugins\/download-manager\/assets\/file-type-icons\/pdf.svg\" width=\"20\" height=\"23\" \/>Ver Resoluci\u00f3n Exenta N\u00ba2129, Registro de titulares y activaci\u00f3n de Clave \u00danica<\/strong><\/a><\/p>\n<p><a href=\"https:\/\/sar.sma.gob.cl\/\" target=\"_blank\" rel=\"noopener\"><strong><i class=\"fas fa-external-link-alt\" style=\"margin-right: 6px;\"><\/i>Ver Sistema de Administraci\u00f3n de Regulados (SAR)<\/strong><\/a><br \/>\nEn este sistema usted podr\u00e1 administrar los permisos de Encargados y Delegados para reportar informaci\u00f3n exigida a la SMA.<\/p>\n<\/div><\/div><\/div><\/div><\/div><div class=\"fusion-fullwidth fullwidth-box fusion-builder-row-3 fusion-flex-container nonhundred-percent-fullwidth non-hundred-percent-height-scrolling\" style=\"--awb-border-radius-top-left:0px;--awb-border-radius-top-right:0px;--awb-border-radius-bottom-right:0px;--awb-border-radius-bottom-left:0px;--awb-flex-wrap:wrap;\" ><div class=\"fusion-builder-row fusion-row fusion-flex-align-items-flex-start fusion-flex-content-wrap\" style=\"max-width:1144px;margin-left: calc(-4% \/ 2 );margin-right: calc(-4% \/ 2 );\"><div class=\"fusion-layout-column fusion_builder_column fusion-builder-column-2 fusion_builder_column_1_1 1_1 fusion-flex-column\" style=\"--awb-bg-size:cover;--awb-width-large:100%;--awb-margin-top-large:0px;--awb-spacing-right-large:1.92%;--awb-margin-bottom-large:20px;--awb-spacing-left-large:1.92%;--awb-width-medium:100%;--awb-order-medium:0;--awb-spacing-right-medium:1.92%;--awb-spacing-left-medium:1.92%;--awb-width-small:100%;--awb-order-small:0;--awb-spacing-right-small:1.92%;--awb-spacing-left-small:1.92%;\"><div class=\"fusion-column-wrapper fusion-column-has-shadow fusion-flex-justify-content-flex-start fusion-content-layout-column\"><div class=\"fusion-text fusion-text-2\"><h3><strong><i class=\"fb-icon-element-1 fb-icon-element fontawesome-icon fa-video fas circle-no fusion-text-flow\" style=\"--awb-iconcolor:#5faaec;--awb-iconcolor-hover:#5faaec;--awb-font-size:21px;--awb-margin-right:10.5px;\"><\/i>Videos<\/strong><\/h3>\n<\/div><div class=\"fusion-separator\" style=\"align-self: flex-start;margin-right:auto;margin-bottom:10px;width:100%;max-width:30%;\"><div class=\"fusion-separator-border sep-single sep-solid\" style=\"--awb-height:20px;--awb-amount:20px;--awb-sep-color:#1e66a5;border-color:#1e66a5;border-top-width:2px;\"><\/div><\/div><\/div><\/div><div class=\"fusion-layout-column fusion_builder_column fusion-builder-column-3 fusion_builder_column_1_2 1_2 fusion-flex-column\" style=\"--awb-bg-size:cover;--awb-width-large:50%;--awb-margin-top-large:0px;--awb-spacing-right-large:3.84%;--awb-margin-bottom-large:20px;--awb-spacing-left-large:3.84%;--awb-width-medium:100%;--awb-order-medium:0;--awb-spacing-right-medium:1.92%;--awb-spacing-left-medium:1.92%;--awb-width-small:100%;--awb-order-small:0;--awb-spacing-right-small:1.92%;--awb-spacing-left-small:1.92%;\"><div class=\"fusion-column-wrapper fusion-column-has-shadow fusion-flex-justify-content-flex-start fusion-content-layout-column\"><div class=\"fusion-video fusion-selfhosted-video\" style=\"max-width:100%;\"><div class=\"video-wrapper\"><video playsinline=\"true\" width=\"100%\" style=\"object-fit: cover;\" muted=\"true\" loop=\"true\" preload=\"auto\" controls=\"1\"><source src=\"https:\/\/portal.sma.gob.cl\/videosCU\/SAR.mp4\" type=\"video\/mp4\">Sorry, your browser doesn&#039;t support embedded videos.<\/video><\/div><\/div><div class=\"fusion-separator fusion-full-width-sep\" style=\"align-self: center;margin-left: auto;margin-right: auto;margin-top:10px;width:100%;\"><\/div><div class=\"fusion-text fusion-text-3\"><p><strong>Registro de regulados que no cuentan con credenciales de reporte<\/strong><\/p>\n<\/div><\/div><\/div><div class=\"fusion-layout-column fusion_builder_column fusion-builder-column-4 fusion_builder_column_1_2 1_2 fusion-flex-column\" style=\"--awb-bg-size:cover;--awb-width-large:50%;--awb-margin-top-large:0px;--awb-spacing-right-large:3.84%;--awb-margin-bottom-large:20px;--awb-spacing-left-large:3.84%;--awb-width-medium:100%;--awb-order-medium:0;--awb-spacing-right-medium:1.92%;--awb-spacing-left-medium:1.92%;--awb-width-small:100%;--awb-order-small:0;--awb-spacing-right-small:1.92%;--awb-spacing-left-small:1.92%;\"><div class=\"fusion-column-wrapper fusion-column-has-shadow fusion-flex-justify-content-flex-start fusion-content-layout-column\"><div class=\"fusion-video fusion-selfhosted-video\" style=\"max-width:100%;\"><div class=\"video-wrapper\"><video playsinline=\"true\" width=\"100%\" style=\"object-fit: cover;\" muted=\"true\" loop=\"true\" preload=\"auto\" controls=\"1\"><source src=\"https:\/\/portal.sma.gob.cl\/videosCU\/SITCU.mp4\" type=\"video\/mp4\">Sorry, your browser doesn&#039;t support embedded videos.<\/video><\/div><\/div><div class=\"fusion-separator fusion-full-width-sep\" style=\"align-self: center;margin-left: auto;margin-right: auto;margin-top:10px;width:100%;\"><\/div><div class=\"fusion-text fusion-text-4\"><p><strong>Transici\u00f3n de credenciales institucionales a Clave \u00danica<\/strong><\/p>\n<\/div><\/div><\/div><\/div><\/div><div id=\"preguntas-frecuentes\" class=\"fusion-container-anchor\"><div class=\"fusion-fullwidth fullwidth-box fusion-builder-row-4 fusion-flex-container nonhundred-percent-fullwidth non-hundred-percent-height-scrolling\" style=\"--awb-border-radius-top-left:0px;--awb-border-radius-top-right:0px;--awb-border-radius-bottom-right:0px;--awb-border-radius-bottom-left:0px;--awb-flex-wrap:wrap;\" ><div class=\"fusion-builder-row fusion-row fusion-flex-align-items-flex-start fusion-flex-content-wrap\" style=\"max-width:1144px;margin-left: calc(-4% \/ 2 );margin-right: calc(-4% \/ 2 );\"><div class=\"fusion-layout-column fusion_builder_column fusion-builder-column-5 fusion_builder_column_1_1 1_1 fusion-flex-column\" style=\"--awb-bg-size:cover;--awb-width-large:100%;--awb-margin-top-large:0px;--awb-spacing-right-large:1.92%;--awb-margin-bottom-large:20px;--awb-spacing-left-large:1.92%;--awb-width-medium:100%;--awb-order-medium:0;--awb-spacing-right-medium:1.92%;--awb-spacing-left-medium:1.92%;--awb-width-small:100%;--awb-order-small:0;--awb-spacing-right-small:1.92%;--awb-spacing-left-small:1.92%;\"><div class=\"fusion-column-wrapper fusion-column-has-shadow fusion-flex-justify-content-flex-start fusion-content-layout-column\"><div class=\"fusion-text fusion-text-5\"><h3><strong><i class=\"fb-icon-element-2 fb-icon-element fontawesome-icon fa-question-circle fas circle-no fusion-text-flow\" style=\"--awb-iconcolor:#5faaec;--awb-iconcolor-hover:#5faaec;--awb-font-size:21px;--awb-margin-right:10.5px;\"><\/i>Preguntas frecuentes<\/strong><\/h3>\n<\/div><div class=\"fusion-separator\" style=\"align-self: flex-start;margin-right:auto;margin-bottom:20px;width:100%;max-width:30%;\"><div class=\"fusion-separator-border sep-single sep-solid\" style=\"--awb-height:20px;--awb-amount:20px;--awb-sep-color:#1e66a5;border-color:#1e66a5;border-top-width:2px;\"><\/div><\/div><div class=\"accordian fusion-accordian\" style=\"--awb-border-size:1px;--awb-icon-size:13px;--awb-content-font-size:14px;--awb-icon-alignment:left;--awb-hover-color:#f9f9f9;--awb-border-color:#cccccc;--awb-background-color:#ffffff;--awb-divider-color:#e0dede;--awb-divider-hover-color:#e0dede;--awb-icon-color:#ffffff;--awb-title-color:#00355e;--awb-content-color:var(--awb-color8);--awb-icon-box-color:#333333;--awb-toggle-hover-accent-color:#005eb7;--awb-title-font-family:&quot;Open Sans&quot;;--awb-title-font-weight:600;--awb-title-font-style:normal;--awb-title-font-size:14px;--awb-content-font-family:&quot;Open Sans&quot;;--awb-content-font-style:normal;--awb-content-font-weight:400;\"><div class=\"panel-group fusion-toggle-icon-boxed\" id=\"accordion-21766-1\"><div class=\"fusion-panel panel-default panel-033fb10d8d5fec575 fusion-toggle-has-divider\"><div class=\"panel-heading\"><h4 class=\"panel-title toggle\" id=\"toggle_033fb10d8d5fec575\"><a aria-expanded=\"false\" aria-controls=\"033fb10d8d5fec575\" role=\"button\" data-toggle=\"collapse\" data-parent=\"#accordion-21766-1\" data-target=\"#033fb10d8d5fec575\" href=\"#033fb10d8d5fec575\"><span class=\"fusion-toggle-icon-wrapper\" aria-hidden=\"true\"><i class=\"fa-fusion-box active-icon awb-icon-minus\" aria-hidden=\"true\"><\/i><i class=\"fa-fusion-box inactive-icon awb-icon-plus\" aria-hidden=\"true\"><\/i><\/span><span class=\"fusion-toggle-heading\">\u00bfSe podr\u00e1 contar con m\u00faltiples personas para un mismo rol\/perfil, para cubrir vacaciones, backups, etc?<\/span><\/a><\/h4><\/div><div id=\"033fb10d8d5fec575\" class=\"panel-collapse collapse \" aria-labelledby=\"toggle_033fb10d8d5fec575\"><div class=\"panel-body toggle-content fusion-clearfix\">\n<p><span style=\"font-weight: 400;\">S\u00ed, SAR ofrece la posibilidad de contar con todos los encargados y delegados que la instituci\u00f3n defina. El representante legal solamente es una persona, sin embargo las funcionalidades en los sistemas de reportes pueden ser ejecutadas por el representante, por encargados y delegados.<\/span><\/p>\n<\/div><\/div><\/div><div class=\"fusion-panel panel-default panel-adcc78796449cebf0 fusion-toggle-has-divider\"><div class=\"panel-heading\"><h4 class=\"panel-title toggle\" id=\"toggle_adcc78796449cebf0\"><a aria-expanded=\"false\" aria-controls=\"adcc78796449cebf0\" role=\"button\" data-toggle=\"collapse\" data-parent=\"#accordion-21766-1\" data-target=\"#adcc78796449cebf0\" href=\"#adcc78796449cebf0\"><span class=\"fusion-toggle-icon-wrapper\" aria-hidden=\"true\"><i class=\"fa-fusion-box active-icon awb-icon-minus\" aria-hidden=\"true\"><\/i><i class=\"fa-fusion-box inactive-icon awb-icon-plus\" aria-hidden=\"true\"><\/i><\/span><span class=\"fusion-toggle-heading\">Como consultor reporto a nombre de varias empresas, \u00bfpodr\u00e9 seguir haci\u00e9ndolo?<\/span><\/a><\/h4><\/div><div id=\"adcc78796449cebf0\" class=\"panel-collapse collapse \" aria-labelledby=\"toggle_adcc78796449cebf0\"><div class=\"panel-body toggle-content fusion-clearfix\">\n<p><span style=\"font-weight: 400;\">S\u00ed, ser\u00e1 deber de cada regulado registrar a dicho consultor como delegado. Cabe destacar que cada empresa ser\u00e1 la responsable de registrar a los delegados que reportar\u00e1n.<\/span><\/p>\n<\/div><\/div><\/div><div class=\"fusion-panel panel-default panel-a231035cd0666a9e7 fusion-toggle-has-divider\"><div class=\"panel-heading\"><h4 class=\"panel-title toggle\" id=\"toggle_a231035cd0666a9e7\"><a aria-expanded=\"false\" aria-controls=\"a231035cd0666a9e7\" role=\"button\" data-toggle=\"collapse\" data-parent=\"#accordion-21766-1\" data-target=\"#a231035cd0666a9e7\" href=\"#a231035cd0666a9e7\"><span class=\"fusion-toggle-icon-wrapper\" aria-hidden=\"true\"><i class=\"fa-fusion-box active-icon awb-icon-minus\" aria-hidden=\"true\"><\/i><i class=\"fa-fusion-box inactive-icon awb-icon-plus\" aria-hidden=\"true\"><\/i><\/span><span class=\"fusion-toggle-heading\">Contamos con una clave gen\u00e9rica por empresa, \u00bfahora debemos entrar con nuestras claves \u00fanicas personales?<\/span><\/a><\/h4><\/div><div id=\"a231035cd0666a9e7\" class=\"panel-collapse collapse \" aria-labelledby=\"toggle_a231035cd0666a9e7\"><div class=\"panel-body toggle-content fusion-clearfix\">\n<p><span style=\"font-weight: 400;\">S\u00ed, tal como se establece en el instructivo presidencial de transformaci\u00f3n digital del Estado. Adem\u00e1s de temas relacionados con la seguridad de la informaci\u00f3n, esta l\u00f3gica permitir\u00e1 identificar a las personas naturales autorizadas para reportar. Es importante considerar que Clave \u00fanica es administrado por Gobierno Digital de SEGPRES, por lo que la SMA no tiene acceso a las claves correspondientes. De todos modos, la SMA solicita correos institucionales de contacto al momento del registros, precisamente para que las personas elijan a trav\u00e9s de qu\u00e9 correo desean recibir informaci\u00f3n.<\/span><\/p>\n<\/div><\/div><\/div><div class=\"fusion-panel panel-default panel-ee734d4405213324f fusion-toggle-has-divider\"><div class=\"panel-heading\"><h4 class=\"panel-title toggle\" id=\"toggle_ee734d4405213324f\"><a aria-expanded=\"false\" aria-controls=\"ee734d4405213324f\" role=\"button\" data-toggle=\"collapse\" data-parent=\"#accordion-21766-1\" data-target=\"#ee734d4405213324f\" href=\"#ee734d4405213324f\"><span class=\"fusion-toggle-icon-wrapper\" aria-hidden=\"true\"><i class=\"fa-fusion-box active-icon awb-icon-minus\" aria-hidden=\"true\"><\/i><i class=\"fa-fusion-box inactive-icon awb-icon-plus\" aria-hidden=\"true\"><\/i><\/span><span class=\"fusion-toggle-heading\">\u00bfEs necesario que cada perfil repita el proceso de registro?<\/span><\/a><\/h4><\/div><div id=\"ee734d4405213324f\" class=\"panel-collapse collapse \" aria-labelledby=\"toggle_ee734d4405213324f\"><div class=\"panel-body toggle-content fusion-clearfix\">\n<p><span style=\"font-weight: 400;\">No, basta con que un usuario (ya sea representante o encargado) realice todos los registros para habilitar a todos los usuarios que el regulado defina. De todas maneras, cada usuario deber\u00e1 validar el correo electr\u00f3nico que se le enviar\u00e1, pero el proceso de registro podr\u00eda hacerlo solo una persona.<\/span><\/p>\n<\/div><\/div><\/div><div class=\"fusion-panel panel-default panel-85d2744a2d726a267 fusion-toggle-has-divider\"><div class=\"panel-heading\"><h4 class=\"panel-title toggle\" id=\"toggle_85d2744a2d726a267\"><a aria-expanded=\"false\" aria-controls=\"85d2744a2d726a267\" role=\"button\" data-toggle=\"collapse\" data-parent=\"#accordion-21766-1\" data-target=\"#85d2744a2d726a267\" href=\"#85d2744a2d726a267\"><span class=\"fusion-toggle-icon-wrapper\" aria-hidden=\"true\"><i class=\"fa-fusion-box active-icon awb-icon-minus\" aria-hidden=\"true\"><\/i><i class=\"fa-fusion-box inactive-icon awb-icon-plus\" aria-hidden=\"true\"><\/i><\/span><span class=\"fusion-toggle-heading\">\u00bfQui\u00e9nes pueden y\/o deben realizar este proceso?<\/span><\/a><\/h4><\/div><div id=\"85d2744a2d726a267\" class=\"panel-collapse collapse \" aria-labelledby=\"toggle_85d2744a2d726a267\"><div class=\"panel-body toggle-content fusion-clearfix\">\n<p><span style=\"font-weight: 400;\">Todo representante legal o encargado de una empresa regulada que cuenta con un instrumento de car\u00e1cter ambiental, cuyas obligaciones y compromisos de reporte se deban realizar a trav\u00e9s de los siguientes sistemas: SRCA, SSA o SPDC. Sin perjuicio de ello, en el futuro se podr\u00edan agregar nuevos sistemas.<\/span><\/p>\n<\/div><\/div><\/div><div class=\"fusion-panel panel-default panel-79ec690a5826be170 fusion-toggle-has-divider\"><div class=\"panel-heading\"><h4 class=\"panel-title toggle\" id=\"toggle_79ec690a5826be170\"><a aria-expanded=\"false\" aria-controls=\"79ec690a5826be170\" role=\"button\" data-toggle=\"collapse\" data-parent=\"#accordion-21766-1\" data-target=\"#79ec690a5826be170\" href=\"#79ec690a5826be170\"><span class=\"fusion-toggle-icon-wrapper\" aria-hidden=\"true\"><i class=\"fa-fusion-box active-icon awb-icon-minus\" aria-hidden=\"true\"><\/i><i class=\"fa-fusion-box inactive-icon awb-icon-plus\" aria-hidden=\"true\"><\/i><\/span><span class=\"fusion-toggle-heading\">\u00bfSe podr\u00e1 tener responsables por planta, establecimiento o Unidad Fiscalizable?<\/span><\/a><\/h4><\/div><div id=\"79ec690a5826be170\" class=\"panel-collapse collapse \" aria-labelledby=\"toggle_79ec690a5826be170\"><div class=\"panel-body toggle-content fusion-clearfix\">\n<p><span style=\"font-weight: 400;\">En un futuro cercano se podr\u00e1n asignar encargados y delegados por Unidad Fiscalizable (UF) y por sistema de reporte. En esta primera etapa, los permisos funcionan de forma general por Titular, sin embargo m\u00e1s adelante quien administre el SAR en una empresa, podr\u00e1 asignar roles espec\u00edficos de reporte a Encargados y Delegados por Unidad Fiscalizable.<\/span><\/p>\n<\/div><\/div><\/div><div class=\"fusion-panel panel-default panel-738f9f97905b60c9a fusion-toggle-has-divider\"><div class=\"panel-heading\"><h4 class=\"panel-title toggle\" id=\"toggle_738f9f97905b60c9a\"><a aria-expanded=\"false\" aria-controls=\"738f9f97905b60c9a\" role=\"button\" data-toggle=\"collapse\" data-parent=\"#accordion-21766-1\" data-target=\"#738f9f97905b60c9a\" href=\"#738f9f97905b60c9a\"><span class=\"fusion-toggle-icon-wrapper\" aria-hidden=\"true\"><i class=\"fa-fusion-box active-icon awb-icon-minus\" aria-hidden=\"true\"><\/i><i class=\"fa-fusion-box inactive-icon awb-icon-plus\" aria-hidden=\"true\"><\/i><\/span><span class=\"fusion-toggle-heading\">\u00bfOtros sistemas como SISAT (Sistema de Seguimiento Atmosf\u00e9rico) entran en esta l\u00f3gica de clave \u00fanica?<\/span><\/a><\/h4><\/div><div id=\"738f9f97905b60c9a\" class=\"panel-collapse collapse \" aria-labelledby=\"toggle_738f9f97905b60c9a\"><div class=\"panel-body toggle-content fusion-clearfix\">\n<p><span style=\"font-weight: 400;\">No. Este proceso aplica solo a los sistemas SRCA, SSA, y SPDC. Sin embargo, tal como lo indica el instructivo presidencial, en un futuro cercano se podr\u00edan incorporar nuevos sistemas de reporte. En este sentido, tambi\u00e9n se avanzar\u00e1 en la interoperabilidad de los sistemas de la SMA que se acceden a trav\u00e9s de la Ventanilla \u00danica del RETC (RILES, SICTER, SIV, SIVEM, SISAT), que administra el Ministerio del Medio Ambiente (MMA), para que los Titulares tengan la opci\u00f3n de ingresar directamente a la plataforma de la SMA, s\u00ed as\u00ed lo prefieren, respetando las credenciales habilitadas en el MMA.<\/span><\/p>\n<\/div><\/div><\/div><div class=\"fusion-panel panel-default panel-93464dbfc926ddfea fusion-toggle-has-divider\" style=\"--awb-title-color:#00355e;--awb-content-color:var(--awb-color8);\"><div class=\"panel-heading\"><h4 class=\"panel-title toggle\" id=\"toggle_93464dbfc926ddfea\"><a aria-expanded=\"false\" aria-controls=\"93464dbfc926ddfea\" role=\"button\" data-toggle=\"collapse\" data-parent=\"#accordion-21766-1\" data-target=\"#93464dbfc926ddfea\" href=\"#93464dbfc926ddfea\"><span class=\"fusion-toggle-icon-wrapper\" aria-hidden=\"true\"><i class=\"fa-fusion-box active-icon awb-icon-minus\" aria-hidden=\"true\"><\/i><i class=\"fa-fusion-box inactive-icon awb-icon-plus\" aria-hidden=\"true\"><\/i><\/span><span class=\"fusion-toggle-heading\">Ante alguna duda respecto al proceso o error cometido, \u00bfcon qui\u00e9n me comunico?<\/span><\/a><\/h4><\/div><div id=\"93464dbfc926ddfea\" class=\"panel-collapse collapse \" aria-labelledby=\"toggle_93464dbfc926ddfea\"><div class=\"panel-body toggle-content fusion-clearfix\">\n<p>Todo debe ser canalizado a trav\u00e9s del formulario de atenci\u00f3n ciudadana <a href=\"https:\/\/oac.sma.gob.cl\/\"><span style=\"text-decoration: underline;\">oac.sma.gob.cl<\/span>.<\/a><\/p>\n<\/div><\/div><\/div><div class=\"fusion-panel panel-default panel-2a6765382752ee5f6 fusion-toggle-has-divider\"><div class=\"panel-heading\"><h4 class=\"panel-title toggle\" id=\"toggle_2a6765382752ee5f6\"><a aria-expanded=\"false\" aria-controls=\"2a6765382752ee5f6\" role=\"button\" data-toggle=\"collapse\" data-parent=\"#accordion-21766-1\" data-target=\"#2a6765382752ee5f6\" href=\"#2a6765382752ee5f6\"><span class=\"fusion-toggle-icon-wrapper\" aria-hidden=\"true\"><i class=\"fa-fusion-box active-icon awb-icon-minus\" aria-hidden=\"true\"><\/i><i class=\"fa-fusion-box inactive-icon awb-icon-plus\" aria-hidden=\"true\"><\/i><\/span><span class=\"fusion-toggle-heading\">\u00bfHabr\u00e1 una integraci\u00f3n con la Ventanilla \u00fanica del RETC que administra el Ministerio del Medio Ambiente (MMA)?<\/span><\/a><\/h4><\/div><div id=\"2a6765382752ee5f6\" class=\"panel-collapse collapse \" aria-labelledby=\"toggle_2a6765382752ee5f6\"><div class=\"panel-body toggle-content fusion-clearfix\">\n<p><span style=\"font-weight: 400;\">Si bien la SMA y el MMA\u00a0 son instituciones con facultades y obligaciones distintas, se avanzar\u00e1 en la interoperabilidad de ambas plataformas. La SMA proyecta para mediano plazo un \u201cPortal del Regulado SMA\u201d que contenga todos los compromisos y obligaciones de reporte ante la instituci\u00f3n, adem\u00e1s de otras herramientas que permitan promover el cumplimiento de la normativa ambiental, que funcionar\u00e1 de forma integrada con la Ventanilla \u00danica del RETC.<\/span><\/p>\n<\/div><\/div><\/div><div class=\"fusion-panel panel-default panel-bb8e8f97c3ab2af92 fusion-toggle-has-divider\"><div class=\"panel-heading\"><h4 class=\"panel-title toggle\" id=\"toggle_bb8e8f97c3ab2af92\"><a aria-expanded=\"false\" aria-controls=\"bb8e8f97c3ab2af92\" role=\"button\" data-toggle=\"collapse\" data-parent=\"#accordion-21766-1\" data-target=\"#bb8e8f97c3ab2af92\" href=\"#bb8e8f97c3ab2af92\"><span class=\"fusion-toggle-icon-wrapper\" aria-hidden=\"true\"><i class=\"fa-fusion-box active-icon awb-icon-minus\" aria-hidden=\"true\"><\/i><i class=\"fa-fusion-box inactive-icon awb-icon-plus\" aria-hidden=\"true\"><\/i><\/span><span class=\"fusion-toggle-heading\">\u00bfC\u00f3mo se controlar\u00e1 el acceso a la herramienta de personas desvinculadas de empresas que deben reportar?<\/span><\/a><\/h4><\/div><div id=\"bb8e8f97c3ab2af92\" class=\"panel-collapse collapse \" aria-labelledby=\"toggle_bb8e8f97c3ab2af92\"><div class=\"panel-body toggle-content fusion-clearfix\">\n<p><span style=\"font-weight: 400;\">El Representante legal o los encargados registrados podr\u00e1n actualizar los permisos de reporte directamente en el SAR. Dado que el acceso funciona de forma individualizada para cada persona natural, es posible restringir o eliminar los permisos a individuos particulares, sin afectar al resto de los usuarios. De este modo, el SAR permitir\u00e1 que cada empresa controle sus permisos de reporte, agregando, editando o eliminando accesos. Con esto, cada Titular ser\u00e1 responsable del manejo de su informaci\u00f3n y de actualizar los permisos que correspondan.<\/span><\/p>\n<\/div><\/div><\/div><\/div><\/div><div class=\"fusion-separator fusion-full-width-sep\" style=\"align-self: center;margin-left: auto;margin-right: auto;margin-top:30px;margin-bottom:30px;width:100%;\"><\/div>\n<div class=\"table-2\">\n<table width=\"100%\">\n<thead>\n<tr>\n<th align=\"left\">Webinar, 10 de noviembre de 2020<\/th>\n<th align=\"left\"><\/th>\n<\/tr>\n<\/thead>\n<tbody>\n<tr>\n<td align=\"left\"><a href=\"https:\/\/youtu.be\/lJj-FgXbYL8\" target=\"_blank\" rel=\"noopener noreferrer\">Ver video<\/a><\/td>\n<td align=\"left\"><a href=\"https:\/\/portal.sma.gob.cl\/index.php\/download\/webinar-sma-registro-de-titulares-y-clave-unica\/?wpdmdl=21805&amp;masterkey=5faad6664fff2\">Descargar presentaci\u00f3n<\/a><\/td>\n<\/tr>\n<\/tbody>\n<\/table>\n<\/div>\n<\/div><\/div><\/div><\/div><\/div><\/p>\n","protected":false},"excerpt":{"rendered":"","protected":false},"author":3,"featured_media":0,"parent":12414,"menu_order":0,"comment_status":"closed","ping_status":"closed","template":"","meta":{"footnotes":""},"class_list":["post-21766","page","type-page","status-publish","hentry"],"_links":{"self":[{"href":"https:\/\/portal.sma.gob.cl\/index.php\/wp-json\/wp\/v2\/pages\/21766","targetHints":{"allow":["GET"]}}],"collection":[{"href":"https:\/\/portal.sma.gob.cl\/index.php\/wp-json\/wp\/v2\/pages"}],"about":[{"href":"https:\/\/portal.sma.gob.cl\/index.php\/wp-json\/wp\/v2\/types\/page"}],"author":[{"embeddable":true,"href":"https:\/\/portal.sma.gob.cl\/index.php\/wp-json\/wp\/v2\/users\/3"}],"replies":[{"embeddable":true,"href":"https:\/\/portal.sma.gob.cl\/index.php\/wp-json\/wp\/v2\/comments?post=21766"}],"version-history":[{"count":49,"href":"https:\/\/portal.sma.gob.cl\/index.php\/wp-json\/wp\/v2\/pages\/21766\/revisions"}],"predecessor-version":[{"id":30177,"href":"https:\/\/portal.sma.gob.cl\/index.php\/wp-json\/wp\/v2\/pages\/21766\/revisions\/30177"}],"up":[{"embeddable":true,"href":"https:\/\/portal.sma.gob.cl\/index.php\/wp-json\/wp\/v2\/pages\/12414"}],"wp:attachment":[{"href":"https:\/\/portal.sma.gob.cl\/index.php\/wp-json\/wp\/v2\/media?parent=21766"}],"curies":[{"name":"wp","href":"https:\/\/api.w.org\/{rel}","templated":true}]}}