{"id":21925,"date":"2020-12-16T12:59:18","date_gmt":"2020-12-16T15:59:18","guid":{"rendered":"https:\/\/portal.sma.gob.cl\/?page_id=21925"},"modified":"2021-12-27T16:15:14","modified_gmt":"2021-12-27T19:15:14","slug":"conexion-y-reporte-de-variables-operacionales-de-fuentes-estacionarias","status":"publish","type":"page","link":"https:\/\/portal.sma.gob.cl\/index.php\/portal-regulados\/instructivos-y-guias\/conexion-y-reporte-de-variables-operacionales-de-fuentes-estacionarias\/","title":{"rendered":"Conexi\u00f3n y Reporte de Variables Operacionales de fuentes estacionarias"},"content":{"rendered":"<p><div class=\"fusion-fullwidth fullwidth-box fusion-builder-row-1 fusion-flex-container nonhundred-percent-fullwidth non-hundred-percent-height-scrolling\" style=\"--awb-border-radius-top-left:0px;--awb-border-radius-top-right:0px;--awb-border-radius-bottom-right:0px;--awb-border-radius-bottom-left:0px;--awb-flex-wrap:wrap;\" ><div class=\"fusion-builder-row fusion-row fusion-flex-align-items-flex-start fusion-flex-content-wrap\" style=\"max-width:1144px;margin-left: calc(-4% \/ 2 );margin-right: calc(-4% \/ 2 );\"><div class=\"fusion-layout-column fusion_builder_column fusion-builder-column-0 fusion_builder_column_1_1 1_1 fusion-flex-column\" style=\"--awb-bg-size:cover;--awb-width-large:100%;--awb-margin-top-large:0px;--awb-spacing-right-large:1.92%;--awb-margin-bottom-large:20px;--awb-spacing-left-large:1.92%;--awb-width-medium:100%;--awb-order-medium:0;--awb-spacing-right-medium:1.92%;--awb-spacing-left-medium:1.92%;--awb-width-small:100%;--awb-order-small:0;--awb-spacing-right-small:1.92%;--awb-spacing-left-small:1.92%;\"><div class=\"fusion-column-wrapper fusion-column-has-shadow fusion-flex-justify-content-flex-start fusion-content-layout-column\"><div class=\"fusion-text fusion-text-1\"><h1><strong>Conexi\u00f3n y Reporte de Variables Operacionales de fuentes estacionarias<\/strong><\/h1>\n<hr \/>\n<p style=\"text-align: justify;\">La Superintendencia del Medio Ambiente (SMA) cuenta con el Protocolo de Conexi\u00f3n y Reporte de variables operacionales para la verificaci\u00f3n de compromisos ambientales <strong><a href=\"https:\/\/transparencia.sma.gob.cl\/doc\/resoluciones\/RESOL_EXENTA_SMA_2020\/RESOL%20EXENTA%20N%202452%20SMA.PDF\" target=\"_blank\" rel=\"noopener\">(Resoluci\u00f3n Exenta N\u00b0 2452\/2020)<\/a><\/strong> el que tiene como objetivo de disponer de informaci\u00f3n oportuna del nivel de actividad de las fuentes estacionarias del tipo Calderas, Turbinas y Procesos con combusti\u00f3n a nivel nacional, en el cual se consolidan los aspectos t\u00e9cnicos de la instrumentaci\u00f3n que deber\u00e1 disponer el titular de un establecimiento, as\u00ed como tambi\u00e9n, los requisitos de conexi\u00f3n en l\u00ednea, reporte de datos, y aseguramiento y control de calidad de dichos instrumentos, garantizando que los resultados obtenidos sean confiables y de calidad asegurada.<\/p>\n<p><strong>En este protocolo se establecen las siguientes exigencias:<\/strong><\/p>\n<ol>\n<li style=\"text-align: justify;\">Conexi\u00f3n en L\u00ednea de variables Operacionales en tiempo real.<\/li>\n<li style=\"text-align: justify;\">Reporte trimestral de variables operacionales.<\/li>\n<li style=\"text-align: justify;\">Reporte de variables operacionales para la verificaci\u00f3n del cumplimiento de medidas GEC, en d\u00edas de Episodios cr\u00edticos por PDA o PPDA.<\/li>\n<\/ol>\n<h3><\/h3>\n<h3>Flujo para la conexi\u00f3n y reporte de variables operacionales:<\/h3>\n<\/div><div class=\"fusion-image-element \" style=\"--awb-caption-title-font-family:var(--h2_typography-font-family);--awb-caption-title-font-weight:var(--h2_typography-font-weight);--awb-caption-title-font-style:var(--h2_typography-font-style);--awb-caption-title-size:var(--h2_typography-font-size);--awb-caption-title-transform:var(--h2_typography-text-transform);--awb-caption-title-line-height:var(--h2_typography-line-height);--awb-caption-title-letter-spacing:var(--h2_typography-letter-spacing);\"><span class=\" fusion-imageframe imageframe-none imageframe-1 hover-type-none\"><a href=\"https:\/\/portal.sma.gob.cl\/wp-content\/uploads\/2020\/12\/flujo1.png\" class=\"fusion-lightbox\" data-rel=\"iLightbox[017c8176c802d93b6a9]\" data-caption=\"\" title=\"flujo1\"><img decoding=\"async\" width=\"2500\" height=\"2126\" src=\"https:\/\/portal.sma.gob.cl\/wp-content\/uploads\/2020\/12\/flujo1.png\" alt class=\"img-responsive wp-image-21944\" srcset=\"https:\/\/portal.sma.gob.cl\/wp-content\/uploads\/2020\/12\/flujo1-200x170.png 200w, https:\/\/portal.sma.gob.cl\/wp-content\/uploads\/2020\/12\/flujo1-400x340.png 400w, https:\/\/portal.sma.gob.cl\/wp-content\/uploads\/2020\/12\/flujo1-600x510.png 600w, https:\/\/portal.sma.gob.cl\/wp-content\/uploads\/2020\/12\/flujo1-800x680.png 800w, https:\/\/portal.sma.gob.cl\/wp-content\/uploads\/2020\/12\/flujo1-1200x1020.png 1200w, https:\/\/portal.sma.gob.cl\/wp-content\/uploads\/2020\/12\/flujo1.png 2500w\" sizes=\"(max-width: 1024px) 100vw, (max-width: 640px) 100vw, 1200px\" \/><\/a><\/span><\/div><\/div><\/div><\/div><\/div><div class=\"fusion-fullwidth fullwidth-box fusion-builder-row-2 fusion-flex-container nonhundred-percent-fullwidth non-hundred-percent-height-scrolling\" style=\"--awb-border-radius-top-left:0px;--awb-border-radius-top-right:0px;--awb-border-radius-bottom-right:0px;--awb-border-radius-bottom-left:0px;--awb-flex-wrap:wrap;\" ><div class=\"fusion-builder-row fusion-row fusion-flex-align-items-flex-start fusion-flex-content-wrap\" style=\"max-width:1144px;margin-left: calc(-4% \/ 2 );margin-right: calc(-4% \/ 2 );\"><div class=\"fusion-layout-column fusion_builder_column fusion-builder-column-1 fusion_builder_column_1_1 1_1 fusion-flex-column\" style=\"--awb-bg-size:cover;--awb-width-large:100%;--awb-margin-top-large:0px;--awb-spacing-right-large:1.92%;--awb-margin-bottom-large:20px;--awb-spacing-left-large:1.92%;--awb-width-medium:100%;--awb-order-medium:0;--awb-spacing-right-medium:1.92%;--awb-spacing-left-medium:1.92%;--awb-width-small:100%;--awb-order-small:0;--awb-spacing-right-small:1.92%;--awb-spacing-left-small:1.92%;\"><div class=\"fusion-column-wrapper fusion-column-has-shadow fusion-flex-justify-content-flex-start fusion-content-layout-column\"><div class=\"fusion-text fusion-text-2\"><h3><strong>Catastro SMA en Sistema de Seguimiento Atmosf\u00e9rico SISAT<\/strong><\/h3>\n<p>Es importante recordar que, para dar cumplimiento a este protocolo, los titulares de las fuentes estacionarias reguladas por dicha instrucci\u00f3n deben estar registrados en Ventanilla \u00danica (contar con clave de acceso), sistema que administra el Ministerio del Medio Ambiente y adem\u00e1s, haber completado el registro de fuentes y procesos (RFP) Una vez realizado este proceso, se dispondr\u00e1 del acceso a SISAT.<\/p>\n<p>Por lo tanto, se deber\u00e1 completar la informaci\u00f3n de cada una de las fuentes estacionarias del establecimiento (Calderas, Turbinas y Procesos con Combusti\u00f3n) en el m\u00f3dulo de catastro en SISAT.<\/p>\n<\/div><div class=\"fusion-image-element \" style=\"--awb-caption-title-font-family:var(--h2_typography-font-family);--awb-caption-title-font-weight:var(--h2_typography-font-weight);--awb-caption-title-font-style:var(--h2_typography-font-style);--awb-caption-title-size:var(--h2_typography-font-size);--awb-caption-title-transform:var(--h2_typography-text-transform);--awb-caption-title-line-height:var(--h2_typography-line-height);--awb-caption-title-letter-spacing:var(--h2_typography-letter-spacing);\"><span class=\" fusion-imageframe imageframe-none imageframe-2 hover-type-none\"><a href=\"https:\/\/portal.sma.gob.cl\/wp-content\/uploads\/2020\/12\/Flujo2.png\" class=\"fusion-lightbox\" data-rel=\"iLightbox[f1c49961d8764cb6cdc]\" data-title=\"Flujo2\" title=\"Flujo2\"><img decoding=\"async\" width=\"2500\" height=\"1740\" src=\"https:\/\/portal.sma.gob.cl\/wp-content\/uploads\/2020\/12\/Flujo2.png\" alt class=\"img-responsive wp-image-21947\" srcset=\"https:\/\/portal.sma.gob.cl\/wp-content\/uploads\/2020\/12\/Flujo2-200x139.png 200w, https:\/\/portal.sma.gob.cl\/wp-content\/uploads\/2020\/12\/Flujo2-400x278.png 400w, https:\/\/portal.sma.gob.cl\/wp-content\/uploads\/2020\/12\/Flujo2-600x418.png 600w, https:\/\/portal.sma.gob.cl\/wp-content\/uploads\/2020\/12\/Flujo2-800x557.png 800w, https:\/\/portal.sma.gob.cl\/wp-content\/uploads\/2020\/12\/Flujo2-1200x835.png 1200w, https:\/\/portal.sma.gob.cl\/wp-content\/uploads\/2020\/12\/Flujo2.png 2500w\" sizes=\"(max-width: 1024px) 100vw, (max-width: 640px) 100vw, 1200px\" \/><\/a><\/span><\/div><\/div><\/div><\/div><\/div><div class=\"fusion-fullwidth fullwidth-box fusion-builder-row-3 fusion-flex-container nonhundred-percent-fullwidth non-hundred-percent-height-scrolling\" style=\"--awb-border-radius-top-left:0px;--awb-border-radius-top-right:0px;--awb-border-radius-bottom-right:0px;--awb-border-radius-bottom-left:0px;--awb-flex-wrap:wrap;\" ><div class=\"fusion-builder-row fusion-row fusion-flex-align-items-flex-start fusion-flex-content-wrap\" style=\"max-width:1144px;margin-left: calc(-4% \/ 2 );margin-right: calc(-4% \/ 2 );\"><div class=\"fusion-layout-column fusion_builder_column fusion-builder-column-2 fusion_builder_column_1_1 1_1 fusion-flex-column\" style=\"--awb-bg-size:cover;--awb-width-large:100%;--awb-margin-top-large:0px;--awb-spacing-right-large:1.92%;--awb-margin-bottom-large:20px;--awb-spacing-left-large:1.92%;--awb-width-medium:100%;--awb-order-medium:0;--awb-spacing-right-medium:1.92%;--awb-spacing-left-medium:1.92%;--awb-width-small:100%;--awb-order-small:0;--awb-spacing-right-small:1.92%;--awb-spacing-left-small:1.92%;\"><div class=\"fusion-column-wrapper fusion-column-has-shadow fusion-flex-justify-content-flex-start fusion-content-layout-column\"><div class=\"fusion-text fusion-text-3\"><h3><strong>Documentos de apoyo<\/strong><\/h3>\n<ul>\n<li><a href=\"https:\/\/portal.sma.gob.cl\/index.php\/download\/guia-modulo-catastro-en-sistema-de-seguimiento-atmosferico-sisat\/?wpdmdl=21950&amp;masterkey=5fdba4b4800df\" target=\"_blank\" rel=\"noopener\">Gu\u00eda M\u00f3dulo Catastro en Sistema de Seguimiento Atmosf\u00e9rico (SISAT).<\/a><\/li>\n<li><a href=\"https:\/\/portal.sma.gob.cl\/index.php\/download\/guia-modulo-gec-en-sistema-de-seguimiento-atmosferico-sisat\/?wpdmdl=22424&amp;masterkey=606b66c34a987\">Gu\u00eda M\u00f3dulo GEC en Sistema de Seguimiento Atmosf\u00e9rico ( SISAT)<\/a><\/li>\n<li><a href=\"https:\/\/portal.sma.gob.cl\/index.php\/download\/guia-reporte-trimestral-sisat-v1-0\/?wpdmdl=22495&amp;masterkey=60784cc13f3df\">Gu\u00eda Reporte Trimestral (SISAT)<\/a><\/li>\n<\/ul>\n<p>A continuaci\u00f3n se dejan a disposici\u00f3n de los regulados, las presentaciones realizadas en el <strong>\u201cTaller difusi\u00f3n \u201c Protocolo para la Conexi\u00f3n y Reporte de Variables Operacionales para la Verificaci\u00f3n de Compromisos Ambientales\u201d,<\/strong> realizado por la Superintendencia del Medio Ambiente junto a SOFOFA en d\u00eda martes 01 de diciembre de 2020.<\/p>\n<ul>\n<li><a href=\"https:\/\/portal.sma.gob.cl\/index.php\/download\/presentaciones-taller-difusion-sisat\/?wpdmdl=21955&amp;masterkey=5fdba528547d3\" target=\"_blank\" rel=\"noopener\">Descargar presentaciones<\/a><\/li>\n<\/ul>\n<\/div><\/div><\/div><\/div><\/div><div class=\"fusion-fullwidth fullwidth-box fusion-builder-row-4 fusion-flex-container nonhundred-percent-fullwidth non-hundred-percent-height-scrolling\" style=\"--awb-border-radius-top-left:0px;--awb-border-radius-top-right:0px;--awb-border-radius-bottom-right:0px;--awb-border-radius-bottom-left:0px;--awb-flex-wrap:wrap;\" ><div class=\"fusion-builder-row fusion-row fusion-flex-align-items-flex-start fusion-flex-content-wrap\" style=\"max-width:1144px;margin-left: calc(-4% \/ 2 );margin-right: calc(-4% \/ 2 );\"><div class=\"fusion-layout-column fusion_builder_column fusion-builder-column-3 fusion_builder_column_1_1 1_1 fusion-flex-column\" style=\"--awb-bg-size:cover;--awb-width-large:100%;--awb-margin-top-large:0px;--awb-spacing-right-large:1.92%;--awb-margin-bottom-large:20px;--awb-spacing-left-large:1.92%;--awb-width-medium:100%;--awb-order-medium:0;--awb-spacing-right-medium:1.92%;--awb-spacing-left-medium:1.92%;--awb-width-small:100%;--awb-order-small:0;--awb-spacing-right-small:1.92%;--awb-spacing-left-small:1.92%;\"><div class=\"fusion-column-wrapper fusion-column-has-shadow fusion-flex-justify-content-flex-start fusion-content-layout-column\"><div class=\"fusion-text fusion-text-4\"><p>En atenci\u00f3n a los Talleres realizados por la Superintendencia del Medio Ambiente para el\u00a0<strong>\u201c<em>Catastro de Fuentes Estacionarias en el Sistema de Seguimiento Atmosf\u00e9rico (SISAT)\u201d<\/em><\/strong>, dirigido a los regulados de las comunas afectas a los Planes donde la fiscalizaci\u00f3n en per\u00edodo GEC est\u00e1 a cargo de esta Superintendencia, se deja a disposici\u00f3n los links con las grabaciones de cada Taller y archivos con las presentaciones:<\/p>\n<\/div>\n<div class=\"table-1\">\n<table width=\"100%\">\n<thead>\n<tr>\n<th align=\"left\">Titulo<\/th>\n<th align=\"left\">Presentaci\u00f3n<\/th>\n<\/tr>\n<\/thead>\n<tbody>\n<tr>\n<td align=\"left\">Protocolo de conexi\u00f3n y reporte de variables operacionales para la verificaci\u00f3n de compromisos ambientales<\/td>\n<td align=\"left\"><a href=\"https:\/\/portal.sma.gob.cl\/index.php\/download\/protocolo-de-conexion-y-reporte-de-variables-operacionales-para-la-verificacion-de-compromisos-ambientales\/?wpdmdl=22462&amp;masterkey=606f632bcb48d\">Descargar<\/a><\/td>\n<\/tr>\n<tr>\n<td align=\"left\">M\u00f3dulo Catastro y M\u00f3dulo GEC en Sistema de Seguimiento Atmosf\u00e9rico SISAT<\/td>\n<td align=\"left\"><a href=\"https:\/\/portal.sma.gob.cl\/index.php\/download\/modulo-catastro-y-modulo-gec-en-sistema-de-seguimiento-atmosferico-sisat\/?wpdmdl=22463&amp;masterkey=606f635d2a6fb\">Descargar<\/a><\/td>\n<\/tr>\n<tr>\n<td align=\"left\">M\u00f3dulo de Catastro Sistema de Seguimiento Atmosf\u00e9rico SISAT<\/td>\n<td align=\"left\"><a href=\"https:\/\/portal.sma.gob.cl\/index.php\/download\/modulo-de-catastro-sistema-de-seguimiento-atmosferico-sisat\/?wpdmdl=22464&amp;masterkey=606f637fb3cd9\">Descargar<\/a><\/td>\n<\/tr>\n<\/tbody>\n<\/table>\n<\/div>\n<div class=\"fusion-separator fusion-full-width-sep\" style=\"align-self: center;margin-left: auto;margin-right: auto;margin-top:20px;margin-bottom:20px;width:100%;\"><\/div><div class=\"fusion-text fusion-text-5\"><p><strong>Videos:<\/strong><\/p>\n<ul>\n<li><a href=\"https:\/\/azuresmagob-my.sharepoint.com\/:v:\/g\/personal\/patricio_delarosa_sma_gob_cl\/EaMqq0qNBpNJu_EJNP_XlboBV8h_OQs7t-9Dtv7RmxCMFw?e=kzgwiV\">Taller PDA Talca- Maule y PDA Valle Central de la Provincia de Curic\u00f3 (30\/03\/2021)<\/a><\/li>\n<li><a href=\"https:\/\/azuresmagob-my.sharepoint.com\/:v:\/g\/personal\/patricio_delarosa_sma_gob_cl\/Ec6_5j7owxxEtRLLXYbZSU8BQmoEdosEPfgiYL_sZ07rIQ?e=PHcSvT\">Taller PDA Valdivia (30\/03\/2021)<\/a><\/li>\n<li><a href=\"https:\/\/azuresmagob-my.sharepoint.com\/:v:\/g\/personal\/patricio_delarosa_sma_gob_cl\/ERf12094IcpJol9Q5p1RSFABqo2hx0yx0GkKo_YenXpJHA?e=ioCuK4\">Taller PPDA Concepci\u00f3n Metropolitano y PDA Los \u00c1ngeles (23\/03\/2021)<\/a><\/li>\n<\/ul>\n<\/div><\/div><\/div><\/div><\/div><div class=\"fusion-fullwidth fullwidth-box fusion-builder-row-5 fusion-flex-container nonhundred-percent-fullwidth non-hundred-percent-height-scrolling\" style=\"--awb-border-radius-top-left:0px;--awb-border-radius-top-right:0px;--awb-border-radius-bottom-right:0px;--awb-border-radius-bottom-left:0px;--awb-flex-wrap:wrap;\" ><div class=\"fusion-builder-row fusion-row fusion-flex-align-items-flex-start fusion-flex-content-wrap\" style=\"max-width:1144px;margin-left: calc(-4% \/ 2 );margin-right: calc(-4% \/ 2 );\"><div class=\"fusion-layout-column fusion_builder_column fusion-builder-column-4 fusion_builder_column_1_1 1_1 fusion-flex-column\" style=\"--awb-bg-size:cover;--awb-width-large:100%;--awb-margin-top-large:0px;--awb-spacing-right-large:1.92%;--awb-margin-bottom-large:20px;--awb-spacing-left-large:1.92%;--awb-width-medium:100%;--awb-order-medium:0;--awb-spacing-right-medium:1.92%;--awb-spacing-left-medium:1.92%;--awb-width-small:100%;--awb-order-small:0;--awb-spacing-right-small:1.92%;--awb-spacing-left-small:1.92%;\"><div class=\"fusion-column-wrapper fusion-column-has-shadow fusion-flex-justify-content-flex-start fusion-content-layout-column\"><div class=\"fusion-text fusion-text-6\"><p><strong>De acuerdo con el taller realizado con fecha 26 de agosto de 2021<\/strong> por la Superintendencia del Medio Ambiente, dirigidos a regulados de establecimientos afectos con obligaciones de acuerdo a las Resoluciones Exentas N\u00b0 2452\/2020 y N\u00b0 743\/2021 SMA. Se deja a disposici\u00f3n el material con la grabaci\u00f3n y archivos con las presentaciones.<\/p>\n<\/div>\n<div class=\"table-1\">\n<table width=\"100%\">\n<thead>\n<tr>\n<th align=\"left\">Titulo<\/th>\n<th align=\"left\">Presentaci\u00f3n<\/th>\n<\/tr>\n<\/thead>\n<tbody>\n<tr>\n<td align=\"left\">Protocolo de Conexi\u00f3n en L\u00ednea y Reporte de Variables Operacionales de Motores de Combusti\u00f3n Interna para Generaci\u00f3n El\u00e9ctrica.<\/td>\n<td align=\"left\"><a href=\"https:\/\/portal.sma.gob.cl\/index.php\/download\/presentacion-juan-pablo-rodriguez-res-ex-743-sma-2021\/?wpdmdl=22840&amp;masterkey=61322d6b54c04\">Descargar<\/a><\/td>\n<\/tr>\n<tr>\n<td align=\"left\">M\u00f3dulo de Catastro Sistema de Seguimiento Atmosf\u00e9rico SISAT, Res. Ex. N\u00b0 743 SMA 2021 y Actualizaci\u00f3n SISAT agosto 2021.<\/td>\n<td align=\"left\"><a href=\"https:\/\/portal.sma.gob.cl\/index.php\/download\/taller-ge-2021-renzo-stanley\/?wpdmdl=22841&amp;masterkey=61322daf80085\">Descargar<\/a><\/td>\n<\/tr>\n<\/tbody>\n<\/table>\n<\/div>\n<div class=\"fusion-separator fusion-full-width-sep\" style=\"align-self: center;margin-left: auto;margin-right: auto;margin-top:20px;margin-bottom:20px;width:100%;\"><\/div><div class=\"fusion-text fusion-text-7\"><p><strong>Video:<\/strong><\/p>\n<ul>\n<li><a href=\"https:\/\/azuresmagob-my.sharepoint.com\/:v:\/g\/personal\/victor_delgado_sma_gob_cl\/EcRNPy_jRltBi9NzZykBuXEB34CZ1GyVLAgWvE7sN1pkmw?e=e3GRln\">Taller Superintendencia del Medio Ambiente, Santiago 26 de agosto de 2021.<\/a><\/li>\n<\/ul>\n<\/div><\/div><\/div><\/div><\/div><div class=\"fusion-fullwidth fullwidth-box fusion-builder-row-6 fusion-flex-container nonhundred-percent-fullwidth non-hundred-percent-height-scrolling\" style=\"--awb-border-radius-top-left:0px;--awb-border-radius-top-right:0px;--awb-border-radius-bottom-right:0px;--awb-border-radius-bottom-left:0px;--awb-flex-wrap:wrap;\" ><div class=\"fusion-builder-row fusion-row fusion-flex-align-items-flex-start fusion-flex-content-wrap\" style=\"max-width:1144px;margin-left: calc(-4% \/ 2 );margin-right: calc(-4% \/ 2 );\"><div class=\"fusion-layout-column fusion_builder_column fusion-builder-column-5 fusion_builder_column_1_1 1_1 fusion-flex-column\" style=\"--awb-bg-size:cover;--awb-width-large:100%;--awb-margin-top-large:0px;--awb-spacing-right-large:1.92%;--awb-margin-bottom-large:20px;--awb-spacing-left-large:1.92%;--awb-width-medium:100%;--awb-order-medium:0;--awb-spacing-right-medium:1.92%;--awb-spacing-left-medium:1.92%;--awb-width-small:100%;--awb-order-small:0;--awb-spacing-right-small:1.92%;--awb-spacing-left-small:1.92%;\"><div class=\"fusion-column-wrapper fusion-column-has-shadow fusion-flex-justify-content-flex-start fusion-content-layout-column\"><div class=\"fusion-text fusion-text-8\" style=\"--awb-text-transform:none;\"><p style=\"text-align: justify;\"><strong>De acuerdo con el taller realizado con fecha 21 de diciembre de 2021<\/strong> por la Superintendencia del Medio Ambiente, dirigidos a regulados de establecimientos afectos con obligaciones de acuerdo con la Resoluci\u00f3n Exenta N\u00b0 2547 SMA 2021 que \u201cEstablece instrucciones generales sobre deberes de remisi\u00f3n de informaci\u00f3n para fuentes reguladas por normas de emisi\u00f3n de contaminantes a la atmosfera y planes de prevenci\u00f3n y\/o descontaminaci\u00f3n atmosf\u00e9rica en Sistema de Seguimiento Atmosf\u00e9rico (SISAT) de la SMA\u201d. Se deja a disposici\u00f3n el material con la grabaci\u00f3n y archivos con las presentaciones.<\/p>\n<\/div>\n<div class=\"table-1\">\n<table width=\"100%\">\n<thead>\n<tr>\n<th align=\"left\">T\u00edtulo<\/th>\n<th align=\"left\">Presentaci\u00f3n<\/th>\n<\/tr>\n<\/thead>\n<tbody>\n<tr>\n<td align=\"left\">Nuevo Instructivo sobre Deberes de Remisi\u00f3n de Informaci\u00f3n en Sistema de Seguimiento Atmosf\u00e9rico (SISAT)<\/td>\n<td align=\"left\"><a href=\"https:\/\/portal.sma.gob.cl\/index.php\/download\/nuevo-instructivo-sobre-deberes-de-remision-de-informacion-en-sistema-de-seguimiento-atmosferico-sisat\/?wpdmdl=23087&amp;masterkey=61c373ba36335\">Descargar<\/a><\/td>\n<\/tr>\n<tr>\n<td align=\"left\">Informaci\u00f3n y M\u00f3dulos del Sistema de Seguimiento Atmosf\u00e9rico (SISAT)<\/td>\n<td align=\"left\"><a href=\"https:\/\/portal.sma.gob.cl\/index.php\/download\/informacion-y-modulos-del-sistema-de-seguimiento-atmosferico-sisat\/?wpdmdl=23089&amp;masterkey=61c3745c6c378\">Descargar<\/a><\/td>\n<\/tr>\n<tr>\n<td align=\"left\">Actualizaci\u00f3n Sistema de Seguimiento Atmosf\u00e9rico SISAT<\/td>\n<td align=\"left\"><a href=\"https:\/\/portal.sma.gob.cl\/index.php\/download\/actualizacion-sistema-de-seguimiento-atmosferico-sisat\/?wpdmdl=23091&amp;masterkey=61c37601d8715\">Descargar<\/a><\/td>\n<\/tr>\n<tr>\n<td align=\"left\">Video grabaci\u00f3n del taller<\/td>\n<td align=\"left\"><a href=\"https:\/\/azuresmagob-my.sharepoint.com\/:v:\/g\/personal\/victor_delgado_sma_gob_cl\/ETktpks-dcNMsgucCgV-HoIBYwl2kyin03KZ8YbzVGyuiw?e=kqsuHa\" target=\"_blank\" rel=\"noopener\">Ver<\/a><\/td>\n<\/tr>\n<\/tbody>\n<\/table>\n<\/div>\n<\/div><\/div><\/div><\/div><\/p>\n","protected":false},"excerpt":{"rendered":"","protected":false},"author":3,"featured_media":0,"parent":12414,"menu_order":0,"comment_status":"closed","ping_status":"closed","template":"","meta":{"footnotes":""},"class_list":["post-21925","page","type-page","status-publish","hentry"],"_links":{"self":[{"href":"https:\/\/portal.sma.gob.cl\/index.php\/wp-json\/wp\/v2\/pages\/21925","targetHints":{"allow":["GET"]}}],"collection":[{"href":"https:\/\/portal.sma.gob.cl\/index.php\/wp-json\/wp\/v2\/pages"}],"about":[{"href":"https:\/\/portal.sma.gob.cl\/index.php\/wp-json\/wp\/v2\/types\/page"}],"author":[{"embeddable":true,"href":"https:\/\/portal.sma.gob.cl\/index.php\/wp-json\/wp\/v2\/users\/3"}],"replies":[{"embeddable":true,"href":"https:\/\/portal.sma.gob.cl\/index.php\/wp-json\/wp\/v2\/comments?post=21925"}],"version-history":[{"count":57,"href":"https:\/\/portal.sma.gob.cl\/index.php\/wp-json\/wp\/v2\/pages\/21925\/revisions"}],"predecessor-version":[{"id":23104,"href":"https:\/\/portal.sma.gob.cl\/index.php\/wp-json\/wp\/v2\/pages\/21925\/revisions\/23104"}],"up":[{"embeddable":true,"href":"https:\/\/portal.sma.gob.cl\/index.php\/wp-json\/wp\/v2\/pages\/12414"}],"wp:attachment":[{"href":"https:\/\/portal.sma.gob.cl\/index.php\/wp-json\/wp\/v2\/media?parent=21925"}],"curies":[{"name":"wp","href":"https:\/\/api.w.org\/{rel}","templated":true}]}}