{"id":27822,"date":"2023-09-05T10:39:30","date_gmt":"2023-09-05T13:39:30","guid":{"rendered":"https:\/\/portal.sma.gob.cl\/?page_id=27822"},"modified":"2024-10-28T14:38:17","modified_gmt":"2024-10-28T17:38:17","slug":"boletin-concon-quintero-y-puchuncavi","status":"publish","type":"page","link":"https:\/\/portal.sma.gob.cl\/index.php\/boletin-concon-quintero-y-puchuncavi\/","title":{"rendered":"Bolet\u00edn Conc\u00f3n, Quintero y Puchuncav\u00ed"},"content":{"rendered":"<p><div class=\"fusion-fullwidth fullwidth-box fusion-builder-row-1 fusion-flex-container has-pattern-background has-mask-background nonhundred-percent-fullwidth non-hundred-percent-height-scrolling\" style=\"--awb-border-radius-top-left:0px;--awb-border-radius-top-right:0px;--awb-border-radius-bottom-right:0px;--awb-border-radius-bottom-left:0px;--awb-padding-top:20px;--awb-padding-right:30px;--awb-padding-bottom:20px;--awb-padding-left:30px;--awb-background-color:#cbddef;--awb-flex-wrap:wrap;\" ><div class=\"fusion-builder-row fusion-row fusion-flex-align-items-flex-start fusion-flex-content-wrap\" style=\"max-width:1144px;margin-left: calc(-4% \/ 2 );margin-right: calc(-4% \/ 2 );\"><div class=\"fusion-layout-column fusion_builder_column fusion-builder-column-0 fusion_builder_column_1_1 1_1 fusion-flex-column\" style=\"--awb-bg-size:cover;--awb-width-large:100%;--awb-margin-top-large:0px;--awb-spacing-right-large:1.92%;--awb-margin-bottom-large:40px;--awb-spacing-left-large:1.92%;--awb-width-medium:100%;--awb-order-medium:0;--awb-spacing-right-medium:1.92%;--awb-spacing-left-medium:1.92%;--awb-width-small:100%;--awb-order-small:0;--awb-spacing-right-small:1.92%;--awb-spacing-left-small:1.92%;\" data-scroll-devices=\"small-visibility,medium-visibility,large-visibility\"><div class=\"fusion-column-wrapper fusion-column-has-shadow fusion-flex-justify-content-flex-start fusion-content-layout-column\"><div class=\"fusion-image-element \" style=\"--awb-caption-title-font-family:var(--h2_typography-font-family);--awb-caption-title-font-weight:var(--h2_typography-font-weight);--awb-caption-title-font-style:var(--h2_typography-font-style);--awb-caption-title-size:var(--h2_typography-font-size);--awb-caption-title-transform:var(--h2_typography-text-transform);--awb-caption-title-line-height:var(--h2_typography-line-height);--awb-caption-title-letter-spacing:var(--h2_typography-letter-spacing);\"><span class=\" fusion-imageframe imageframe-none imageframe-1 hover-type-none\"><img decoding=\"async\" width=\"1200\" height=\"576\" title=\"Boletin CQP\" src=\"https:\/\/portal.sma.gob.cl\/wp-content\/uploads\/2023\/06\/cabecera-2.jpg\" alt class=\"img-responsive wp-image-26723\" srcset=\"https:\/\/portal.sma.gob.cl\/wp-content\/uploads\/2023\/06\/cabecera-2-200x96.jpg 200w, https:\/\/portal.sma.gob.cl\/wp-content\/uploads\/2023\/06\/cabecera-2-400x192.jpg 400w, https:\/\/portal.sma.gob.cl\/wp-content\/uploads\/2023\/06\/cabecera-2-600x288.jpg 600w, https:\/\/portal.sma.gob.cl\/wp-content\/uploads\/2023\/06\/cabecera-2-800x384.jpg 800w, https:\/\/portal.sma.gob.cl\/wp-content\/uploads\/2023\/06\/cabecera-2.jpg 1200w\" sizes=\"(max-width: 1024px) 100vw, (max-width: 640px) 100vw, 1200px\" \/><\/span><\/div><\/div><\/div><div class=\"fusion-layout-column fusion_builder_column fusion-builder-column-1 fusion_builder_column_1_4 1_4 fusion-flex-column\" style=\"--awb-bg-size:cover;--awb-width-large:25%;--awb-margin-top-large:0px;--awb-spacing-right-large:7.68%;--awb-margin-bottom-large:20px;--awb-spacing-left-large:7.68%;--awb-width-medium:100%;--awb-order-medium:0;--awb-spacing-right-medium:1.92%;--awb-spacing-left-medium:1.92%;--awb-width-small:50%;--awb-order-small:0;--awb-spacing-right-small:3.84%;--awb-spacing-left-small:3.84%;\" data-scroll-devices=\"small-visibility,medium-visibility,large-visibility\"><div class=\"fusion-column-wrapper fusion-column-has-shadow fusion-flex-justify-content-flex-start fusion-content-layout-column\"><div class=\"fusion-image-element \" style=\"--awb-caption-title-font-family:var(--h2_typography-font-family);--awb-caption-title-font-weight:var(--h2_typography-font-weight);--awb-caption-title-font-style:var(--h2_typography-font-style);--awb-caption-title-size:var(--h2_typography-font-size);--awb-caption-title-transform:var(--h2_typography-text-transform);--awb-caption-title-line-height:var(--h2_typography-line-height);--awb-caption-title-letter-spacing:var(--h2_typography-letter-spacing);\"><span class=\" fusion-imageframe imageframe-none imageframe-2 hover-type-none\" style=\"border-radius:50%;\"><img decoding=\"async\" width=\"450\" height=\"450\" title=\"rpt\" src=\"https:\/\/portal.sma.gob.cl\/wp-content\/uploads\/2023\/09\/gabriel.jpg\" alt class=\"img-responsive wp-image-27832\" srcset=\"https:\/\/portal.sma.gob.cl\/wp-content\/uploads\/2023\/09\/gabriel-200x200.jpg 200w, https:\/\/portal.sma.gob.cl\/wp-content\/uploads\/2023\/09\/gabriel-400x400.jpg 400w, https:\/\/portal.sma.gob.cl\/wp-content\/uploads\/2023\/09\/gabriel.jpg 450w\" sizes=\"(max-width: 1024px) 100vw, (max-width: 640px) 100vw, 400px\" \/><\/span><\/div><\/div><\/div><div class=\"fusion-layout-column fusion_builder_column fusion-builder-column-2 fusion_builder_column_3_4 3_4 fusion-flex-column fusion-column-inner-bg-wrapper\" style=\"--awb-inner-bg-size:cover;--awb-width-large:75%;--awb-margin-top-large:0px;--awb-spacing-right-large:2.56%;--awb-margin-bottom-large:20px;--awb-spacing-left-large:2.56%;--awb-width-medium:100%;--awb-order-medium:0;--awb-spacing-right-medium:1.92%;--awb-spacing-left-medium:1.92%;--awb-width-small:100%;--awb-order-small:0;--awb-spacing-right-small:1.92%;--awb-spacing-left-small:1.92%;\" data-scroll-devices=\"small-visibility,medium-visibility,large-visibility\"><span class=\"fusion-column-inner-bg hover-type-none\"><a class=\"fusion-column-anchor\" href=\"https:\/\/portal.sma.gob.cl\/index.php\/2023\/09\/07\/red-de-monitoreo-en-linea-de-calidad-del-aire-tecnologia-al-servicio-del-medioambiente-y-las-personas\/\"><span class=\"fusion-column-inner-bg-image\"><\/span><\/a><\/span><div class=\"fusion-column-wrapper fusion-column-has-shadow fusion-flex-justify-content-flex-start fusion-content-layout-column\"><div class=\"fusion-text fusion-text-1 fusion-text-no-margin\" style=\"--awb-font-size:18px;--awb-text-color:#07272d;--awb-margin-bottom:0px;\"><p>Editorial<\/p>\n<\/div><div class=\"fusion-text fusion-text-2 fusion-text-no-margin\" style=\"--awb-font-size:22px;--awb-text-color:#07272d;--awb-margin-bottom:0px;\"><p><strong>Red de monitoreo en l\u00ednea de calidad del aire: tecnolog\u00eda al servicio del medioambiente y las personas<\/strong><\/p>\n<\/div><div class=\"fusion-text fusion-text-3 fusion-text-no-margin\" style=\"--awb-font-size:15px;--awb-text-color:#07272d;--awb-margin-top:0px;--awb-margin-bottom:10px;\"><p>Por Gabriel Aros Garay, L\u00edder de C\u00e9lula IoT del Departamento de Seguimiento e Informaci\u00f3n Ambiental (DSI) de la SMA.<\/p>\n<\/div><\/div><\/div><div class=\"fusion-layout-column fusion_builder_column fusion-builder-column-3 fusion_builder_column_1_1 1_1 fusion-flex-column\" style=\"--awb-bg-size:cover;--awb-width-large:100%;--awb-margin-top-large:20px;--awb-spacing-right-large:1.92%;--awb-margin-bottom-large:20px;--awb-spacing-left-large:1.92%;--awb-width-medium:100%;--awb-order-medium:0;--awb-spacing-right-medium:1.92%;--awb-spacing-left-medium:1.92%;--awb-width-small:100%;--awb-order-small:0;--awb-spacing-right-small:1.92%;--awb-spacing-left-small:1.92%;\" data-scroll-devices=\"small-visibility,medium-visibility,large-visibility\"><div class=\"fusion-column-wrapper fusion-column-has-shadow fusion-flex-justify-content-flex-start fusion-content-layout-column\"><div class=\"fusion-image-element \" style=\"text-align:center;--awb-caption-title-font-family:var(--h2_typography-font-family);--awb-caption-title-font-weight:var(--h2_typography-font-weight);--awb-caption-title-font-style:var(--h2_typography-font-style);--awb-caption-title-size:var(--h2_typography-font-size);--awb-caption-title-transform:var(--h2_typography-text-transform);--awb-caption-title-line-height:var(--h2_typography-line-height);--awb-caption-title-letter-spacing:var(--h2_typography-letter-spacing);\"><span class=\" fusion-imageframe imageframe-none imageframe-3 hover-type-none\"><a class=\"fusion-no-lightbox\" href=\"https:\/\/azuresmagob-my.sharepoint.com\/:f:\/g\/personal\/dgi_sma_gob_cl\/EvH-ILoNTR9FpWHzL1AtOSQBrDpgZzBlikbhK5Said1F6w?e=QRFtNF\" target=\"_self\" aria-label=\"monitoreo\"><img decoding=\"async\" width=\"1354\" height=\"133\" src=\"https:\/\/portal.sma.gob.cl\/wp-content\/uploads\/2023\/08\/monitoreo-1.png\" alt class=\"img-responsive wp-image-27670\" srcset=\"https:\/\/portal.sma.gob.cl\/wp-content\/uploads\/2023\/08\/monitoreo-1-200x20.png 200w, https:\/\/portal.sma.gob.cl\/wp-content\/uploads\/2023\/08\/monitoreo-1-400x39.png 400w, https:\/\/portal.sma.gob.cl\/wp-content\/uploads\/2023\/08\/monitoreo-1-600x59.png 600w, https:\/\/portal.sma.gob.cl\/wp-content\/uploads\/2023\/08\/monitoreo-1-800x79.png 800w, https:\/\/portal.sma.gob.cl\/wp-content\/uploads\/2023\/08\/monitoreo-1-1200x118.png 1200w, https:\/\/portal.sma.gob.cl\/wp-content\/uploads\/2023\/08\/monitoreo-1.png 1354w\" sizes=\"(max-width: 1024px) 100vw, (max-width: 640px) 100vw, 1200px\" \/><\/a><\/span><\/div><div class=\"fusion-image-element \" style=\"text-align:center;--awb-margin-top:20px;--awb-caption-title-font-family:var(--h2_typography-font-family);--awb-caption-title-font-weight:var(--h2_typography-font-weight);--awb-caption-title-font-style:var(--h2_typography-font-style);--awb-caption-title-size:var(--h2_typography-font-size);--awb-caption-title-transform:var(--h2_typography-text-transform);--awb-caption-title-line-height:var(--h2_typography-line-height);--awb-caption-title-letter-spacing:var(--h2_typography-letter-spacing);\"><span class=\" fusion-imageframe imageframe-none imageframe-4 hover-type-none\"><img decoding=\"async\" width=\"1343\" height=\"187\" title=\"cifras\" src=\"https:\/\/portal.sma.gob.cl\/wp-content\/uploads\/2023\/10\/cifras.png\" alt class=\"img-responsive wp-image-28346\" srcset=\"https:\/\/portal.sma.gob.cl\/wp-content\/uploads\/2023\/10\/cifras-200x28.png 200w, https:\/\/portal.sma.gob.cl\/wp-content\/uploads\/2023\/10\/cifras-400x56.png 400w, https:\/\/portal.sma.gob.cl\/wp-content\/uploads\/2023\/10\/cifras-600x84.png 600w, https:\/\/portal.sma.gob.cl\/wp-content\/uploads\/2023\/10\/cifras-800x111.png 800w, https:\/\/portal.sma.gob.cl\/wp-content\/uploads\/2023\/10\/cifras-1200x167.png 1200w, https:\/\/portal.sma.gob.cl\/wp-content\/uploads\/2023\/10\/cifras.png 1343w\" sizes=\"(max-width: 1024px) 100vw, (max-width: 640px) 100vw, 1200px\" \/><\/span><\/div><\/div><\/div><div class=\"fusion-layout-column fusion_builder_column fusion-builder-column-4 fusion_builder_column_1_1 1_1 fusion-flex-column\" style=\"--awb-bg-size:cover;--awb-width-large:100%;--awb-margin-top-large:40px;--awb-spacing-right-large:1.92%;--awb-margin-bottom-large:20px;--awb-spacing-left-large:1.92%;--awb-width-medium:100%;--awb-order-medium:0;--awb-spacing-right-medium:1.92%;--awb-spacing-left-medium:1.92%;--awb-width-small:100%;--awb-order-small:0;--awb-spacing-right-small:1.92%;--awb-spacing-left-small:1.92%;\" data-scroll-devices=\"small-visibility,medium-visibility,large-visibility\"><div class=\"fusion-column-wrapper fusion-column-has-shadow fusion-flex-justify-content-flex-start fusion-content-layout-column\"><div class=\"fusion-text fusion-text-4\" style=\"--awb-font-size:26px;--awb-text-color:#004da5;\"><p><strong>Bolet\u00edn N\u00b07<\/strong><\/p>\n<\/div><div class=\"fusion-separator fusion-full-width-sep\" style=\"align-self: center;margin-left: auto;margin-right: auto;width:100%;\"><div class=\"fusion-separator-border sep-single sep-solid\" style=\"--awb-height:20px;--awb-amount:20px;--awb-sep-color:#0063af;border-color:#0063af;border-top-width:2px;\"><\/div><\/div><\/div><\/div><div class=\"fusion-layout-column fusion_builder_column fusion-builder-column-5 fusion_builder_column_1_1 1_1 fusion-flex-column\" style=\"--awb-bg-size:cover;--awb-width-large:100%;--awb-margin-top-large:0px;--awb-spacing-right-large:1.92%;--awb-margin-bottom-large:20px;--awb-spacing-left-large:1.92%;--awb-width-medium:100%;--awb-order-medium:0;--awb-spacing-right-medium:1.92%;--awb-spacing-left-medium:1.92%;--awb-width-small:100%;--awb-order-small:0;--awb-spacing-right-small:1.92%;--awb-spacing-left-small:1.92%;\"><div class=\"fusion-column-wrapper fusion-column-has-shadow fusion-flex-justify-content-flex-start fusion-content-layout-column\"><div class=\"fusion-separator fusion-full-width-sep\" style=\"align-self: center;margin-left: auto;margin-right: auto;margin-top:10px;margin-bottom:10px;width:100%;\"><\/div><\/div><\/div><div class=\"fusion-layout-column fusion_builder_column fusion-builder-column-6 fusion_builder_column_2_5 2_5 fusion-flex-column\" style=\"--awb-bg-size:cover;--awb-width-large:40%;--awb-margin-top-large:0px;--awb-spacing-right-large:4.8%;--awb-margin-bottom-large:20px;--awb-spacing-left-large:4.8%;--awb-width-medium:100%;--awb-order-medium:0;--awb-spacing-right-medium:1.92%;--awb-spacing-left-medium:1.92%;--awb-width-small:100%;--awb-order-small:0;--awb-spacing-right-small:1.92%;--awb-spacing-left-small:1.92%;\" data-scroll-devices=\"small-visibility,medium-visibility,large-visibility\"><div class=\"fusion-column-wrapper fusion-column-has-shadow fusion-flex-justify-content-flex-start fusion-content-layout-column\"><div class=\"fusion-image-element \" style=\"--awb-caption-title-font-family:var(--h2_typography-font-family);--awb-caption-title-font-weight:var(--h2_typography-font-weight);--awb-caption-title-font-style:var(--h2_typography-font-style);--awb-caption-title-size:var(--h2_typography-font-size);--awb-caption-title-transform:var(--h2_typography-text-transform);--awb-caption-title-line-height:var(--h2_typography-line-height);--awb-caption-title-letter-spacing:var(--h2_typography-letter-spacing);\"><span class=\" fusion-imageframe imageframe-none imageframe-5 hover-type-none\" style=\"border-radius:15px;\"><img decoding=\"async\" width=\"1600\" height=\"1066\" title=\"WhatsApp Image 2023-10-23 at 09.34.07\" src=\"https:\/\/portal.sma.gob.cl\/wp-content\/uploads\/2023\/10\/WhatsApp-Image-2023-10-23-at-09.34.07.jpeg\" alt class=\"img-responsive wp-image-28344\" srcset=\"https:\/\/portal.sma.gob.cl\/wp-content\/uploads\/2023\/10\/WhatsApp-Image-2023-10-23-at-09.34.07-200x133.jpeg 200w, https:\/\/portal.sma.gob.cl\/wp-content\/uploads\/2023\/10\/WhatsApp-Image-2023-10-23-at-09.34.07-400x267.jpeg 400w, https:\/\/portal.sma.gob.cl\/wp-content\/uploads\/2023\/10\/WhatsApp-Image-2023-10-23-at-09.34.07-600x400.jpeg 600w, https:\/\/portal.sma.gob.cl\/wp-content\/uploads\/2023\/10\/WhatsApp-Image-2023-10-23-at-09.34.07-800x533.jpeg 800w, https:\/\/portal.sma.gob.cl\/wp-content\/uploads\/2023\/10\/WhatsApp-Image-2023-10-23-at-09.34.07-1200x800.jpeg 1200w, https:\/\/portal.sma.gob.cl\/wp-content\/uploads\/2023\/10\/WhatsApp-Image-2023-10-23-at-09.34.07.jpeg 1600w\" sizes=\"(max-width: 1024px) 100vw, (max-width: 640px) 100vw, 600px\" \/><\/span><\/div><\/div><\/div><div class=\"fusion-layout-column fusion_builder_column fusion-builder-column-7 fusion_builder_column_3_5 3_5 fusion-flex-column fusion-column-inner-bg-wrapper\" style=\"--awb-inner-bg-size:cover;--awb-width-large:60%;--awb-margin-top-large:0px;--awb-spacing-right-large:3.2%;--awb-margin-bottom-large:20px;--awb-spacing-left-large:3.2%;--awb-width-medium:100%;--awb-order-medium:0;--awb-spacing-right-medium:1.92%;--awb-spacing-left-medium:1.92%;--awb-width-small:100%;--awb-order-small:0;--awb-spacing-right-small:1.92%;--awb-spacing-left-small:1.92%;\" data-scroll-devices=\"small-visibility,medium-visibility,large-visibility\"><span class=\"fusion-column-inner-bg hover-type-none\"><a class=\"fusion-column-anchor\" href=\"https:\/\/portal.sma.gob.cl\/index.php\/2023\/10\/23\/comenzo-capacitacion-para-profesores-de-concon-quintero-y-puchuncavi-en-materia-ambiental-y-equipos-de-monitoreo-de-gases\/\"><span class=\"fusion-column-inner-bg-image\"><\/span><\/a><\/span><div class=\"fusion-column-wrapper fusion-column-has-shadow fusion-flex-justify-content-flex-start fusion-content-layout-column\"><div class=\"fusion-text fusion-text-5\" style=\"--awb-font-size:18px;\"><p><strong>Comenz\u00f3 capacitaci\u00f3n para profesores de Conc\u00f3n, Quintero y Puchuncav\u00ed en materia ambiental y equipos de monitoreo de gases<\/strong><\/p>\n<\/div><div class=\"fusion-image-element \" style=\"text-align:left;--awb-max-width:150px;--awb-caption-title-font-family:var(--h2_typography-font-family);--awb-caption-title-font-weight:var(--h2_typography-font-weight);--awb-caption-title-font-style:var(--h2_typography-font-style);--awb-caption-title-size:var(--h2_typography-font-size);--awb-caption-title-transform:var(--h2_typography-text-transform);--awb-caption-title-line-height:var(--h2_typography-line-height);--awb-caption-title-letter-spacing:var(--h2_typography-letter-spacing);\"><span class=\" fusion-imageframe imageframe-none imageframe-6 hover-type-none\"><img decoding=\"async\" width=\"736\" height=\"177\" title=\"azul\" src=\"https:\/\/portal.sma.gob.cl\/wp-content\/uploads\/2023\/08\/azul.png\" alt class=\"img-responsive wp-image-27500\" srcset=\"https:\/\/portal.sma.gob.cl\/wp-content\/uploads\/2023\/08\/azul-200x48.png 200w, https:\/\/portal.sma.gob.cl\/wp-content\/uploads\/2023\/08\/azul-400x96.png 400w, https:\/\/portal.sma.gob.cl\/wp-content\/uploads\/2023\/08\/azul-600x144.png 600w, https:\/\/portal.sma.gob.cl\/wp-content\/uploads\/2023\/08\/azul.png 736w\" sizes=\"(max-width: 1024px) 100vw, (max-width: 640px) 100vw, 736px\" \/><\/span><\/div><\/div><\/div><div class=\"fusion-layout-column fusion_builder_column fusion-builder-column-8 fusion_builder_column_1_1 1_1 fusion-flex-column\" style=\"--awb-bg-size:cover;--awb-width-large:100%;--awb-margin-top-large:0px;--awb-spacing-right-large:1.92%;--awb-margin-bottom-large:20px;--awb-spacing-left-large:1.92%;--awb-width-medium:100%;--awb-order-medium:0;--awb-spacing-right-medium:1.92%;--awb-spacing-left-medium:1.92%;--awb-width-small:100%;--awb-order-small:0;--awb-spacing-right-small:1.92%;--awb-spacing-left-small:1.92%;\"><div class=\"fusion-column-wrapper fusion-column-has-shadow fusion-flex-justify-content-flex-start fusion-content-layout-column\"><div class=\"fusion-separator fusion-full-width-sep\" style=\"align-self: center;margin-left: auto;margin-right: auto;margin-top:10px;margin-bottom:10px;width:100%;\"><\/div><\/div><\/div><div class=\"fusion-layout-column fusion_builder_column fusion-builder-column-9 fusion_builder_column_2_5 2_5 fusion-flex-column\" style=\"--awb-bg-size:cover;--awb-width-large:40%;--awb-margin-top-large:0px;--awb-spacing-right-large:4.8%;--awb-margin-bottom-large:20px;--awb-spacing-left-large:4.8%;--awb-width-medium:100%;--awb-order-medium:0;--awb-spacing-right-medium:1.92%;--awb-spacing-left-medium:1.92%;--awb-width-small:100%;--awb-order-small:0;--awb-spacing-right-small:1.92%;--awb-spacing-left-small:1.92%;\"><div class=\"fusion-column-wrapper fusion-column-has-shadow fusion-flex-justify-content-flex-start fusion-content-layout-column\"><div class=\"fusion-image-element \" style=\"--awb-caption-title-font-family:var(--h2_typography-font-family);--awb-caption-title-font-weight:var(--h2_typography-font-weight);--awb-caption-title-font-style:var(--h2_typography-font-style);--awb-caption-title-size:var(--h2_typography-font-size);--awb-caption-title-transform:var(--h2_typography-text-transform);--awb-caption-title-line-height:var(--h2_typography-line-height);--awb-caption-title-letter-spacing:var(--h2_typography-letter-spacing);\"><span class=\" fusion-imageframe imageframe-none imageframe-7 hover-type-none\" style=\"border-radius:15px;\"><img decoding=\"async\" width=\"722\" height=\"519\" title=\"ENAP-REFINERIA\" src=\"https:\/\/portal.sma.gob.cl\/wp-content\/uploads\/2023\/09\/ENAP-REFINERIA-1.png\" alt class=\"img-responsive wp-image-27908\" srcset=\"https:\/\/portal.sma.gob.cl\/wp-content\/uploads\/2023\/09\/ENAP-REFINERIA-1-200x144.png 200w, https:\/\/portal.sma.gob.cl\/wp-content\/uploads\/2023\/09\/ENAP-REFINERIA-1-400x288.png 400w, https:\/\/portal.sma.gob.cl\/wp-content\/uploads\/2023\/09\/ENAP-REFINERIA-1-600x431.png 600w, https:\/\/portal.sma.gob.cl\/wp-content\/uploads\/2023\/09\/ENAP-REFINERIA-1.png 722w\" sizes=\"(max-width: 1024px) 100vw, (max-width: 640px) 100vw, 600px\" \/><\/span><\/div><\/div><\/div><div class=\"fusion-layout-column fusion_builder_column fusion-builder-column-10 fusion_builder_column_3_5 3_5 fusion-flex-column fusion-column-inner-bg-wrapper\" style=\"--awb-inner-bg-size:cover;--awb-width-large:60%;--awb-margin-top-large:0px;--awb-spacing-right-large:3.2%;--awb-margin-bottom-large:20px;--awb-spacing-left-large:3.2%;--awb-width-medium:100%;--awb-order-medium:0;--awb-spacing-right-medium:1.92%;--awb-spacing-left-medium:1.92%;--awb-width-small:100%;--awb-order-small:0;--awb-spacing-right-small:1.92%;--awb-spacing-left-small:1.92%;\" data-scroll-devices=\"small-visibility,medium-visibility,large-visibility\"><span class=\"fusion-column-inner-bg hover-type-none\"><a class=\"fusion-column-anchor\" href=\"https:\/\/portal.sma.gob.cl\/index.php\/2023\/09\/07\/sma-aplica-multa-a-enap-refinerias-por-haber-superado-el-limite-de-emisiones-y-otros-incumplimientos-al-plan-de-descontaminacion\/\"><span class=\"fusion-column-inner-bg-image\"><\/span><\/a><\/span><div class=\"fusion-column-wrapper fusion-column-has-shadow fusion-flex-justify-content-flex-start fusion-content-layout-column\"><div class=\"fusion-text fusion-text-6\" style=\"--awb-font-size:18px;\"><p><strong>SMA aplica multa a ENAP Refiner\u00edas por haber superado el l\u00edmite de emisiones y otros incumplimientos al Plan de Descontaminaci\u00f3n<\/strong><\/p>\n<\/div><div class=\"fusion-image-element \" style=\"text-align:left;--awb-max-width:100px;--awb-caption-title-font-family:var(--h2_typography-font-family);--awb-caption-title-font-weight:var(--h2_typography-font-weight);--awb-caption-title-font-style:var(--h2_typography-font-style);--awb-caption-title-size:var(--h2_typography-font-size);--awb-caption-title-transform:var(--h2_typography-text-transform);--awb-caption-title-line-height:var(--h2_typography-line-height);--awb-caption-title-letter-spacing:var(--h2_typography-letter-spacing);\"><span class=\" fusion-imageframe imageframe-none imageframe-8 hover-type-none\"><img decoding=\"async\" width=\"205\" height=\"104\" title=\"red\" src=\"https:\/\/portal.sma.gob.cl\/wp-content\/uploads\/2023\/09\/red.png\" alt class=\"img-responsive wp-image-27922\" srcset=\"https:\/\/portal.sma.gob.cl\/wp-content\/uploads\/2023\/09\/red-200x101.png 200w, https:\/\/portal.sma.gob.cl\/wp-content\/uploads\/2023\/09\/red.png 205w\" sizes=\"(max-width: 1024px) 100vw, (max-width: 640px) 100vw, 205px\" \/><\/span><\/div><\/div><\/div><div class=\"fusion-layout-column fusion_builder_column fusion-builder-column-11 fusion_builder_column_1_1 1_1 fusion-flex-column\" style=\"--awb-bg-size:cover;--awb-width-large:100%;--awb-margin-top-large:0px;--awb-spacing-right-large:1.92%;--awb-margin-bottom-large:20px;--awb-spacing-left-large:1.92%;--awb-width-medium:100%;--awb-order-medium:0;--awb-spacing-right-medium:1.92%;--awb-spacing-left-medium:1.92%;--awb-width-small:100%;--awb-order-small:0;--awb-spacing-right-small:1.92%;--awb-spacing-left-small:1.92%;\"><div class=\"fusion-column-wrapper fusion-column-has-shadow fusion-flex-justify-content-flex-start fusion-content-layout-column\"><div class=\"fusion-separator fusion-full-width-sep\" style=\"align-self: center;margin-left: auto;margin-right: auto;margin-top:10px;margin-bottom:10px;width:100%;\"><\/div><\/div><\/div><div class=\"fusion-layout-column fusion_builder_column fusion-builder-column-12 fusion_builder_column_2_5 2_5 fusion-flex-column\" style=\"--awb-bg-size:cover;--awb-width-large:40%;--awb-margin-top-large:0px;--awb-spacing-right-large:4.8%;--awb-margin-bottom-large:20px;--awb-spacing-left-large:4.8%;--awb-width-medium:100%;--awb-order-medium:0;--awb-spacing-right-medium:1.92%;--awb-spacing-left-medium:1.92%;--awb-width-small:100%;--awb-order-small:0;--awb-spacing-right-small:1.92%;--awb-spacing-left-small:1.92%;\"><div class=\"fusion-column-wrapper fusion-column-has-shadow fusion-flex-justify-content-flex-start fusion-content-layout-column\"><div class=\"fusion-image-element \" style=\"--awb-caption-title-font-family:var(--h2_typography-font-family);--awb-caption-title-font-weight:var(--h2_typography-font-weight);--awb-caption-title-font-style:var(--h2_typography-font-style);--awb-caption-title-size:var(--h2_typography-font-size);--awb-caption-title-transform:var(--h2_typography-text-transform);--awb-caption-title-line-height:var(--h2_typography-line-height);--awb-caption-title-letter-spacing:var(--h2_typography-letter-spacing);\"><span class=\" fusion-imageframe imageframe-none imageframe-9 hover-type-none\" style=\"border-radius:15px;\"><img decoding=\"async\" width=\"871\" height=\"581\" title=\"Herna\u0301n Rami\u0301rez\" src=\"https:\/\/portal.sma.gob.cl\/wp-content\/uploads\/2023\/09\/Hernan-Ramirez-1.jpeg\" alt class=\"img-responsive wp-image-27907\" srcset=\"https:\/\/portal.sma.gob.cl\/wp-content\/uploads\/2023\/09\/Hernan-Ramirez-1-200x133.jpeg 200w, https:\/\/portal.sma.gob.cl\/wp-content\/uploads\/2023\/09\/Hernan-Ramirez-1-400x267.jpeg 400w, https:\/\/portal.sma.gob.cl\/wp-content\/uploads\/2023\/09\/Hernan-Ramirez-1-600x400.jpeg 600w, https:\/\/portal.sma.gob.cl\/wp-content\/uploads\/2023\/09\/Hernan-Ramirez-1-800x534.jpeg 800w, https:\/\/portal.sma.gob.cl\/wp-content\/uploads\/2023\/09\/Hernan-Ramirez-1.jpeg 871w\" sizes=\"(max-width: 1024px) 100vw, (max-width: 640px) 100vw, 600px\" \/><\/span><\/div><\/div><\/div><div class=\"fusion-layout-column fusion_builder_column fusion-builder-column-13 fusion_builder_column_3_5 3_5 fusion-flex-column fusion-column-inner-bg-wrapper\" style=\"--awb-inner-bg-size:cover;--awb-width-large:60%;--awb-margin-top-large:0px;--awb-spacing-right-large:3.2%;--awb-margin-bottom-large:20px;--awb-spacing-left-large:3.2%;--awb-width-medium:100%;--awb-order-medium:0;--awb-spacing-right-medium:1.92%;--awb-spacing-left-medium:1.92%;--awb-width-small:100%;--awb-order-small:0;--awb-spacing-right-small:1.92%;--awb-spacing-left-small:1.92%;\" data-scroll-devices=\"small-visibility,medium-visibility,large-visibility\"><span class=\"fusion-column-inner-bg hover-type-none\"><a class=\"fusion-column-anchor\" href=\"https:\/\/portal.sma.gob.cl\/index.php\/2023\/09\/07\/seremi-del-medio-ambiente-de-valparaiso-sobre-el-gec-en-la-region-estamos-trabajando-en-modificar-este-instrumento-de-gestion-mediante-la-ampliacion-del-periodo\/\"><span class=\"fusion-column-inner-bg-image\"><\/span><\/a><\/span><div class=\"fusion-column-wrapper fusion-column-has-shadow fusion-flex-justify-content-flex-start fusion-content-layout-column\"><div class=\"fusion-text fusion-text-7\" style=\"--awb-font-size:18px;\"><p><strong>Seremi del Medio Ambiente de Valpara\u00edso sobre el GEC en la regi\u00f3n: \u201cEstamos trabajando en modificar este instrumento de gesti\u00f3n mediante la ampliaci\u00f3n del periodo\u201d<\/strong><\/p>\n<\/div><div class=\"fusion-image-element \" style=\"text-align:left;--awb-max-width:120px;--awb-caption-title-font-family:var(--h2_typography-font-family);--awb-caption-title-font-weight:var(--h2_typography-font-weight);--awb-caption-title-font-style:var(--h2_typography-font-style);--awb-caption-title-size:var(--h2_typography-font-size);--awb-caption-title-transform:var(--h2_typography-text-transform);--awb-caption-title-line-height:var(--h2_typography-line-height);--awb-caption-title-letter-spacing:var(--h2_typography-letter-spacing);\"><span class=\" fusion-imageframe imageframe-none imageframe-10 hover-type-none\"><img decoding=\"async\" width=\"442\" height=\"130\" title=\"verde\" src=\"https:\/\/portal.sma.gob.cl\/wp-content\/uploads\/2023\/07\/verde.png\" alt class=\"img-responsive wp-image-27287\" srcset=\"https:\/\/portal.sma.gob.cl\/wp-content\/uploads\/2023\/07\/verde-200x59.png 200w, https:\/\/portal.sma.gob.cl\/wp-content\/uploads\/2023\/07\/verde-400x118.png 400w, https:\/\/portal.sma.gob.cl\/wp-content\/uploads\/2023\/07\/verde.png 442w\" sizes=\"(max-width: 1024px) 100vw, (max-width: 640px) 100vw, 442px\" \/><\/span><\/div><\/div><\/div><div class=\"fusion-layout-column fusion_builder_column fusion-builder-column-14 fusion_builder_column_1_1 1_1 fusion-flex-column\" style=\"--awb-bg-size:cover;--awb-width-large:100%;--awb-margin-top-large:0px;--awb-spacing-right-large:1.92%;--awb-margin-bottom-large:20px;--awb-spacing-left-large:1.92%;--awb-width-medium:100%;--awb-order-medium:0;--awb-spacing-right-medium:1.92%;--awb-spacing-left-medium:1.92%;--awb-width-small:100%;--awb-order-small:0;--awb-spacing-right-small:1.92%;--awb-spacing-left-small:1.92%;\"><div class=\"fusion-column-wrapper fusion-column-has-shadow fusion-flex-justify-content-flex-start fusion-content-layout-column\"><div class=\"fusion-separator fusion-full-width-sep\" style=\"align-self: center;margin-left: auto;margin-right: auto;margin-top:10px;margin-bottom:10px;width:100%;\"><\/div><\/div><\/div><div class=\"fusion-layout-column fusion_builder_column fusion-builder-column-15 fusion_builder_column_2_5 2_5 fusion-flex-column\" style=\"--awb-bg-size:cover;--awb-width-large:40%;--awb-margin-top-large:0px;--awb-spacing-right-large:4.8%;--awb-margin-bottom-large:20px;--awb-spacing-left-large:4.8%;--awb-width-medium:100%;--awb-order-medium:0;--awb-spacing-right-medium:1.92%;--awb-spacing-left-medium:1.92%;--awb-width-small:100%;--awb-order-small:0;--awb-spacing-right-small:1.92%;--awb-spacing-left-small:1.92%;\"><div class=\"fusion-column-wrapper fusion-column-has-shadow fusion-flex-justify-content-flex-start fusion-content-layout-column\"><div class=\"fusion-image-element \" style=\"--awb-caption-title-font-family:var(--h2_typography-font-family);--awb-caption-title-font-weight:var(--h2_typography-font-weight);--awb-caption-title-font-style:var(--h2_typography-font-style);--awb-caption-title-size:var(--h2_typography-font-size);--awb-caption-title-transform:var(--h2_typography-text-transform);--awb-caption-title-line-height:var(--h2_typography-line-height);--awb-caption-title-letter-spacing:var(--h2_typography-letter-spacing);\"><span class=\" fusion-imageframe imageframe-none imageframe-11 hover-type-none\" style=\"border-radius:15px;\"><img decoding=\"async\" width=\"600\" height=\"427\" title=\"glosario_small\" src=\"https:\/\/portal.sma.gob.cl\/wp-content\/uploads\/2023\/09\/glosario_small.jpeg\" alt class=\"img-responsive wp-image-27913\" srcset=\"https:\/\/portal.sma.gob.cl\/wp-content\/uploads\/2023\/09\/glosario_small-200x142.jpeg 200w, https:\/\/portal.sma.gob.cl\/wp-content\/uploads\/2023\/09\/glosario_small-400x285.jpeg 400w, https:\/\/portal.sma.gob.cl\/wp-content\/uploads\/2023\/09\/glosario_small.jpeg 600w\" sizes=\"(max-width: 1024px) 100vw, (max-width: 640px) 100vw, 600px\" \/><\/span><\/div><\/div><\/div><div class=\"fusion-layout-column fusion_builder_column fusion-builder-column-16 fusion_builder_column_3_5 3_5 fusion-flex-column fusion-column-inner-bg-wrapper\" style=\"--awb-inner-bg-size:cover;--awb-width-large:60%;--awb-margin-top-large:0px;--awb-spacing-right-large:3.2%;--awb-margin-bottom-large:20px;--awb-spacing-left-large:3.2%;--awb-width-medium:100%;--awb-order-medium:0;--awb-spacing-right-medium:1.92%;--awb-spacing-left-medium:1.92%;--awb-width-small:100%;--awb-order-small:0;--awb-spacing-right-small:1.92%;--awb-spacing-left-small:1.92%;\" data-scroll-devices=\"small-visibility,medium-visibility,large-visibility\"><span class=\"fusion-column-inner-bg hover-type-none\"><a class=\"fusion-column-anchor\" href=\"https:\/\/portal.sma.gob.cl\/index.php\/2023\/09\/07\/glosario-iii\/\"><span class=\"fusion-column-inner-bg-image\"><\/span><\/a><\/span><div class=\"fusion-column-wrapper fusion-column-has-shadow fusion-flex-justify-content-flex-start fusion-content-layout-column\"><div class=\"fusion-text fusion-text-8\" style=\"--awb-font-size:18px;\"><p><strong>Parte III:<\/strong> Glosario bolet\u00edn Conc\u00f3n, Quintero y Puchuncav\u00ed<\/p>\n<\/div><div class=\"fusion-image-element \" style=\"text-align:left;--awb-max-width:120px;--awb-caption-title-font-family:var(--h2_typography-font-family);--awb-caption-title-font-weight:var(--h2_typography-font-weight);--awb-caption-title-font-style:var(--h2_typography-font-style);--awb-caption-title-size:var(--h2_typography-font-size);--awb-caption-title-transform:var(--h2_typography-text-transform);--awb-caption-title-line-height:var(--h2_typography-line-height);--awb-caption-title-letter-spacing:var(--h2_typography-letter-spacing);\"><span class=\" fusion-imageframe imageframe-none imageframe-12 hover-type-none\"><img decoding=\"async\" width=\"205\" height=\"76\" title=\"morado\" src=\"https:\/\/portal.sma.gob.cl\/wp-content\/uploads\/2023\/09\/morado.png\" alt class=\"img-responsive wp-image-27921\" srcset=\"https:\/\/portal.sma.gob.cl\/wp-content\/uploads\/2023\/09\/morado-200x74.png 200w, https:\/\/portal.sma.gob.cl\/wp-content\/uploads\/2023\/09\/morado.png 205w\" sizes=\"(max-width: 1024px) 100vw, (max-width: 640px) 100vw, 205px\" \/><\/span><\/div><\/div><\/div><\/div><\/div><div class=\"fusion-fullwidth fullwidth-box fusion-builder-row-2 fusion-flex-container has-pattern-background has-mask-background nonhundred-percent-fullwidth non-hundred-percent-height-scrolling\" style=\"--awb-border-radius-top-left:0px;--awb-border-radius-top-right:0px;--awb-border-radius-bottom-right:0px;--awb-border-radius-bottom-left:0px;--awb-margin-top:30px;--awb-margin-bottom:30px;--awb-flex-wrap:wrap;\" ><div class=\"fusion-builder-row fusion-row fusion-flex-align-items-flex-start fusion-flex-content-wrap\" style=\"max-width:1144px;margin-left: calc(-4% \/ 2 );margin-right: calc(-4% \/ 2 );\"><div class=\"fusion-layout-column fusion_builder_column fusion-builder-column-17 fusion_builder_column_1_1 1_1 fusion-flex-column\" style=\"--awb-bg-size:cover;--awb-width-large:100%;--awb-margin-top-large:40px;--awb-spacing-right-large:1.92%;--awb-margin-bottom-large:20px;--awb-spacing-left-large:1.92%;--awb-width-medium:100%;--awb-order-medium:0;--awb-spacing-right-medium:1.92%;--awb-spacing-left-medium:1.92%;--awb-width-small:100%;--awb-order-small:0;--awb-spacing-right-small:1.92%;--awb-spacing-left-small:1.92%;\" data-scroll-devices=\"small-visibility,medium-visibility,large-visibility\"><div class=\"fusion-column-wrapper fusion-column-has-shadow fusion-flex-justify-content-flex-start fusion-content-layout-column\"><div ><a class=\"fusion-button button-flat button-large button-custom fusion-button-default button-1 fusion-button-default-span fusion-button-default-type\" style=\"--button_accent_color:var(--awb-color1);--button_accent_hover_color:rgba(255,255,255,0.9);--button_border_hover_color:rgba(255,255,255,0.9);--button_gradient_top_color:#1172c1;--button_gradient_bottom_color:#1172c1;--button_gradient_top_color_hover:#96c346;--button_gradient_bottom_color_hover:#96c346;\" target=\"_self\" href=\"https:\/\/portal.sma.gob.cl\/index.php\/boletin-concon-quintero-y-puchuncavi\/historial\/\"><i class=\"fa-newspaper fas awb-button__icon awb-button__icon--default button-icon-left\" aria-hidden=\"true\"><\/i><span class=\"fusion-button-text awb-button__text awb-button__text--default\">Boletines hist\u00f3ricos<\/span><\/a><\/div><\/div><\/div><\/div><\/div><\/p>\n","protected":false},"excerpt":{"rendered":"","protected":false},"author":3,"featured_media":0,"parent":0,"menu_order":0,"comment_status":"closed","ping_status":"closed","template":"","meta":{"footnotes":""},"class_list":["post-27822","page","type-page","status-publish","hentry"],"_links":{"self":[{"href":"https:\/\/portal.sma.gob.cl\/index.php\/wp-json\/wp\/v2\/pages\/27822","targetHints":{"allow":["GET"]}}],"collection":[{"href":"https:\/\/portal.sma.gob.cl\/index.php\/wp-json\/wp\/v2\/pages"}],"about":[{"href":"https:\/\/portal.sma.gob.cl\/index.php\/wp-json\/wp\/v2\/types\/page"}],"author":[{"embeddable":true,"href":"https:\/\/portal.sma.gob.cl\/index.php\/wp-json\/wp\/v2\/users\/3"}],"replies":[{"embeddable":true,"href":"https:\/\/portal.sma.gob.cl\/index.php\/wp-json\/wp\/v2\/comments?post=27822"}],"version-history":[{"count":32,"href":"https:\/\/portal.sma.gob.cl\/index.php\/wp-json\/wp\/v2\/pages\/27822\/revisions"}],"predecessor-version":[{"id":33563,"href":"https:\/\/portal.sma.gob.cl\/index.php\/wp-json\/wp\/v2\/pages\/27822\/revisions\/33563"}],"wp:attachment":[{"href":"https:\/\/portal.sma.gob.cl\/index.php\/wp-json\/wp\/v2\/media?parent=27822"}],"curies":[{"name":"wp","href":"https:\/\/api.w.org\/{rel}","templated":true}]}}