{"id":31527,"date":"2024-05-29T11:57:00","date_gmt":"2024-05-29T15:57:00","guid":{"rendered":"https:\/\/portal.sma.gob.cl\/?page_id=31527"},"modified":"2025-07-07T13:53:45","modified_gmt":"2025-07-07T17:53:45","slug":"preguntas-frecuentes","status":"publish","type":"page","link":"https:\/\/portal.sma.gob.cl\/index.php\/ley-rep\/preguntas-frecuentes\/","title":{"rendered":"Preguntas Frecuentes REP"},"content":{"rendered":"<p><div class=\"fusion-bg-parallax\" data-bg-align=\"left top\" data-direction=\"up\" data-mute=\"false\" data-opacity=\"100\" data-velocity=\"-0.3\" data-mobile-enabled=\"false\" data-break_parents=\"0\" data-bg-image=\"https:\/\/portal.sma.gob.cl\/wp-content\/uploads\/2024\/06\/icono-abstracto-que-representa-llamado-ecologico-al-reciclaje-reutilizacion-forma-estanque-simbolo-reciclaje-medio-hermosa-jungla-virgen-representacion-3d.jpg\" data-bg-repeat=\"false\" ><\/div><div class=\"fusion-fullwidth fullwidth-box fusion-builder-row-1 fusion-flex-container has-pattern-background has-mask-background fusion-parallax-up nonhundred-percent-fullwidth non-hundred-percent-height-scrolling\" style=\"--awb-background-position:left top;--awb-border-radius-top-left:0px;--awb-border-radius-top-right:0px;--awb-border-radius-bottom-right:0px;--awb-border-radius-bottom-left:0px;--awb-padding-right-small:7vh;--awb-padding-left-small:7vh;--awb-background-image:url(&quot;https:\/\/portal.sma.gob.cl\/wp-content\/uploads\/2024\/06\/icono-abstracto-que-representa-llamado-ecologico-al-reciclaje-reutilizacion-forma-estanque-simbolo-reciclaje-medio-hermosa-jungla-virgen-representacion-3d.jpg&quot;);--awb-background-size:cover;--awb-flex-wrap:wrap;\" ><div class=\"fusion-builder-row fusion-row fusion-flex-align-items-flex-start fusion-flex-content-wrap\" style=\"max-width:1144px;margin-left: calc(-4% \/ 2 );margin-right: calc(-4% \/ 2 );\"><div class=\"fusion-layout-column fusion_builder_column fusion-builder-column-0 fusion_builder_column_2_3 2_3 fusion-flex-column fusion-animated\" style=\"--awb-padding-top:7vh;--awb-padding-bottom:7vh;--awb-padding-top-medium:10vh;--awb-padding-bottom-medium:10vh;--awb-padding-top-small:8vh;--awb-padding-right-small:2vh;--awb-padding-bottom-small:0px;--awb-padding-left-small:2vh;--awb-bg-size:cover;--awb-width-large:66.666666666667%;--awb-margin-top-large:0px;--awb-spacing-right-large:2.88%;--awb-margin-bottom-large:0px;--awb-spacing-left-large:2.88%;--awb-width-medium:50%;--awb-order-medium:0;--awb-spacing-right-medium:3.84%;--awb-spacing-left-medium:3.84%;--awb-width-small:100%;--awb-order-small:0;--awb-spacing-right-small:1.92%;--awb-spacing-left-small:1.92%;\" data-animationType=\"fadeInLeft\" data-animationDuration=\"1.0\" data-animationOffset=\"top-into-view\" data-scroll-devices=\"small-visibility,medium-visibility,large-visibility\"><div class=\"fusion-column-wrapper fusion-column-has-shadow fusion-flex-justify-content-flex-start fusion-content-layout-row\"><div class=\"fusion-text fusion-text-1\" style=\"--awb-font-size:26px;--awb-line-height:1.5em;--awb-text-color:var(--awb-color1);--awb-text-font-family:&quot;museo-sans-rounded&quot;;--awb-text-font-style:normal;--awb-text-font-weight:700;\"><p><strong>#LeyREPSMA \/ Preguntas frecuentes<\/strong><\/p>\n<\/div><\/div><\/div><\/div><\/div><div class=\"fusion-fullwidth fullwidth-box fusion-builder-row-2 fusion-flex-container has-pattern-background has-mask-background nonhundred-percent-fullwidth non-hundred-percent-height-scrolling\" style=\"--awb-border-radius-top-left:0px;--awb-border-radius-top-right:0px;--awb-border-radius-bottom-right:0px;--awb-border-radius-bottom-left:0px;--awb-margin-top:0px;--awb-margin-bottom:0px;--awb-margin-bottom-small:0px;--awb-flex-wrap:wrap;\" ><div class=\"fusion-builder-row fusion-row fusion-flex-align-items-stretch fusion-flex-content-wrap\" style=\"max-width:1144px;margin-left: calc(-4% \/ 2 );margin-right: calc(-4% \/ 2 );\"><div class=\"fusion-layout-column fusion_builder_column fusion-builder-column-1 fusion_builder_column_1_1 1_1 fusion-flex-column\" style=\"--awb-padding-top:40px;--awb-padding-bottom:40px;--awb-padding-top-medium:60px;--awb-padding-bottom-medium:60px;--awb-padding-top-small:20px;--awb-bg-size:cover;--awb-width-large:100%;--awb-margin-top-large:0px;--awb-spacing-right-large:30px;--awb-margin-bottom-large:20px;--awb-spacing-left-large:1.92%;--awb-width-medium:40%;--awb-order-medium:0;--awb-spacing-right-medium:30px;--awb-spacing-left-medium:4.8%;--awb-width-small:100%;--awb-order-small:1;--awb-spacing-right-small:1.92%;--awb-margin-bottom-small:0px;--awb-spacing-left-small:1.92%;\" data-scroll-devices=\"small-visibility,medium-visibility,large-visibility\"><div class=\"fusion-column-wrapper fusion-column-has-shadow fusion-flex-justify-content-flex-start fusion-content-layout-column\"><div class=\"fusion-title title fusion-title-1 fusion-sep-none fusion-title-text fusion-title-size-two\" style=\"--awb-text-color:#512f40;--awb-margin-bottom:0px;--awb-margin-top-small:0px;--awb-margin-right-small:0px;--awb-margin-bottom-small:20px;--awb-margin-left-small:0px;--awb-font-size:36px;\"><h2 class=\"fusion-title-heading title-heading-left fusion-responsive-typography-calculated\" style=\"font-family:&quot;museo-sans-rounded&quot;;font-style:normal;font-weight:700;margin:0;font-size:1em;--fontSize:36;line-height:1.35;\"><strong>Preguntas Frecuentes\/Ley REP<\/strong><\/h2><\/div><div class=\"fusion-separator\" style=\"align-self: flex-start;margin-right:auto;margin-top:10px;width:100%;max-width:20%;\"><div class=\"fusion-separator-border sep-single sep-solid\" style=\"--awb-height:20px;--awb-amount:20px;--awb-sep-color:#dfd786;border-color:#dfd786;border-top-width:3px;\"><\/div><\/div><\/div><\/div><\/div><\/div><div class=\"fusion-fullwidth fullwidth-box fusion-builder-row-3 fusion-flex-container has-pattern-background has-mask-background nonhundred-percent-fullwidth non-hundred-percent-height-scrolling\" style=\"--awb-border-radius-top-left:0px;--awb-border-radius-top-right:0px;--awb-border-radius-bottom-right:0px;--awb-border-radius-bottom-left:0px;--awb-flex-wrap:wrap;\" ><div class=\"fusion-builder-row fusion-row fusion-flex-align-items-flex-start fusion-flex-content-wrap\" style=\"max-width:1144px;margin-left: calc(-4% \/ 2 );margin-right: calc(-4% \/ 2 );\"><div class=\"fusion-layout-column fusion_builder_column fusion-builder-column-2 fusion_builder_column_1_1 1_1 fusion-flex-column\" style=\"--awb-bg-size:cover;--awb-width-large:100%;--awb-margin-top-large:0px;--awb-spacing-right-large:1.92%;--awb-margin-bottom-large:20px;--awb-spacing-left-large:1.92%;--awb-width-medium:100%;--awb-order-medium:0;--awb-spacing-right-medium:1.92%;--awb-spacing-left-medium:1.92%;--awb-width-small:100%;--awb-order-small:0;--awb-spacing-right-small:1.92%;--awb-spacing-left-small:1.92%;\"><div class=\"fusion-column-wrapper fusion-column-has-shadow fusion-flex-justify-content-flex-start fusion-content-layout-column\"><div class=\"accordian fusion-accordian\" style=\"--awb-border-size:2px;--awb-icon-size:21px;--awb-content-font-size:17px;--awb-content-letter-spacing:var(--awb-typography2-letter-spacing);--awb-content-text-transform:var(--awb-typography2-text-transform);--awb-content-line-height:1.7;--awb-icon-alignment:right;--awb-hover-color:var(--awb-color3);--awb-border-color:#3b9151;--awb-background-color:var(--awb-color2);--awb-divider-color:#e0dede;--awb-divider-hover-color:#e0dede;--awb-icon-color:var(--awb-color8);--awb-title-color:var(--awb-color8);--awb-content-color:var(--awb-color8);--awb-icon-box-color:var(--awb-color8);--awb-toggle-hover-accent-color:var(--awb-color8);--awb-toggle-active-accent-color:var(--awb-color8);--awb-title-font-family:&quot;museo-sans-rounded&quot;;--awb-title-font-weight:700;--awb-title-font-style:normal;--awb-title-font-size:22px;--awb-title-letter-spacing:var(--awb-typography2-letter-spacing);--awb-title-line-height:var(--awb-typography2-line-height);--awb-title-text-transform:var(--awb-typography2-text-transform);--awb-content-font-family:&quot;Open Sans&quot;;--awb-content-font-style:normal;--awb-content-font-weight:400;\"><div class=\"panel-group fusion-toggle-icon-right fusion-toggle-icon-unboxed\" id=\"accordion-31527-1\"><div class=\"fusion-panel panel-default panel-0ca689b8e7191e299 fusion-toggle-no-divider fusion-toggle-boxed-mode\" style=\"--awb-title-color:#00355e;--awb-content-color:var(--awb-color8);\"><div class=\"panel-heading\"><h4 class=\"panel-title toggle\" id=\"toggle_0ca689b8e7191e299\"><a aria-expanded=\"false\" aria-controls=\"0ca689b8e7191e299\" role=\"button\" data-toggle=\"collapse\" data-parent=\"#accordion-31527-1\" data-target=\"#0ca689b8e7191e299\" href=\"#0ca689b8e7191e299\"><span class=\"fusion-toggle-icon-wrapper\" aria-hidden=\"true\"><i class=\"fa-fusion-box active-icon fa-arrow-alt-circle-down far\" aria-hidden=\"true\"><\/i><i class=\"fa-fusion-box inactive-icon fa-arrow-alt-circle-up far\" aria-hidden=\"true\"><\/i><\/span><span class=\"fusion-toggle-heading\">Generales<\/span><\/a><\/h4><\/div><div id=\"0ca689b8e7191e299\" class=\"panel-collapse collapse \" aria-labelledby=\"toggle_0ca689b8e7191e299\"><div class=\"panel-body toggle-content fusion-clearfix\">\n<p><strong>\u00bfQui\u00e9nes son regulados por la Ley REP N\u00b020.920?<\/strong><\/p>\n<p><span style=\"text-decoration: underline;\"><strong>Productor de un producto prioritario o productor:<\/strong><\/span><strong> Persona que, independientemente de la t\u00e9cnica de comercializaci\u00f3n:<\/strong><\/p>\n<ul>\n<li>a) enajena un producto prioritario por primera vez en el mercado nacional.<\/li>\n<li>b) enajena bajo marca propia un producto prioritario adquirido de un tercero que no es el primer distribuidor.<\/li>\n<li>c) importa un producto prioritario para su propio uso profesional.<\/li>\n<\/ul>\n<p>En el caso de envases y embalajes, el productor es aqu\u00e9l que introduce en el mercado el bien de consumo envasado y\/o embalado.<\/p>\n<p><span style=\"text-decoration: underline;\"><strong>Sistemas de gesti\u00f3n<\/strong><\/span><\/p>\n<p>Instituci\u00f3n sin fines de lucro, que es el mecanismo instrumental para que los productores, de forma individual o colectivamente, den cumplimiento a las obligaciones establecidas por la REP, a trav\u00e9s de un plan de gesti\u00f3n.<\/p>\n<p><span style=\"text-decoration: underline;\"><strong>Gestores de residuos<\/strong><\/span><\/p>\n<p>Personas naturales o jur\u00eddicas, p\u00fablicas o privadas, que realizan cualquiera de las operaciones de manejo de residuos y que se encuentra autorizada y registrada en conformidad a la normativa vigente.<\/p>\n<p><span style=\"text-decoration: underline;\"><strong>Consumidor<\/strong><\/span><\/p>\n<p>Todo generador de un residuo de producto prioritario.<\/p>\n<p><span style=\"text-decoration: underline;\"><strong>Consumidor industrial<\/strong><\/span><\/p>\n<p>Todo establecimiento de car\u00e1cter industrial que genere residuos de un producto prioritario, de acuerdo con la Ordenanza General de Urbanismo y Construcciones.<\/p>\n<p><span style=\"text-decoration: underline;\"><strong>Municipios<\/strong><\/span><\/p>\n<p>El actor clave en el territorio que queda facultado para celebrar convenios con los sistemas de gesti\u00f3n y con recicladores de base, pudiendo articular su gesti\u00f3n al funcionamiento del instrumento REP.<\/p>\n<p><strong>\u00bfCu\u00e1les son los productos prioritarios?<\/strong><\/p>\n<p>Son las sustancias u objetos que una vez transformado en residuo, por su volumen, peligrosidad o presencia de recursos aprovechables, queda sujeto a las obligaciones de la responsabilidad extendida del productor, en conformidad a esta ley.<br \/>\nDe acuerdo con lo indicado en la Ley REP, los productos prioritarios son:<\/p>\n<ul>\n<li>a) Aceites lubricantes.<\/li>\n<li>b) Aparatos el\u00e9ctricos y electr\u00f3nicos.<\/li>\n<li>c) Bater\u00edas.<\/li>\n<li>d) Envases y embalajes.<\/li>\n<li>e) Neum\u00e1ticos.<\/li>\n<li>f) Pilas.<\/li>\n<\/ul>\n<p><strong>\u00bfQu\u00e9 art\u00edculos de la Ley se\u00f1alan el r\u00e9gimen de fiscalizaci\u00f3n y sanciones?<\/strong><\/p>\n<p>Los art\u00edculos 39 y 40 detallan las infracciones (grav\u00edsimas, graves y leves) y las sanciones que podr\u00e1n ser impuestas por la Superintendencia del Medio Ambiente.<\/p>\n<p><strong>\u00bfQu\u00e9 es la l\u00ednea base?<\/strong><\/p>\n<p>La l\u00ednea base re\u00fane los datos sobre la cantidad de productos prioritarios introducidos en el mercado nacional para un a\u00f1o dado por los productores que integran el sistema de gesti\u00f3n.<\/p>\n<p><strong>\u00bfQu\u00e9 per\u00edodo abarca la l\u00ednea base?<\/strong><\/p>\n<p>La l\u00ednea base corresponde al a\u00f1o anterior al a\u00f1o en que se cumplen las metas. Por ejemplo, la l\u00ednea base del a\u00f1o 2022 determina la meta que corresponde cumplir el a\u00f1o 2023. Al informar el cumplimiento de metas del a\u00f1o 2023 se debe informar la l\u00ednea base del a\u00f1o 2022.<\/p>\n<p><strong>\u00bfC\u00f3mo se informa la l\u00ednea base?<\/strong><\/p>\n<p>En la planilla que se presenta como anexo al informe de cumplimiento, hoja \u201cL\u00edneaBase_2022\u201d.<\/p>\n<p><strong>\u00bfC\u00f3mo se cumplen las metas de recolecci\u00f3n y valorizaci\u00f3n de residuos?<\/strong><\/p>\n<ul>\n<li>Las metas se cumplen fundamentalmente por medio de una serie de operaciones que conforman la cadena de manejo de residuos que concluye con su tratamiento (valorizaci\u00f3n o eliminaci\u00f3n, seg\u00fan sea el caso).<\/li>\n<li>Estas operaciones de manejo son efectuadas por gestores contratados por el sistema de gesti\u00f3n de que se trate, que puede ser individual (para el caso de productores que optan por cumplir de forma individual) o colectivos (para el caso de productores que optan por cumplir asoci\u00e1ndose con otros productores).<\/li>\n<li>Los sistemas de gesti\u00f3n son responsables de asegurar la trazabilidad de los residuos que recolectan los gestores con los que trabajan desde su recolecci\u00f3n hasta que estos llegan a las instalaciones de valorizaci\u00f3n.<\/li>\n<li>En forma complementaria la valorizaci\u00f3n realizada por los consumidores industriales se imputa al cumplimiento de metas seg\u00fan la opci\u00f3n que \u00e9stos ejerzan.<\/li>\n<li>Para el caso de los consumidores industriales que opten por convenir con un sistema de gesti\u00f3n, lo que valoricen ser\u00e1 imputado a la meta del sistema de gesti\u00f3n con el que convengan.<\/li>\n<li>Para consumidores industriales que valoricen residuos de productos prioritarios sin convenir con ning\u00fan sistema de gesti\u00f3n, lo que valoricen ser\u00e1 imputado a los sistemas de gesti\u00f3n colectivos, de acuerdo con lo indicado en el decreto de metas respectivo.<\/li>\n<\/ul>\n<p><strong>\u00bfQu\u00e9 son las operaciones de manejo?<\/strong><br \/>\nDe acuerdo con la ley, son todas las acciones operativas a las que se somete un residuo, incluyendo, entre otras, recolecci\u00f3n, almacenamiento, transporte, pretratamiento y tratamiento.<\/p>\n<p><strong>\u00bfC\u00f3mo se informan las operaciones de manejo de residuos realizadas con cargo a la meta de recolecci\u00f3n y valorizaci\u00f3n?<\/strong><br \/>\nEn la planilla que se presenta como anexo al informe de cumplimiento, aparece la hoja \u201coperaciones\u201d que es donde se informa el tratamiento, cuyo costo incluye todas las operaciones que lo anteceden.<\/p>\n<p><strong>\u00bfQu\u00e9 ocurre si el a\u00f1o 2023 no realic\u00e9 ninguna operaci\u00f3n de manejo de residuos? \u00bfC\u00f3mo lo informo?<\/strong><br \/>\nEl tratamiento de residuos es el modo normal de cumplir con las metas de recolecci\u00f3n y valorizaci\u00f3n de residuos. En caso de que no se hubiesen realizado este tipo de operaciones no es posible completar la hoja \u201coperaciones\u201d y debe dejarse en blanco.<\/p>\n<\/div><\/div><\/div><div class=\"fusion-panel panel-default panel-1d06d1cf1bd01468b fusion-toggle-no-divider fusion-toggle-boxed-mode\" style=\"--awb-title-color:#00355e;--awb-content-color:var(--awb-color8);\"><div class=\"panel-heading\"><h4 class=\"panel-title toggle\" id=\"toggle_1d06d1cf1bd01468b\"><a aria-expanded=\"false\" aria-controls=\"1d06d1cf1bd01468b\" role=\"button\" data-toggle=\"collapse\" data-parent=\"#accordion-31527-1\" data-target=\"#1d06d1cf1bd01468b\" href=\"#1d06d1cf1bd01468b\"><span class=\"fusion-toggle-icon-wrapper\" aria-hidden=\"true\"><i class=\"fa-fusion-box active-icon fa-arrow-alt-circle-down far\" aria-hidden=\"true\"><\/i><i class=\"fa-fusion-box inactive-icon fa-arrow-alt-circle-up far\" aria-hidden=\"true\"><\/i><\/span><span class=\"fusion-toggle-heading\">Garant\u00eda de Cumplimiento<\/span><\/a><\/h4><\/div><div id=\"1d06d1cf1bd01468b\" class=\"panel-collapse collapse \" aria-labelledby=\"toggle_1d06d1cf1bd01468b\"><div class=\"panel-body toggle-content fusion-clearfix\">\n<p><strong>\u00bfC\u00f3mo se calcula la garant\u00eda de cumplimiento de los sistemas colectivos de gesti\u00f3n?<\/strong><br \/>\nEl c\u00e1lculo de la garant\u00eda se calcula seg\u00fan ha instruido el MMA por medio de las resoluciones exentas 863\/2021, 242\/2022, 433\/2024 y 434\/2024.<\/p>\n<p>En t\u00e9rminos generales, considera las siguientes variables:<\/p>\n<ul>\n<li>a) Costo promedio de la gesti\u00f3n de residuos: Este valor se obtiene de los costos en que incurri\u00f3 el sistema de gesti\u00f3n el per\u00edodo anterior y las toneladas de residuos gestionadas en dicho per\u00edodo. Este dato se obtiene de la hoja \u201cOperaciones\u201d.<\/li>\n<li>b) Meta del a\u00f1o en curso expresada en toneladas: Este valor se obtiene de las toneladas puestas en el mercado el a\u00f1o anterior como consecuencia del consumo de productos prioritarios, que se infiere de las cantidades de productos prioritarios introducidos en el mercado nacional, y el porcentaje establecido en el decreto supremo que establece metas de recolecci\u00f3n y valorizaci\u00f3n para el a\u00f1o en curso. Este dato se obtiene de la hoja \u201cL\u00edneaBase_2023\u201d.<\/li>\n<li>c) Factor de riesgo de incumplimiento. Que se calcula seg\u00fan el desempe\u00f1o del sistema de gesti\u00f3n en el a\u00f1o anterior. Para sistemas de gesti\u00f3n nuevos el c\u00e1lculo se realiza seg\u00fan las estimaciones presentadas en el plan de gesti\u00f3n. El factor de riesgo de incumplimiento se encuentra fijado, para estos casos, por el MMA.<\/li>\n<\/ul>\n<p><strong>\u00bfC\u00f3mo se calcula la garant\u00eda si no tengo datos que reportar?<\/strong><br \/>\nSi no hay datos que reportar en la hoja \u201cL\u00edneaBase_2023\u201d significa que ninguno de los productores que integran el sistema colectivo de gesti\u00f3n introdujeron al mercado nacional productos prioritarios.<\/p>\n<p>Como este es el evento que genera la responsabilidad extendida del productor, no habr\u00eda metas que cumplir el a\u00f1o 2024. Si no hay datos que reportar en la hoja \u201cOperaciones\u201d significa que el sistema colectivo de gesti\u00f3n no realiz\u00f3 operaciones de manejo de residuos para cumplir la meta del a\u00f1o 2023.<\/p>\n<p>En caso de que no se hubiesen realizado este tipo de operaciones no es posible completar la hoja \u201coperaciones\u201d y debe dejarse en blanco.<\/p>\n<p><strong>\u00bfQu\u00e9 ocurre si no he completado un a\u00f1o calendario de gesti\u00f3n de residuos? \u00bfC\u00f3mo se calcula la garant\u00eda?<\/strong><br \/>\nSi no se ha completado un a\u00f1o calendario, el MMA ha establecido que se usar\u00e1 la estimaci\u00f3n presentada en el plan de gesti\u00f3n. La hoja \u201cOperaciones\u201d solo ser\u00e1 usada para evaluar el cumplimiento de la meta y, por esa raz\u00f3n, debe ser completada.<\/p>\n<p><strong>\u00bfC\u00f3mo sabr\u00e1 la SMA si no he completado un a\u00f1o calendario de gesti\u00f3n de residuos?<\/strong><br \/>\nSeg\u00fan la fecha de la resoluci\u00f3n que autoriza el funcionamiento del sistema colectivo de gesti\u00f3n.<\/p>\n<\/div><\/div><\/div><div class=\"fusion-panel panel-default panel-45b358aeae7a688a8 fusion-toggle-no-divider fusion-toggle-boxed-mode\" style=\"--awb-title-color:#00355e;--awb-content-color:var(--awb-color8);\"><div class=\"panel-heading\"><h4 class=\"panel-title toggle\" id=\"toggle_45b358aeae7a688a8\"><a aria-expanded=\"false\" aria-controls=\"45b358aeae7a688a8\" role=\"button\" data-toggle=\"collapse\" data-parent=\"#accordion-31527-1\" data-target=\"#45b358aeae7a688a8\" href=\"#45b358aeae7a688a8\"><span class=\"fusion-toggle-icon-wrapper\" aria-hidden=\"true\"><i class=\"fa-fusion-box active-icon fa-arrow-alt-circle-down far\" aria-hidden=\"true\"><\/i><i class=\"fa-fusion-box inactive-icon fa-arrow-alt-circle-up far\" aria-hidden=\"true\"><\/i><\/span><span class=\"fusion-toggle-heading\">Auditor\u00edas<\/span><\/a><\/h4><\/div><div id=\"45b358aeae7a688a8\" class=\"panel-collapse collapse \" aria-labelledby=\"toggle_45b358aeae7a688a8\"><div class=\"panel-body toggle-content fusion-clearfix\">\n<p><strong>\u00bfExisten entidades t\u00e9cnicas autorizadas por la SMA para prestar servicios de auditor\u00eda externa?<\/strong><br \/>\nA la fecha, no existen entidades t\u00e9cnicas autorizadas para ejercer las funciones encomendadas en el marco de la responsabilidad extendida del productor.<\/p>\n<p><strong>\u00bfC\u00f3mo puedo certificar las materias que exige el MMA en ausencia de entidades t\u00e9cnicas autorizadas por la SMA?<\/strong><br \/>\nEn ausencia de entidades t\u00e9cnicas autorizadas por la SMA, basta con contratar los servicios de cualquier empresa auditora.<\/p>\n<p><strong>\u00bfQu\u00e9 m\u00e9todo debe seguir la empresa auditora?<\/strong><br \/>\nMientras se desarrolla el esquema de autorizaci\u00f3n de la SMA, los auditores externos podr\u00e1n realizar auditor\u00edas seg\u00fan el m\u00e9todo que actualmente usen y con el cual se encuentren familiarizados.<\/p>\n<p><strong>\u00bfCu\u00e1l es el alcance de la auditor\u00eda externa al informe de cumplimiento?<\/strong><br \/>\nLa Resoluci\u00f3n Exenta 2084, de 2023, de la SMA establece en su art\u00edculo 11 que la funci\u00f3n de los auditores externos ser\u00e1 la de verificar la consistencia de los datos registrados siguiendo las normas de auditor\u00eda generalmente aceptadas.<\/p>\n<\/div><\/div><\/div><div class=\"fusion-panel panel-default panel-8764a6889fa72efa0 fusion-toggle-no-divider fusion-toggle-boxed-mode\" style=\"--awb-title-color:#00355e;--awb-content-color:var(--awb-color8);\"><div class=\"panel-heading\"><h4 class=\"panel-title toggle\" id=\"toggle_8764a6889fa72efa0\"><a aria-expanded=\"false\" aria-controls=\"8764a6889fa72efa0\" role=\"button\" data-toggle=\"collapse\" data-parent=\"#accordion-31527-1\" data-target=\"#8764a6889fa72efa0\" href=\"#8764a6889fa72efa0\"><span class=\"fusion-toggle-icon-wrapper\" aria-hidden=\"true\"><i class=\"fa-fusion-box active-icon fa-arrow-alt-circle-down far\" aria-hidden=\"true\"><\/i><i class=\"fa-fusion-box inactive-icon fa-arrow-alt-circle-up far\" aria-hidden=\"true\"><\/i><\/span><span class=\"fusion-toggle-heading\">Consumidores industriales<\/span><\/a><\/h4><\/div><div id=\"8764a6889fa72efa0\" class=\"panel-collapse collapse \" aria-labelledby=\"toggle_8764a6889fa72efa0\"><div class=\"panel-body toggle-content fusion-clearfix\">\n<p><strong>\u00bfQu\u00e9 es un Consumidor Industrial?<\/strong><br \/>\nSeg\u00fan el art\u00edculo 3 N\u00ba 5 de la Ley 20.920, consumidor industrial es \u201ctodo establecimiento industrial, de acuerdo a la Ordenanza General de Urbanismo y Construcciones, que genere residuos de un producto prioritario\u201d.<\/p>\n<p>Por su parte, el art\u00edculo 5.1.4 de la Ordenanza General de Urbanismo y Construcciones establece que \u201cse entender\u00e1 por establecimiento industrial todo tipo de edificio industrial y aquellas instalaciones de impacto similar al industrial de acuerdo con lo dispuesto en el art\u00edculo 2.1.28. de la Ordenanza General de Urbanismo y Construcciones, as\u00ed como los edificios de equipamiento de la clase comercio, destinados a centros comerciales cerrados, grandes tiendas y supermercados, conforme a lo establecido en el art\u00edculo 2.1.33. de la de la misma\u201d.<\/p>\n<p><strong>\u00bfLos consumidores industriales que opten por valorizar los residuos que generen por s\u00ed mismos o a trav\u00e9s de gestores autorizados y registrados, y que celebren convenios con un sistema de gesti\u00f3n para que este informe en su nombre y representaci\u00f3n dicha valorizaci\u00f3n, requieren reportar esta informaci\u00f3n?<\/strong><br \/>\nPara los residuos generados el a\u00f1o 2023, y que se reportan en mayo de 2024, los consumidores industriales deber\u00e1n dejar la hoja CIB2 de la planilla de la SMA en blanco.<\/p>\n<\/div><\/div><\/div><div class=\"fusion-panel panel-default panel-2708f0f65891601c7 fusion-toggle-no-divider fusion-toggle-boxed-mode\" style=\"--awb-title-color:#00355e;--awb-content-color:var(--awb-color8);\"><div class=\"panel-heading\"><h4 class=\"panel-title toggle\" id=\"toggle_2708f0f65891601c7\"><a aria-expanded=\"false\" aria-controls=\"2708f0f65891601c7\" role=\"button\" data-toggle=\"collapse\" data-parent=\"#accordion-31527-1\" data-target=\"#2708f0f65891601c7\" href=\"#2708f0f65891601c7\"><span class=\"fusion-toggle-icon-wrapper\" aria-hidden=\"true\"><i class=\"fa-fusion-box active-icon fa-arrow-alt-circle-down far\" aria-hidden=\"true\"><\/i><i class=\"fa-fusion-box inactive-icon fa-arrow-alt-circle-up far\" aria-hidden=\"true\"><\/i><\/span><span class=\"fusion-toggle-heading\">Reporte consumidores industriales<\/span><\/a><\/h4><\/div><div id=\"2708f0f65891601c7\" class=\"panel-collapse collapse \" aria-labelledby=\"toggle_2708f0f65891601c7\"><div class=\"panel-body toggle-content fusion-clearfix\">\n<p><span style=\"text-decoration: underline;\"><strong>Preguntas del Seminario sobre Ley REP &#8211; Consumidores Industriales<\/strong><\/span><\/p>\n<p><strong>1. \u00bfEsta declaraci\u00f3n reemplaza la que se hac\u00eda anualmente por ventanilla \u00fanica?<\/strong><\/p>\n<p>Se trata de obligaciones distintas. En el Registro de Emisiones y Transferencia de Contaminantes que administra el Ministerio de Medio Ambiente se requiere informaci\u00f3n m\u00e1s general sobre el manejo de todo tipo de residuos. En SISREP solo se reporta el ejercicio de la opci\u00f3n que tienen los consumidores industriales de los productos prioritarios que cuenta con meta de valorizaci\u00f3n establecida por el Ministerio del Medio Ambiente. La naturaleza de ambos sistemas es diferente y la estructura de datos lo es tambi\u00e9n, en SISREP los datos se especifican seg\u00fan la opci\u00f3n que el consumidor industrial ejerce, cuesti\u00f3n no que no encuentra en el RETC.<\/p>\n<p><strong>2. \u00bfCu\u00e1les son las cantidades m\u00ednimas de generaci\u00f3n mensual o anual de los productos prioritarios por unidad fiscalizable que nos hacen consumidor industrial?<\/strong><\/p>\n<p>De acuerdo con lo dispuesto en el inciso final del art\u00edculo 31 del Decreto Supremo N\u00ba 8\/2019 del Ministerio del Medio Ambiente, los consumidores industriales quedan sujetos a las obligaciones establecidas en el marco de la Ley N\u00ba 20.920 \u201csin importar la cantidad de residuos generados por ellos\u201d. Esta misma regla se establece en el inciso final del art\u00edculo 40 del Decreto Supremo N\u00ba 12\/2020 del Ministerio del Medio Ambiente.<\/p>\n<p><strong>3. \u00bfCu\u00e1les son los pr\u00f3ximos hitos respecto a la implementaci\u00f3n de Ley REP, espec\u00edficamente para consumidores industriales?<\/strong><\/p>\n<p>Luego del catastro de consumidores industriales, una vez aprobada la solicitud quedar\u00e1 habilitada inmediatamente la plataforma para reportar mensualmente lo indicado en el art\u00edculo 8 de la Resoluci\u00f3n Exenta N\u00ba 8, de 2023, de la Superintendencia del Medio Ambiente.<\/p>\n<p><strong>4. \u00bfHay plazo para hacer este reporte?<\/strong><\/p>\n<p>Los reportes tienen car\u00e1cter mensual, y cada mes corresponde reportar el pen\u00faltimo mes. Sin perjuicio de lo anterior, de acuerdo con lo establecido en el inciso final del art\u00edculo 8 de la Resoluci\u00f3n Exenta N\u00ba 8, de 2023, de la Superintendencia del Medio Ambiente.<\/p>\n<p><strong>5. \u00bfSi estamos adheridos a un sistema de gesti\u00f3n colectivo informan en nuestro nombre?<\/strong><\/p>\n<p>Dentro de las opciones que establece la regulaci\u00f3n existe la posibilidad de establecer convenios con sistemas de gesti\u00f3n para que informe la valorizaci\u00f3n realizada por consumidores industriales en su nombre y representaci\u00f3n. Un convenio con sistema de gesti\u00f3n no exime al consumidor industrial de reportar a la SMA. En caso de que solo tenga convenio con uno o m\u00e1s sistemas de gesti\u00f3n, debe confirmar la informaci\u00f3n declarada por \u00e9stos en SISREP.<\/p>\n<p><strong>6. \u00bfSi declaro como CI en la plataforma de SISREP y el sistema de gesti\u00f3n tambi\u00e9n reporta, hay duplicidad en la reporter\u00eda?<\/strong><\/p>\n<p>No hay duplicidad de datos. Si existe un convenio con uno o m\u00e1s sistemas de gesti\u00f3n, el consumidor industrial debe confirmar la informaci\u00f3n declara por \u00e9stos en SISREP con el prop\u00f3sito de verificar los datos.<\/p>\n<p><strong>7. \u00bfQu\u00e9 pasa si no tengo contrato con empresas que s\u00ed est\u00e1n autorizadas, pero tengo \u00f3rdenes de compra?<\/strong><\/p>\n<p>Para efectos legales contrat\u00f3 los servicios del gestor, sin perjuicio que no tenga un contrato escrito. Lo que interesa para efectos de la REP es que el gestor cuente con autorizaci\u00f3n sanitaria correspondiente y est\u00e9 registrado en el RETC.<\/p>\n<p><strong>8. \u00bfEn la opci\u00f3n de &#8220;contrato con gestores de residuos&#8221;, es un requisito o solo se plantea la opci\u00f3n a modo de consulta?<\/strong><\/p>\n<p>Es una encuesta para caracterizar mejor la situaci\u00f3n de los consumidores industriales. No es un requisito para reportar, pero s\u00ed es una obligaci\u00f3n sanitaria que tiene consecuencias en el marco de la REP.<\/p>\n<p><strong>9. \u00bfSi una Raz\u00f3n Social tiene varios establecimientos, al registrarse da la opci\u00f3n de agregar varios establecimientos o solo uno por raz\u00f3n social?<\/strong><\/p>\n<p>Se debe reportar de manera consolidada la valorizaci\u00f3n de todos los establecimientos. SISREP no pide registrar los establecimientos.<\/p>\n<p><strong>10. \u00bfSi el representante de la empresa firma el poder con firma electr\u00f3nica avanzada no se requiere autorizar su firma ante notario?<\/strong><\/p>\n<p>No es necesario, ambas formas son equivalentes seg\u00fan lo dispuesto en el art\u00edculo 22 de la Ley N\u00ba 19.880.<\/p>\n<p><strong>11. \u00bfEste poder tiene que ser para estos fines espec\u00edficamente?<\/strong><\/p>\n<p>Efectivamente. En el micrositio REP de la Superintendencia se encuentra a disposici\u00f3n un formato de poder simple.<\/p>\n<p><strong>12. \u00bfEn el caso de tener Sistema de Gesti\u00f3n el consumidor igual debe registrar a su representante y al encargado?<\/strong><\/p>\n<p>Se trata de roles distintos, por lo tanto, debe registrarse como consumidor industrial.<\/p>\n<p><strong>13. \u00bfLa declaraci\u00f3n de mayo como rol CI adherido a SG, era solo de catastro?<\/strong><\/p>\n<p>El reporte de mayo correspondi\u00f3 al a\u00f1o 2024 y se realiz\u00f3 de manera excepcional por medio de un formulario. A partir de ahora, todos los reportes se har\u00e1n por medio de SISREP.<\/p>\n<p><strong>14. \u00bfSe podr\u00e1 hacer la carga de los datos a trav\u00e9s de API o alg\u00fan sistema inform\u00e1tico? \u00bfO solo estar\u00e1 disponible en la interfaz?<\/strong><\/p>\n<p>Por el momento, solo se puede reportar por medio de la interfaz de SISREP.<\/p>\n<p><strong>15. \u00bfCu\u00e1l ser\u00e1 el acceso directo de la plataforma para ingresar la informaci\u00f3n?<\/strong><\/p>\n<ul>\n<li><a href=\"https:\/\/sisrep.sma.gob.cl\/\" target=\"_blank\" rel=\"noopener\">https:\/\/sisrep.sma.gob.cl\/<\/a><\/li>\n<\/ul>\n<p><strong>16. \u00bfSi genero solo productos prioritarios en mi patio trasero, puedo tener un sistema de gesti\u00f3n interno y no adherirme a uno colectivo?<\/strong><\/p>\n<p>Para efectos de la ley REP, un sistema de gesti\u00f3n es una entidad por medio de la cual los productores sujetos a metas de valorizaci\u00f3n dan cumplimiento a ellas. Los consumidores industriales no necesitan constituir una entidad especial para valorizar residuos.<\/p>\n<p><strong>17. \u00bfEn caso de discordancia con los datos informados por el sistema colectivo, se puede rectificar directo o eso lo gestiona a trav\u00e9s del sistema?<\/strong><\/p>\n<p>Si el consumidor industrial tiene un convenio con un sistema de gesti\u00f3n y \u00e9ste reporta datos incorrectos, se debe rechazar el reporte para que el sistema de gesti\u00f3n lo rectifique.<\/p>\n<p><strong>18. \u00bfEn el caso de no tener retiro de residuos, se debe completar con 0, dejar en blanco o hay alg\u00fan bot\u00f3n de &#8220;enviar sin movimientos&#8221;?<\/strong><\/p>\n<p>Debe marcar la opci\u00f3n \u201cNo informa\u201d.<\/p>\n<p><strong>19. \u00bfSe podr\u00e1n descargar certificados de cada declaraci\u00f3n?<\/strong><\/p>\n<p>Luego de reportar, podr\u00e1 descargar copia del reporte en SISREP.<\/p>\n<p><strong>20. \u00bfEn la casilla de si cuento con autorizaci\u00f3n de manejo, se incluye autorizaci\u00f3n sanitaria de almacenamiento?<\/strong><\/p>\n<p>Incluye toda operaci\u00f3n de manejo de residuos, incluyendo almacenamiento temporal de residuos.<\/p>\n<\/div><\/div><\/div><\/div><\/div><\/div><\/div><\/div><\/div><\/p>\n","protected":false},"excerpt":{"rendered":"","protected":false},"author":3,"featured_media":0,"parent":31230,"menu_order":0,"comment_status":"closed","ping_status":"closed","template":"100-width.php","meta":{"footnotes":""},"class_list":["post-31527","page","type-page","status-publish","hentry"],"_links":{"self":[{"href":"https:\/\/portal.sma.gob.cl\/index.php\/wp-json\/wp\/v2\/pages\/31527","targetHints":{"allow":["GET"]}}],"collection":[{"href":"https:\/\/portal.sma.gob.cl\/index.php\/wp-json\/wp\/v2\/pages"}],"about":[{"href":"https:\/\/portal.sma.gob.cl\/index.php\/wp-json\/wp\/v2\/types\/page"}],"author":[{"embeddable":true,"href":"https:\/\/portal.sma.gob.cl\/index.php\/wp-json\/wp\/v2\/users\/3"}],"replies":[{"embeddable":true,"href":"https:\/\/portal.sma.gob.cl\/index.php\/wp-json\/wp\/v2\/comments?post=31527"}],"version-history":[{"count":42,"href":"https:\/\/portal.sma.gob.cl\/index.php\/wp-json\/wp\/v2\/pages\/31527\/revisions"}],"predecessor-version":[{"id":35846,"href":"https:\/\/portal.sma.gob.cl\/index.php\/wp-json\/wp\/v2\/pages\/31527\/revisions\/35846"}],"up":[{"embeddable":true,"href":"https:\/\/portal.sma.gob.cl\/index.php\/wp-json\/wp\/v2\/pages\/31230"}],"wp:attachment":[{"href":"https:\/\/portal.sma.gob.cl\/index.php\/wp-json\/wp\/v2\/media?parent=31527"}],"curies":[{"name":"wp","href":"https:\/\/api.w.org\/{rel}","templated":true}]}}