{"id":32337,"date":"2024-07-30T17:16:55","date_gmt":"2024-07-30T21:16:55","guid":{"rendered":"https:\/\/portal.sma.gob.cl\/?page_id=32337"},"modified":"2026-03-19T10:16:38","modified_gmt":"2026-03-19T13:16:38","slug":"gestion-concon-quintero-y-puchuncavi","status":"publish","type":"page","link":"https:\/\/portal.sma.gob.cl\/index.php\/gestion-concon-quintero-y-puchuncavi\/","title":{"rendered":"Gesti\u00f3n Conc\u00f3n, Quintero y Puchuncav\u00ed"},"content":{"rendered":"<p><div class=\"fusion-bg-parallax\" data-bg-align=\"center top\" data-direction=\"up\" data-mute=\"false\" data-opacity=\"100\" data-velocity=\"-0.3\" data-mobile-enabled=\"false\" data-break_parents=\"0\" data-bg-image=\"https:\/\/portal.sma.gob.cl\/wp-content\/uploads\/2026\/03\/slide4.jpg\" data-bg-repeat=\"false\" data-bg-color=\"var(--awb-color6)\" ><\/div><div class=\"fusion-fullwidth fullwidth-box fusion-builder-row-1 fusion-flex-container has-pattern-background has-mask-background fusion-parallax-up nonhundred-percent-fullwidth non-hundred-percent-height-scrolling\" style=\"--awb-background-position:center top;--awb-border-radius-top-left:0px;--awb-border-radius-top-right:0px;--awb-border-radius-bottom-right:0px;--awb-border-radius-bottom-left:0px;--awb-padding-top:10vh;--awb-padding-bottom:10vh;--awb-padding-top-small:16vh;--awb-padding-bottom-small:16vh;--awb-margin-top:0px;--awb-background-color:var(--awb-color6);--awb-background-image:url(&quot;https:\/\/portal.sma.gob.cl\/wp-content\/uploads\/2026\/03\/slide4.jpg&quot;);--awb-background-size:cover;--awb-flex-wrap:wrap;\" ><div class=\"fusion-builder-row fusion-row fusion-flex-align-items-flex-start fusion-flex-content-wrap\" style=\"max-width:1144px;margin-left: calc(-4% \/ 2 );margin-right: calc(-4% \/ 2 );\"><div class=\"fusion-layout-column fusion_builder_column fusion-builder-column-0 fusion_builder_column_1_2 1_2 fusion-flex-column\" style=\"--awb-bg-size:cover;--awb-width-large:50%;--awb-margin-top-large:0px;--awb-spacing-right-large:3.84%;--awb-margin-bottom-large:0px;--awb-spacing-left-large:3.84%;--awb-width-medium:100%;--awb-order-medium:0;--awb-spacing-right-medium:1.92%;--awb-spacing-left-medium:1.92%;--awb-width-small:100%;--awb-order-small:0;--awb-spacing-right-small:1.92%;--awb-spacing-left-small:1.92%;\" data-scroll-devices=\"small-visibility,medium-visibility,large-visibility\"><div class=\"fusion-column-wrapper fusion-column-has-shadow fusion-flex-justify-content-flex-start fusion-content-layout-column\"><div class=\"fusion-image-element \" style=\"--awb-caption-title-font-family:var(--h2_typography-font-family);--awb-caption-title-font-weight:var(--h2_typography-font-weight);--awb-caption-title-font-style:var(--h2_typography-font-style);--awb-caption-title-size:var(--h2_typography-font-size);--awb-caption-title-transform:var(--h2_typography-text-transform);--awb-caption-title-line-height:var(--h2_typography-line-height);--awb-caption-title-letter-spacing:var(--h2_typography-letter-spacing);\"><span class=\" fusion-imageframe imageframe-none imageframe-1 hover-type-none\"><img decoding=\"async\" width=\"1169\" height=\"380\" title=\"marca\" src=\"https:\/\/portal.sma.gob.cl\/wp-content\/uploads\/2026\/02\/marca.png\" alt class=\"img-responsive wp-image-37807\" srcset=\"https:\/\/portal.sma.gob.cl\/wp-content\/uploads\/2026\/02\/marca-200x65.png 200w, https:\/\/portal.sma.gob.cl\/wp-content\/uploads\/2026\/02\/marca-400x130.png 400w, https:\/\/portal.sma.gob.cl\/wp-content\/uploads\/2026\/02\/marca-600x195.png 600w, https:\/\/portal.sma.gob.cl\/wp-content\/uploads\/2026\/02\/marca-800x260.png 800w, https:\/\/portal.sma.gob.cl\/wp-content\/uploads\/2026\/02\/marca.png 1169w\" sizes=\"(max-width: 1024px) 100vw, (max-width: 640px) 100vw, 600px\" \/><\/span><\/div><\/div><\/div><\/div><\/div><div class=\"fusion-fullwidth fullwidth-box fusion-builder-row-2 fusion-flex-container has-pattern-background has-mask-background nonhundred-percent-fullwidth non-hundred-percent-height-scrolling\" style=\"--awb-border-radius-top-left:0px;--awb-border-radius-top-right:0px;--awb-border-radius-bottom-right:0px;--awb-border-radius-bottom-left:0px;--awb-padding-top:20px;--awb-margin-bottom-small:0px;--awb-background-color:#edf7fb;--awb-flex-wrap:wrap;\" ><div class=\"fusion-builder-row fusion-row fusion-flex-align-items-stretch fusion-flex-content-wrap\" style=\"max-width:1144px;margin-left: calc(-4% \/ 2 );margin-right: calc(-4% \/ 2 );\"><div class=\"fusion-layout-column fusion_builder_column fusion-builder-column-1 fusion_builder_column_1_1 1_1 fusion-flex-column fusion-flex-align-self-flex-start\" style=\"--awb-padding-top-medium:60px;--awb-padding-bottom-medium:60px;--awb-padding-top-small:20px;--awb-bg-size:cover;--awb-width-large:100%;--awb-margin-top-large:60px;--awb-spacing-right-large:1.92%;--awb-margin-bottom-large:20px;--awb-spacing-left-large:1.92%;--awb-width-medium:40%;--awb-order-medium:0;--awb-spacing-right-medium:4.8%;--awb-spacing-left-medium:4.8%;--awb-width-small:100%;--awb-order-small:1;--awb-spacing-right-small:1.92%;--awb-margin-bottom-small:0px;--awb-spacing-left-small:1.92%;\" data-scroll-devices=\"small-visibility,medium-visibility,large-visibility\"><div class=\"fusion-column-wrapper fusion-column-has-shadow fusion-flex-justify-content-flex-start fusion-content-layout-row\"><div class=\"fusion-title title fusion-title-1 fusion-title-text fusion-title-size-two\" style=\"--awb-text-color:#163277;--awb-margin-bottom:10px;--awb-margin-top-small:0px;--awb-margin-right-small:0px;--awb-margin-bottom-small:20px;--awb-margin-left-small:0px;--awb-font-size:38px;\"><div class=\"title-sep-container title-sep-container-left fusion-no-large-visibility fusion-no-medium-visibility fusion-no-small-visibility\"><div class=\"title-sep sep-double sep-solid\" style=\"border-color:#e0dede;\"><\/div><\/div><span class=\"awb-title-spacer fusion-no-large-visibility fusion-no-medium-visibility fusion-no-small-visibility\"><\/span><h2 class=\"fusion-title-heading title-heading-left fusion-responsive-typography-calculated\" style=\"font-family:&quot;museo-sans&quot;;font-style:normal;font-weight:900;margin:0;font-size:1em;--fontSize:38;line-height:1.35;\">Red de monitoreo BTEX<\/h2><span class=\"awb-title-spacer\"><\/span><div class=\"title-sep-container title-sep-container-right\"><div class=\"title-sep sep-double sep-solid\" style=\"border-color:#e0dede;\"><\/div><\/div><\/div><div class=\"fusion-separator\" style=\"align-self: flex-start;margin-right:auto;margin-top:0px;margin-bottom:30px;width:100%;max-width:70%;\"><div class=\"fusion-separator-border sep-single sep-solid\" style=\"--awb-height:20px;--awb-amount:20px;--awb-sep-color:#eddb5b;border-color:#eddb5b;border-top-width:3px;\"><\/div><\/div><div class=\"fusion-text fusion-text-1\" style=\"--awb-font-size:17px;\"><p>La SMA realiza un monitoreo de car\u00e1cter prospectivo para los Compuestos Org\u00e1nicos Vol\u00e1tiles (COVs) presentes en el aire, espec\u00edficamente de benceno, tolueno, etilbenceno y xileno (BTEX), mediante ocho equipos PyxisGC que se encuentran instalados en las comunas de Conc\u00f3n, Quintero y Puchuncav\u00ed.<\/p>\n<p>Los equipos PyxisGC son analizadores compactos que permiten medir de manera autom\u00e1tica y en tiempo real algunos de los COVs, se\u00f1alados anteriormente. Para una descripci\u00f3n m\u00e1s detallada de equipos PyxisGC le invitamos a revisar la secci\u00f3n <strong><span style=\"text-decoration: underline;\"><a href=\"https:\/\/portal.sma.gob.cl\/index.php\/gestion-concon-quintero-y-puchuncavi\/noticias\/#videoscqp\">\u201cVideos\u201d.<\/a><\/span><\/strong><\/p>\n<\/div><\/div><\/div><div class=\"fusion-layout-column fusion_builder_column fusion-builder-column-2 fusion_builder_column_1_2 1_2 fusion-flex-column fusion-flex-align-self-flex-start\" style=\"--awb-padding-top-medium:60px;--awb-padding-bottom-medium:60px;--awb-padding-top-small:20px;--awb-bg-size:cover;--awb-width-large:50%;--awb-margin-top-large:0px;--awb-spacing-right-large:30px;--awb-margin-bottom-large:20px;--awb-spacing-left-large:3.84%;--awb-width-medium:40%;--awb-order-medium:0;--awb-spacing-right-medium:30px;--awb-spacing-left-medium:4.8%;--awb-width-small:100%;--awb-order-small:1;--awb-spacing-right-small:1.92%;--awb-margin-bottom-small:0px;--awb-spacing-left-small:1.92%;\" data-scroll-devices=\"small-visibility,medium-visibility,large-visibility\"><div class=\"fusion-column-wrapper fusion-column-has-shadow fusion-flex-justify-content-flex-start fusion-content-layout-row\"><div class=\"fusion-text fusion-text-2\" style=\"--awb-font-size:17px;\"><p>Los equipos PyxisGC forman parte del plan de acci\u00f3n de la SMA, ya que, ante un aumento de las concentraciones, fija l\u00edneas de trabajo interno y coordinaci\u00f3n con servicios sectoriales. Los equipos se encuentran instalados en el Complejo Educacional Sargento Aldea (Puchuncav\u00ed); Estaci\u00f3n de Monitoreo Ventanas, Fundaci\u00f3n Las Rosas (Puchuncav\u00ed); Escuela Rep\u00fablica de Francia (Quintero); Colegio Alonso de Quintero-sede Baquedano (Quintero); Estaci\u00f3n de Monitoreo Centro Quintero (Quintero); Jard\u00edn Infantil Conconcito (Conc\u00f3n) y Escuela Puente Colmo (Conc\u00f3n). Se pueden visualizar en la Red de Monitoreo de BTEX (SMA).<\/p>\n<\/div><\/div><\/div><div class=\"fusion-layout-column fusion_builder_column fusion-builder-column-3 fusion_builder_column_1_2 1_2 fusion-flex-column fusion-flex-align-self-flex-start\" style=\"--awb-padding-top-medium:60px;--awb-padding-bottom-medium:60px;--awb-padding-top-small:20px;--awb-overflow:hidden;--awb-bg-size:cover;--awb-border-color:var(--awb-custom10);--awb-border-top:2px;--awb-border-right:2px;--awb-border-bottom:2px;--awb-border-left:2px;--awb-border-style:solid;--awb-border-radius:10px 10px 10px 10px;--awb-width-large:50%;--awb-margin-top-large:0px;--awb-spacing-right-large:30px;--awb-margin-bottom-large:30px;--awb-spacing-left-large:3.84%;--awb-width-medium:40%;--awb-order-medium:0;--awb-spacing-right-medium:30px;--awb-spacing-left-medium:4.8%;--awb-width-small:100%;--awb-order-small:1;--awb-spacing-right-small:1.92%;--awb-margin-bottom-small:0px;--awb-spacing-left-small:1.92%;\" data-scroll-devices=\"small-visibility,medium-visibility,large-visibility\"><div class=\"fusion-column-wrapper fusion-column-has-shadow fusion-flex-justify-content-flex-start fusion-content-layout-row\"><iframe src=\"https:\/\/redes.mma.gob.cl\/desarrollo_web\/generator\/Industrial\/view\/maps\/vD1wOkAfYPXhKjEWAVRXLLcMn\" width=\"100%\" height=\"400px\"><\/iframe><\/div><\/div><\/div><\/div><div class=\"fusion-fullwidth fullwidth-box fusion-builder-row-3 fusion-flex-container has-pattern-background has-mask-background nonhundred-percent-fullwidth non-hundred-percent-height-scrolling\" style=\"--awb-border-radius-top-left:0px;--awb-border-radius-top-right:0px;--awb-border-radius-bottom-right:0px;--awb-border-radius-bottom-left:0px;--awb-padding-top:40px;--awb-margin-bottom-small:0px;--awb-background-color:#edf7fb;--awb-flex-wrap:wrap;\" ><div class=\"fusion-builder-row fusion-row fusion-flex-align-items-stretch fusion-flex-content-wrap\" style=\"max-width:1144px;margin-left: calc(-4% \/ 2 );margin-right: calc(-4% \/ 2 );\"><div class=\"fusion-layout-column fusion_builder_column fusion-builder-column-4 fusion_builder_column_1_1 1_1 fusion-flex-column\" style=\"--awb-bg-size:cover;--awb-width-large:100%;--awb-margin-top-large:0px;--awb-spacing-right-large:1.92%;--awb-margin-bottom-large:20px;--awb-spacing-left-large:1.92%;--awb-width-medium:100%;--awb-order-medium:0;--awb-spacing-right-medium:1.92%;--awb-spacing-left-medium:1.92%;--awb-width-small:100%;--awb-order-small:0;--awb-spacing-right-small:1.92%;--awb-spacing-left-small:1.92%;\" data-scroll-devices=\"small-visibility,medium-visibility,large-visibility\"><div class=\"fusion-column-wrapper fusion-column-has-shadow fusion-flex-justify-content-flex-start fusion-content-layout-column\"><div class=\"fusion-tabs fusion-tabs-1 classic nav-is-justified horizontal-tabs icon-position-left mobile-mode-toggle\" style=\"--awb-title-border-radius-top-left:0px;--awb-title-border-radius-top-right:0px;--awb-title-border-radius-bottom-right:0px;--awb-title-border-radius-bottom-left:0px;--awb-content-padding-right:0px;--awb-title-font-size:18px;--awb-alignment:start;--awb-inactive-color:#c8d6ed;--awb-background-color:#ffffff;--awb-border-color:#ebeaea;--awb-active-border-color:#448aff;--awb-title-font-family:&quot;museo-sans-rounded&quot;;--awb-title-font-style:normal;--awb-title-font-weight:700;\"><div class=\"nav\"><ul class=\"nav-tabs nav-justified\" role=\"tablist\" aria-orientation=\"horizontal\"><li class=\"active\" role=\"presentation\"><a class=\"tab-link\" data-toggle=\"tab\" role=\"tab\" aria-controls=\"tab-2a77652dec5ecd1cfee\" aria-selected=\"true\" tabindex=\"0\" id=\"fusion-tab-2a77652dec5ecd1cfee\" href=\"#tab-2a77652dec5ecd1cfee\"><h4 class=\"fusion-tab-heading\">Benceno<\/h4><\/a><\/li><li  role=\"presentation\"><a class=\"tab-link\" data-toggle=\"tab\" role=\"tab\" aria-controls=\"tab-65577c65d23b24fc0b4\" aria-selected=\"false\" tabindex=\"-1\" id=\"fusion-tab-65577c65d23b24fc0b4\" href=\"#tab-65577c65d23b24fc0b4\"><h4 class=\"fusion-tab-heading\">Tolueno<\/h4><\/a><\/li><li  role=\"presentation\"><a class=\"tab-link\" data-toggle=\"tab\" role=\"tab\" aria-controls=\"tab-ac321e694c626de2a3b\" aria-selected=\"false\" tabindex=\"-1\" id=\"fusion-tab-ac321e694c626de2a3b\" href=\"#tab-ac321e694c626de2a3b\"><h4 class=\"fusion-tab-heading\">Etilbenceno<\/h4><\/a><\/li><li  role=\"presentation\"><a class=\"tab-link\" data-toggle=\"tab\" role=\"tab\" aria-controls=\"tab-e8ee4367f744965c006\" aria-selected=\"false\" tabindex=\"-1\" id=\"fusion-tab-e8ee4367f744965c006\" href=\"#tab-e8ee4367f744965c006\"><h4 class=\"fusion-tab-heading\">Xileno<\/h4><\/a><\/li><\/ul><\/div><div class=\"tab-content\"><div class=\"nav fusion-mobile-tab-nav\"><ul class=\"nav-tabs nav-justified\" role=\"tablist\" aria-orientation=\"horizontal\"><li class=\"active\" role=\"presentation\"><a class=\"tab-link\" data-toggle=\"tab\" role=\"tab\" aria-controls=\"tab-2a77652dec5ecd1cfee\" aria-selected=\"true\" tabindex=\"0\" id=\"mobile-fusion-tab-2a77652dec5ecd1cfee\" href=\"#tab-2a77652dec5ecd1cfee\"><h4 class=\"fusion-tab-heading\">Benceno<\/h4><\/a><\/li><\/ul><\/div><div class=\"tab-pane fade fusion-clearfix in active\" role=\"tabpanel\" tabindex=\"0\" aria-labelledby=\"fusion-tab-2a77652dec5ecd1cfee\" id=\"tab-2a77652dec5ecd1cfee\">\n<p>Datos en zona horaria local de Chile (Am\u00e9rica\/Santiago)<\/p>\n<ul>\n<li>Dato Validado: Corresponden a los datos crudos que han aprobado los controles de calidad realizados durante el proceso de validaci\u00f3n de datos. Pueden incluir correcciones en funci\u00f3n de los resultados de las calibraciones y verificaciones a los instrumentos de medici\u00f3n y muestreadores.<\/li>\n<li>Dato Inv\u00e1lido: Corresponden a los datos crudos que no aprueban los controles de calidad del proceso de validaci\u00f3n de datos.<\/li>\n<li>Dato en revisi\u00f3n: Corresponde al dato crudo que no ha pasado a\u00fan por el proceso de validaci\u00f3n.<\/li>\n<\/ul>\n<p><span style=\"text-decoration: underline;\"><strong>Mensaje:<\/strong><\/span><br \/>\nEscuela Rep\u00fablica de Francia: Fuera de l\u00ednea por trabajos en el establecimiento educacional.<br \/>\n<span style=\"text-decoration: underline;\"><a href=\"https:\/\/respaldosma.blob.core.windows.net\/shares\/Mensajes%20AireCQP%20-%20PyxisGC.xlsx\" target=\"_blank\" rel=\"noopener\">Historial de Mantenimientos<\/a><\/span><\/p>\n<p><iframe src=\"https:\/\/redes.mma.gob.cl\/desarrollo_web\/generator\/Industrial\/view\/graphic\/ZaK39eKeEofW1xkvlhPQEsBdx\" width=\"1080px\" height=\"500px\"><span data-mce-type=\"bookmark\" style=\"display: inline-block; width: 0px; overflow: hidden; line-height: 0;\" class=\"mce_SELRES_start\">\ufeff<\/span><span data-mce-type=\"bookmark\" style=\"display: inline-block; width: 0px; overflow: hidden; line-height: 0;\" class=\"mce_SELRES_start\">\ufeff<\/span><span data-mce-type=\"bookmark\" style=\"display: inline-block; width: 0px; overflow: hidden; line-height: 0;\" class=\"mce_SELRES_start\">\ufeff<\/span><span data-mce-type=\"bookmark\" style=\"display: inline-block; width: 0px; overflow: hidden; line-height: 0;\" class=\"mce_SELRES_start\">\ufeff<\/span><span data-mce-type=\"bookmark\" style=\"display: inline-block; width: 0px; overflow: hidden; line-height: 0;\" class=\"mce_SELRES_start\">\ufeff<\/span><span data-mce-type=\"bookmark\" style=\"display: inline-block; width: 0px; overflow: hidden; line-height: 0;\" class=\"mce_SELRES_start\">\ufeff<\/span><br \/>\n<\/iframe><\/p>\n<\/div><div class=\"nav fusion-mobile-tab-nav\"><ul class=\"nav-tabs nav-justified\" role=\"tablist\" aria-orientation=\"horizontal\"><li  role=\"presentation\"><a class=\"tab-link\" data-toggle=\"tab\" role=\"tab\" aria-controls=\"tab-65577c65d23b24fc0b4\" aria-selected=\"false\" tabindex=\"-1\" id=\"mobile-fusion-tab-65577c65d23b24fc0b4\" href=\"#tab-65577c65d23b24fc0b4\"><h4 class=\"fusion-tab-heading\">Tolueno<\/h4><\/a><\/li><\/ul><\/div><div class=\"tab-pane fade fusion-clearfix\" role=\"tabpanel\" tabindex=\"0\" aria-labelledby=\"fusion-tab-65577c65d23b24fc0b4\" id=\"tab-65577c65d23b24fc0b4\">\n<p>Datos en zona horaria local de Chile (Am\u00e9rica\/Santiago)<\/p>\n<ul>\n<li>Dato Validado: Corresponden a los datos crudos que han aprobado los controles de calidad realizados durante el proceso de validaci\u00f3n de datos. Pueden incluir correcciones en funci\u00f3n de los resultados de las calibraciones y verificaciones a los instrumentos de medici\u00f3n y muestreadores. Dato Inv\u00e1lido: Corresponden a los datos crudos que no aprueban los controles de calidad del proceso de validaci\u00f3n de datos.<\/li>\n<li>Dato en revisi\u00f3n: Corresponde al dato crudo que no ha pasado a\u00fan por el proceso de validaci\u00f3n.<\/li>\n<\/ul>\n<p><span style=\"text-decoration: underline;\"><strong>Mensaje:<\/strong><\/span><br \/>\nEscuela Rep\u00fablica de Francia: Fuera de l\u00ednea por trabajos en el establecimiento educacional.<br \/>\n<a href=\"https:\/\/respaldosma.blob.core.windows.net\/shares\/Mensajes%20AireCQP%20-%20PyxisGC.xlsx\" target=\"_blank\" rel=\"noopener\"><span style=\"text-decoration: underline;\">Historial de Mantenimientos<\/span><\/a><\/p>\n<p><iframe src=\"https:\/\/redes.mma.gob.cl\/desarrollo_web\/generator\/Industrial\/view\/graphic\/Z0eBkyOmhQc9AAf6xq67cNAXY\" width=\"1080px\" height=\"400px\"><span data-mce-type=\"bookmark\" style=\"display: inline-block; width: 0px; overflow: hidden; line-height: 0;\" class=\"mce_SELRES_start\">\ufeff<\/span><span data-mce-type=\"bookmark\" style=\"display: inline-block; width: 0px; overflow: hidden; line-height: 0;\" class=\"mce_SELRES_start\">\ufeff<\/span><span data-mce-type=\"bookmark\" style=\"display: inline-block; width: 0px; overflow: hidden; line-height: 0;\" class=\"mce_SELRES_start\">\ufeff<\/span><span data-mce-type=\"bookmark\" style=\"display: inline-block; width: 0px; overflow: hidden; line-height: 0;\" class=\"mce_SELRES_start\">\ufeff<\/span><span data-mce-type=\"bookmark\" style=\"display: inline-block; width: 0px; overflow: hidden; line-height: 0;\" class=\"mce_SELRES_start\">\ufeff<\/span><br \/>\n<\/iframe><\/p>\n<\/div><div class=\"nav fusion-mobile-tab-nav\"><ul class=\"nav-tabs nav-justified\" role=\"tablist\" aria-orientation=\"horizontal\"><li  role=\"presentation\"><a class=\"tab-link\" data-toggle=\"tab\" role=\"tab\" aria-controls=\"tab-ac321e694c626de2a3b\" aria-selected=\"false\" tabindex=\"-1\" id=\"mobile-fusion-tab-ac321e694c626de2a3b\" href=\"#tab-ac321e694c626de2a3b\"><h4 class=\"fusion-tab-heading\">Etilbenceno<\/h4><\/a><\/li><\/ul><\/div><div class=\"tab-pane fade fusion-clearfix\" role=\"tabpanel\" tabindex=\"0\" aria-labelledby=\"fusion-tab-ac321e694c626de2a3b\" id=\"tab-ac321e694c626de2a3b\">\n<p>Datos en zona horaria local de Chile (Am\u00e9rica\/Santiago)<\/p>\n<ul>\n<li>Dato Validado: Corresponden a los datos crudos que han aprobado los controles de calidad realizados durante el proceso de validaci\u00f3n de datos. Pueden incluir correcciones en funci\u00f3n de los resultados de las calibraciones y verificaciones a los instrumentos de medici\u00f3n y muestreadores.<\/li>\n<li>Dato Inv\u00e1lido: Corresponden a los datos crudos que no aprueban los controles de calidad del proceso de validaci\u00f3n de datos.<\/li>\n<li>Dato en revisi\u00f3n: Corresponde al dato crudo que no ha pasado a\u00fan por el proceso de validaci\u00f3n.<\/li>\n<\/ul>\n<p><span style=\"text-decoration: underline;\"><strong>Mensaje:<\/strong><\/span><br \/>\nEscuela Rep\u00fablica de Francia: Fuera de l\u00ednea por trabajos en el establecimiento educacional.<br \/>\n<span style=\"text-decoration: underline;\"><a href=\"https:\/\/respaldosma.blob.core.windows.net\/shares\/Mensajes%20AireCQP%20-%20PyxisGC.xlsx\" target=\"_blank\" rel=\"noopener\">Historial de Mantenimientos<\/a><\/span><\/p>\n<p><iframe src=\"https:\/\/redes.mma.gob.cl\/desarrollo_web\/generator\/Industrial\/view\/graphic\/drKdC39AUzUshGa9gJLAs3y5g\" width=\"1080px\" height=\"400px\"><span data-mce-type=\"bookmark\" style=\"display: inline-block; width: 0px; overflow: hidden; line-height: 0;\" class=\"mce_SELRES_start\">\ufeff<\/span><span data-mce-type=\"bookmark\" style=\"display: inline-block; width: 0px; overflow: hidden; line-height: 0;\" class=\"mce_SELRES_start\">\ufeff<\/span><span data-mce-type=\"bookmark\" style=\"display: inline-block; width: 0px; overflow: hidden; line-height: 0;\" class=\"mce_SELRES_start\">\ufeff<\/span><span data-mce-type=\"bookmark\" style=\"display: inline-block; width: 0px; overflow: hidden; line-height: 0;\" class=\"mce_SELRES_start\">\ufeff<\/span><span data-mce-type=\"bookmark\" style=\"display: inline-block; width: 0px; overflow: hidden; line-height: 0;\" class=\"mce_SELRES_start\">\ufeff<\/span><span data-mce-type=\"bookmark\" style=\"display: inline-block; width: 0px; overflow: hidden; line-height: 0;\" class=\"mce_SELRES_start\">\ufeff<\/span><br \/>\n<\/iframe><\/p>\n<\/div><div class=\"nav fusion-mobile-tab-nav\"><ul class=\"nav-tabs nav-justified\" role=\"tablist\" aria-orientation=\"horizontal\"><li  role=\"presentation\"><a class=\"tab-link\" data-toggle=\"tab\" role=\"tab\" aria-controls=\"tab-e8ee4367f744965c006\" aria-selected=\"false\" tabindex=\"-1\" id=\"mobile-fusion-tab-e8ee4367f744965c006\" href=\"#tab-e8ee4367f744965c006\"><h4 class=\"fusion-tab-heading\">Xileno<\/h4><\/a><\/li><\/ul><\/div><div class=\"tab-pane fade fusion-clearfix\" role=\"tabpanel\" tabindex=\"0\" aria-labelledby=\"fusion-tab-e8ee4367f744965c006\" id=\"tab-e8ee4367f744965c006\">\n<p>Datos en zona horaria local de Chile (Am\u00e9rica\/Santiago)<\/p>\n<ul>\n<li>Dato Validado: Corresponden a los datos crudos que han aprobado los controles de calidad realizados durante el proceso de validaci\u00f3n de datos. Pueden incluir correcciones en funci\u00f3n de los resultados de las calibraciones y verificaciones a los instrumentos de medici\u00f3n y muestreadores.<\/li>\n<li>Dato Inv\u00e1lido: Corresponden a los datos crudos que no aprueban los controles de calidad del proceso de validaci\u00f3n de datos.<\/li>\n<li>Dato en revisi\u00f3n: Corresponde al dato crudo que no ha pasado a\u00fan por el proceso de validaci\u00f3n.<\/li>\n<\/ul>\n<p><span style=\"text-decoration: underline;\"><strong>Mensaje:<\/strong><\/span><br \/>\nEscuela Rep\u00fablica de Francia: Fuera de l\u00ednea por trabajos en el establecimiento educacional.<br \/>\n<span style=\"text-decoration: underline;\"><a href=\"https:\/\/respaldosma.blob.core.windows.net\/shares\/Mensajes%20AireCQP%20-%20PyxisGC.xlsx\" target=\"_blank\" rel=\"noopener\">Historial de Mantenimientos<\/a><\/span><\/p>\n<p><iframe src=\"https:\/\/redes.mma.gob.cl\/desarrollo_web\/generator\/Industrial\/view\/graphic\/G7H33fnZHZXHvo4NYfSj2waU2\" width=\"1080px\" height=\"400px\"><span data-mce-type=\"bookmark\" style=\"display: inline-block; width: 0px; overflow: hidden; line-height: 0;\" class=\"mce_SELRES_start\">\ufeff<\/span><span data-mce-type=\"bookmark\" style=\"display: inline-block; width: 0px; overflow: hidden; line-height: 0;\" class=\"mce_SELRES_start\">\ufeff<\/span><span data-mce-type=\"bookmark\" style=\"display: inline-block; width: 0px; overflow: hidden; line-height: 0;\" class=\"mce_SELRES_start\">\ufeff<\/span><span data-mce-type=\"bookmark\" style=\"display: inline-block; width: 0px; overflow: hidden; line-height: 0;\" class=\"mce_SELRES_start\">\ufeff<\/span><span data-mce-type=\"bookmark\" style=\"display: inline-block; width: 0px; overflow: hidden; line-height: 0;\" class=\"mce_SELRES_start\">\ufeff<\/span><span data-mce-type=\"bookmark\" style=\"display: inline-block; width: 0px; overflow: hidden; line-height: 0;\" class=\"mce_SELRES_start\">\ufeff<\/span><br \/>\n<\/iframe><\/p>\n<\/div><\/div><\/div><\/div><\/div><\/div><\/div><div class=\"fusion-fullwidth fullwidth-box fusion-builder-row-4 fusion-flex-container has-pattern-background has-mask-background nonhundred-percent-fullwidth non-hundred-percent-height-scrolling\" style=\"--awb-border-radius-top-left:0px;--awb-border-radius-top-right:0px;--awb-border-radius-bottom-right:0px;--awb-border-radius-bottom-left:0px;--awb-background-color:var(--awb-color1);--awb-flex-wrap:nowrap;\" ><div class=\"fusion-builder-row fusion-row fusion-flex-align-items-flex-start fusion-flex-content-wrap\" style=\"max-width:1144px;margin-left: calc(-4% \/ 2 );margin-right: calc(-4% \/ 2 );\"><div class=\"fusion-layout-column fusion_builder_column fusion-builder-column-5 fusion_builder_column_1_1 1_1 fusion-flex-column fusion-flex-align-self-flex-start\" style=\"--awb-padding-top:60px;--awb-padding-bottom:60px;--awb-padding-top-medium:60px;--awb-padding-bottom-medium:60px;--awb-padding-top-small:20px;--awb-bg-size:cover;--awb-width-large:100%;--awb-margin-top-large:0px;--awb-spacing-right-large:30px;--awb-margin-bottom-large:20px;--awb-spacing-left-large:1.92%;--awb-width-medium:40%;--awb-order-medium:0;--awb-spacing-right-medium:30px;--awb-spacing-left-medium:4.8%;--awb-width-small:100%;--awb-order-small:1;--awb-spacing-right-small:1.92%;--awb-margin-bottom-small:0px;--awb-spacing-left-small:1.92%;\" data-scroll-devices=\"small-visibility,medium-visibility,large-visibility\"><div class=\"fusion-column-wrapper fusion-column-has-shadow fusion-flex-justify-content-flex-start fusion-content-layout-column fusion-content-nowrap\"><div class=\"fusion-title title fusion-title-2 fusion-sep-none fusion-title-text fusion-title-size-two\" style=\"--awb-text-color:#163277;--awb-margin-bottom:10px;--awb-margin-top-small:0px;--awb-margin-right-small:0px;--awb-margin-bottom-small:20px;--awb-margin-left-small:0px;--awb-font-size:38px;\"><h2 class=\"fusion-title-heading title-heading-left fusion-responsive-typography-calculated\" style=\"font-family:&quot;museo-sans&quot;;font-style:normal;font-weight:900;margin:0;font-size:1em;--fontSize:38;line-height:1.35;\">Noticias<\/h2><\/div><div class=\"fusion-separator\" style=\"align-self: flex-start;margin-right:auto;margin-top:0px;margin-bottom:30px;width:100%;max-width:70%;\"><div class=\"fusion-separator-border sep-single sep-solid\" style=\"--awb-height:20px;--awb-amount:20px;--awb-sep-color:#eddb5b;border-color:#eddb5b;border-top-width:3px;\"><\/div><\/div><div class=\"fusion-recent-posts fusion-recent-posts-1 avada-container layout-default layout-columns-3\" style=\"--h2_typography-font-family:&quot;museo-sans&quot;;--h2_typography-font-weight:700;--h2_typography-font-style:normal;--h2_typography-font-size:20px;\"><section class=\"fusion-columns columns fusion-columns-3 columns-3\"><article class=\"post fusion-column column col col-lg-4 col-md-4 col-sm-4\"><div class=\"fusion-flexslider fusion-flexslider-loading flexslider flexslider-hover-type-none\"><ul class=\"slides\"><li><a href=\"https:\/\/portal.sma.gob.cl\/index.php\/sma-lanza-nuevo-sitio-web-dedicado-al-seguimiento-ambiental-en-concon-quintero-y-puchuncavi\/\" aria-label=\"SMA lanza nuevo sitio web dedicado al seguimiento ambiental en Conc\u00f3n, Quintero y Puchuncav\u00ed\" class=\"hover-type-none\"><img decoding=\"async\" width=\"700\" height=\"441\" src=\"https:\/\/portal.sma.gob.cl\/wp-content\/uploads\/2026\/03\/cqp-nota-700x441.png\" class=\"attachment-recent-posts size-recent-posts\" alt=\"\" srcset=\"https:\/\/portal.sma.gob.cl\/wp-content\/uploads\/2026\/03\/cqp-nota-320x202.png 320w, https:\/\/portal.sma.gob.cl\/wp-content\/uploads\/2026\/03\/cqp-nota-700x441.png 700w\" sizes=\"(max-width: 700px) 100vw, 700px\" \/><\/a><\/li><\/ul><\/div><div class=\"recent-posts-content\"><span class=\"vcard\" style=\"display: none;\"><span class=\"fn\"><a href=\"https:\/\/portal.sma.gob.cl\/index.php\/author\/clausoto\/\" title=\"Entradas de Claudia Soto\" rel=\"author\">Claudia Soto<\/a><\/span><\/span><span class=\"updated\" style=\"display:none;\">2026-03-10T15:32:48-03:00<\/span><h2 class=\"entry-title\"><a href=\"https:\/\/portal.sma.gob.cl\/index.php\/sma-lanza-nuevo-sitio-web-dedicado-al-seguimiento-ambiental-en-concon-quintero-y-puchuncavi\/\">SMA lanza nuevo sitio web dedicado al seguimiento ambiental en Conc\u00f3n, Quintero y Puchuncav\u00ed<\/a><\/h2><\/div><\/article><article class=\"post fusion-column column col col-lg-4 col-md-4 col-sm-4\"><div class=\"fusion-flexslider fusion-flexslider-loading flexslider flexslider-hover-type-none\"><ul class=\"slides\"><li><a href=\"https:\/\/portal.sma.gob.cl\/index.php\/laboratorio-sma-innovacion-y-tecnologia-para-una-fiscalizacion-ambiental-mas-efectiva\/\" aria-label=\"Laboratorio SMA: innovaci\u00f3n y tecnolog\u00eda para una fiscalizaci\u00f3n ambiental m\u00e1s efectiva\" class=\"hover-type-none\"><img decoding=\"async\" width=\"700\" height=\"441\" src=\"https:\/\/portal.sma.gob.cl\/wp-content\/uploads\/2025\/11\/Laboratorio-700x441.jpg\" class=\"attachment-recent-posts size-recent-posts\" alt=\"\" srcset=\"https:\/\/portal.sma.gob.cl\/wp-content\/uploads\/2025\/11\/Laboratorio-320x202.jpg 320w, https:\/\/portal.sma.gob.cl\/wp-content\/uploads\/2025\/11\/Laboratorio-700x441.jpg 700w\" sizes=\"(max-width: 700px) 100vw, 700px\" \/><\/a><\/li><li><a href=\"https:\/\/portal.sma.gob.cl\/index.php\/laboratorio-sma-innovacion-y-tecnologia-para-una-fiscalizacion-ambiental-mas-efectiva\/\" aria-label=\"Laboratorio SMA: innovaci\u00f3n y tecnolog\u00eda para una fiscalizaci\u00f3n ambiental m\u00e1s efectiva\" class=\"hover-type-none\"><img decoding=\"async\" width=\"700\" height=\"441\" src=\"https:\/\/portal.sma.gob.cl\/wp-content\/uploads\/2025\/11\/Pyxis-2jpg-700x441.jpg\" class=\"attachment-recent-posts size-recent-posts\" alt=\"\" srcset=\"https:\/\/portal.sma.gob.cl\/wp-content\/uploads\/2025\/11\/Pyxis-2jpg-320x202.jpg 320w, https:\/\/portal.sma.gob.cl\/wp-content\/uploads\/2025\/11\/Pyxis-2jpg-700x441.jpg 700w\" sizes=\"(max-width: 700px) 100vw, 700px\" \/><\/a><\/li><li><a href=\"https:\/\/portal.sma.gob.cl\/index.php\/laboratorio-sma-innovacion-y-tecnologia-para-una-fiscalizacion-ambiental-mas-efectiva\/\" aria-label=\"Laboratorio SMA: innovaci\u00f3n y tecnolog\u00eda para una fiscalizaci\u00f3n ambiental m\u00e1s efectiva\" class=\"hover-type-none\"><img decoding=\"async\" width=\"700\" height=\"441\" src=\"https:\/\/portal.sma.gob.cl\/wp-content\/uploads\/2025\/11\/Canister-700x441.jpeg\" class=\"attachment-recent-posts size-recent-posts\" alt=\"\" srcset=\"https:\/\/portal.sma.gob.cl\/wp-content\/uploads\/2025\/11\/Canister-320x202.jpeg 320w, https:\/\/portal.sma.gob.cl\/wp-content\/uploads\/2025\/11\/Canister-700x441.jpeg 700w\" sizes=\"(max-width: 700px) 100vw, 700px\" \/><\/a><\/li><li><a href=\"https:\/\/portal.sma.gob.cl\/index.php\/laboratorio-sma-innovacion-y-tecnologia-para-una-fiscalizacion-ambiental-mas-efectiva\/\" aria-label=\"Laboratorio SMA: innovaci\u00f3n y tecnolog\u00eda para una fiscalizaci\u00f3n ambiental m\u00e1s efectiva\" class=\"hover-type-none\"><img decoding=\"async\" width=\"700\" height=\"441\" src=\"https:\/\/portal.sma.gob.cl\/wp-content\/uploads\/2025\/11\/Canister-2-700x441.jpeg\" class=\"attachment-recent-posts size-recent-posts\" alt=\"\" srcset=\"https:\/\/portal.sma.gob.cl\/wp-content\/uploads\/2025\/11\/Canister-2-320x202.jpeg 320w, https:\/\/portal.sma.gob.cl\/wp-content\/uploads\/2025\/11\/Canister-2-700x441.jpeg 700w\" sizes=\"(max-width: 700px) 100vw, 700px\" \/><\/a><\/li><li><a href=\"https:\/\/portal.sma.gob.cl\/index.php\/laboratorio-sma-innovacion-y-tecnologia-para-una-fiscalizacion-ambiental-mas-efectiva\/\" aria-label=\"Laboratorio SMA: innovaci\u00f3n y tecnolog\u00eda para una fiscalizaci\u00f3n ambiental m\u00e1s efectiva\" class=\"hover-type-none\"><img decoding=\"async\" width=\"700\" height=\"441\" src=\"https:\/\/portal.sma.gob.cl\/wp-content\/uploads\/2025\/11\/Tubos-Pasivos-700x441.jpg\" class=\"attachment-recent-posts size-recent-posts\" alt=\"\" srcset=\"https:\/\/portal.sma.gob.cl\/wp-content\/uploads\/2025\/11\/Tubos-Pasivos-320x202.jpg 320w, https:\/\/portal.sma.gob.cl\/wp-content\/uploads\/2025\/11\/Tubos-Pasivos-700x441.jpg 700w\" sizes=\"(max-width: 700px) 100vw, 700px\" \/><\/a><\/li><\/ul><\/div><div class=\"recent-posts-content\"><span class=\"vcard\" style=\"display: none;\"><span class=\"fn\"><a href=\"https:\/\/portal.sma.gob.cl\/index.php\/author\/luis-perez\/\" title=\"Entradas de Luis Perez\" rel=\"author\">Luis Perez<\/a><\/span><\/span><span class=\"updated\" style=\"display:none;\">2025-11-03T15:01:12-03:00<\/span><h2 class=\"entry-title\"><a href=\"https:\/\/portal.sma.gob.cl\/index.php\/laboratorio-sma-innovacion-y-tecnologia-para-una-fiscalizacion-ambiental-mas-efectiva\/\">Laboratorio SMA: innovaci\u00f3n y tecnolog\u00eda para una fiscalizaci\u00f3n ambiental m\u00e1s efectiva<\/a><\/h2><\/div><\/article><article class=\"post fusion-column column col col-lg-4 col-md-4 col-sm-4\"><div class=\"fusion-flexslider fusion-flexslider-loading flexslider flexslider-hover-type-none\"><ul class=\"slides\"><li><a href=\"https:\/\/portal.sma.gob.cl\/index.php\/sma-ha-reforzado-vigilancia-ambiental-en-la-bahia-de-quintero-y-puchuncavi\/\" aria-label=\"SMA ha reforzado vigilancia ambiental en la bah\u00eda de Quintero y Puchuncav\u00ed\" class=\"hover-type-none\"><img decoding=\"async\" width=\"700\" height=\"441\" src=\"https:\/\/portal.sma.gob.cl\/wp-content\/uploads\/2025\/10\/1-e1760623572462-700x441.jpeg\" class=\"attachment-recent-posts size-recent-posts\" alt=\"\" srcset=\"https:\/\/portal.sma.gob.cl\/wp-content\/uploads\/2025\/10\/1-e1760623572462-320x202.jpeg 320w, https:\/\/portal.sma.gob.cl\/wp-content\/uploads\/2025\/10\/1-e1760623572462-700x441.jpeg 700w\" sizes=\"(max-width: 700px) 100vw, 700px\" \/><\/a><\/li><li><a href=\"https:\/\/portal.sma.gob.cl\/index.php\/sma-ha-reforzado-vigilancia-ambiental-en-la-bahia-de-quintero-y-puchuncavi\/\" aria-label=\"SMA ha reforzado vigilancia ambiental en la bah\u00eda de Quintero y Puchuncav\u00ed\" class=\"hover-type-none\"><img decoding=\"async\" width=\"700\" height=\"441\" src=\"https:\/\/portal.sma.gob.cl\/wp-content\/uploads\/2025\/10\/2-700x441.jpg\" class=\"attachment-recent-posts size-recent-posts\" alt=\"\" srcset=\"https:\/\/portal.sma.gob.cl\/wp-content\/uploads\/2025\/10\/2-320x202.jpg 320w, https:\/\/portal.sma.gob.cl\/wp-content\/uploads\/2025\/10\/2-700x441.jpg 700w\" sizes=\"(max-width: 700px) 100vw, 700px\" \/><\/a><\/li><li><a href=\"https:\/\/portal.sma.gob.cl\/index.php\/sma-ha-reforzado-vigilancia-ambiental-en-la-bahia-de-quintero-y-puchuncavi\/\" aria-label=\"SMA ha reforzado vigilancia ambiental en la bah\u00eda de Quintero y Puchuncav\u00ed\" class=\"hover-type-none\"><img decoding=\"async\" width=\"700\" height=\"441\" src=\"https:\/\/portal.sma.gob.cl\/wp-content\/uploads\/2025\/10\/4-e1760623628194-700x441.jpeg\" class=\"attachment-recent-posts size-recent-posts\" alt=\"\" srcset=\"https:\/\/portal.sma.gob.cl\/wp-content\/uploads\/2025\/10\/4-e1760623628194-320x202.jpeg 320w, https:\/\/portal.sma.gob.cl\/wp-content\/uploads\/2025\/10\/4-e1760623628194-700x441.jpeg 700w\" sizes=\"(max-width: 700px) 100vw, 700px\" \/><\/a><\/li><\/ul><\/div><div class=\"recent-posts-content\"><span class=\"vcard\" style=\"display: none;\"><span class=\"fn\"><a href=\"https:\/\/portal.sma.gob.cl\/index.php\/author\/luis-perez\/\" title=\"Entradas de Luis Perez\" rel=\"author\">Luis Perez<\/a><\/span><\/span><span class=\"updated\" style=\"display:none;\">2025-11-03T14:23:24-03:00<\/span><h2 class=\"entry-title\"><a href=\"https:\/\/portal.sma.gob.cl\/index.php\/sma-ha-reforzado-vigilancia-ambiental-en-la-bahia-de-quintero-y-puchuncavi\/\">SMA ha reforzado vigilancia ambiental en la bah\u00eda de Quintero y Puchuncav\u00ed<\/a><\/h2><\/div><\/article><\/section><\/div><div style=\"text-align:center;\"><a class=\"fusion-button button-flat button-large button-custom fusion-button-default button-1 fusion-button-span-yes fusion-button-default-type\" style=\"--button_accent_color:var(--awb-color8);--button_accent_hover_color:rgba(255,255,255,0.9);--button_border_hover_color:rgba(255,255,255,0.9);--button_gradient_top_color:var(--awb-color4);--button_gradient_bottom_color:var(--awb-color4);--button_gradient_top_color_hover:#96c346;--button_gradient_bottom_color_hover:#96c346;--button_typography-font-family:&quot;museo-sans&quot;;--button_typography-font-style:normal;--button_typography-font-weight:300;\" target=\"_self\" href=\"https:\/\/portal.sma.gob.cl\/index.php\/gestion-concon-quintero-y-puchuncavi\/noticias\/\"><span class=\"fusion-button-text awb-button__text awb-button__text--default\">Seguir leyendo<\/span><\/a><\/div><\/div><\/div><\/div><\/div><div class=\"fusion-fullwidth fullwidth-box fusion-builder-row-5 fusion-flex-container has-pattern-background has-mask-background nonhundred-percent-fullwidth non-hundred-percent-height-scrolling\" style=\"--awb-border-radius-top-left:0px;--awb-border-radius-top-right:0px;--awb-border-radius-bottom-right:0px;--awb-border-radius-bottom-left:0px;--awb-margin-bottom:40px;--awb-flex-wrap:wrap;\" ><div class=\"fusion-builder-row fusion-row fusion-flex-align-items-flex-start fusion-flex-content-wrap\" style=\"max-width:1144px;margin-left: calc(-4% \/ 2 );margin-right: calc(-4% \/ 2 );\"><div class=\"fusion-layout-column fusion_builder_column fusion-builder-column-6 fusion_builder_column_1_2 1_2 fusion-flex-column\" style=\"--awb-bg-size:cover;--awb-width-large:50%;--awb-margin-top-large:0px;--awb-spacing-right-large:3.84%;--awb-margin-bottom-large:20px;--awb-spacing-left-large:3.84%;--awb-width-medium:100%;--awb-order-medium:0;--awb-spacing-right-medium:1.92%;--awb-spacing-left-medium:1.92%;--awb-width-small:100%;--awb-order-small:0;--awb-spacing-right-small:1.92%;--awb-spacing-left-small:1.92%;\"><div class=\"fusion-column-wrapper fusion-column-has-shadow fusion-flex-justify-content-flex-start fusion-content-layout-column\"><div class=\"fusion-image-element \" style=\"--awb-aspect-ratio:3 \/ 1;--awb-caption-text-transform:none;--awb-caption-overlay-color:#163277;--awb-caption-title-font-family:var(--h2_typography-font-family);--awb-caption-title-font-weight:var(--h2_typography-font-weight);--awb-caption-title-font-style:var(--h2_typography-font-style);--awb-caption-title-size:20px;--awb-caption-title-transform:none;--awb-caption-title-line-height:var(--h2_typography-line-height);--awb-caption-title-letter-spacing:var(--h2_typography-letter-spacing);--awb-caption-text-font-family:&quot;museo-sans&quot;;--awb-caption-text-font-style:normal;--awb-caption-text-font-weight:700;\"><span class=\" fusion-imageframe imageframe-none imageframe-2 awb-imageframe-style awb-imageframe-style-navin has-aspect-ratio\" style=\"border-radius:10px;\"><a class=\"fusion-no-lightbox\" href=\"https:\/\/snifa.sma.gob.cl\/Fiscalizacion\" target=\"_blank\" aria-label=\"1cqp\" rel=\"noopener noreferrer\"><img decoding=\"async\" width=\"1200\" height=\"887\" src=\"https:\/\/portal.sma.gob.cl\/wp-content\/uploads\/2026\/02\/1cqp.jpeg\" class=\"img-responsive wp-image-37753 img-with-aspect-ratio\" data-parent-fit=\"cover\" data-parent-container=\".fusion-image-element\" alt srcset=\"https:\/\/portal.sma.gob.cl\/wp-content\/uploads\/2026\/02\/1cqp-200x148.jpeg 200w, https:\/\/portal.sma.gob.cl\/wp-content\/uploads\/2026\/02\/1cqp-400x296.jpeg 400w, https:\/\/portal.sma.gob.cl\/wp-content\/uploads\/2026\/02\/1cqp-600x444.jpeg 600w, https:\/\/portal.sma.gob.cl\/wp-content\/uploads\/2026\/02\/1cqp-800x591.jpeg 800w, https:\/\/portal.sma.gob.cl\/wp-content\/uploads\/2026\/02\/1cqp.jpeg 1200w\" sizes=\"(max-width: 1024px) 100vw, (max-width: 640px) 100vw, 600px\" \/><div class=\"awb-imageframe-caption-container\"><div class=\"awb-imageframe-caption\"><h2 class=\"awb-imageframe-caption-title\">Fiscalizaciones en Conc\u00f3n, Quintero y Puchuncav\u00ed<\/h2><\/div><\/div><\/a><\/span><\/div><\/div><\/div><div class=\"fusion-layout-column fusion_builder_column fusion-builder-column-7 fusion_builder_column_1_2 1_2 fusion-flex-column\" style=\"--awb-bg-size:cover;--awb-width-large:50%;--awb-margin-top-large:0px;--awb-spacing-right-large:3.84%;--awb-margin-bottom-large:20px;--awb-spacing-left-large:3.84%;--awb-width-medium:100%;--awb-order-medium:0;--awb-spacing-right-medium:1.92%;--awb-spacing-left-medium:1.92%;--awb-width-small:100%;--awb-order-small:0;--awb-spacing-right-small:1.92%;--awb-spacing-left-small:1.92%;\"><div class=\"fusion-column-wrapper fusion-column-has-shadow fusion-flex-justify-content-flex-start fusion-content-layout-column\"><div class=\"fusion-image-element \" style=\"--awb-aspect-ratio:3 \/ 1;--awb-caption-text-transform:none;--awb-caption-overlay-color:#163277;--awb-caption-title-font-family:var(--h2_typography-font-family);--awb-caption-title-font-weight:var(--h2_typography-font-weight);--awb-caption-title-font-style:var(--h2_typography-font-style);--awb-caption-title-size:20px;--awb-caption-title-transform:none;--awb-caption-title-line-height:var(--h2_typography-line-height);--awb-caption-title-letter-spacing:var(--h2_typography-letter-spacing);--awb-caption-text-font-family:&quot;museo-sans&quot;;--awb-caption-text-font-style:normal;--awb-caption-text-font-weight:700;\"><span class=\" fusion-imageframe imageframe-none imageframe-3 awb-imageframe-style awb-imageframe-style-navin has-aspect-ratio\" style=\"border-radius:10px;\"><a class=\"fusion-no-lightbox\" href=\"https:\/\/denuncia.sma.gob.cl\/\" target=\"_blank\" aria-label=\"denuncia\" rel=\"noopener noreferrer\"><img decoding=\"async\" width=\"1200\" height=\"738\" src=\"https:\/\/portal.sma.gob.cl\/wp-content\/uploads\/2026\/02\/denuncia.png\" class=\"img-responsive wp-image-37763 img-with-aspect-ratio\" data-parent-fit=\"cover\" data-parent-container=\".fusion-image-element\" alt srcset=\"https:\/\/portal.sma.gob.cl\/wp-content\/uploads\/2026\/02\/denuncia-200x123.png 200w, https:\/\/portal.sma.gob.cl\/wp-content\/uploads\/2026\/02\/denuncia-400x246.png 400w, https:\/\/portal.sma.gob.cl\/wp-content\/uploads\/2026\/02\/denuncia-600x369.png 600w, https:\/\/portal.sma.gob.cl\/wp-content\/uploads\/2026\/02\/denuncia-800x492.png 800w, https:\/\/portal.sma.gob.cl\/wp-content\/uploads\/2026\/02\/denuncia.png 1200w\" sizes=\"(max-width: 1024px) 100vw, (max-width: 640px) 100vw, 600px\" \/><div class=\"awb-imageframe-caption-container\"><div class=\"awb-imageframe-caption\"><h2 class=\"awb-imageframe-caption-title\">Ingresa tu denuncia ante la SMA<\/h2><\/div><\/div><\/a><\/span><\/div><\/div><\/div><\/div><\/div><div class=\"fusion-bg-parallax\" data-bg-align=\"left center\" data-direction=\"up\" data-mute=\"false\" data-opacity=\"100\" data-velocity=\"-0.3\" data-mobile-enabled=\"false\" data-break_parents=\"0\" data-bg-image=\"https:\/\/portal.sma.gob.cl\/wp-content\/uploads\/2025\/03\/cabecera-small.jpg\" data-bg-repeat=\"false\" data-bg-color=\"#9ec1ff\" ><\/div><div class=\"fusion-fullwidth fullwidth-box fusion-builder-row-6 fusion-flex-container has-pattern-background has-mask-background fusion-parallax-up nonhundred-percent-fullwidth non-hundred-percent-height-scrolling\" style=\"--awb-background-position:left center;--awb-border-radius-top-left:0px;--awb-border-radius-top-right:0px;--awb-border-radius-bottom-right:0px;--awb-border-radius-bottom-left:0px;--awb-padding-top-medium:60px;--awb-padding-bottom-medium:60px;--awb-background-color:#9ec1ff;--awb-background-image:url(&quot;https:\/\/portal.sma.gob.cl\/wp-content\/uploads\/2025\/03\/cabecera-small.jpg&quot;);--awb-background-size:cover;--awb-flex-wrap:wrap;\" ><div class=\"fusion-builder-row fusion-row fusion-flex-align-items-flex-start fusion-flex-align-content-center fusion-flex-justify-content-center fusion-flex-content-wrap\" style=\"max-width:1144px;margin-left: calc(-4% \/ 2 );margin-right: calc(-4% \/ 2 );\"><div class=\"fusion-layout-column fusion_builder_column fusion-builder-column-8 fusion_builder_column_1_1 1_1 fusion-flex-column fusion-flex-align-self-flex-start\" style=\"--awb-padding-top:40px;--awb-padding-top-medium:60px;--awb-padding-bottom-medium:60px;--awb-padding-top-small:20px;--awb-bg-size:cover;--awb-width-large:100%;--awb-margin-top-large:0px;--awb-spacing-right-large:1.92%;--awb-margin-bottom-large:20px;--awb-spacing-left-large:1.92%;--awb-width-medium:40%;--awb-order-medium:0;--awb-spacing-right-medium:4.8%;--awb-spacing-left-medium:4.8%;--awb-width-small:100%;--awb-order-small:1;--awb-spacing-right-small:1.92%;--awb-margin-bottom-small:0px;--awb-spacing-left-small:1.92%;\" data-scroll-devices=\"small-visibility,medium-visibility,large-visibility\"><div class=\"fusion-column-wrapper fusion-column-has-shadow fusion-flex-justify-content-center fusion-content-layout-row\"><div class=\"fusion-title title fusion-title-3 fusion-title-center fusion-title-text fusion-title-size-two\" style=\"--awb-text-color:#163277;--awb-margin-bottom:25px;--awb-margin-top-small:0px;--awb-margin-right-small:0px;--awb-margin-bottom-small:20px;--awb-margin-left-small:0px;--awb-font-size:30px;\"><div class=\"title-sep-container title-sep-container-left fusion-no-small-visibility\"><div class=\"title-sep sep-double sep-solid\" style=\"border-color:#e0dede;\"><\/div><\/div><span class=\"awb-title-spacer fusion-no-small-visibility\"><\/span><h2 class=\"fusion-title-heading title-heading-center sm-text-align-left fusion-responsive-typography-calculated\" style=\"font-family:&quot;museo-sans&quot;;font-style:normal;font-weight:700;margin:0;font-size:1em;--fontSize:30;line-height:1.35;\">Minutas diarias de calidad del aire -BTEX<\/h2><span class=\"awb-title-spacer\"><\/span><div class=\"title-sep-container title-sep-container-right\"><div class=\"title-sep sep-double sep-solid\" style=\"border-color:#e0dede;\"><\/div><\/div><\/div><div class=\"fusion-builder-row fusion-builder-row-inner fusion-row fusion-flex-align-items-flex-start fusion-flex-align-content-center fusion-flex-justify-content-center fusion-flex-content-wrap\" style=\"--awb-flex-grow:0;--awb-flex-grow-medium:0;--awb-flex-grow-small:0;--awb-flex-shrink:0;--awb-flex-shrink-medium:0;--awb-flex-shrink-small:0;width:104% !important;max-width:104% !important;margin-left: calc(-4% \/ 2 );margin-right: calc(-4% \/ 2 );\"><div class=\"fusion-layout-column fusion_builder_column_inner fusion-builder-nested-column-0 fusion_builder_column_inner_1_2 1_2 fusion-flex-column\" style=\"--awb-bg-size:cover;--awb-width-large:50%;--awb-margin-top-large:0px;--awb-spacing-right-large:3.84%;--awb-margin-bottom-large:20px;--awb-spacing-left-large:3.84%;--awb-width-medium:100%;--awb-order-medium:0;--awb-spacing-right-medium:1.92%;--awb-spacing-left-medium:1.92%;--awb-width-small:100%;--awb-order-small:0;--awb-spacing-right-small:1.92%;--awb-spacing-left-small:1.92%;\" data-scroll-devices=\"small-visibility,medium-visibility,large-visibility\"><div class=\"fusion-column-wrapper fusion-column-has-shadow fusion-flex-justify-content-flex-start fusion-content-layout-column\"><div style=\"text-align:center;\"><a class=\"fusion-button button-flat button-xlarge button-custom fusion-button-default button-2 fusion-button-span-no fusion-button-default-type\" style=\"--button_accent_color:#163277;--button_accent_hover_color:rgba(255,255,255,0.9);--button_border_hover_color:rgba(255,255,255,0.9);--button-border-radius-top-left:5px;--button-border-radius-top-right:5px;--button-border-radius-bottom-right:5px;--button-border-radius-bottom-left:5px;--button_gradient_top_color:#eddb5b;--button_gradient_bottom_color:#eddb5b;--button_gradient_top_color_hover:#96c346;--button_gradient_bottom_color_hover:#96c346;--button_text_transform:capitalize;--button_typography-font-family:&quot;museo-sans&quot;;--button_typography-font-style:normal;--button_typography-font-weight:700;\" target=\"_blank\" rel=\"noopener noreferrer\" href=\"https:\/\/azuresmagob-my.sharepoint.com\/:f:\/g\/personal\/dgi_sma_gob_cl\/IgDx_iC6DU0fRaVh8y9QLTkkAaw6YGcwZYpG4SuUmondRes?e=3I07SA\"><i class=\"fa-file-alt fas awb-button__icon awb-button__icon--default button-icon-left\" aria-hidden=\"true\"><\/i><span class=\"fusion-button-text awb-button__text awb-button__text--default\">Revisar<\/span><\/a><\/div><\/div><\/div><\/div><\/div><\/div><\/div><\/div><\/p>\n","protected":false},"excerpt":{"rendered":"","protected":false},"author":3,"featured_media":0,"parent":0,"menu_order":0,"comment_status":"closed","ping_status":"closed","template":"100-width.php","meta":{"footnotes":""},"class_list":["post-32337","page","type-page","status-publish","hentry"],"_links":{"self":[{"href":"https:\/\/portal.sma.gob.cl\/index.php\/wp-json\/wp\/v2\/pages\/32337","targetHints":{"allow":["GET"]}}],"collection":[{"href":"https:\/\/portal.sma.gob.cl\/index.php\/wp-json\/wp\/v2\/pages"}],"about":[{"href":"https:\/\/portal.sma.gob.cl\/index.php\/wp-json\/wp\/v2\/types\/page"}],"author":[{"embeddable":true,"href":"https:\/\/portal.sma.gob.cl\/index.php\/wp-json\/wp\/v2\/users\/3"}],"replies":[{"embeddable":true,"href":"https:\/\/portal.sma.gob.cl\/index.php\/wp-json\/wp\/v2\/comments?post=32337"}],"version-history":[{"count":368,"href":"https:\/\/portal.sma.gob.cl\/index.php\/wp-json\/wp\/v2\/pages\/32337\/revisions"}],"predecessor-version":[{"id":38033,"href":"https:\/\/portal.sma.gob.cl\/index.php\/wp-json\/wp\/v2\/pages\/32337\/revisions\/38033"}],"wp:attachment":[{"href":"https:\/\/portal.sma.gob.cl\/index.php\/wp-json\/wp\/v2\/media?parent=32337"}],"curies":[{"name":"wp","href":"https:\/\/api.w.org\/{rel}","templated":true}]}}