{"id":32430,"date":"2024-08-05T11:34:19","date_gmt":"2024-08-05T15:34:19","guid":{"rendered":"https:\/\/portal.sma.gob.cl\/?page_id=32430"},"modified":"2026-02-26T14:36:35","modified_gmt":"2026-02-26T17:36:35","slug":"instructivos-y-guias","status":"publish","type":"page","link":"https:\/\/portal.sma.gob.cl\/index.php\/gestion-concon-quintero-y-puchuncavi\/instructivos-y-guias\/","title":{"rendered":"Instructivos y gu\u00edas"},"content":{"rendered":"<p><div class=\"fusion-bg-parallax\" data-bg-align=\"left top\" data-direction=\"down\" data-mute=\"false\" data-opacity=\"100\" data-velocity=\"-0.3\" data-mobile-enabled=\"false\" data-break_parents=\"0\" data-bg-image=\"https:\/\/portal.sma.gob.cl\/wp-content\/uploads\/2024\/08\/234.jpg\" data-bg-repeat=\"false\" data-bg-gradient-type=\"linear\" data-bg-gradient-angle=\"58\" data-bg-gradient-start-color=\"#163277\" data-bg-gradient-start-position=\"13\" data-bg-gradient-end-color=\"rgba(22,50,119,0)\" data-bg-gradient-end-position=\"57\" data-bg-radial-direction=\"center center\" ><\/div><div class=\"fusion-fullwidth fullwidth-box fusion-builder-row-1 fusion-flex-container has-pattern-background has-mask-background fusion-parallax-down nonhundred-percent-fullwidth non-hundred-percent-height-scrolling\" style=\"--awb-background-position:left top;--awb-border-radius-top-left:0px;--awb-border-radius-top-right:0px;--awb-border-radius-bottom-right:0px;--awb-border-radius-bottom-left:0px;--awb-padding-right-small:7vh;--awb-padding-left-small:7vh;--awb-background-image:linear-gradient(58deg, #163277 13%,rgba(22,50,119,0) 57%),url(https:\/\/portal.sma.gob.cl\/wp-content\/uploads\/2024\/08\/234.jpg);;--awb-background-size:cover;--awb-flex-wrap:wrap;\" ><div class=\"fusion-builder-row fusion-row fusion-flex-align-items-flex-start fusion-flex-content-wrap\" style=\"max-width:1144px;margin-left: calc(-4% \/ 2 );margin-right: calc(-4% \/ 2 );\"><div class=\"fusion-layout-column fusion_builder_column fusion-builder-column-0 fusion_builder_column_2_3 2_3 fusion-flex-column fusion-animated\" style=\"--awb-padding-top:7vh;--awb-padding-bottom:7vh;--awb-padding-top-medium:10vh;--awb-padding-bottom-medium:10vh;--awb-padding-top-small:8vh;--awb-padding-right-small:2vh;--awb-padding-bottom-small:0px;--awb-padding-left-small:2vh;--awb-bg-size:cover;--awb-width-large:66.666666666667%;--awb-margin-top-large:0px;--awb-spacing-right-large:2.88%;--awb-margin-bottom-large:0px;--awb-spacing-left-large:2.88%;--awb-width-medium:50%;--awb-order-medium:0;--awb-spacing-right-medium:3.84%;--awb-spacing-left-medium:3.84%;--awb-width-small:100%;--awb-order-small:0;--awb-spacing-right-small:1.92%;--awb-spacing-left-small:1.92%;\" data-animationType=\"fadeInLeft\" data-animationDuration=\"1.0\" data-animationOffset=\"top-into-view\" data-scroll-devices=\"small-visibility,medium-visibility,large-visibility\"><div class=\"fusion-column-wrapper fusion-column-has-shadow fusion-flex-justify-content-flex-start fusion-content-layout-row\"><\/div><\/div><\/div><\/div><div class=\"fusion-fullwidth fullwidth-box fusion-builder-row-2 has-pattern-background has-mask-background nonhundred-percent-fullwidth non-hundred-percent-height-scrolling\" style=\"--awb-border-radius-top-left:0px;--awb-border-radius-top-right:0px;--awb-border-radius-bottom-right:0px;--awb-border-radius-bottom-left:0px;--awb-padding-top:20px;--awb-padding-bottom:20px;--awb-margin-bottom:40px;--awb-flex-wrap:wrap;\" ><div class=\"fusion-builder-row fusion-row\"><div class=\"fusion-layout-column fusion_builder_column fusion-builder-column-1 fusion_builder_column_3_5 3_5 fusion-three-fifth fusion-column-first\" style=\"--awb-padding-top:40px;--awb-padding-bottom:40px;--awb-padding-top-medium:60px;--awb-padding-bottom-medium:60px;--awb-padding-top-small:20px;--awb-bg-size:cover;--awb-margin-bottom:0px;width:60%;width:calc(60% - ( ( 4% ) * 0.6 ) );margin-right: 4%;\" data-scroll-devices=\"small-visibility,medium-visibility,large-visibility\"><div class=\"fusion-column-wrapper fusion-column-has-shadow fusion-flex-column-wrapper-legacy\"><div class=\"fusion-title title fusion-title-1 fusion-sep-none fusion-title-text fusion-title-size-two\" style=\"--awb-text-color:#163277;--awb-margin-bottom:10px;--awb-margin-top-small:0px;--awb-margin-right-small:0px;--awb-margin-bottom-small:20px;--awb-margin-left-small:0px;--awb-font-size:38px;\"><h2 class=\"fusion-title-heading title-heading-left fusion-responsive-typography-calculated\" style=\"font-family:&quot;museo-sans&quot;;font-style:normal;font-weight:900;margin:0;font-size:1em;--fontSize:38;line-height:1.35;\">Instructivos y gu\u00edas<\/h2><\/div><div class=\"fusion-sep-clear\"><\/div><div class=\"fusion-separator fusion-clearfix\" style=\"float:left;margin-bottom:30px;width:100%;max-width:40%;\"><div class=\"fusion-separator-border sep-single sep-solid\" style=\"--awb-height:20px;--awb-amount:20px;--awb-sep-color:#eddb5b;border-color:#eddb5b;border-top-width:3px;\"><\/div><\/div><div class=\"fusion-sep-clear\"><\/div><div class=\"fusion-text fusion-text-1\" style=\"--awb-font-size:17px;\"><p>En esta secci\u00f3n encontrar\u00e1s todos los instructivos y gu\u00edas asociadas a la gesti\u00f3n SMA en Conc\u00f3n, Quintero y Puchuncav\u00ed.<\/p>\n<\/div><div class=\"fusion-clearfix\"><\/div><\/div><\/div><div class=\"fusion-layout-column fusion_builder_column fusion-builder-column-2 fusion_builder_column_2_5 2_5 fusion-two-fifth fusion-column-last fusion-animated\" style=\"--awb-padding-top:40px;--awb-padding-bottom:40px;--awb-padding-top-medium:10vh;--awb-padding-bottom-medium:10vh;--awb-padding-top-small:8vh;--awb-padding-right-small:2vh;--awb-padding-bottom-small:0px;--awb-padding-left-small:2vh;--awb-bg-size:cover;--awb-margin-bottom:0px;width:40%;width:calc(40% - ( ( 4% ) * 0.4 ) );\" data-animationType=\"fadeInLeft\" data-animationDuration=\"1.0\" data-animationOffset=\"top-into-view\" data-scroll-devices=\"small-visibility,medium-visibility,large-visibility\"><div class=\"fusion-column-wrapper fusion-column-has-shadow fusion-flex-column-wrapper-legacy\"><div class=\"fusion-image-element fusion-no-small-visibility in-legacy-container\" style=\"--awb-caption-title-font-family:var(--h2_typography-font-family);--awb-caption-title-font-weight:var(--h2_typography-font-weight);--awb-caption-title-font-style:var(--h2_typography-font-style);--awb-caption-title-size:var(--h2_typography-font-size);--awb-caption-title-transform:var(--h2_typography-text-transform);--awb-caption-title-line-height:var(--h2_typography-line-height);--awb-caption-title-letter-spacing:var(--h2_typography-letter-spacing);\"><span class=\" fusion-imageframe imageframe-none imageframe-1 hover-type-none\" style=\"border-radius:20px;\"><img decoding=\"async\" width=\"800\" height=\"493\" title=\"Editorial-Trabajador-computador-2\" src=\"https:\/\/portal.sma.gob.cl\/wp-content\/uploads\/2024\/08\/Editorial-Trabajador-computador-2.png\" alt class=\"img-responsive wp-image-32625\" srcset=\"https:\/\/portal.sma.gob.cl\/wp-content\/uploads\/2024\/08\/Editorial-Trabajador-computador-2-200x123.png 200w, https:\/\/portal.sma.gob.cl\/wp-content\/uploads\/2024\/08\/Editorial-Trabajador-computador-2-400x247.png 400w, https:\/\/portal.sma.gob.cl\/wp-content\/uploads\/2024\/08\/Editorial-Trabajador-computador-2-600x370.png 600w, https:\/\/portal.sma.gob.cl\/wp-content\/uploads\/2024\/08\/Editorial-Trabajador-computador-2.png 800w\" sizes=\"(max-width: 800px) 100vw, 600px\" \/><\/span><\/div><div class=\"fusion-clearfix\"><\/div><\/div><\/div><div class=\"fusion-layout-column fusion_builder_column fusion-builder-column-3 fusion_builder_column_1_1 1_1 fusion-one-full fusion-column-first fusion-column-last\" style=\"--awb-bg-size:cover;\"><div class=\"fusion-column-wrapper fusion-column-has-shadow fusion-flex-column-wrapper-legacy\">\n<div class=\"table-1\">\n<table width=\"100%\">\n<thead>\n<tr>\n<th align=\"left\"><span style=\"color: #163277;\">TIPO<\/span><\/th>\n<th align=\"left\"><span style=\"color: #163277;\">NOMBRE<\/span><\/th>\n<\/tr>\n<\/thead>\n<tbody>\n<tr>\n<td align=\"left\"><span style=\"color: #163277;\">Antecedentes<\/span><\/td>\n<td align=\"left\"><span style=\"text-decoration: underline; color: #163277;\"><a style=\"color: #163277; text-decoration: underline;\" href=\"https:\/\/www.bcn.cl\/leychile\/navegar?idNorma=1078252&amp;idParte=0\" target=\"_blank\" rel=\"noopener\">D.S. N\u00b010\/2015: Declara zona saturada y latente a las comunas de Conc\u00f3n, Quintero y Puchuncav\u00ed.<\/a><\/span><\/td>\n<\/tr>\n<tr>\n<td align=\"left\"><span style=\"color: #163277;\">Antecedentes<\/span><\/td>\n<td align=\"left\"><span style=\"text-decoration: underline; color: #163277;\"><a style=\"color: #163277; text-decoration: underline;\" href=\"https:\/\/www.bcn.cl\/leychile\/navegar?idNorma=1130135\" target=\"_blank\" rel=\"noopener\">D.S. N\u00b0105\/2018: Plan De Prevenci\u00f3n Y Descontaminaci\u00f3n Atmosf\u00e9rica Para Las Comunas De Conc\u00f3n, Quintero Y Puchuncav\u00ed.<\/a><\/span><\/td>\n<\/tr>\n<tr>\n<td align=\"left\"><span style=\"color: #163277;\">Antecedentes<\/span><\/td>\n<td align=\"left\"><span style=\"text-decoration: underline; color: #163277;\"><a style=\"color: #163277; text-decoration: underline;\" href=\"https:\/\/ppda.mma.gob.cl\/wp-content\/uploads\/2024\/03\/D.S.-39-2023-modifica-art-47-PPDA-publicado-DO.pdf\" target=\"_blank\" rel=\"noopener\">D.S. N\u00b039\/2023: Modifica Art. N\u00b047 PPDA publicaci\u00f3n del Diario Oficial<\/a><\/span><\/td>\n<\/tr>\n<tr>\n<td align=\"left\"><span style=\"color: #163277;\">Antecedentes<\/span><\/td>\n<td align=\"left\"><span style=\"color: #163277;\"><a style=\"color: #163277;\" href=\"https:\/\/ppda.mma.gob.cl\/wp-content\/uploads\/2024\/03\/Resolucion-N%C2%B0-263-2024-PIC.pdf\" target=\"_blank\" rel=\"noopener\"><span style=\"text-decoration: underline;\">Res. N\u00b0263\/2024: Aprueba Programa de Involucramiento Comunitario del Art. 54 PPDA-Conc\u00f3n Quintero Puchuncav\u00ed.<\/span><\/a><\/span><\/td>\n<\/tr>\n<tr>\n<td align=\"left\"><span style=\"color: #163277;\">Antecedentes<\/span><\/td>\n<td align=\"left\"><span style=\"text-decoration: underline; color: #163277;\"><a style=\"color: #163277; text-decoration: underline;\" href=\"https:\/\/ppda.mma.gob.cl\/wp-content\/uploads\/2024\/05\/Res03182024_124625_Plan-Comunicacional_PPDA_QPC.pdf\" target=\"_blank\" rel=\"noopener\">Resoluci\u00f3n Con Fecha 01 de Enero de 2024: Aprueba Plan Comunicacional Para El A\u00f1o 2024, En El Marco Del Plan De Prevenci\u00f3n Y Descontaminaci\u00f3n Atmosf\u00e9rica Para Las Comunas De Conc\u00f3n, Quintero Y Puchuncav\u00ed.<\/a><\/span><\/td>\n<\/tr>\n<tr>\n<td align=\"left\"><span style=\"color: #163277;\">Normas de Calidad<\/span><\/td>\n<td align=\"left\"><span style=\"text-decoration: underline; color: #163277;\"><a style=\"color: #163277; text-decoration: underline;\" href=\"https:\/\/www.bcn.cl\/leychile\/navegar?idNorma=1025202\" target=\"_blank\" rel=\"noopener\">D.S. N\u00b012\/2012: Norma Primaria De Calidad Ambiental Para Material Particulado Fino Respirable MP2,5.<\/a><\/span><\/td>\n<\/tr>\n<tr>\n<td align=\"left\"><span style=\"color: #163277;\">Normas de Calidad<\/span><\/td>\n<td align=\"left\"><span style=\"color: #163277;\"><a style=\"color: #163277;\" href=\"https:\/\/www.diariooficial.interior.gob.cl\/publicaciones\/2019\/05\/16\/42355\/01\/1590042.pdf\" target=\"_blank\" rel=\"noopener\"><span style=\"text-decoration: underline;\">D.S. N\u00b0104\/2018: Norma Primaria De Calidad De Aire Para Di\u00f3xido De Azufre (SO2).<\/span><\/a><\/span><\/td>\n<\/tr>\n<tr>\n<td align=\"left\"><span style=\"color: #163277;\">Normas de Calidad<\/span><\/td>\n<td align=\"left\"><span style=\"text-decoration: underline; color: #163277;\"><a style=\"color: #163277; text-decoration: underline;\" href=\"https:\/\/www.diariooficial.interior.gob.cl\/publicaciones\/2022\/06\/04\/43270\/01\/2138296.pdf\" target=\"_blank\" rel=\"noopener\">D.S. N\u00b012\/2021: Norma Primaria De Calidad Ambiental Para Material Particulado Respirable MP10.<\/a><\/span><\/td>\n<\/tr>\n<tr>\n<td align=\"left\"><span style=\"color: #163277;\">Normas de Calidad<\/span><\/td>\n<td align=\"left\"><span style=\"text-decoration: underline; color: #163277;\"><a style=\"color: #163277; text-decoration: underline;\" href=\"https:\/\/www.bcn.cl\/leychile\/navegar?i=1192010\" target=\"_blank\" rel=\"noopener\">D.S. N\u00b05\/2023: Norma Primaria De Calidad Ambiental Para El Compuesto Org\u00e1nico Vol\u00e1til Benceno.<\/a><\/span><\/td>\n<\/tr>\n<tr>\n<td align=\"left\"><span style=\"color: #163277;\">Normas de Calidad<\/span><\/td>\n<td align=\"left\"><span style=\"text-decoration: underline; color: #163277;\"><a style=\"color: #163277; text-decoration: underline;\" href=\"https:\/\/www.bcn.cl\/leychile\/navegar?idNorma=1190973\" target=\"_blank\" rel=\"noopener\">Res. Ex. N\u00b00222\/2023: Establece las acciones para implementar la nueva Red de Monitoreo de Calidad del Aire en las comunas de Conc\u00f3n, Quintero y Puchuncav\u00ed.<\/a><\/span><\/td>\n<\/tr>\n<tr>\n<td align=\"left\"><span style=\"color: #163277;\">Normas de Calidad<\/span><\/td>\n<td align=\"left\"><span style=\"text-decoration: underline;\"><a href=\"https:\/\/portal.sma.gob.cl\/index.php\/download\/re-489-cqp\/?wpdmdl=32633&amp;masterkey=pq3eNQjOlec_JRNOMEvJ-X7xKhYD77fxlwqyh-aXmsK2hnr4ZQai9hScGomw1WBb91fAh33f14vYThX8VhLmHPCp4TBTt6kYEim4pmVUTKo\" target=\"_blank\" rel=\"noopener\"><span style=\"color: #163277; text-decoration: underline;\">Res. Ex. 489\/2023: Entrega Recomendaci\u00f3n Tecnica A Las Empresas Que Indica, Para La Insptaci\u00f3n De Sensores De BTEX, SO2, COVs y Meteorologia En El Cordon Industrial de Quintero, Ventanas y Puchuncav\u00ed.<\/span><\/a><\/span><\/td>\n<\/tr>\n<tr>\n<td align=\"left\"><span style=\"color: #163277;\">Normas de Calidad<\/span><\/td>\n<td align=\"left\"><a href=\"https:\/\/www.bcn.cl\/leychile\/navegar?idNorma=1210533\" target=\"_blank\" rel=\"noopener\"><span style=\"text-decoration: underline; color: #163277;\">Res. N\u00b07660\/2024: Resoluci\u00f3n Que Establece Los Criterios Para Determinar Las Condiciones De Ventilaci\u00f3n En Las Comunas De Conc\u00f3n, Quintero Y Puchuncav\u00ed, Para La Gesti\u00f3n De Episodios Cr\u00edticos. <\/span><\/a><\/td>\n<\/tr>\n<tr>\n<td align=\"left\"><span style=\"color: #163277;\">Normas de Calidad<\/span><\/td>\n<td align=\"left\"><span style=\"text-decoration: underline; color: #163277;\"><a style=\"color: #163277; text-decoration: underline;\" href=\"https:\/\/transparencia.sma.gob.cl\/doc\/resoluciones\/RESOL_EXENTA_SMA_2024\/RESOL%20EXENTA%20N%20720%20SMA.PDF\" target=\"_blank\" rel=\"noopener\">Res. Ex. N\u00b0720\/2024 Dicta Instrucci\u00f3n General Que Establece M\u00e9todos De Medici\u00f3n Para La Norma Primaria De Calidad Del Aire Para El Compuesto Org\u00e1nico Vol\u00e1til Benceno.<\/a><\/span><\/td>\n<\/tr>\n<tr>\n<td align=\"left\"><span style=\"color: #163277;\">Normas de Calidad<\/span><\/td>\n<td align=\"left\"><span style=\"text-decoration: underline; color: #163277;\"><a style=\"color: #163277; text-decoration: underline;\" href=\"https:\/\/transparencia.sma.gob.cl\/doc\/resoluciones\/RESOL_EXENTA_SMA_2024\/RESOL%20EXENTA%20N%20720%20SMA.PDF\" target=\"_blank\" rel=\"noopener\">Res. Ex. N\u00b0721\/2024 Establece Criterios De Emplazamiento Para Calificar Estaciones De Monitoreo De Gases Con Representatividad Poblacional Y Fija Plazo Para Fines Que Indica.<\/a><\/span><\/td>\n<\/tr>\n<tr>\n<td align=\"left\"><span style=\"color: #163277;\">Normas de Calidad<\/span><\/td>\n<td align=\"left\"><span style=\"text-decoration: underline; color: #163277;\"><a style=\"color: #163277; text-decoration: underline;\" href=\"https:\/\/ppda.mma.gob.cl\/wp-content\/uploads\/2024\/04\/INFORME-CALIDAD-AIRE-SMA-DFZ-2024-324-V-NC.pdf\" target=\"_blank\" rel=\"noopener\">Informe Calidad del Aire SMA DFZ-2024-324-V-NC<\/a><\/span><\/td>\n<\/tr>\n<tr>\n<td align=\"left\"><span style=\"color: #163277;\">Emisiones<\/span><\/td>\n<td align=\"left\"><span style=\"text-decoration: underline; color: #163277;\"><a style=\"color: #163277; text-decoration: underline;\" href=\"https:\/\/ppda.mma.gob.cl\/wp-content\/uploads\/2020\/09\/informe-INVENTARIO-EMISIONES-2018.pdf\" target=\"_blank\" rel=\"noopener\">Informe Inventario de Emisiones A\u00f1o 2018 en el marco de los Art\u00edculos 32 Y 54 del D.S. N\u00b0105\/2019<\/a><\/span><\/td>\n<\/tr>\n<tr>\n<td align=\"left\"><span style=\"color: #163277;\">Emisiones<\/span><\/td>\n<td align=\"left\"><span style=\"text-decoration: underline; color: #163277;\"><a style=\"color: #163277; text-decoration: underline;\" href=\"https:\/\/ppda.mma.gob.cl\/wp-content\/uploads\/2020\/09\/INFORME-INVENTARIO-EMISIONES-2019-art-32-y-52.pdf\" target=\"_blank\" rel=\"noopener\">Informe inventario de emisiones a\u00f1o 2019 en el marco de los Art\u00edculos 32 y 54 del D.S. N\u00b0105\/2019<\/a><\/span><\/td>\n<\/tr>\n<tr>\n<td align=\"left\"><span style=\"color: #163277;\">Emisiones<\/span><\/td>\n<td align=\"left\"><span style=\"text-decoration: underline; color: #163277;\"><a style=\"color: #163277; text-decoration: underline;\" href=\"https:\/\/ppda.mma.gob.cl\/wp-content\/uploads\/2021\/09\/informe-emisiones-2020.pdf\" target=\"_blank\" rel=\"noopener\">Informe inventario de emisiones a\u00f1o 2020 en el marco de los art\u00edculos 32 y 54 del D.S. N\u00b0105\/2019<\/a><\/span><\/td>\n<\/tr>\n<tr>\n<td align=\"left\"><span style=\"color: #163277;\">Emisiones<\/span><\/td>\n<td align=\"left\"><span style=\"text-decoration: underline; color: #163277;\"><a style=\"color: #163277; text-decoration: underline;\" href=\"https:\/\/ppda.mma.gob.cl\/wp-content\/uploads\/2022\/05\/INFORME-INVENTARIO-EMISIONES-2021-art-32-y-52.pdf\" target=\"_blank\" rel=\"noopener\">Informe inventario de emisiones a\u00f1o 2021 en el marco de los art\u00edculos 32 y 54 del D.S. N\u00b0105\/2019<\/a><\/span><\/td>\n<\/tr>\n<tr>\n<td align=\"left\"><span style=\"color: #163277;\">Emisiones<\/span><\/td>\n<td align=\"left\"><span style=\"text-decoration: underline; color: #163277;\"><a style=\"color: #163277; text-decoration: underline;\" href=\"https:\/\/ppda.mma.gob.cl\/wp-content\/uploads\/2023\/05\/INVENTARIO-EMISIONES-ANO-2022.pdf\" target=\"_blank\" rel=\"noopener\">Informe inventario de emisiones a\u00f1o 2022 en el marco de los art\u00edculos 32 y 54 del D.S. N\u00b0105\/2019<\/a><\/span><\/td>\n<\/tr>\n<tr>\n<td align=\"left\"><span style=\"color: #163277;\">Emisiones<\/span><\/td>\n<td align=\"left\"><span style=\"text-decoration: underline; color: #163277;\"><a style=\"color: #163277; text-decoration: underline;\" href=\"https:\/\/ppda.mma.gob.cl\/wp-content\/uploads\/2024\/05\/INVENTARIO-EMISIONES-2024.pdf\" target=\"_blank\" rel=\"noopener\">Informe inventario de emisiones a\u00f1o 2023 en el marco de los art\u00edculos 32 y 54 Del D.S. N\u00b0105\/2019<\/a><\/span><\/td>\n<\/tr>\n<tr>\n<td align=\"left\"><span style=\"color: #163277;\">Reporte<\/span><\/td>\n<td align=\"left\"><span style=\"text-decoration: underline; color: #163277;\"><a style=\"color: #163277; text-decoration: underline;\" href=\"https:\/\/transparencia.sma.gob.cl\/doc\/resoluciones\/RESOL_EXENTA_SMA_2019\/RESOL%20EXENTA%20N%20589%20SMA.PDF\" target=\"_blank\" rel=\"noopener\">Res. Ex. 589\/2019: Instruye Forma De Remitir El Reporte De Cumplimiento De Planes Operacionales, En El Marco Del Cumplimiento Del Plan De Prevenci\u00f3n Y Descontaminaci\u00f3n Atmosf\u00e9rica De Conc\u00f3n, Quintero Y Puchuncav\u00ed.<\/a><\/span><\/td>\n<\/tr>\n<tr>\n<td align=\"left\"><span style=\"color: #163277;\">Reporte<\/span><\/td>\n<td align=\"left\"><span style=\"text-decoration: underline; color: #163277;\"><a style=\"color: #163277; text-decoration: underline;\" href=\"https:\/\/ppda.mma.gob.cl\/wp-content\/uploads\/2021\/11\/RESOL-EXENTA-N-1379-SMA.pdf\" target=\"_blank\" rel=\"noopener\">Res. Ex. N\u00b01379\/2020: Dicta Instrucciones Generales Sobre El Registro Del Estado De Avance Del Plan De Prevenci\u00f3n Y Descontaminaci\u00f3n Atmosf\u00e9rica Para Las Comunas De Conc\u00f3n, Quintero Y Puchuncav\u00ed.<\/a><\/span><\/td>\n<\/tr>\n<tr>\n<td align=\"left\"><span style=\"color: #163277;\">Reporte<\/span><\/td>\n<td align=\"left\"><span style=\"text-decoration: underline; color: #163277;\"><a style=\"color: #163277; text-decoration: underline;\" href=\"https:\/\/ppda.mma.gob.cl\/wp-content\/uploads\/2021\/11\/Res-1836-SMA-modifica-1379.pdf\" target=\"_blank\" rel=\"noopener\">Res. Ex. N\u00b01836\/2021: Modifica Res. Ex. N\u00b01379\/2020 SMA, Que Dicta Instrucciones Generales Sobre El Registro Del Estado De Avance Del Plan De Prevenci\u00f3n Y Descontaminaci\u00f3n Atmosf\u00e9rica Para Las Comunas De Conc\u00f3n, Quintero Y Puchuncav\u00ed.<\/a><\/span><\/td>\n<\/tr>\n<tr>\n<td align=\"left\"><span style=\"color: #163277;\">Reporte<\/span><\/td>\n<td align=\"left\"><span style=\"text-decoration: underline; color: #163277;\"><a style=\"color: #163277; text-decoration: underline;\" href=\"https:\/\/transparencia.sma.gob.cl\/doc\/resoluciones\/RESOL_EXENTA_SMA_2021\/RESOL%20EXENTA%20N%202547%20SMA.PDF\" target=\"_blank\" rel=\"noopener\">Res. Ex. N\u00b02547\/2021: Establece Instrucciones Generales Sobre Deberes De Remisi\u00f3n De Informaci\u00f3n Para Fuentes Reguladas Por Normas De Emisi\u00f3n De Contaminantes A La Atm\u00f3sfera Y Planes De Prevenci\u00f3n Y\/O Descontaminaci\u00f3n Atmosf\u00e9rica En Sistema De Seguimiento Atmosf\u00e9rico (SISAT) De La SMA Y Revoca Resoluci\u00f3n Exenta N\u00b01227\/2015.<\/a><\/span><\/td>\n<\/tr>\n<tr>\n<td align=\"left\"><span style=\"color: #163277;\">Reporte<\/span><\/td>\n<td align=\"left\"><span style=\"text-decoration: underline;\"><a href=\"https:\/\/portal.sma.gob.cl\/index.php\/download\/re-27-cqp\/?wpdmdl=32632&amp;masterkey=W_INseh1amKLwoiXVS-IljweJJH6SIUhwwquqvHr2zT5npXgkDabeeYVfMKZkYVS0ZAJtXFwytKCYs_cGo4Uh5mUwnh4pkzItciWwN14yh0\" target=\"_blank\" rel=\"noopener\"><span style=\"color: #163277; text-decoration: underline;\">Res. Ex. 27\/2022: Requiere Informaci\u00f3n Que Indica e Instruye Contenidos M\u00ednimos Del Reporte Del Programa De Mantenci\u00f3n Y Operaci\u00f3n Que Establece El Art\u00edculo 36 del PPDA CQP.<\/span><\/a><\/span><\/td>\n<\/tr>\n<\/tbody>\n<\/table>\n<\/div>\n<div class=\"fusion-clearfix\"><\/div><\/div><\/div><\/div><\/div><\/p>\n","protected":false},"excerpt":{"rendered":"","protected":false},"author":3,"featured_media":0,"parent":32337,"menu_order":0,"comment_status":"closed","ping_status":"closed","template":"100-width.php","meta":{"footnotes":""},"class_list":["post-32430","page","type-page","status-publish","hentry"],"_links":{"self":[{"href":"https:\/\/portal.sma.gob.cl\/index.php\/wp-json\/wp\/v2\/pages\/32430","targetHints":{"allow":["GET"]}}],"collection":[{"href":"https:\/\/portal.sma.gob.cl\/index.php\/wp-json\/wp\/v2\/pages"}],"about":[{"href":"https:\/\/portal.sma.gob.cl\/index.php\/wp-json\/wp\/v2\/types\/page"}],"author":[{"embeddable":true,"href":"https:\/\/portal.sma.gob.cl\/index.php\/wp-json\/wp\/v2\/users\/3"}],"replies":[{"embeddable":true,"href":"https:\/\/portal.sma.gob.cl\/index.php\/wp-json\/wp\/v2\/comments?post=32430"}],"version-history":[{"count":63,"href":"https:\/\/portal.sma.gob.cl\/index.php\/wp-json\/wp\/v2\/pages\/32430\/revisions"}],"predecessor-version":[{"id":37821,"href":"https:\/\/portal.sma.gob.cl\/index.php\/wp-json\/wp\/v2\/pages\/32430\/revisions\/37821"}],"up":[{"embeddable":true,"href":"https:\/\/portal.sma.gob.cl\/index.php\/wp-json\/wp\/v2\/pages\/32337"}],"wp:attachment":[{"href":"https:\/\/portal.sma.gob.cl\/index.php\/wp-json\/wp\/v2\/media?parent=32430"}],"curies":[{"name":"wp","href":"https:\/\/api.w.org\/{rel}","templated":true}]}}