{"id":32440,"date":"2024-08-05T11:45:29","date_gmt":"2024-08-05T15:45:29","guid":{"rendered":"https:\/\/portal.sma.gob.cl\/?page_id=32440"},"modified":"2026-03-19T10:26:09","modified_gmt":"2026-03-19T13:26:09","slug":"noticias","status":"publish","type":"page","link":"https:\/\/portal.sma.gob.cl\/index.php\/gestion-concon-quintero-y-puchuncavi\/noticias\/","title":{"rendered":"Noticias"},"content":{"rendered":"<p><div class=\"fusion-bg-parallax\" data-bg-align=\"left top\" data-direction=\"down\" data-mute=\"false\" data-opacity=\"100\" data-velocity=\"-0.3\" data-mobile-enabled=\"false\" data-break_parents=\"0\" data-bg-image=\"https:\/\/portal.sma.gob.cl\/wp-content\/uploads\/2024\/08\/234.jpg\" data-bg-repeat=\"false\" data-bg-gradient-type=\"linear\" data-bg-gradient-angle=\"58\" data-bg-gradient-start-color=\"#163277\" data-bg-gradient-start-position=\"13\" data-bg-gradient-end-color=\"rgba(22,50,119,0)\" data-bg-gradient-end-position=\"57\" data-bg-radial-direction=\"center center\" ><\/div><div class=\"fusion-fullwidth fullwidth-box fusion-builder-row-1 fusion-flex-container has-pattern-background has-mask-background fusion-parallax-down nonhundred-percent-fullwidth non-hundred-percent-height-scrolling\" style=\"--awb-background-position:left top;--awb-border-radius-top-left:0px;--awb-border-radius-top-right:0px;--awb-border-radius-bottom-right:0px;--awb-border-radius-bottom-left:0px;--awb-padding-right-small:7vh;--awb-padding-left-small:7vh;--awb-background-image:linear-gradient(58deg, #163277 13%,rgba(22,50,119,0) 57%),url(https:\/\/portal.sma.gob.cl\/wp-content\/uploads\/2024\/08\/234.jpg);;--awb-background-size:cover;--awb-flex-wrap:wrap;\" ><div class=\"fusion-builder-row fusion-row fusion-flex-align-items-flex-start fusion-flex-content-wrap\" style=\"max-width:1144px;margin-left: calc(-4% \/ 2 );margin-right: calc(-4% \/ 2 );\"><div class=\"fusion-layout-column fusion_builder_column fusion-builder-column-0 fusion_builder_column_2_3 2_3 fusion-flex-column fusion-animated\" style=\"--awb-padding-top:7vh;--awb-padding-bottom:7vh;--awb-padding-top-medium:10vh;--awb-padding-bottom-medium:10vh;--awb-padding-top-small:8vh;--awb-padding-right-small:2vh;--awb-padding-bottom-small:0px;--awb-padding-left-small:2vh;--awb-bg-size:cover;--awb-width-large:66.666666666667%;--awb-margin-top-large:0px;--awb-spacing-right-large:2.88%;--awb-margin-bottom-large:0px;--awb-spacing-left-large:2.88%;--awb-width-medium:50%;--awb-order-medium:0;--awb-spacing-right-medium:3.84%;--awb-spacing-left-medium:3.84%;--awb-width-small:100%;--awb-order-small:0;--awb-spacing-right-small:1.92%;--awb-spacing-left-small:1.92%;\" data-animationType=\"fadeInLeft\" data-animationDuration=\"1.0\" data-animationOffset=\"top-into-view\" data-scroll-devices=\"small-visibility,medium-visibility,large-visibility\"><div class=\"fusion-column-wrapper fusion-column-has-shadow fusion-flex-justify-content-flex-start fusion-content-layout-row\"><\/div><\/div><\/div><\/div><div class=\"fusion-fullwidth fullwidth-box fusion-builder-row-2 fusion-flex-container has-pattern-background has-mask-background nonhundred-percent-fullwidth non-hundred-percent-height-scrolling\" style=\"--awb-border-radius-top-left:0px;--awb-border-radius-top-right:0px;--awb-border-radius-bottom-right:0px;--awb-border-radius-bottom-left:0px;--awb-margin-top:50px;--awb-margin-bottom:0px;--awb-margin-bottom-small:0px;--awb-flex-wrap:wrap;\" ><div class=\"fusion-builder-row fusion-row fusion-flex-align-items-stretch fusion-flex-content-wrap\" style=\"max-width:1144px;margin-left: calc(-4% \/ 2 );margin-right: calc(-4% \/ 2 );\"><div class=\"fusion-layout-column fusion_builder_column fusion-builder-column-1 fusion_builder_column_1_2 1_2 fusion-flex-column fusion-flex-align-self-center\" style=\"--awb-padding-top:20px;--awb-padding-bottom:20px;--awb-padding-top-medium:60px;--awb-padding-bottom-medium:60px;--awb-padding-top-small:20px;--awb-bg-size:cover;--awb-width-large:50%;--awb-margin-top-large:0px;--awb-spacing-right-large:30px;--awb-margin-bottom-large:70px;--awb-spacing-left-large:3.84%;--awb-width-medium:40%;--awb-order-medium:0;--awb-spacing-right-medium:30px;--awb-spacing-left-medium:4.8%;--awb-width-small:100%;--awb-order-small:1;--awb-spacing-right-small:1.92%;--awb-margin-bottom-small:0px;--awb-spacing-left-small:1.92%;\" data-scroll-devices=\"small-visibility,medium-visibility,large-visibility\"><div class=\"fusion-column-wrapper fusion-column-has-shadow fusion-flex-justify-content-flex-start fusion-content-layout-row\"><div class=\"fusion-title title fusion-title-1 fusion-title-text fusion-title-size-two\" style=\"--awb-text-color:#163277;--awb-margin-bottom:10px;--awb-margin-top-small:0px;--awb-margin-right-small:0px;--awb-margin-bottom-small:20px;--awb-margin-left-small:0px;--awb-font-size:38px;\"><div class=\"title-sep-container title-sep-container-left fusion-no-large-visibility fusion-no-medium-visibility fusion-no-small-visibility\"><div class=\"title-sep sep-double sep-solid\" style=\"border-color:#e0dede;\"><\/div><\/div><span class=\"awb-title-spacer fusion-no-large-visibility fusion-no-medium-visibility fusion-no-small-visibility\"><\/span><h2 class=\"fusion-title-heading title-heading-left fusion-responsive-typography-calculated\" style=\"font-family:&quot;museo-sans&quot;;font-style:normal;font-weight:900;margin:0;font-size:1em;--fontSize:38;line-height:1.35;\">Noticias<\/h2><span class=\"awb-title-spacer\"><\/span><div class=\"title-sep-container title-sep-container-right\"><div class=\"title-sep sep-double sep-solid\" style=\"border-color:#e0dede;\"><\/div><\/div><\/div><div class=\"fusion-separator fusion-full-width-sep\" style=\"align-self: flex-start;margin-right:auto;width:100%;\"><div class=\"fusion-separator-border sep-single sep-solid\" style=\"--awb-height:20px;--awb-amount:20px;--awb-sep-color:#eddb5b;border-color:#eddb5b;border-top-width:4px;\"><\/div><\/div><\/div><\/div><\/div><\/div><div class=\"fusion-fullwidth fullwidth-box fusion-builder-row-3 fusion-flex-container has-pattern-background has-mask-background nonhundred-percent-fullwidth non-hundred-percent-height-scrolling\" style=\"--awb-border-radius-top-left:0px;--awb-border-radius-top-right:0px;--awb-border-radius-bottom-right:0px;--awb-border-radius-bottom-left:0px;--awb-flex-wrap:wrap;\" ><div class=\"fusion-builder-row fusion-row fusion-flex-align-items-flex-start fusion-flex-content-wrap\" style=\"max-width:1144px;margin-left: calc(-4% \/ 2 );margin-right: calc(-4% \/ 2 );\"><div class=\"fusion-layout-column fusion_builder_column fusion-builder-column-2 fusion_builder_column_1_1 1_1 fusion-flex-column\" style=\"--awb-bg-size:cover;--awb-width-large:100%;--awb-margin-top-large:0px;--awb-spacing-right-large:1.92%;--awb-margin-bottom-large:20px;--awb-spacing-left-large:1.92%;--awb-width-medium:100%;--awb-order-medium:0;--awb-spacing-right-medium:1.92%;--awb-spacing-left-medium:1.92%;--awb-width-small:100%;--awb-order-small:0;--awb-spacing-right-small:1.92%;--awb-spacing-left-small:1.92%;\" data-scroll-devices=\"small-visibility,medium-visibility,large-visibility\"><div class=\"fusion-column-wrapper fusion-column-has-shadow fusion-flex-justify-content-flex-start fusion-content-layout-column\"><div class=\"fusion-post-cards fusion-post-cards-1 fusion-grid-archive fusion-grid-columns-3\" style=\"--awb-dots-align:center;--awb-columns:3;--awb-active-filter-border-size:3px;--awb-filters-height:36px;\" data-post-type-label=\"entradas\"><ul class=\"fusion-grid fusion-grid-3 fusion-flex-align-items-flex-start fusion-grid-posts-cards\"><li class=\"fusion-layout-column fusion_builder_column fusion-builder-column-3 fusion-flex-column post-card fusion-grid-column fusion-post-cards-grid-column\" style=\"--awb-bg-blend:overlay;--awb-bg-size:cover;--awb-flex-grow:0;--awb-flex-shrink:0;--awb-flex-grow-medium:0;--awb-flex-shrink-medium:0;--awb-flex-grow-small:0;--awb-flex-shrink-small:0;\"><div class=\"fusion-column-wrapper fusion-flex-justify-content-flex-start fusion-content-layout-column\"><div class=\"fusion-classic-product-image-wrapper fusion-woo-product-image fusion-post-card-image fusion-post-card-image-1\" data-layout=\"static\" style=\"--awb-border-radius-top-left:12px;--awb-border-radius-top-right:12px;--awb-border-radius-bottom-right:12px;--awb-border-radius-bottom-left:12px;\"><div  class=\"fusion-image-wrapper\" aria-haspopup=\"true\">\n\t\t\t\t\t\t\t<a href=\"https:\/\/portal.sma.gob.cl\/index.php\/sma-lanza-nuevo-sitio-web-dedicado-al-seguimiento-ambiental-en-concon-quintero-y-puchuncavi\/\" aria-label=\"SMA lanza nuevo sitio web dedicado al seguimiento ambiental en Conc\u00f3n, Quintero y Puchuncav\u00ed\">\n\t\t\t\t\t\t\t<img decoding=\"async\" width=\"1718\" height=\"996\" src=\"https:\/\/portal.sma.gob.cl\/wp-content\/uploads\/2026\/03\/cqp-nota.png\" class=\"attachment-full size-full wp-post-image\" alt=\"\" srcset=\"https:\/\/portal.sma.gob.cl\/wp-content\/uploads\/2026\/03\/cqp-nota-200x116.png 200w, https:\/\/portal.sma.gob.cl\/wp-content\/uploads\/2026\/03\/cqp-nota-400x232.png 400w, https:\/\/portal.sma.gob.cl\/wp-content\/uploads\/2026\/03\/cqp-nota-600x348.png 600w, https:\/\/portal.sma.gob.cl\/wp-content\/uploads\/2026\/03\/cqp-nota-800x464.png 800w, https:\/\/portal.sma.gob.cl\/wp-content\/uploads\/2026\/03\/cqp-nota-1200x696.png 1200w, https:\/\/portal.sma.gob.cl\/wp-content\/uploads\/2026\/03\/cqp-nota.png 1718w\" sizes=\"(min-width: 2200px) 100vw, (min-width: 824px) 340px, (min-width: 732px) 510px, (min-width: 640px) 732px, \" \/>\t\t\t<\/a>\n\t\t\t\t\t\t\t<\/div>\n<\/div><div class=\"fusion-title title fusion-title-2 fusion-title-text fusion-title-size-five\" style=\"--awb-text-color:#161616;--awb-margin-top:24px;--awb-margin-bottom:10px;--awb-margin-top-small:20px;--awb-margin-right-small:0px;--awb-margin-bottom-small:6px;--awb-margin-left-small:0px;--awb-link-hover-color:#d76728;--awb-font-size:25px;\"><div class=\"title-sep-container title-sep-container-left fusion-no-large-visibility fusion-no-medium-visibility fusion-no-small-visibility\"><div class=\"title-sep sep-double sep-solid\" style=\"border-color:#e0dede;\"><\/div><\/div><span class=\"awb-title-spacer fusion-no-large-visibility fusion-no-medium-visibility fusion-no-small-visibility\"><\/span><h5 class=\"fusion-title-heading title-heading-left fusion-responsive-typography-calculated\" style=\"font-family:&quot;museo-sans-rounded&quot;;font-style:normal;font-weight:700;margin:0;text-transform:var(--awb-typography1-text-transform);font-size:1em;--fontSize:25;line-height:1.2;\"><a href=\"https:\/\/portal.sma.gob.cl\/index.php\/sma-lanza-nuevo-sitio-web-dedicado-al-seguimiento-ambiental-en-concon-quintero-y-puchuncavi\/\" class=\"awb-custom-text-color awb-custom-text-hover-color\" target=\"_self\">SMA lanza nuevo sitio web dedicado al seguimiento ambiental en Conc\u00f3n, Quintero y Puchuncav\u00ed<\/a><\/h5><span class=\"awb-title-spacer\"><\/span><div class=\"title-sep-container title-sep-container-right\"><div class=\"title-sep sep-double sep-solid\" style=\"border-color:#e0dede;\"><\/div><\/div><\/div><div class=\"fusion-text fusion-text-1\" style=\"--awb-font-size:16px;--awb-line-height:1.7;--awb-letter-spacing:0px;--awb-text-transform:var(--awb-typography2-text-transform);--awb-text-color:#6d6d6d;--awb-text-font-family:&quot;Public Sans&quot;;--awb-text-font-style:normal;--awb-text-font-weight:400;\"><\/div><\/div><\/li>\n<li class=\"fusion-layout-column fusion_builder_column fusion-builder-column-4 fusion-flex-column post-card fusion-grid-column fusion-post-cards-grid-column\" style=\"--awb-bg-blend:overlay;--awb-bg-size:cover;--awb-flex-grow:0;--awb-flex-shrink:0;--awb-flex-grow-medium:0;--awb-flex-shrink-medium:0;--awb-flex-grow-small:0;--awb-flex-shrink-small:0;\"><div class=\"fusion-column-wrapper fusion-flex-justify-content-flex-start fusion-content-layout-column\"><div class=\"fusion-classic-product-image-wrapper fusion-woo-product-image fusion-post-card-image fusion-post-card-image-1\" data-layout=\"static\" style=\"--awb-border-radius-top-left:12px;--awb-border-radius-top-right:12px;--awb-border-radius-bottom-right:12px;--awb-border-radius-bottom-left:12px;\"><div  class=\"fusion-image-wrapper\" aria-haspopup=\"true\">\n\t\t\t\t\t\t\t<a href=\"https:\/\/portal.sma.gob.cl\/index.php\/laboratorio-sma-innovacion-y-tecnologia-para-una-fiscalizacion-ambiental-mas-efectiva\/\" aria-label=\"Laboratorio SMA: innovaci\u00f3n y tecnolog\u00eda para una fiscalizaci\u00f3n ambiental m\u00e1s efectiva\">\n\t\t\t\t\t\t\t<img decoding=\"async\" width=\"800\" height=\"450\" src=\"https:\/\/portal.sma.gob.cl\/wp-content\/uploads\/2025\/11\/Laboratorio.jpg\" class=\"attachment-full size-full wp-post-image\" alt=\"\" srcset=\"https:\/\/portal.sma.gob.cl\/wp-content\/uploads\/2025\/11\/Laboratorio-200x113.jpg 200w, https:\/\/portal.sma.gob.cl\/wp-content\/uploads\/2025\/11\/Laboratorio-400x225.jpg 400w, https:\/\/portal.sma.gob.cl\/wp-content\/uploads\/2025\/11\/Laboratorio-600x338.jpg 600w, https:\/\/portal.sma.gob.cl\/wp-content\/uploads\/2025\/11\/Laboratorio.jpg 800w\" sizes=\"(min-width: 2200px) 100vw, (min-width: 824px) 340px, (min-width: 732px) 510px, (min-width: 640px) 732px, \" \/>\t\t\t<\/a>\n\t\t\t\t\t\t\t<\/div>\n<\/div><div class=\"fusion-title title fusion-title-3 fusion-title-text fusion-title-size-five\" style=\"--awb-text-color:#161616;--awb-margin-top:24px;--awb-margin-bottom:10px;--awb-margin-top-small:20px;--awb-margin-right-small:0px;--awb-margin-bottom-small:6px;--awb-margin-left-small:0px;--awb-link-hover-color:#d76728;--awb-font-size:25px;\"><div class=\"title-sep-container title-sep-container-left fusion-no-large-visibility fusion-no-medium-visibility fusion-no-small-visibility\"><div class=\"title-sep sep-double sep-solid\" style=\"border-color:#e0dede;\"><\/div><\/div><span class=\"awb-title-spacer fusion-no-large-visibility fusion-no-medium-visibility fusion-no-small-visibility\"><\/span><h5 class=\"fusion-title-heading title-heading-left fusion-responsive-typography-calculated\" style=\"font-family:&quot;museo-sans-rounded&quot;;font-style:normal;font-weight:700;margin:0;text-transform:var(--awb-typography1-text-transform);font-size:1em;--fontSize:25;line-height:1.2;\"><a href=\"https:\/\/portal.sma.gob.cl\/index.php\/laboratorio-sma-innovacion-y-tecnologia-para-una-fiscalizacion-ambiental-mas-efectiva\/\" class=\"awb-custom-text-color awb-custom-text-hover-color\" target=\"_self\">Laboratorio SMA: innovaci\u00f3n y tecnolog\u00eda para una fiscalizaci\u00f3n ambiental m\u00e1s efectiva<\/a><\/h5><span class=\"awb-title-spacer\"><\/span><div class=\"title-sep-container title-sep-container-right\"><div class=\"title-sep sep-double sep-solid\" style=\"border-color:#e0dede;\"><\/div><\/div><\/div><div class=\"fusion-text fusion-text-2\" style=\"--awb-font-size:16px;--awb-line-height:1.7;--awb-letter-spacing:0px;--awb-text-transform:var(--awb-typography2-text-transform);--awb-text-color:#6d6d6d;--awb-text-font-family:&quot;Public Sans&quot;;--awb-text-font-style:normal;--awb-text-font-weight:400;\"><\/div><\/div><\/li>\n<li class=\"fusion-layout-column fusion_builder_column fusion-builder-column-5 fusion-flex-column post-card fusion-grid-column fusion-post-cards-grid-column\" style=\"--awb-bg-blend:overlay;--awb-bg-size:cover;--awb-flex-grow:0;--awb-flex-shrink:0;--awb-flex-grow-medium:0;--awb-flex-shrink-medium:0;--awb-flex-grow-small:0;--awb-flex-shrink-small:0;\"><div class=\"fusion-column-wrapper fusion-flex-justify-content-flex-start fusion-content-layout-column\"><div class=\"fusion-classic-product-image-wrapper fusion-woo-product-image fusion-post-card-image fusion-post-card-image-1\" data-layout=\"static\" style=\"--awb-border-radius-top-left:12px;--awb-border-radius-top-right:12px;--awb-border-radius-bottom-right:12px;--awb-border-radius-bottom-left:12px;\"><div  class=\"fusion-image-wrapper\" aria-haspopup=\"true\">\n\t\t\t\t\t\t\t<a href=\"https:\/\/portal.sma.gob.cl\/index.php\/sma-ha-reforzado-vigilancia-ambiental-en-la-bahia-de-quintero-y-puchuncavi\/\" aria-label=\"SMA ha reforzado vigilancia ambiental en la bah\u00eda de Quintero y Puchuncav\u00ed\">\n\t\t\t\t\t\t\t<img decoding=\"async\" width=\"1200\" height=\"770\" src=\"https:\/\/portal.sma.gob.cl\/wp-content\/uploads\/2025\/10\/1-e1760623572462.jpeg\" class=\"attachment-full size-full wp-post-image\" alt=\"\" srcset=\"https:\/\/portal.sma.gob.cl\/wp-content\/uploads\/2025\/10\/1-e1760623572462-200x128.jpeg 200w, https:\/\/portal.sma.gob.cl\/wp-content\/uploads\/2025\/10\/1-e1760623572462-400x257.jpeg 400w, https:\/\/portal.sma.gob.cl\/wp-content\/uploads\/2025\/10\/1-e1760623572462-600x385.jpeg 600w, https:\/\/portal.sma.gob.cl\/wp-content\/uploads\/2025\/10\/1-e1760623572462-800x513.jpeg 800w, https:\/\/portal.sma.gob.cl\/wp-content\/uploads\/2025\/10\/1-e1760623572462.jpeg 1200w\" sizes=\"(min-width: 2200px) 100vw, (min-width: 824px) 340px, (min-width: 732px) 510px, (min-width: 640px) 732px, \" \/>\t\t\t<\/a>\n\t\t\t\t\t\t\t<\/div>\n<\/div><div class=\"fusion-title title fusion-title-4 fusion-title-text fusion-title-size-five\" style=\"--awb-text-color:#161616;--awb-margin-top:24px;--awb-margin-bottom:10px;--awb-margin-top-small:20px;--awb-margin-right-small:0px;--awb-margin-bottom-small:6px;--awb-margin-left-small:0px;--awb-link-hover-color:#d76728;--awb-font-size:25px;\"><div class=\"title-sep-container title-sep-container-left fusion-no-large-visibility fusion-no-medium-visibility fusion-no-small-visibility\"><div class=\"title-sep sep-double sep-solid\" style=\"border-color:#e0dede;\"><\/div><\/div><span class=\"awb-title-spacer fusion-no-large-visibility fusion-no-medium-visibility fusion-no-small-visibility\"><\/span><h5 class=\"fusion-title-heading title-heading-left fusion-responsive-typography-calculated\" style=\"font-family:&quot;museo-sans-rounded&quot;;font-style:normal;font-weight:700;margin:0;text-transform:var(--awb-typography1-text-transform);font-size:1em;--fontSize:25;line-height:1.2;\"><a href=\"https:\/\/portal.sma.gob.cl\/index.php\/sma-ha-reforzado-vigilancia-ambiental-en-la-bahia-de-quintero-y-puchuncavi\/\" class=\"awb-custom-text-color awb-custom-text-hover-color\" target=\"_self\">SMA ha reforzado vigilancia ambiental en la bah\u00eda de Quintero y Puchuncav\u00ed<\/a><\/h5><span class=\"awb-title-spacer\"><\/span><div class=\"title-sep-container title-sep-container-right\"><div class=\"title-sep sep-double sep-solid\" style=\"border-color:#e0dede;\"><\/div><\/div><\/div><div class=\"fusion-text fusion-text-3\" style=\"--awb-font-size:16px;--awb-line-height:1.7;--awb-letter-spacing:0px;--awb-text-transform:var(--awb-typography2-text-transform);--awb-text-color:#6d6d6d;--awb-text-font-family:&quot;Public Sans&quot;;--awb-text-font-style:normal;--awb-text-font-weight:400;\"><\/div><\/div><\/li>\n<li class=\"fusion-layout-column fusion_builder_column fusion-builder-column-6 fusion-flex-column post-card fusion-grid-column fusion-post-cards-grid-column\" style=\"--awb-bg-blend:overlay;--awb-bg-size:cover;--awb-flex-grow:0;--awb-flex-shrink:0;--awb-flex-grow-medium:0;--awb-flex-shrink-medium:0;--awb-flex-grow-small:0;--awb-flex-shrink-small:0;\"><div class=\"fusion-column-wrapper fusion-flex-justify-content-flex-start fusion-content-layout-column\"><div class=\"fusion-classic-product-image-wrapper fusion-woo-product-image fusion-post-card-image fusion-post-card-image-1\" data-layout=\"static\" style=\"--awb-border-radius-top-left:12px;--awb-border-radius-top-right:12px;--awb-border-radius-bottom-right:12px;--awb-border-radius-bottom-left:12px;\"><div  class=\"fusion-image-wrapper\" aria-haspopup=\"true\">\n\t\t\t\t\t\t\t<a href=\"https:\/\/portal.sma.gob.cl\/index.php\/sma-formula-cargos-contra-gasmar-por-incumplimientos-en-monitoreos-de-descargas-en-la-bahia-de-quintero-durante-2023-y-2024\/\" aria-label=\"SMA formula cargos contra Gasmar por incumplimientos en monitoreos de descargas en la Bah\u00eda de Quintero durante 2023 y 2024\">\n\t\t\t\t\t\t\t<img decoding=\"async\" width=\"1280\" height=\"842\" src=\"https:\/\/portal.sma.gob.cl\/wp-content\/uploads\/2025\/10\/WhatsApp-Image-2025-06-26-at-08.30.56-21.jpg\" class=\"attachment-full size-full wp-post-image\" alt=\"\" srcset=\"https:\/\/portal.sma.gob.cl\/wp-content\/uploads\/2025\/10\/WhatsApp-Image-2025-06-26-at-08.30.56-21-200x132.jpg 200w, https:\/\/portal.sma.gob.cl\/wp-content\/uploads\/2025\/10\/WhatsApp-Image-2025-06-26-at-08.30.56-21-400x263.jpg 400w, https:\/\/portal.sma.gob.cl\/wp-content\/uploads\/2025\/10\/WhatsApp-Image-2025-06-26-at-08.30.56-21-600x395.jpg 600w, https:\/\/portal.sma.gob.cl\/wp-content\/uploads\/2025\/10\/WhatsApp-Image-2025-06-26-at-08.30.56-21-800x526.jpg 800w, https:\/\/portal.sma.gob.cl\/wp-content\/uploads\/2025\/10\/WhatsApp-Image-2025-06-26-at-08.30.56-21-1200x789.jpg 1200w, https:\/\/portal.sma.gob.cl\/wp-content\/uploads\/2025\/10\/WhatsApp-Image-2025-06-26-at-08.30.56-21.jpg 1280w\" sizes=\"(min-width: 2200px) 100vw, (min-width: 824px) 340px, (min-width: 732px) 510px, (min-width: 640px) 732px, \" \/>\t\t\t<\/a>\n\t\t\t\t\t\t\t<\/div>\n<\/div><div class=\"fusion-title title fusion-title-5 fusion-title-text fusion-title-size-five\" style=\"--awb-text-color:#161616;--awb-margin-top:24px;--awb-margin-bottom:10px;--awb-margin-top-small:20px;--awb-margin-right-small:0px;--awb-margin-bottom-small:6px;--awb-margin-left-small:0px;--awb-link-hover-color:#d76728;--awb-font-size:25px;\"><div class=\"title-sep-container title-sep-container-left fusion-no-large-visibility fusion-no-medium-visibility fusion-no-small-visibility\"><div class=\"title-sep sep-double sep-solid\" style=\"border-color:#e0dede;\"><\/div><\/div><span class=\"awb-title-spacer fusion-no-large-visibility fusion-no-medium-visibility fusion-no-small-visibility\"><\/span><h5 class=\"fusion-title-heading title-heading-left fusion-responsive-typography-calculated\" style=\"font-family:&quot;museo-sans-rounded&quot;;font-style:normal;font-weight:700;margin:0;text-transform:var(--awb-typography1-text-transform);font-size:1em;--fontSize:25;line-height:1.2;\"><a href=\"https:\/\/portal.sma.gob.cl\/index.php\/sma-formula-cargos-contra-gasmar-por-incumplimientos-en-monitoreos-de-descargas-en-la-bahia-de-quintero-durante-2023-y-2024\/\" class=\"awb-custom-text-color awb-custom-text-hover-color\" target=\"_self\">SMA formula cargos contra Gasmar por incumplimientos en monitoreos de descargas en la Bah\u00eda de Quintero durante 2023 y 2024<\/a><\/h5><span class=\"awb-title-spacer\"><\/span><div class=\"title-sep-container title-sep-container-right\"><div class=\"title-sep sep-double sep-solid\" style=\"border-color:#e0dede;\"><\/div><\/div><\/div><div class=\"fusion-text fusion-text-4\" style=\"--awb-font-size:16px;--awb-line-height:1.7;--awb-letter-spacing:0px;--awb-text-transform:var(--awb-typography2-text-transform);--awb-text-color:#6d6d6d;--awb-text-font-family:&quot;Public Sans&quot;;--awb-text-font-style:normal;--awb-text-font-weight:400;\"><\/div><\/div><\/li>\n<li class=\"fusion-layout-column fusion_builder_column fusion-builder-column-7 fusion-flex-column post-card fusion-grid-column fusion-post-cards-grid-column\" style=\"--awb-bg-blend:overlay;--awb-bg-size:cover;--awb-flex-grow:0;--awb-flex-shrink:0;--awb-flex-grow-medium:0;--awb-flex-shrink-medium:0;--awb-flex-grow-small:0;--awb-flex-shrink-small:0;\"><div class=\"fusion-column-wrapper fusion-flex-justify-content-flex-start fusion-content-layout-column\"><div class=\"fusion-classic-product-image-wrapper fusion-woo-product-image fusion-post-card-image fusion-post-card-image-1\" data-layout=\"static\" style=\"--awb-border-radius-top-left:12px;--awb-border-radius-top-right:12px;--awb-border-radius-bottom-right:12px;--awb-border-radius-bottom-left:12px;\"><div  class=\"fusion-image-wrapper\" aria-haspopup=\"true\">\n\t\t\t\t\t\t\t<a href=\"https:\/\/portal.sma.gob.cl\/index.php\/gobierno-refuerza-el-monitoreo-publico-de-la-calidad-del-aire-en-benceno-y-otros-contaminantes-en-quintero\/\" aria-label=\"Gobierno refuerza el monitoreo p\u00fablico de la calidad del aire en benceno y otros contaminantes en Quintero\">\n\t\t\t\t\t\t\t<img decoding=\"async\" width=\"800\" height=\"600\" src=\"https:\/\/portal.sma.gob.cl\/wp-content\/uploads\/2025\/10\/Imagen-de-WhatsApp-2025-10-08-a-las-17.16.54_b884c062.jpg\" class=\"attachment-full size-full wp-post-image\" alt=\"\" srcset=\"https:\/\/portal.sma.gob.cl\/wp-content\/uploads\/2025\/10\/Imagen-de-WhatsApp-2025-10-08-a-las-17.16.54_b884c062-200x150.jpg 200w, https:\/\/portal.sma.gob.cl\/wp-content\/uploads\/2025\/10\/Imagen-de-WhatsApp-2025-10-08-a-las-17.16.54_b884c062-400x300.jpg 400w, https:\/\/portal.sma.gob.cl\/wp-content\/uploads\/2025\/10\/Imagen-de-WhatsApp-2025-10-08-a-las-17.16.54_b884c062-600x450.jpg 600w, https:\/\/portal.sma.gob.cl\/wp-content\/uploads\/2025\/10\/Imagen-de-WhatsApp-2025-10-08-a-las-17.16.54_b884c062.jpg 800w\" sizes=\"(min-width: 2200px) 100vw, (min-width: 824px) 340px, (min-width: 732px) 510px, (min-width: 640px) 732px, \" \/>\t\t\t<\/a>\n\t\t\t\t\t\t\t<\/div>\n<\/div><div class=\"fusion-title title fusion-title-6 fusion-title-text fusion-title-size-five\" style=\"--awb-text-color:#161616;--awb-margin-top:24px;--awb-margin-bottom:10px;--awb-margin-top-small:20px;--awb-margin-right-small:0px;--awb-margin-bottom-small:6px;--awb-margin-left-small:0px;--awb-link-hover-color:#d76728;--awb-font-size:25px;\"><div class=\"title-sep-container title-sep-container-left fusion-no-large-visibility fusion-no-medium-visibility fusion-no-small-visibility\"><div class=\"title-sep sep-double sep-solid\" style=\"border-color:#e0dede;\"><\/div><\/div><span class=\"awb-title-spacer fusion-no-large-visibility fusion-no-medium-visibility fusion-no-small-visibility\"><\/span><h5 class=\"fusion-title-heading title-heading-left fusion-responsive-typography-calculated\" style=\"font-family:&quot;museo-sans-rounded&quot;;font-style:normal;font-weight:700;margin:0;text-transform:var(--awb-typography1-text-transform);font-size:1em;--fontSize:25;line-height:1.2;\"><a href=\"https:\/\/portal.sma.gob.cl\/index.php\/gobierno-refuerza-el-monitoreo-publico-de-la-calidad-del-aire-en-benceno-y-otros-contaminantes-en-quintero\/\" class=\"awb-custom-text-color awb-custom-text-hover-color\" target=\"_self\">Gobierno refuerza el monitoreo p\u00fablico de la calidad del aire en benceno y otros contaminantes en Quintero<\/a><\/h5><span class=\"awb-title-spacer\"><\/span><div class=\"title-sep-container title-sep-container-right\"><div class=\"title-sep sep-double sep-solid\" style=\"border-color:#e0dede;\"><\/div><\/div><\/div><div class=\"fusion-text fusion-text-5\" style=\"--awb-font-size:16px;--awb-line-height:1.7;--awb-letter-spacing:0px;--awb-text-transform:var(--awb-typography2-text-transform);--awb-text-color:#6d6d6d;--awb-text-font-family:&quot;Public Sans&quot;;--awb-text-font-style:normal;--awb-text-font-weight:400;\"><\/div><\/div><\/li>\n<li class=\"fusion-layout-column fusion_builder_column fusion-builder-column-8 fusion-flex-column post-card fusion-grid-column fusion-post-cards-grid-column\" style=\"--awb-bg-blend:overlay;--awb-bg-size:cover;--awb-flex-grow:0;--awb-flex-shrink:0;--awb-flex-grow-medium:0;--awb-flex-shrink-medium:0;--awb-flex-grow-small:0;--awb-flex-shrink-small:0;\"><div class=\"fusion-column-wrapper fusion-flex-justify-content-flex-start fusion-content-layout-column\"><div class=\"fusion-classic-product-image-wrapper fusion-woo-product-image fusion-post-card-image fusion-post-card-image-1\" data-layout=\"static\" style=\"--awb-border-radius-top-left:12px;--awb-border-radius-top-right:12px;--awb-border-radius-bottom-right:12px;--awb-border-radius-bottom-left:12px;\"><div  class=\"fusion-image-wrapper\" aria-haspopup=\"true\">\n\t\t\t\t\t\t\t<a href=\"https:\/\/portal.sma.gob.cl\/index.php\/sma-publica-resultados-del-programa-de-muestreo-y-medicion-de-covs-realizado-en-concon-quintero-y-puchuncavi-en-2024\/\" aria-label=\"SMA publica resultados del programa de muestreo y medici\u00f3n de COVs realizado en Conc\u00f3n, Quintero y Puchuncav\u00ed en 2024\">\n\t\t\t\t\t\t\t<img decoding=\"async\" width=\"2560\" height=\"1715\" src=\"https:\/\/portal.sma.gob.cl\/wp-content\/uploads\/2025\/03\/IMG_5256-scaled-e1741873652755.jpeg\" class=\"attachment-full size-full wp-post-image\" alt=\"canister\" srcset=\"https:\/\/portal.sma.gob.cl\/wp-content\/uploads\/2025\/03\/IMG_5256-scaled-e1741873652755-200x134.jpeg 200w, https:\/\/portal.sma.gob.cl\/wp-content\/uploads\/2025\/03\/IMG_5256-scaled-e1741873652755-400x268.jpeg 400w, https:\/\/portal.sma.gob.cl\/wp-content\/uploads\/2025\/03\/IMG_5256-scaled-e1741873652755-600x402.jpeg 600w, https:\/\/portal.sma.gob.cl\/wp-content\/uploads\/2025\/03\/IMG_5256-scaled-e1741873652755-800x536.jpeg 800w, https:\/\/portal.sma.gob.cl\/wp-content\/uploads\/2025\/03\/IMG_5256-scaled-e1741873652755-1200x804.jpeg 1200w, https:\/\/portal.sma.gob.cl\/wp-content\/uploads\/2025\/03\/IMG_5256-scaled-e1741873652755.jpeg 2560w\" sizes=\"(min-width: 2200px) 100vw, (min-width: 824px) 340px, (min-width: 732px) 510px, (min-width: 640px) 732px, \" \/>\t\t\t<\/a>\n\t\t\t\t\t\t\t<\/div>\n<\/div><div class=\"fusion-title title fusion-title-7 fusion-title-text fusion-title-size-five\" style=\"--awb-text-color:#161616;--awb-margin-top:24px;--awb-margin-bottom:10px;--awb-margin-top-small:20px;--awb-margin-right-small:0px;--awb-margin-bottom-small:6px;--awb-margin-left-small:0px;--awb-link-hover-color:#d76728;--awb-font-size:25px;\"><div class=\"title-sep-container title-sep-container-left fusion-no-large-visibility fusion-no-medium-visibility fusion-no-small-visibility\"><div class=\"title-sep sep-double sep-solid\" style=\"border-color:#e0dede;\"><\/div><\/div><span class=\"awb-title-spacer fusion-no-large-visibility fusion-no-medium-visibility fusion-no-small-visibility\"><\/span><h5 class=\"fusion-title-heading title-heading-left fusion-responsive-typography-calculated\" style=\"font-family:&quot;museo-sans-rounded&quot;;font-style:normal;font-weight:700;margin:0;text-transform:var(--awb-typography1-text-transform);font-size:1em;--fontSize:25;line-height:1.2;\"><a href=\"https:\/\/portal.sma.gob.cl\/index.php\/sma-publica-resultados-del-programa-de-muestreo-y-medicion-de-covs-realizado-en-concon-quintero-y-puchuncavi-en-2024\/\" class=\"awb-custom-text-color awb-custom-text-hover-color\" target=\"_self\">SMA publica resultados del programa de muestreo y medici\u00f3n de COVs realizado en Conc\u00f3n, Quintero y Puchuncav\u00ed en 2024<\/a><\/h5><span class=\"awb-title-spacer\"><\/span><div class=\"title-sep-container title-sep-container-right\"><div class=\"title-sep sep-double sep-solid\" style=\"border-color:#e0dede;\"><\/div><\/div><\/div><div class=\"fusion-text fusion-text-6\" style=\"--awb-font-size:16px;--awb-line-height:1.7;--awb-letter-spacing:0px;--awb-text-transform:var(--awb-typography2-text-transform);--awb-text-color:#6d6d6d;--awb-text-font-family:&quot;Public Sans&quot;;--awb-text-font-style:normal;--awb-text-font-weight:400;\"><\/div><\/div><\/li>\n<li class=\"fusion-layout-column fusion_builder_column fusion-builder-column-9 fusion-flex-column post-card fusion-grid-column fusion-post-cards-grid-column\" style=\"--awb-bg-blend:overlay;--awb-bg-size:cover;--awb-flex-grow:0;--awb-flex-shrink:0;--awb-flex-grow-medium:0;--awb-flex-shrink-medium:0;--awb-flex-grow-small:0;--awb-flex-shrink-small:0;\"><div class=\"fusion-column-wrapper fusion-flex-justify-content-flex-start fusion-content-layout-column\"><div class=\"fusion-classic-product-image-wrapper fusion-woo-product-image fusion-post-card-image fusion-post-card-image-1\" data-layout=\"static\" style=\"--awb-border-radius-top-left:12px;--awb-border-radius-top-right:12px;--awb-border-radius-bottom-right:12px;--awb-border-radius-bottom-left:12px;\"><div  class=\"fusion-image-wrapper\" aria-haspopup=\"true\">\n\t\t\t\t\t\t\t<a href=\"https:\/\/portal.sma.gob.cl\/index.php\/sma-aplica-multa-de-mas-de-224-millones-a-la-empresa-terminal-maritimo-de-quintero-de-copec\/\" aria-label=\"SMA aplica multa de m\u00e1s de $224 millones a la empresa Terminal Mar\u00edtimo de Quintero de COPEC\">\n\t\t\t\t\t\t\t<img decoding=\"async\" width=\"2560\" height=\"1920\" src=\"https:\/\/portal.sma.gob.cl\/wp-content\/uploads\/2025\/01\/1-1-scaled.jpg\" class=\"attachment-full size-full wp-post-image\" alt=\"\" srcset=\"https:\/\/portal.sma.gob.cl\/wp-content\/uploads\/2025\/01\/1-1-200x150.jpg 200w, https:\/\/portal.sma.gob.cl\/wp-content\/uploads\/2025\/01\/1-1-400x300.jpg 400w, https:\/\/portal.sma.gob.cl\/wp-content\/uploads\/2025\/01\/1-1-600x450.jpg 600w, https:\/\/portal.sma.gob.cl\/wp-content\/uploads\/2025\/01\/1-1-800x600.jpg 800w, https:\/\/portal.sma.gob.cl\/wp-content\/uploads\/2025\/01\/1-1-1200x900.jpg 1200w, https:\/\/portal.sma.gob.cl\/wp-content\/uploads\/2025\/01\/1-1-scaled.jpg 2560w\" sizes=\"(min-width: 2200px) 100vw, (min-width: 824px) 340px, (min-width: 732px) 510px, (min-width: 640px) 732px, \" \/>\t\t\t<\/a>\n\t\t\t\t\t\t\t<\/div>\n<\/div><div class=\"fusion-title title fusion-title-8 fusion-title-text fusion-title-size-five\" style=\"--awb-text-color:#161616;--awb-margin-top:24px;--awb-margin-bottom:10px;--awb-margin-top-small:20px;--awb-margin-right-small:0px;--awb-margin-bottom-small:6px;--awb-margin-left-small:0px;--awb-link-hover-color:#d76728;--awb-font-size:25px;\"><div class=\"title-sep-container title-sep-container-left fusion-no-large-visibility fusion-no-medium-visibility fusion-no-small-visibility\"><div class=\"title-sep sep-double sep-solid\" style=\"border-color:#e0dede;\"><\/div><\/div><span class=\"awb-title-spacer fusion-no-large-visibility fusion-no-medium-visibility fusion-no-small-visibility\"><\/span><h5 class=\"fusion-title-heading title-heading-left fusion-responsive-typography-calculated\" style=\"font-family:&quot;museo-sans-rounded&quot;;font-style:normal;font-weight:700;margin:0;text-transform:var(--awb-typography1-text-transform);font-size:1em;--fontSize:25;line-height:1.2;\"><a href=\"https:\/\/portal.sma.gob.cl\/index.php\/sma-aplica-multa-de-mas-de-224-millones-a-la-empresa-terminal-maritimo-de-quintero-de-copec\/\" class=\"awb-custom-text-color awb-custom-text-hover-color\" target=\"_self\">SMA aplica multa de m\u00e1s de $224 millones a la empresa Terminal Mar\u00edtimo de Quintero de COPEC<\/a><\/h5><span class=\"awb-title-spacer\"><\/span><div class=\"title-sep-container title-sep-container-right\"><div class=\"title-sep sep-double sep-solid\" style=\"border-color:#e0dede;\"><\/div><\/div><\/div><div class=\"fusion-text fusion-text-7\" style=\"--awb-font-size:16px;--awb-line-height:1.7;--awb-letter-spacing:0px;--awb-text-transform:var(--awb-typography2-text-transform);--awb-text-color:#6d6d6d;--awb-text-font-family:&quot;Public Sans&quot;;--awb-text-font-style:normal;--awb-text-font-weight:400;\"><\/div><\/div><\/li>\n<li class=\"fusion-layout-column fusion_builder_column fusion-builder-column-10 fusion-flex-column post-card fusion-grid-column fusion-post-cards-grid-column\" style=\"--awb-bg-blend:overlay;--awb-bg-size:cover;--awb-flex-grow:0;--awb-flex-shrink:0;--awb-flex-grow-medium:0;--awb-flex-shrink-medium:0;--awb-flex-grow-small:0;--awb-flex-shrink-small:0;\"><div class=\"fusion-column-wrapper fusion-flex-justify-content-flex-start fusion-content-layout-column\"><div class=\"fusion-classic-product-image-wrapper fusion-woo-product-image fusion-post-card-image fusion-post-card-image-1\" data-layout=\"static\" style=\"--awb-border-radius-top-left:12px;--awb-border-radius-top-right:12px;--awb-border-radius-bottom-right:12px;--awb-border-radius-bottom-left:12px;\"><div  class=\"fusion-image-wrapper\" aria-haspopup=\"true\">\n\t\t\t\t\t\t\t<a href=\"https:\/\/portal.sma.gob.cl\/index.php\/corte-suprema-destaca-acciones-proactivas-del-gobierno-para-descontaminar-concon-quintero-y-puchuncavi\/\" aria-label=\"Corte Suprema destaca acciones proactivas del Gobierno para descontaminar Conc\u00f3n, Quintero y Puchuncav\u00ed\">\n\t\t\t\t\t\t\t<img decoding=\"async\" width=\"1280\" height=\"720\" src=\"https:\/\/portal.sma.gob.cl\/wp-content\/uploads\/2024\/12\/WhatsApp-Image-2024-12-13-at-14.58.37-1.jpeg\" class=\"attachment-full size-full wp-post-image\" alt=\"\" srcset=\"https:\/\/portal.sma.gob.cl\/wp-content\/uploads\/2024\/12\/WhatsApp-Image-2024-12-13-at-14.58.37-1-200x113.jpeg 200w, https:\/\/portal.sma.gob.cl\/wp-content\/uploads\/2024\/12\/WhatsApp-Image-2024-12-13-at-14.58.37-1-400x225.jpeg 400w, https:\/\/portal.sma.gob.cl\/wp-content\/uploads\/2024\/12\/WhatsApp-Image-2024-12-13-at-14.58.37-1-600x338.jpeg 600w, https:\/\/portal.sma.gob.cl\/wp-content\/uploads\/2024\/12\/WhatsApp-Image-2024-12-13-at-14.58.37-1-800x450.jpeg 800w, https:\/\/portal.sma.gob.cl\/wp-content\/uploads\/2024\/12\/WhatsApp-Image-2024-12-13-at-14.58.37-1-1200x675.jpeg 1200w, https:\/\/portal.sma.gob.cl\/wp-content\/uploads\/2024\/12\/WhatsApp-Image-2024-12-13-at-14.58.37-1.jpeg 1280w\" sizes=\"(min-width: 2200px) 100vw, (min-width: 824px) 340px, (min-width: 732px) 510px, (min-width: 640px) 732px, \" \/>\t\t\t<\/a>\n\t\t\t\t\t\t\t<\/div>\n<\/div><div class=\"fusion-title title fusion-title-9 fusion-title-text fusion-title-size-five\" style=\"--awb-text-color:#161616;--awb-margin-top:24px;--awb-margin-bottom:10px;--awb-margin-top-small:20px;--awb-margin-right-small:0px;--awb-margin-bottom-small:6px;--awb-margin-left-small:0px;--awb-link-hover-color:#d76728;--awb-font-size:25px;\"><div class=\"title-sep-container title-sep-container-left fusion-no-large-visibility fusion-no-medium-visibility fusion-no-small-visibility\"><div class=\"title-sep sep-double sep-solid\" style=\"border-color:#e0dede;\"><\/div><\/div><span class=\"awb-title-spacer fusion-no-large-visibility fusion-no-medium-visibility fusion-no-small-visibility\"><\/span><h5 class=\"fusion-title-heading title-heading-left fusion-responsive-typography-calculated\" style=\"font-family:&quot;museo-sans-rounded&quot;;font-style:normal;font-weight:700;margin:0;text-transform:var(--awb-typography1-text-transform);font-size:1em;--fontSize:25;line-height:1.2;\"><a href=\"https:\/\/portal.sma.gob.cl\/index.php\/corte-suprema-destaca-acciones-proactivas-del-gobierno-para-descontaminar-concon-quintero-y-puchuncavi\/\" class=\"awb-custom-text-color awb-custom-text-hover-color\" target=\"_self\">Corte Suprema destaca acciones proactivas del Gobierno para descontaminar Conc\u00f3n, Quintero y Puchuncav\u00ed<\/a><\/h5><span class=\"awb-title-spacer\"><\/span><div class=\"title-sep-container title-sep-container-right\"><div class=\"title-sep sep-double sep-solid\" style=\"border-color:#e0dede;\"><\/div><\/div><\/div><div class=\"fusion-text fusion-text-8\" style=\"--awb-font-size:16px;--awb-line-height:1.7;--awb-letter-spacing:0px;--awb-text-transform:var(--awb-typography2-text-transform);--awb-text-color:#6d6d6d;--awb-text-font-family:&quot;Public Sans&quot;;--awb-text-font-style:normal;--awb-text-font-weight:400;\"><\/div><\/div><\/li>\n<li class=\"fusion-layout-column fusion_builder_column fusion-builder-column-11 fusion-flex-column post-card fusion-grid-column fusion-post-cards-grid-column\" style=\"--awb-bg-blend:overlay;--awb-bg-size:cover;--awb-flex-grow:0;--awb-flex-shrink:0;--awb-flex-grow-medium:0;--awb-flex-shrink-medium:0;--awb-flex-grow-small:0;--awb-flex-shrink-small:0;\"><div class=\"fusion-column-wrapper fusion-flex-justify-content-flex-start fusion-content-layout-column\"><div class=\"fusion-classic-product-image-wrapper fusion-woo-product-image fusion-post-card-image fusion-post-card-image-1\" data-layout=\"static\" style=\"--awb-border-radius-top-left:12px;--awb-border-radius-top-right:12px;--awb-border-radius-bottom-right:12px;--awb-border-radius-bottom-left:12px;\"><div  class=\"fusion-image-wrapper\" aria-haspopup=\"true\">\n\t\t\t\t\t\t\t<a href=\"https:\/\/portal.sma.gob.cl\/index.php\/en-el-dia-nacional-del-medio-ambiente-mma-presenta-nuevas-normas-secundarias-de-calidad-ambiental-para-las-aguas-de-la-bahia-de-quintero-y-puchuncavi\/\" aria-label=\"En el D\u00eda Nacional del Medio Ambiente, MMA presenta nuevas normas secundarias de calidad ambiental para las aguas de la Bah\u00eda de Quintero y Puchuncav\u00ed\">\n\t\t\t\t\t\t\t<img decoding=\"async\" width=\"1600\" height=\"1066\" src=\"https:\/\/portal.sma.gob.cl\/wp-content\/uploads\/2024\/10\/WhatsApp-Image-2024-10-02-at-13.03.31-2.jpeg\" class=\"attachment-full size-full wp-post-image\" alt=\"\" srcset=\"https:\/\/portal.sma.gob.cl\/wp-content\/uploads\/2024\/10\/WhatsApp-Image-2024-10-02-at-13.03.31-2-200x133.jpeg 200w, https:\/\/portal.sma.gob.cl\/wp-content\/uploads\/2024\/10\/WhatsApp-Image-2024-10-02-at-13.03.31-2-400x267.jpeg 400w, https:\/\/portal.sma.gob.cl\/wp-content\/uploads\/2024\/10\/WhatsApp-Image-2024-10-02-at-13.03.31-2-600x400.jpeg 600w, https:\/\/portal.sma.gob.cl\/wp-content\/uploads\/2024\/10\/WhatsApp-Image-2024-10-02-at-13.03.31-2-800x533.jpeg 800w, https:\/\/portal.sma.gob.cl\/wp-content\/uploads\/2024\/10\/WhatsApp-Image-2024-10-02-at-13.03.31-2-1200x800.jpeg 1200w, https:\/\/portal.sma.gob.cl\/wp-content\/uploads\/2024\/10\/WhatsApp-Image-2024-10-02-at-13.03.31-2.jpeg 1600w\" sizes=\"(min-width: 2200px) 100vw, (min-width: 824px) 340px, (min-width: 732px) 510px, (min-width: 640px) 732px, \" \/>\t\t\t<\/a>\n\t\t\t\t\t\t\t<\/div>\n<\/div><div class=\"fusion-title title fusion-title-10 fusion-title-text fusion-title-size-five\" style=\"--awb-text-color:#161616;--awb-margin-top:24px;--awb-margin-bottom:10px;--awb-margin-top-small:20px;--awb-margin-right-small:0px;--awb-margin-bottom-small:6px;--awb-margin-left-small:0px;--awb-link-hover-color:#d76728;--awb-font-size:25px;\"><div class=\"title-sep-container title-sep-container-left fusion-no-large-visibility fusion-no-medium-visibility fusion-no-small-visibility\"><div class=\"title-sep sep-double sep-solid\" style=\"border-color:#e0dede;\"><\/div><\/div><span class=\"awb-title-spacer fusion-no-large-visibility fusion-no-medium-visibility fusion-no-small-visibility\"><\/span><h5 class=\"fusion-title-heading title-heading-left fusion-responsive-typography-calculated\" style=\"font-family:&quot;museo-sans-rounded&quot;;font-style:normal;font-weight:700;margin:0;text-transform:var(--awb-typography1-text-transform);font-size:1em;--fontSize:25;line-height:1.2;\"><a href=\"https:\/\/portal.sma.gob.cl\/index.php\/en-el-dia-nacional-del-medio-ambiente-mma-presenta-nuevas-normas-secundarias-de-calidad-ambiental-para-las-aguas-de-la-bahia-de-quintero-y-puchuncavi\/\" class=\"awb-custom-text-color awb-custom-text-hover-color\" target=\"_self\">En el D\u00eda Nacional del Medio Ambiente, MMA presenta nuevas normas secundarias de calidad ambiental para las aguas de la Bah\u00eda de Quintero y Puchuncav\u00ed<\/a><\/h5><span class=\"awb-title-spacer\"><\/span><div class=\"title-sep-container title-sep-container-right\"><div class=\"title-sep sep-double sep-solid\" style=\"border-color:#e0dede;\"><\/div><\/div><\/div><div class=\"fusion-text fusion-text-9\" style=\"--awb-font-size:16px;--awb-line-height:1.7;--awb-letter-spacing:0px;--awb-text-transform:var(--awb-typography2-text-transform);--awb-text-color:#6d6d6d;--awb-text-font-family:&quot;Public Sans&quot;;--awb-text-font-style:normal;--awb-text-font-weight:400;\"><\/div><\/div><\/li>\n<li class=\"fusion-layout-column fusion_builder_column fusion-builder-column-12 fusion-flex-column post-card fusion-grid-column fusion-post-cards-grid-column\" style=\"--awb-bg-blend:overlay;--awb-bg-size:cover;--awb-flex-grow:0;--awb-flex-shrink:0;--awb-flex-grow-medium:0;--awb-flex-shrink-medium:0;--awb-flex-grow-small:0;--awb-flex-shrink-small:0;\"><div class=\"fusion-column-wrapper fusion-flex-justify-content-flex-start fusion-content-layout-column\"><div class=\"fusion-classic-product-image-wrapper fusion-woo-product-image fusion-post-card-image fusion-post-card-image-1\" data-layout=\"static\" style=\"--awb-border-radius-top-left:12px;--awb-border-radius-top-right:12px;--awb-border-radius-bottom-right:12px;--awb-border-radius-bottom-left:12px;\"><div  class=\"fusion-image-wrapper\" aria-haspopup=\"true\">\n\t\t\t\t\t\t\t<a href=\"https:\/\/portal.sma.gob.cl\/index.php\/sma-publica-informe-de-resultados-del-monitoreo-de-compuestos-organicos-volatiles-en-aire-de-las-comunas-de-concon-quintero-y-puchuncavi-2023\/\" aria-label=\"SMA publica Informe de Resultados del Monitoreo de Compuestos Org\u00e1nicos Vol\u00e1tiles en aire de las comunas de Conc\u00f3n, Quintero y Puchuncav\u00ed 2023\">\n\t\t\t\t\t\t\t<img decoding=\"async\" width=\"2560\" height=\"1439\" src=\"https:\/\/portal.sma.gob.cl\/wp-content\/uploads\/2024\/08\/1-scaled.jpeg\" class=\"attachment-full size-full wp-post-image\" alt=\"\" srcset=\"https:\/\/portal.sma.gob.cl\/wp-content\/uploads\/2024\/08\/1-200x112.jpeg 200w, https:\/\/portal.sma.gob.cl\/wp-content\/uploads\/2024\/08\/1-400x225.jpeg 400w, https:\/\/portal.sma.gob.cl\/wp-content\/uploads\/2024\/08\/1-600x337.jpeg 600w, https:\/\/portal.sma.gob.cl\/wp-content\/uploads\/2024\/08\/1-800x450.jpeg 800w, https:\/\/portal.sma.gob.cl\/wp-content\/uploads\/2024\/08\/1-1200x675.jpeg 1200w, https:\/\/portal.sma.gob.cl\/wp-content\/uploads\/2024\/08\/1-scaled.jpeg 2560w\" sizes=\"(min-width: 2200px) 100vw, (min-width: 824px) 340px, (min-width: 732px) 510px, (min-width: 640px) 732px, \" \/>\t\t\t<\/a>\n\t\t\t\t\t\t\t<\/div>\n<\/div><div class=\"fusion-title title fusion-title-11 fusion-title-text fusion-title-size-five\" style=\"--awb-text-color:#161616;--awb-margin-top:24px;--awb-margin-bottom:10px;--awb-margin-top-small:20px;--awb-margin-right-small:0px;--awb-margin-bottom-small:6px;--awb-margin-left-small:0px;--awb-link-hover-color:#d76728;--awb-font-size:25px;\"><div class=\"title-sep-container title-sep-container-left fusion-no-large-visibility fusion-no-medium-visibility fusion-no-small-visibility\"><div class=\"title-sep sep-double sep-solid\" style=\"border-color:#e0dede;\"><\/div><\/div><span class=\"awb-title-spacer fusion-no-large-visibility fusion-no-medium-visibility fusion-no-small-visibility\"><\/span><h5 class=\"fusion-title-heading title-heading-left fusion-responsive-typography-calculated\" style=\"font-family:&quot;museo-sans-rounded&quot;;font-style:normal;font-weight:700;margin:0;text-transform:var(--awb-typography1-text-transform);font-size:1em;--fontSize:25;line-height:1.2;\"><a href=\"https:\/\/portal.sma.gob.cl\/index.php\/sma-publica-informe-de-resultados-del-monitoreo-de-compuestos-organicos-volatiles-en-aire-de-las-comunas-de-concon-quintero-y-puchuncavi-2023\/\" class=\"awb-custom-text-color awb-custom-text-hover-color\" target=\"_self\">SMA publica Informe de Resultados del Monitoreo de Compuestos Org\u00e1nicos Vol\u00e1tiles en aire de las comunas de Conc\u00f3n, Quintero y Puchuncav\u00ed 2023<\/a><\/h5><span class=\"awb-title-spacer\"><\/span><div class=\"title-sep-container title-sep-container-right\"><div class=\"title-sep sep-double sep-solid\" style=\"border-color:#e0dede;\"><\/div><\/div><\/div><div class=\"fusion-text fusion-text-10\" style=\"--awb-font-size:16px;--awb-line-height:1.7;--awb-letter-spacing:0px;--awb-text-transform:var(--awb-typography2-text-transform);--awb-text-color:#6d6d6d;--awb-text-font-family:&quot;Public Sans&quot;;--awb-text-font-style:normal;--awb-text-font-weight:400;\"><\/div><\/div><\/li>\n<li class=\"fusion-layout-column fusion_builder_column fusion-builder-column-13 fusion-flex-column post-card fusion-grid-column fusion-post-cards-grid-column\" style=\"--awb-bg-blend:overlay;--awb-bg-size:cover;--awb-flex-grow:0;--awb-flex-shrink:0;--awb-flex-grow-medium:0;--awb-flex-shrink-medium:0;--awb-flex-grow-small:0;--awb-flex-shrink-small:0;\"><div class=\"fusion-column-wrapper fusion-flex-justify-content-flex-start fusion-content-layout-column\"><div class=\"fusion-classic-product-image-wrapper fusion-woo-product-image fusion-post-card-image fusion-post-card-image-1\" data-layout=\"static\" style=\"--awb-border-radius-top-left:12px;--awb-border-radius-top-right:12px;--awb-border-radius-bottom-right:12px;--awb-border-radius-bottom-left:12px;\"><div  class=\"fusion-image-wrapper\" aria-haspopup=\"true\">\n\t\t\t\t\t\t\t<a href=\"https:\/\/portal.sma.gob.cl\/index.php\/sma-multa-a-enap-refinerias-por-incumplimientos-al-plan-de-prevencion-y-descontaminacion-atmosferica-de-concon-quintero-y-puchuncavi\/\" aria-label=\"SMA multa a ENAP Refiner\u00edas por incumplimientos al Plan de Prevenci\u00f3n y Descontaminaci\u00f3n Atmosf\u00e9rica de Conc\u00f3n, Quintero y Puchuncav\u00ed\">\n\t\t\t\t\t\t\t<img decoding=\"async\" width=\"1200\" height=\"903\" src=\"https:\/\/portal.sma.gob.cl\/wp-content\/uploads\/2024\/07\/ENAP.jpeg\" class=\"attachment-full size-full wp-post-image\" alt=\"\" srcset=\"https:\/\/portal.sma.gob.cl\/wp-content\/uploads\/2024\/07\/ENAP-200x151.jpeg 200w, https:\/\/portal.sma.gob.cl\/wp-content\/uploads\/2024\/07\/ENAP-400x301.jpeg 400w, https:\/\/portal.sma.gob.cl\/wp-content\/uploads\/2024\/07\/ENAP-600x452.jpeg 600w, https:\/\/portal.sma.gob.cl\/wp-content\/uploads\/2024\/07\/ENAP-800x602.jpeg 800w, https:\/\/portal.sma.gob.cl\/wp-content\/uploads\/2024\/07\/ENAP.jpeg 1200w\" sizes=\"(min-width: 2200px) 100vw, (min-width: 824px) 340px, (min-width: 732px) 510px, (min-width: 640px) 732px, \" \/>\t\t\t<\/a>\n\t\t\t\t\t\t\t<\/div>\n<\/div><div class=\"fusion-title title fusion-title-12 fusion-title-text fusion-title-size-five\" style=\"--awb-text-color:#161616;--awb-margin-top:24px;--awb-margin-bottom:10px;--awb-margin-top-small:20px;--awb-margin-right-small:0px;--awb-margin-bottom-small:6px;--awb-margin-left-small:0px;--awb-link-hover-color:#d76728;--awb-font-size:25px;\"><div class=\"title-sep-container title-sep-container-left fusion-no-large-visibility fusion-no-medium-visibility fusion-no-small-visibility\"><div class=\"title-sep sep-double sep-solid\" style=\"border-color:#e0dede;\"><\/div><\/div><span class=\"awb-title-spacer fusion-no-large-visibility fusion-no-medium-visibility fusion-no-small-visibility\"><\/span><h5 class=\"fusion-title-heading title-heading-left fusion-responsive-typography-calculated\" style=\"font-family:&quot;museo-sans-rounded&quot;;font-style:normal;font-weight:700;margin:0;text-transform:var(--awb-typography1-text-transform);font-size:1em;--fontSize:25;line-height:1.2;\"><a href=\"https:\/\/portal.sma.gob.cl\/index.php\/sma-multa-a-enap-refinerias-por-incumplimientos-al-plan-de-prevencion-y-descontaminacion-atmosferica-de-concon-quintero-y-puchuncavi\/\" class=\"awb-custom-text-color awb-custom-text-hover-color\" target=\"_self\">SMA multa a ENAP Refiner\u00edas por incumplimientos al Plan de Prevenci\u00f3n y Descontaminaci\u00f3n Atmosf\u00e9rica de Conc\u00f3n, Quintero y Puchuncav\u00ed<\/a><\/h5><span class=\"awb-title-spacer\"><\/span><div class=\"title-sep-container title-sep-container-right\"><div class=\"title-sep sep-double sep-solid\" style=\"border-color:#e0dede;\"><\/div><\/div><\/div><div class=\"fusion-text fusion-text-11\" style=\"--awb-font-size:16px;--awb-line-height:1.7;--awb-letter-spacing:0px;--awb-text-transform:var(--awb-typography2-text-transform);--awb-text-color:#6d6d6d;--awb-text-font-family:&quot;Public Sans&quot;;--awb-text-font-style:normal;--awb-text-font-weight:400;\"><\/div><\/div><\/li>\n<li class=\"fusion-layout-column fusion_builder_column fusion-builder-column-14 fusion-flex-column post-card fusion-grid-column fusion-post-cards-grid-column\" style=\"--awb-bg-blend:overlay;--awb-bg-size:cover;--awb-flex-grow:0;--awb-flex-shrink:0;--awb-flex-grow-medium:0;--awb-flex-shrink-medium:0;--awb-flex-grow-small:0;--awb-flex-shrink-small:0;\"><div class=\"fusion-column-wrapper fusion-flex-justify-content-flex-start fusion-content-layout-column\"><div class=\"fusion-classic-product-image-wrapper fusion-woo-product-image fusion-post-card-image fusion-post-card-image-1\" data-layout=\"static\" style=\"--awb-border-radius-top-left:12px;--awb-border-radius-top-right:12px;--awb-border-radius-bottom-right:12px;--awb-border-radius-bottom-left:12px;\"><div  class=\"fusion-image-wrapper\" aria-haspopup=\"true\">\n\t\t\t\t\t\t\t<a href=\"https:\/\/portal.sma.gob.cl\/index.php\/superintendenta-plumer-presenta-avances-de-la-estrategia-de-fiscalizacion-de-la-sma-en-reuniones-con-autoridades-de-valparaiso\/\" aria-label=\"Superintendenta Plumer presenta avances de la estrategia de fiscalizaci\u00f3n de la SMA en reuniones con autoridades de Valpara\u00edso\">\n\t\t\t\t\t\t\t<img decoding=\"async\" width=\"1600\" height=\"1222\" src=\"https:\/\/portal.sma.gob.cl\/wp-content\/uploads\/2023\/07\/A.jpg\" class=\"attachment-full size-full wp-post-image\" alt=\"\" srcset=\"https:\/\/portal.sma.gob.cl\/wp-content\/uploads\/2023\/07\/A-200x153.jpg 200w, https:\/\/portal.sma.gob.cl\/wp-content\/uploads\/2023\/07\/A-400x306.jpg 400w, https:\/\/portal.sma.gob.cl\/wp-content\/uploads\/2023\/07\/A-600x458.jpg 600w, https:\/\/portal.sma.gob.cl\/wp-content\/uploads\/2023\/07\/A-800x611.jpg 800w, https:\/\/portal.sma.gob.cl\/wp-content\/uploads\/2023\/07\/A-1200x917.jpg 1200w, https:\/\/portal.sma.gob.cl\/wp-content\/uploads\/2023\/07\/A.jpg 1600w\" sizes=\"(min-width: 2200px) 100vw, (min-width: 824px) 340px, (min-width: 732px) 510px, (min-width: 640px) 732px, \" \/>\t\t\t<\/a>\n\t\t\t\t\t\t\t<\/div>\n<\/div><div class=\"fusion-title title fusion-title-13 fusion-title-text fusion-title-size-five\" style=\"--awb-text-color:#161616;--awb-margin-top:24px;--awb-margin-bottom:10px;--awb-margin-top-small:20px;--awb-margin-right-small:0px;--awb-margin-bottom-small:6px;--awb-margin-left-small:0px;--awb-link-hover-color:#d76728;--awb-font-size:25px;\"><div class=\"title-sep-container title-sep-container-left fusion-no-large-visibility fusion-no-medium-visibility fusion-no-small-visibility\"><div class=\"title-sep sep-double sep-solid\" style=\"border-color:#e0dede;\"><\/div><\/div><span class=\"awb-title-spacer fusion-no-large-visibility fusion-no-medium-visibility fusion-no-small-visibility\"><\/span><h5 class=\"fusion-title-heading title-heading-left fusion-responsive-typography-calculated\" style=\"font-family:&quot;museo-sans-rounded&quot;;font-style:normal;font-weight:700;margin:0;text-transform:var(--awb-typography1-text-transform);font-size:1em;--fontSize:25;line-height:1.2;\"><a href=\"https:\/\/portal.sma.gob.cl\/index.php\/superintendenta-plumer-presenta-avances-de-la-estrategia-de-fiscalizacion-de-la-sma-en-reuniones-con-autoridades-de-valparaiso\/\" class=\"awb-custom-text-color awb-custom-text-hover-color\" target=\"_self\">Superintendenta Plumer presenta avances de la estrategia de fiscalizaci\u00f3n de la SMA en reuniones con autoridades de Valpara\u00edso<\/a><\/h5><span class=\"awb-title-spacer\"><\/span><div class=\"title-sep-container title-sep-container-right\"><div class=\"title-sep sep-double sep-solid\" style=\"border-color:#e0dede;\"><\/div><\/div><\/div><div class=\"fusion-text fusion-text-12\" style=\"--awb-font-size:16px;--awb-line-height:1.7;--awb-letter-spacing:0px;--awb-text-transform:var(--awb-typography2-text-transform);--awb-text-color:#6d6d6d;--awb-text-font-family:&quot;Public Sans&quot;;--awb-text-font-style:normal;--awb-text-font-weight:400;\"><\/div><\/div><\/li>\n<li class=\"fusion-layout-column fusion_builder_column fusion-builder-column-15 fusion-flex-column post-card fusion-grid-column fusion-post-cards-grid-column\" style=\"--awb-bg-blend:overlay;--awb-bg-size:cover;--awb-flex-grow:0;--awb-flex-shrink:0;--awb-flex-grow-medium:0;--awb-flex-shrink-medium:0;--awb-flex-grow-small:0;--awb-flex-shrink-small:0;\"><div class=\"fusion-column-wrapper fusion-flex-justify-content-flex-start fusion-content-layout-column\"><div class=\"fusion-classic-product-image-wrapper fusion-woo-product-image fusion-post-card-image fusion-post-card-image-1\" data-layout=\"static\" style=\"--awb-border-radius-top-left:12px;--awb-border-radius-top-right:12px;--awb-border-radius-bottom-right:12px;--awb-border-radius-bottom-left:12px;\"><div  class=\"fusion-image-wrapper\" aria-haspopup=\"true\">\n\t\t\t\t\t\t\t<a href=\"https:\/\/portal.sma.gob.cl\/index.php\/poner-la-informacion-a-disposicion-de-las-personas\/\" aria-label=\"Poner la informaci\u00f3n a disposici\u00f3n de las personas\">\n\t\t\t\t\t\t\t<img decoding=\"async\" width=\"2560\" height=\"1440\" src=\"https:\/\/portal.sma.gob.cl\/wp-content\/uploads\/2023\/07\/1-2-scaled.jpg\" class=\"attachment-full size-full wp-post-image\" alt=\"\" srcset=\"https:\/\/portal.sma.gob.cl\/wp-content\/uploads\/2023\/07\/1-2-200x113.jpg 200w, https:\/\/portal.sma.gob.cl\/wp-content\/uploads\/2023\/07\/1-2-400x225.jpg 400w, https:\/\/portal.sma.gob.cl\/wp-content\/uploads\/2023\/07\/1-2-600x338.jpg 600w, https:\/\/portal.sma.gob.cl\/wp-content\/uploads\/2023\/07\/1-2-800x450.jpg 800w, https:\/\/portal.sma.gob.cl\/wp-content\/uploads\/2023\/07\/1-2-1200x675.jpg 1200w, https:\/\/portal.sma.gob.cl\/wp-content\/uploads\/2023\/07\/1-2-scaled.jpg 2560w\" sizes=\"(min-width: 2200px) 100vw, (min-width: 824px) 340px, (min-width: 732px) 510px, (min-width: 640px) 732px, \" \/>\t\t\t<\/a>\n\t\t\t\t\t\t\t<\/div>\n<\/div><div class=\"fusion-title title fusion-title-14 fusion-title-text fusion-title-size-five\" style=\"--awb-text-color:#161616;--awb-margin-top:24px;--awb-margin-bottom:10px;--awb-margin-top-small:20px;--awb-margin-right-small:0px;--awb-margin-bottom-small:6px;--awb-margin-left-small:0px;--awb-link-hover-color:#d76728;--awb-font-size:25px;\"><div class=\"title-sep-container title-sep-container-left fusion-no-large-visibility fusion-no-medium-visibility fusion-no-small-visibility\"><div class=\"title-sep sep-double sep-solid\" style=\"border-color:#e0dede;\"><\/div><\/div><span class=\"awb-title-spacer fusion-no-large-visibility fusion-no-medium-visibility fusion-no-small-visibility\"><\/span><h5 class=\"fusion-title-heading title-heading-left fusion-responsive-typography-calculated\" style=\"font-family:&quot;museo-sans-rounded&quot;;font-style:normal;font-weight:700;margin:0;text-transform:var(--awb-typography1-text-transform);font-size:1em;--fontSize:25;line-height:1.2;\"><a href=\"https:\/\/portal.sma.gob.cl\/index.php\/poner-la-informacion-a-disposicion-de-las-personas\/\" class=\"awb-custom-text-color awb-custom-text-hover-color\" target=\"_self\">Poner la informaci\u00f3n a disposici\u00f3n de las personas<\/a><\/h5><span class=\"awb-title-spacer\"><\/span><div class=\"title-sep-container title-sep-container-right\"><div class=\"title-sep sep-double sep-solid\" style=\"border-color:#e0dede;\"><\/div><\/div><\/div><div class=\"fusion-text fusion-text-13\" style=\"--awb-font-size:16px;--awb-line-height:1.7;--awb-letter-spacing:0px;--awb-text-transform:var(--awb-typography2-text-transform);--awb-text-color:#6d6d6d;--awb-text-font-family:&quot;Public Sans&quot;;--awb-text-font-style:normal;--awb-text-font-weight:400;\"><\/div><\/div><\/li>\n<li class=\"fusion-layout-column fusion_builder_column fusion-builder-column-16 fusion-flex-column post-card fusion-grid-column fusion-post-cards-grid-column\" style=\"--awb-bg-blend:overlay;--awb-bg-size:cover;--awb-flex-grow:0;--awb-flex-shrink:0;--awb-flex-grow-medium:0;--awb-flex-shrink-medium:0;--awb-flex-grow-small:0;--awb-flex-shrink-small:0;\"><div class=\"fusion-column-wrapper fusion-flex-justify-content-flex-start fusion-content-layout-column\"><div class=\"fusion-classic-product-image-wrapper fusion-woo-product-image fusion-post-card-image fusion-post-card-image-1\" data-layout=\"static\" style=\"--awb-border-radius-top-left:12px;--awb-border-radius-top-right:12px;--awb-border-radius-bottom-right:12px;--awb-border-radius-bottom-left:12px;\"><div  class=\"fusion-image-wrapper\" aria-haspopup=\"true\">\n\t\t\t\t\t\t\t<a href=\"https:\/\/portal.sma.gob.cl\/index.php\/casi-100-inspecciones-en-2023-sma-aplica-plan-para-una-mayor-fiscalizacion-en-concon-quintero-y-puchuncavi\/\" aria-label=\"Casi 100 inspecciones en 2023: SMA aplica plan para una mayor fiscalizaci\u00f3n en Conc\u00f3n, Quintero y Puchuncav\u00ed\">\n\t\t\t\t\t\t\t<img decoding=\"async\" width=\"1600\" height=\"1200\" src=\"https:\/\/portal.sma.gob.cl\/wp-content\/uploads\/2023\/07\/A.jpeg\" class=\"attachment-full size-full wp-post-image\" alt=\"\" srcset=\"https:\/\/portal.sma.gob.cl\/wp-content\/uploads\/2023\/07\/A-200x150.jpeg 200w, https:\/\/portal.sma.gob.cl\/wp-content\/uploads\/2023\/07\/A-400x300.jpeg 400w, https:\/\/portal.sma.gob.cl\/wp-content\/uploads\/2023\/07\/A-600x450.jpeg 600w, https:\/\/portal.sma.gob.cl\/wp-content\/uploads\/2023\/07\/A-800x600.jpeg 800w, https:\/\/portal.sma.gob.cl\/wp-content\/uploads\/2023\/07\/A-1200x900.jpeg 1200w, https:\/\/portal.sma.gob.cl\/wp-content\/uploads\/2023\/07\/A.jpeg 1600w\" sizes=\"(min-width: 2200px) 100vw, (min-width: 824px) 340px, (min-width: 732px) 510px, (min-width: 640px) 732px, \" \/>\t\t\t<\/a>\n\t\t\t\t\t\t\t<\/div>\n<\/div><div class=\"fusion-title title fusion-title-15 fusion-title-text fusion-title-size-five\" style=\"--awb-text-color:#161616;--awb-margin-top:24px;--awb-margin-bottom:10px;--awb-margin-top-small:20px;--awb-margin-right-small:0px;--awb-margin-bottom-small:6px;--awb-margin-left-small:0px;--awb-link-hover-color:#d76728;--awb-font-size:25px;\"><div class=\"title-sep-container title-sep-container-left fusion-no-large-visibility fusion-no-medium-visibility fusion-no-small-visibility\"><div class=\"title-sep sep-double sep-solid\" style=\"border-color:#e0dede;\"><\/div><\/div><span class=\"awb-title-spacer fusion-no-large-visibility fusion-no-medium-visibility fusion-no-small-visibility\"><\/span><h5 class=\"fusion-title-heading title-heading-left fusion-responsive-typography-calculated\" style=\"font-family:&quot;museo-sans-rounded&quot;;font-style:normal;font-weight:700;margin:0;text-transform:var(--awb-typography1-text-transform);font-size:1em;--fontSize:25;line-height:1.2;\"><a href=\"https:\/\/portal.sma.gob.cl\/index.php\/casi-100-inspecciones-en-2023-sma-aplica-plan-para-una-mayor-fiscalizacion-en-concon-quintero-y-puchuncavi\/\" class=\"awb-custom-text-color awb-custom-text-hover-color\" target=\"_self\">Casi 100 inspecciones en 2023: SMA aplica plan para una mayor fiscalizaci\u00f3n en Conc\u00f3n, Quintero y Puchuncav\u00ed<\/a><\/h5><span class=\"awb-title-spacer\"><\/span><div class=\"title-sep-container title-sep-container-right\"><div class=\"title-sep sep-double sep-solid\" style=\"border-color:#e0dede;\"><\/div><\/div><\/div><div class=\"fusion-text fusion-text-14\" style=\"--awb-font-size:16px;--awb-line-height:1.7;--awb-letter-spacing:0px;--awb-text-transform:var(--awb-typography2-text-transform);--awb-text-color:#6d6d6d;--awb-text-font-family:&quot;Public Sans&quot;;--awb-text-font-style:normal;--awb-text-font-weight:400;\"><\/div><\/div><\/li>\n<li class=\"fusion-layout-column fusion_builder_column fusion-builder-column-17 fusion-flex-column post-card fusion-grid-column fusion-post-cards-grid-column\" style=\"--awb-bg-blend:overlay;--awb-bg-size:cover;--awb-flex-grow:0;--awb-flex-shrink:0;--awb-flex-grow-medium:0;--awb-flex-shrink-medium:0;--awb-flex-grow-small:0;--awb-flex-shrink-small:0;\"><div class=\"fusion-column-wrapper fusion-flex-justify-content-flex-start fusion-content-layout-column\"><div class=\"fusion-classic-product-image-wrapper fusion-woo-product-image fusion-post-card-image fusion-post-card-image-1\" data-layout=\"static\" style=\"--awb-border-radius-top-left:12px;--awb-border-radius-top-right:12px;--awb-border-radius-bottom-right:12px;--awb-border-radius-bottom-left:12px;\"><div  class=\"fusion-image-wrapper\" aria-haspopup=\"true\">\n\t\t\t\t\t\t\t<a href=\"https:\/\/portal.sma.gob.cl\/index.php\/sma-hace-publico-resumen-diario-sobre-la-calidad-del-aire-en-concon-quintero-y-puchuncavi\/\" aria-label=\"SMA hace p\u00fablico resumen diario sobre la calidad del aire en Conc\u00f3n, Quintero y Puchuncav\u00ed\">\n\t\t\t\t\t\t\t<img decoding=\"async\" width=\"1200\" height=\"736\" src=\"https:\/\/portal.sma.gob.cl\/wp-content\/uploads\/2023\/07\/minutas-1.jpg\" class=\"attachment-full size-full wp-post-image\" alt=\"\" srcset=\"https:\/\/portal.sma.gob.cl\/wp-content\/uploads\/2023\/07\/minutas-1-200x123.jpg 200w, https:\/\/portal.sma.gob.cl\/wp-content\/uploads\/2023\/07\/minutas-1-400x245.jpg 400w, https:\/\/portal.sma.gob.cl\/wp-content\/uploads\/2023\/07\/minutas-1-600x368.jpg 600w, https:\/\/portal.sma.gob.cl\/wp-content\/uploads\/2023\/07\/minutas-1-800x491.jpg 800w, https:\/\/portal.sma.gob.cl\/wp-content\/uploads\/2023\/07\/minutas-1.jpg 1200w\" sizes=\"(min-width: 2200px) 100vw, (min-width: 824px) 340px, (min-width: 732px) 510px, (min-width: 640px) 732px, \" \/>\t\t\t<\/a>\n\t\t\t\t\t\t\t<\/div>\n<\/div><div class=\"fusion-title title fusion-title-16 fusion-title-text fusion-title-size-five\" style=\"--awb-text-color:#161616;--awb-margin-top:24px;--awb-margin-bottom:10px;--awb-margin-top-small:20px;--awb-margin-right-small:0px;--awb-margin-bottom-small:6px;--awb-margin-left-small:0px;--awb-link-hover-color:#d76728;--awb-font-size:25px;\"><div class=\"title-sep-container title-sep-container-left fusion-no-large-visibility fusion-no-medium-visibility fusion-no-small-visibility\"><div class=\"title-sep sep-double sep-solid\" style=\"border-color:#e0dede;\"><\/div><\/div><span class=\"awb-title-spacer fusion-no-large-visibility fusion-no-medium-visibility fusion-no-small-visibility\"><\/span><h5 class=\"fusion-title-heading title-heading-left fusion-responsive-typography-calculated\" style=\"font-family:&quot;museo-sans-rounded&quot;;font-style:normal;font-weight:700;margin:0;text-transform:var(--awb-typography1-text-transform);font-size:1em;--fontSize:25;line-height:1.2;\"><a href=\"https:\/\/portal.sma.gob.cl\/index.php\/sma-hace-publico-resumen-diario-sobre-la-calidad-del-aire-en-concon-quintero-y-puchuncavi\/\" class=\"awb-custom-text-color awb-custom-text-hover-color\" target=\"_self\">SMA hace p\u00fablico resumen diario sobre la calidad del aire en Conc\u00f3n, Quintero y Puchuncav\u00ed<\/a><\/h5><span class=\"awb-title-spacer\"><\/span><div class=\"title-sep-container title-sep-container-right\"><div class=\"title-sep sep-double sep-solid\" style=\"border-color:#e0dede;\"><\/div><\/div><\/div><div class=\"fusion-text fusion-text-15\" style=\"--awb-font-size:16px;--awb-line-height:1.7;--awb-letter-spacing:0px;--awb-text-transform:var(--awb-typography2-text-transform);--awb-text-color:#6d6d6d;--awb-text-font-family:&quot;Public Sans&quot;;--awb-text-font-style:normal;--awb-text-font-weight:400;\"><\/div><\/div><\/li>\n<\/ul><\/div><\/div><\/div><\/div><\/div><div class=\"fusion-fullwidth fullwidth-box fusion-builder-row-4 fusion-flex-container has-pattern-background has-mask-background nonhundred-percent-fullwidth non-hundred-percent-height-scrolling\" style=\"--awb-border-radius-top-left:0px;--awb-border-radius-top-right:0px;--awb-border-radius-bottom-right:0px;--awb-border-radius-bottom-left:0px;--awb-margin-top:50px;--awb-margin-bottom:0px;--awb-margin-bottom-small:0px;--awb-flex-wrap:wrap;\" id=\"videoscqp\" ><div class=\"fusion-builder-row fusion-row fusion-flex-align-items-stretch fusion-flex-content-wrap\" style=\"max-width:1144px;margin-left: calc(-4% \/ 2 );margin-right: calc(-4% \/ 2 );\"><div class=\"fusion-layout-column fusion_builder_column fusion-builder-column-18 fusion_builder_column_1_2 1_2 fusion-flex-column fusion-flex-align-self-center\" style=\"--awb-padding-top:20px;--awb-padding-bottom:20px;--awb-padding-top-medium:60px;--awb-padding-bottom-medium:60px;--awb-padding-top-small:20px;--awb-bg-size:cover;--awb-width-large:50%;--awb-flex-grow:0;--awb-flex-shrink:0;--awb-margin-top-large:0px;--awb-spacing-right-large:30px;--awb-margin-bottom-large:70px;--awb-spacing-left-large:3.84%;--awb-width-medium:40%;--awb-order-medium:0;--awb-flex-grow-medium:0;--awb-flex-shrink-medium:0;--awb-spacing-right-medium:30px;--awb-spacing-left-medium:4.8%;--awb-width-small:100%;--awb-order-small:1;--awb-flex-grow-small:0;--awb-flex-shrink-small:0;--awb-spacing-right-small:1.92%;--awb-margin-bottom-small:0px;--awb-spacing-left-small:1.92%;\" data-scroll-devices=\"small-visibility,medium-visibility,large-visibility\"><div class=\"fusion-column-wrapper fusion-column-has-shadow fusion-flex-justify-content-flex-start fusion-content-layout-row\"><div class=\"fusion-title title fusion-title-17 fusion-title-text fusion-title-size-two\" style=\"--awb-text-color:#163277;--awb-margin-bottom:10px;--awb-margin-top-small:0px;--awb-margin-right-small:0px;--awb-margin-bottom-small:20px;--awb-margin-left-small:0px;--awb-font-size:38px;\"><div class=\"title-sep-container title-sep-container-left fusion-no-large-visibility fusion-no-medium-visibility fusion-no-small-visibility\"><div class=\"title-sep sep-double sep-solid\" style=\"border-color:#e0dede;\"><\/div><\/div><span class=\"awb-title-spacer fusion-no-large-visibility fusion-no-medium-visibility fusion-no-small-visibility\"><\/span><h2 class=\"fusion-title-heading title-heading-left fusion-responsive-typography-calculated\" style=\"font-family:&quot;museo-sans&quot;;font-style:normal;font-weight:900;margin:0;font-size:1em;--fontSize:38;line-height:1.35;\">Videos<\/h2><span class=\"awb-title-spacer\"><\/span><div class=\"title-sep-container title-sep-container-right\"><div class=\"title-sep sep-double sep-solid\" style=\"border-color:#e0dede;\"><\/div><\/div><\/div><div class=\"fusion-separator fusion-full-width-sep\" style=\"align-self: flex-start;margin-right:auto;width:100%;\"><div class=\"fusion-separator-border sep-single sep-solid\" style=\"--awb-height:20px;--awb-amount:20px;--awb-sep-color:#eddb5b;border-color:#eddb5b;border-top-width:4px;\"><\/div><\/div><\/div><\/div><\/div><\/div><div class=\"fusion-fullwidth fullwidth-box fusion-builder-row-5 fusion-flex-container has-pattern-background has-mask-background nonhundred-percent-fullwidth non-hundred-percent-height-scrolling\" style=\"--awb-border-radius-top-left:0px;--awb-border-radius-top-right:0px;--awb-border-radius-bottom-right:0px;--awb-border-radius-bottom-left:0px;--awb-margin-bottom:20px;--awb-flex-wrap:wrap;\" ><div class=\"fusion-builder-row fusion-row fusion-flex-align-items-flex-start fusion-flex-content-wrap\" style=\"max-width:1122px;margin-left: calc(-2% \/ 2 );margin-right: calc(-2% \/ 2 );\"><div class=\"fusion-layout-column fusion_builder_column fusion-builder-column-19 fusion_builder_column_1_2 1_2 fusion-flex-column\" style=\"--awb-bg-size:cover;--awb-width-large:50%;--awb-flex-grow:0;--awb-flex-shrink:0;--awb-margin-top-large:0px;--awb-spacing-right-large:1.96%;--awb-margin-bottom-large:20px;--awb-spacing-left-large:1.96%;--awb-width-medium:100%;--awb-order-medium:0;--awb-flex-grow-medium:0;--awb-flex-shrink-medium:0;--awb-spacing-right-medium:0.98%;--awb-spacing-left-medium:0.98%;--awb-width-small:100%;--awb-order-small:0;--awb-flex-grow-small:0;--awb-flex-shrink-small:0;--awb-spacing-right-small:0.98%;--awb-spacing-left-small:0.98%;\" data-scroll-devices=\"small-visibility,medium-visibility,large-visibility\"><div class=\"fusion-column-wrapper fusion-column-has-shadow fusion-flex-justify-content-flex-start fusion-content-layout-column\"><div class=\"fusion-video fusion-youtube\" style=\"--awb-max-width:600px;--awb-max-height:360px;\"><div class=\"video-shortcode\"><div class=\"fluid-width-video-wrapper\" style=\"padding-top:60%;\" ><iframe title=\"YouTube video player 1\" src=\"https:\/\/www.youtube.com\/embed\/dNYdyVu0M34?wmode=transparent&autoplay=0\" width=\"600\" height=\"360\" allowfullscreen allow=\"autoplay; clipboard-write; encrypted-media; gyroscope; picture-in-picture;\"><\/iframe><\/div><\/div><\/div><\/div><\/div><div class=\"fusion-layout-column fusion_builder_column fusion-builder-column-20 fusion_builder_column_1_2 1_2 fusion-flex-column\" style=\"--awb-bg-size:cover;--awb-width-large:50%;--awb-flex-grow:0;--awb-flex-shrink:0;--awb-margin-top-large:0px;--awb-spacing-right-large:1.96%;--awb-margin-bottom-large:20px;--awb-spacing-left-large:1.96%;--awb-width-medium:100%;--awb-order-medium:0;--awb-flex-grow-medium:0;--awb-flex-shrink-medium:0;--awb-spacing-right-medium:0.98%;--awb-spacing-left-medium:0.98%;--awb-width-small:100%;--awb-order-small:0;--awb-flex-grow-small:0;--awb-flex-shrink-small:0;--awb-spacing-right-small:0.98%;--awb-spacing-left-small:0.98%;\" data-scroll-devices=\"small-visibility,medium-visibility,large-visibility\"><div class=\"fusion-column-wrapper fusion-column-has-shadow fusion-flex-justify-content-flex-start fusion-content-layout-column\"><div class=\"fusion-text fusion-text-16\" style=\"--awb-font-size:17px;\"><p>\u00bfSab\u00edas que la Superintendencia del Medio Ambiente tiene un laboratorio que realiza los muestreos y an\u00e1lisis de m\u00e1s de 50 muestras mensuales que se toman para la calidad del aire de los COVs en la zona de Conc\u00f3n, Quintero y Puchuncav\u00ed?<\/p>\n<\/div><\/div><\/div><\/div><\/div><div class=\"fusion-fullwidth fullwidth-box fusion-builder-row-6 fusion-flex-container has-pattern-background has-mask-background nonhundred-percent-fullwidth non-hundred-percent-height-scrolling\" style=\"--awb-border-radius-top-left:0px;--awb-border-radius-top-right:0px;--awb-border-radius-bottom-right:0px;--awb-border-radius-bottom-left:0px;--awb-margin-bottom:20px;--awb-flex-wrap:wrap;\" ><div class=\"fusion-builder-row fusion-row fusion-flex-align-items-flex-start fusion-flex-content-wrap\" style=\"max-width:1122px;margin-left: calc(-2% \/ 2 );margin-right: calc(-2% \/ 2 );\"><div class=\"fusion-layout-column fusion_builder_column fusion-builder-column-21 fusion_builder_column_1_2 1_2 fusion-flex-column\" style=\"--awb-bg-size:cover;--awb-width-large:50%;--awb-flex-grow:0;--awb-flex-shrink:0;--awb-margin-top-large:0px;--awb-spacing-right-large:1.96%;--awb-margin-bottom-large:20px;--awb-spacing-left-large:1.96%;--awb-width-medium:100%;--awb-order-medium:0;--awb-flex-grow-medium:0;--awb-flex-shrink-medium:0;--awb-spacing-right-medium:0.98%;--awb-spacing-left-medium:0.98%;--awb-width-small:100%;--awb-order-small:0;--awb-flex-grow-small:0;--awb-flex-shrink-small:0;--awb-spacing-right-small:0.98%;--awb-spacing-left-small:0.98%;\" data-scroll-devices=\"small-visibility,medium-visibility,large-visibility\"><div class=\"fusion-column-wrapper fusion-column-has-shadow fusion-flex-justify-content-flex-start fusion-content-layout-column\"><div class=\"fusion-video fusion-youtube\" style=\"--awb-max-width:600px;--awb-max-height:360px;\"><div class=\"video-shortcode\"><div class=\"fluid-width-video-wrapper\" style=\"padding-top:60%;\" ><iframe title=\"YouTube video player 2\" src=\"https:\/\/www.youtube.com\/embed\/JSzkhJGpfBE?wmode=transparent&autoplay=0\" width=\"600\" height=\"360\" allowfullscreen allow=\"autoplay; clipboard-write; encrypted-media; gyroscope; picture-in-picture;\"><\/iframe><\/div><\/div><\/div><\/div><\/div><div class=\"fusion-layout-column fusion_builder_column fusion-builder-column-22 fusion_builder_column_1_2 1_2 fusion-flex-column\" style=\"--awb-bg-size:cover;--awb-width-large:50%;--awb-flex-grow:0;--awb-flex-shrink:0;--awb-margin-top-large:0px;--awb-spacing-right-large:1.96%;--awb-margin-bottom-large:20px;--awb-spacing-left-large:1.96%;--awb-width-medium:100%;--awb-order-medium:0;--awb-flex-grow-medium:0;--awb-flex-shrink-medium:0;--awb-spacing-right-medium:0.98%;--awb-spacing-left-medium:0.98%;--awb-width-small:100%;--awb-order-small:0;--awb-flex-grow-small:0;--awb-flex-shrink-small:0;--awb-spacing-right-small:0.98%;--awb-spacing-left-small:0.98%;\" data-scroll-devices=\"small-visibility,medium-visibility,large-visibility\"><div class=\"fusion-column-wrapper fusion-column-has-shadow fusion-flex-justify-content-flex-start fusion-content-layout-column\"><div class=\"fusion-text fusion-text-17\" style=\"--awb-font-size:17px;\"><p>Los Pyxis son instrumentos de medici\u00f3n para evaluar la presencia de COVs en el aire en la zona de Conc\u00f3n, Quintero y Puchuncav\u00ed.<\/p>\n<\/div><\/div><\/div><\/div><\/div><div class=\"fusion-fullwidth fullwidth-box fusion-builder-row-7 fusion-flex-container has-pattern-background has-mask-background nonhundred-percent-fullwidth non-hundred-percent-height-scrolling\" style=\"--awb-border-radius-top-left:0px;--awb-border-radius-top-right:0px;--awb-border-radius-bottom-right:0px;--awb-border-radius-bottom-left:0px;--awb-margin-bottom:20px;--awb-flex-wrap:wrap;\" ><div class=\"fusion-builder-row fusion-row fusion-flex-align-items-flex-start fusion-flex-content-wrap\" style=\"max-width:1122px;margin-left: calc(-2% \/ 2 );margin-right: calc(-2% \/ 2 );\"><div class=\"fusion-layout-column fusion_builder_column fusion-builder-column-23 fusion_builder_column_1_2 1_2 fusion-flex-column\" style=\"--awb-bg-size:cover;--awb-width-large:50%;--awb-flex-grow:0;--awb-flex-shrink:0;--awb-margin-top-large:0px;--awb-spacing-right-large:1.96%;--awb-margin-bottom-large:20px;--awb-spacing-left-large:1.96%;--awb-width-medium:100%;--awb-order-medium:0;--awb-flex-grow-medium:0;--awb-flex-shrink-medium:0;--awb-spacing-right-medium:0.98%;--awb-spacing-left-medium:0.98%;--awb-width-small:100%;--awb-order-small:0;--awb-flex-grow-small:0;--awb-flex-shrink-small:0;--awb-spacing-right-small:0.98%;--awb-spacing-left-small:0.98%;\" data-scroll-devices=\"small-visibility,medium-visibility,large-visibility\"><div class=\"fusion-column-wrapper fusion-column-has-shadow fusion-flex-justify-content-flex-start fusion-content-layout-column\"><div class=\"fusion-video fusion-youtube\" style=\"--awb-max-width:600px;--awb-max-height:360px;\"><div class=\"video-shortcode\"><div class=\"fluid-width-video-wrapper\" style=\"padding-top:60%;\" ><iframe title=\"YouTube video player 3\" src=\"https:\/\/www.youtube.com\/embed\/0uXxtunqzDI?wmode=transparent&autoplay=0\" width=\"600\" height=\"360\" allowfullscreen allow=\"autoplay; clipboard-write; encrypted-media; gyroscope; picture-in-picture;\"><\/iframe><\/div><\/div><\/div><\/div><\/div><div class=\"fusion-layout-column fusion_builder_column fusion-builder-column-24 fusion_builder_column_1_2 1_2 fusion-flex-column\" style=\"--awb-bg-size:cover;--awb-width-large:50%;--awb-flex-grow:0;--awb-flex-shrink:0;--awb-margin-top-large:0px;--awb-spacing-right-large:1.96%;--awb-margin-bottom-large:20px;--awb-spacing-left-large:1.96%;--awb-width-medium:100%;--awb-order-medium:0;--awb-flex-grow-medium:0;--awb-flex-shrink-medium:0;--awb-spacing-right-medium:0.98%;--awb-spacing-left-medium:0.98%;--awb-width-small:100%;--awb-order-small:0;--awb-flex-grow-small:0;--awb-flex-shrink-small:0;--awb-spacing-right-small:0.98%;--awb-spacing-left-small:0.98%;\" data-scroll-devices=\"small-visibility,medium-visibility,large-visibility\"><div class=\"fusion-column-wrapper fusion-column-has-shadow fusion-flex-justify-content-flex-start fusion-content-layout-column\"><div class=\"fusion-text fusion-text-18\" style=\"--awb-font-size:17px;\"><p>\u00bfSab\u00edas que la Superintendencia del Medio Ambiente cuenta con un laboratorio donde se analizan distintas muestras de la calidad del aire en Conc\u00f3n, Quintero y Puchuncav\u00ed?<\/p>\n<\/div><\/div><\/div><\/div><\/div><\/p>\n","protected":false},"excerpt":{"rendered":"","protected":false},"author":3,"featured_media":0,"parent":32337,"menu_order":0,"comment_status":"closed","ping_status":"closed","template":"100-width.php","meta":{"footnotes":""},"class_list":["post-32440","page","type-page","status-publish","hentry"],"_links":{"self":[{"href":"https:\/\/portal.sma.gob.cl\/index.php\/wp-json\/wp\/v2\/pages\/32440","targetHints":{"allow":["GET"]}}],"collection":[{"href":"https:\/\/portal.sma.gob.cl\/index.php\/wp-json\/wp\/v2\/pages"}],"about":[{"href":"https:\/\/portal.sma.gob.cl\/index.php\/wp-json\/wp\/v2\/types\/page"}],"author":[{"embeddable":true,"href":"https:\/\/portal.sma.gob.cl\/index.php\/wp-json\/wp\/v2\/users\/3"}],"replies":[{"embeddable":true,"href":"https:\/\/portal.sma.gob.cl\/index.php\/wp-json\/wp\/v2\/comments?post=32440"}],"version-history":[{"count":29,"href":"https:\/\/portal.sma.gob.cl\/index.php\/wp-json\/wp\/v2\/pages\/32440\/revisions"}],"predecessor-version":[{"id":38035,"href":"https:\/\/portal.sma.gob.cl\/index.php\/wp-json\/wp\/v2\/pages\/32440\/revisions\/38035"}],"up":[{"embeddable":true,"href":"https:\/\/portal.sma.gob.cl\/index.php\/wp-json\/wp\/v2\/pages\/32337"}],"wp:attachment":[{"href":"https:\/\/portal.sma.gob.cl\/index.php\/wp-json\/wp\/v2\/media?parent=32440"}],"curies":[{"name":"wp","href":"https:\/\/api.w.org\/{rel}","templated":true}]}}