{"id":34551,"date":"2025-02-26T12:07:33","date_gmt":"2025-02-26T15:07:33","guid":{"rendered":"https:\/\/portal.sma.gob.cl\/?page_id=34551"},"modified":"2025-03-10T15:49:29","modified_gmt":"2025-03-10T18:49:29","slug":"noticias","status":"publish","type":"page","link":"https:\/\/portal.sma.gob.cl\/index.php\/escazu-2025\/noticias\/","title":{"rendered":"Noticias"},"content":{"rendered":"<p><div class=\"fusion-bg-parallax\" data-bg-align=\"left top\" data-direction=\"up\" data-mute=\"false\" data-opacity=\"100\" data-velocity=\"-0.3\" data-mobile-enabled=\"false\" data-break_parents=\"0\" data-bg-image=\"https:\/\/portal.sma.gob.cl\/wp-content\/uploads\/2025\/02\/arbol.jpg\" data-bg-repeat=\"false\" data-bg-gradient-type=\"linear\" data-bg-gradient-angle=\"58\" data-bg-gradient-start-color=\"#6f920f\" data-bg-gradient-start-position=\"13\" data-bg-gradient-end-color=\"rgba(22,50,119,0)\" data-bg-gradient-end-position=\"57\" data-bg-radial-direction=\"center center\" ><\/div><div class=\"fusion-fullwidth fullwidth-box fusion-builder-row-1 fusion-flex-container has-pattern-background has-mask-background fusion-parallax-up nonhundred-percent-fullwidth non-hundred-percent-height-scrolling\" style=\"--awb-background-position:left top;--awb-border-sizes-top:0;--awb-border-sizes-bottom:10px;--awb-border-sizes-left:0;--awb-border-sizes-right:0;--awb-border-color:#05a191;--awb-border-radius-top-left:0px;--awb-border-radius-top-right:0px;--awb-border-radius-bottom-right:0px;--awb-border-radius-bottom-left:0px;--awb-padding-right-small:7vh;--awb-padding-left-small:7vh;--awb-background-image:linear-gradient(58deg, #6f920f 13%,rgba(22,50,119,0) 57%),url(https:\/\/portal.sma.gob.cl\/wp-content\/uploads\/2025\/02\/arbol.jpg);;--awb-background-size:contain;--awb-flex-wrap:wrap;\" ><div class=\"fusion-builder-row fusion-row fusion-flex-align-items-flex-start fusion-flex-content-wrap\" style=\"max-width:1144px;margin-left: calc(-4% \/ 2 );margin-right: calc(-4% \/ 2 );\"><div class=\"fusion-layout-column fusion_builder_column fusion-builder-column-0 fusion_builder_column_2_3 2_3 fusion-flex-column fusion-animated\" style=\"--awb-padding-top:8vh;--awb-padding-bottom:8vh;--awb-padding-top-medium:10vh;--awb-padding-bottom-medium:10vh;--awb-padding-top-small:8vh;--awb-padding-right-small:2vh;--awb-padding-bottom-small:0px;--awb-padding-left-small:2vh;--awb-bg-size:cover;--awb-width-large:66.666666666667%;--awb-margin-top-large:0px;--awb-spacing-right-large:2.88%;--awb-margin-bottom-large:0px;--awb-spacing-left-large:2.88%;--awb-width-medium:50%;--awb-order-medium:0;--awb-spacing-right-medium:3.84%;--awb-spacing-left-medium:3.84%;--awb-width-small:100%;--awb-order-small:0;--awb-spacing-right-small:1.92%;--awb-spacing-left-small:1.92%;\" data-animationType=\"fadeInLeft\" data-animationDuration=\"1.0\" data-animationOffset=\"top-into-view\" data-scroll-devices=\"small-visibility,medium-visibility,large-visibility\"><div class=\"fusion-column-wrapper fusion-column-has-shadow fusion-flex-justify-content-flex-start fusion-content-layout-row\"><div class=\"fusion-text fusion-text-1\" style=\"--awb-font-size:26px;--awb-line-height:1.5em;--awb-text-color:var(--awb-color1);--awb-text-font-family:&quot;museo-sans-rounded&quot;;--awb-text-font-style:normal;--awb-text-font-weight:700;\"><p>Acuerdo de Escaz\u00fa &gt; <strong>Noticias<\/strong><\/p>\n<\/div><\/div><\/div><\/div><\/div><div class=\"fusion-fullwidth fullwidth-box fusion-builder-row-2 fusion-flex-container has-pattern-background has-mask-background nonhundred-percent-fullwidth non-hundred-percent-height-scrolling\" style=\"--awb-border-radius-top-left:0px;--awb-border-radius-top-right:0px;--awb-border-radius-bottom-right:0px;--awb-border-radius-bottom-left:0px;--awb-padding-top:50px;--awb-flex-wrap:wrap;\" ><div class=\"fusion-builder-row fusion-row fusion-flex-align-items-flex-start fusion-flex-content-wrap\" style=\"max-width:1144px;margin-left: calc(-4% \/ 2 );margin-right: calc(-4% \/ 2 );\"><div class=\"fusion-layout-column fusion_builder_column fusion-builder-column-1 fusion_builder_column_1_1 1_1 fusion-flex-column\" style=\"--awb-bg-size:cover;--awb-width-large:100%;--awb-margin-top-large:0px;--awb-spacing-right-large:1.92%;--awb-margin-bottom-large:20px;--awb-spacing-left-large:1.92%;--awb-width-medium:100%;--awb-order-medium:0;--awb-spacing-right-medium:1.92%;--awb-spacing-left-medium:1.92%;--awb-width-small:100%;--awb-order-small:0;--awb-spacing-right-small:1.92%;--awb-spacing-left-small:1.92%;\"><div class=\"fusion-column-wrapper fusion-column-has-shadow fusion-flex-justify-content-flex-start fusion-content-layout-column\"><div class=\"fusion-title title fusion-title-1 fusion-sep-none fusion-title-text fusion-title-size-two\" style=\"--awb-text-color:#6f920f;--awb-margin-bottom:25px;--awb-margin-top-small:0px;--awb-margin-right-small:0px;--awb-margin-bottom-small:20px;--awb-margin-left-small:0px;--awb-font-size:43px;\"><h2 class=\"fusion-title-heading title-heading-left fusion-responsive-typography-calculated\" style=\"font-family:&quot;Roboto&quot;;font-style:normal;font-weight:800;margin:0;font-size:1em;--fontSize:43;line-height:1.35;\">Noticias<\/h2><\/div><div class=\"fusion-separator fusion-full-width-sep\" style=\"align-self: center;margin-left: auto;margin-right: auto;width:100%;\"><div class=\"fusion-separator-border sep-single sep-solid\" style=\"--awb-height:20px;--awb-amount:20px;border-color:#e0dede;border-top-width:1px;\"><\/div><\/div><div class=\"fusion-post-cards fusion-post-cards-1 fusion-grid-archive fusion-grid-columns-3\" style=\"--awb-dots-align:center;--awb-columns:3;--awb-active-filter-border-size:3px;--awb-filters-height:36px;--awb-margin-top:50px;\" data-post-type-label=\"entradas\"><ul class=\"fusion-grid fusion-grid-3 fusion-flex-align-items-flex-start fusion-grid-posts-cards\"><li class=\"fusion-layout-column fusion_builder_column fusion-builder-column-2 fusion-flex-column post-card fusion-grid-column fusion-post-cards-grid-column\" style=\"--awb-bg-blend:overlay;--awb-bg-size:cover;--awb-flex-grow:0;--awb-flex-shrink:0;--awb-flex-grow-medium:0;--awb-flex-shrink-medium:0;--awb-flex-grow-small:0;--awb-flex-shrink-small:0;\"><div class=\"fusion-column-wrapper fusion-flex-justify-content-flex-start fusion-content-layout-column\"><div class=\"fusion-classic-product-image-wrapper fusion-woo-product-image fusion-post-card-image fusion-post-card-image-1\" data-layout=\"static\" style=\"--awb-border-radius-top-left:12px;--awb-border-radius-top-right:12px;--awb-border-radius-bottom-right:12px;--awb-border-radius-bottom-left:12px;\"><div  class=\"fusion-image-wrapper\" aria-haspopup=\"true\">\n\t\t\t\t\t\t\t<a href=\"https:\/\/portal.sma.gob.cl\/index.php\/sma-lanza-nueva-plataforma-del-acuerdo-de-escazu-para-facilitar-el-acceso-a-la-informacion\/\" aria-label=\"SMA lanza nueva plataforma del Acuerdo de Escaz\u00fa para facilitar el acceso a la informaci\u00f3n\">\n\t\t\t\t\t\t\t<img decoding=\"async\" width=\"1132\" height=\"671\" src=\"https:\/\/portal.sma.gob.cl\/wp-content\/uploads\/2025\/03\/Captura-de-pantalla-2025-03-20-135319.jpg\" class=\"attachment-full size-full wp-post-image\" alt=\"\" srcset=\"https:\/\/portal.sma.gob.cl\/wp-content\/uploads\/2025\/03\/Captura-de-pantalla-2025-03-20-135319-200x119.jpg 200w, https:\/\/portal.sma.gob.cl\/wp-content\/uploads\/2025\/03\/Captura-de-pantalla-2025-03-20-135319-400x237.jpg 400w, https:\/\/portal.sma.gob.cl\/wp-content\/uploads\/2025\/03\/Captura-de-pantalla-2025-03-20-135319-600x356.jpg 600w, https:\/\/portal.sma.gob.cl\/wp-content\/uploads\/2025\/03\/Captura-de-pantalla-2025-03-20-135319-800x474.jpg 800w, https:\/\/portal.sma.gob.cl\/wp-content\/uploads\/2025\/03\/Captura-de-pantalla-2025-03-20-135319.jpg 1132w\" sizes=\"(min-width: 2200px) 100vw, (min-width: 824px) 340px, (min-width: 732px) 510px, (min-width: 640px) 732px, \" \/>\t\t\t<\/a>\n\t\t\t\t\t\t\t<\/div>\n<\/div><div class=\"fusion-title title fusion-title-2 fusion-title-text fusion-title-size-five\" style=\"--awb-text-color:#161616;--awb-margin-top:24px;--awb-margin-bottom:10px;--awb-margin-top-small:20px;--awb-margin-right-small:0px;--awb-margin-bottom-small:6px;--awb-margin-left-small:0px;--awb-link-hover-color:#d76728;--awb-font-size:25px;\"><div class=\"title-sep-container title-sep-container-left fusion-no-large-visibility fusion-no-medium-visibility fusion-no-small-visibility\"><div class=\"title-sep sep-double sep-solid\" style=\"border-color:#e0dede;\"><\/div><\/div><span class=\"awb-title-spacer fusion-no-large-visibility fusion-no-medium-visibility fusion-no-small-visibility\"><\/span><h5 class=\"fusion-title-heading title-heading-left fusion-responsive-typography-calculated\" style=\"font-family:&quot;museo-sans-rounded&quot;;font-style:normal;font-weight:700;margin:0;text-transform:var(--awb-typography1-text-transform);font-size:1em;--fontSize:25;line-height:1.2;\"><a href=\"https:\/\/portal.sma.gob.cl\/index.php\/sma-lanza-nueva-plataforma-del-acuerdo-de-escazu-para-facilitar-el-acceso-a-la-informacion\/\" class=\"awb-custom-text-color awb-custom-text-hover-color\" target=\"_self\">SMA lanza nueva plataforma del Acuerdo de Escaz\u00fa para facilitar el acceso a la informaci\u00f3n<\/a><\/h5><span class=\"awb-title-spacer\"><\/span><div class=\"title-sep-container title-sep-container-right\"><div class=\"title-sep sep-double sep-solid\" style=\"border-color:#e0dede;\"><\/div><\/div><\/div><div class=\"fusion-text fusion-text-2\" style=\"--awb-font-size:16px;--awb-line-height:1.7;--awb-letter-spacing:0px;--awb-text-transform:var(--awb-typography2-text-transform);--awb-text-color:#6d6d6d;--awb-text-font-family:&quot;Public Sans&quot;;--awb-text-font-style:normal;--awb-text-font-weight:400;\"><\/div><\/div><\/li>\n<li class=\"fusion-layout-column fusion_builder_column fusion-builder-column-3 fusion-flex-column post-card fusion-grid-column fusion-post-cards-grid-column\" style=\"--awb-bg-blend:overlay;--awb-bg-size:cover;--awb-flex-grow:0;--awb-flex-shrink:0;--awb-flex-grow-medium:0;--awb-flex-shrink-medium:0;--awb-flex-grow-small:0;--awb-flex-shrink-small:0;\"><div class=\"fusion-column-wrapper fusion-flex-justify-content-flex-start fusion-content-layout-column\"><div class=\"fusion-classic-product-image-wrapper fusion-woo-product-image fusion-post-card-image fusion-post-card-image-1\" data-layout=\"static\" style=\"--awb-border-radius-top-left:12px;--awb-border-radius-top-right:12px;--awb-border-radius-bottom-right:12px;--awb-border-radius-bottom-left:12px;\"><div  class=\"fusion-image-wrapper\" aria-haspopup=\"true\">\n\t\t\t\t\t\t\t<a href=\"https:\/\/portal.sma.gob.cl\/index.php\/sma-sostiene-reunion-con-comite-encargado-de-revisar-los-avances-del-acuerdo-de-escazu-en-chile\/\" aria-label=\"SMA sostiene reuni\u00f3n con comit\u00e9 encargado de revisar los avances del Acuerdo de Escaz\u00fa en Chile\">\n\t\t\t\t\t\t\t<img decoding=\"async\" width=\"2560\" height=\"1920\" src=\"https:\/\/portal.sma.gob.cl\/wp-content\/uploads\/2024\/11\/WhatsApp-Image-2024-11-06-at-17.58.57-scaled.jpeg\" class=\"attachment-full size-full wp-post-image\" alt=\"\" srcset=\"https:\/\/portal.sma.gob.cl\/wp-content\/uploads\/2024\/11\/WhatsApp-Image-2024-11-06-at-17.58.57-200x150.jpeg 200w, https:\/\/portal.sma.gob.cl\/wp-content\/uploads\/2024\/11\/WhatsApp-Image-2024-11-06-at-17.58.57-400x300.jpeg 400w, https:\/\/portal.sma.gob.cl\/wp-content\/uploads\/2024\/11\/WhatsApp-Image-2024-11-06-at-17.58.57-600x450.jpeg 600w, https:\/\/portal.sma.gob.cl\/wp-content\/uploads\/2024\/11\/WhatsApp-Image-2024-11-06-at-17.58.57-800x600.jpeg 800w, https:\/\/portal.sma.gob.cl\/wp-content\/uploads\/2024\/11\/WhatsApp-Image-2024-11-06-at-17.58.57-1200x900.jpeg 1200w, https:\/\/portal.sma.gob.cl\/wp-content\/uploads\/2024\/11\/WhatsApp-Image-2024-11-06-at-17.58.57-scaled.jpeg 2560w\" sizes=\"(min-width: 2200px) 100vw, (min-width: 824px) 340px, (min-width: 732px) 510px, (min-width: 640px) 732px, \" \/>\t\t\t<\/a>\n\t\t\t\t\t\t\t<\/div>\n<\/div><div class=\"fusion-title title fusion-title-3 fusion-title-text fusion-title-size-five\" style=\"--awb-text-color:#161616;--awb-margin-top:24px;--awb-margin-bottom:10px;--awb-margin-top-small:20px;--awb-margin-right-small:0px;--awb-margin-bottom-small:6px;--awb-margin-left-small:0px;--awb-link-hover-color:#d76728;--awb-font-size:25px;\"><div class=\"title-sep-container title-sep-container-left fusion-no-large-visibility fusion-no-medium-visibility fusion-no-small-visibility\"><div class=\"title-sep sep-double sep-solid\" style=\"border-color:#e0dede;\"><\/div><\/div><span class=\"awb-title-spacer fusion-no-large-visibility fusion-no-medium-visibility fusion-no-small-visibility\"><\/span><h5 class=\"fusion-title-heading title-heading-left fusion-responsive-typography-calculated\" style=\"font-family:&quot;museo-sans-rounded&quot;;font-style:normal;font-weight:700;margin:0;text-transform:var(--awb-typography1-text-transform);font-size:1em;--fontSize:25;line-height:1.2;\"><a href=\"https:\/\/portal.sma.gob.cl\/index.php\/sma-sostiene-reunion-con-comite-encargado-de-revisar-los-avances-del-acuerdo-de-escazu-en-chile\/\" class=\"awb-custom-text-color awb-custom-text-hover-color\" target=\"_self\">SMA sostiene reuni\u00f3n con comit\u00e9 encargado de revisar los avances del Acuerdo de Escaz\u00fa en Chile<\/a><\/h5><span class=\"awb-title-spacer\"><\/span><div class=\"title-sep-container title-sep-container-right\"><div class=\"title-sep sep-double sep-solid\" style=\"border-color:#e0dede;\"><\/div><\/div><\/div><div class=\"fusion-text fusion-text-3\" style=\"--awb-font-size:16px;--awb-line-height:1.7;--awb-letter-spacing:0px;--awb-text-transform:var(--awb-typography2-text-transform);--awb-text-color:#6d6d6d;--awb-text-font-family:&quot;Public Sans&quot;;--awb-text-font-style:normal;--awb-text-font-weight:400;\"><\/div><\/div><\/li>\n<li class=\"fusion-layout-column fusion_builder_column fusion-builder-column-4 fusion-flex-column post-card fusion-grid-column fusion-post-cards-grid-column\" style=\"--awb-bg-blend:overlay;--awb-bg-size:cover;--awb-flex-grow:0;--awb-flex-shrink:0;--awb-flex-grow-medium:0;--awb-flex-shrink-medium:0;--awb-flex-grow-small:0;--awb-flex-shrink-small:0;\"><div class=\"fusion-column-wrapper fusion-flex-justify-content-flex-start fusion-content-layout-column\"><div class=\"fusion-classic-product-image-wrapper fusion-woo-product-image fusion-post-card-image fusion-post-card-image-1\" data-layout=\"static\" style=\"--awb-border-radius-top-left:12px;--awb-border-radius-top-right:12px;--awb-border-radius-bottom-right:12px;--awb-border-radius-bottom-left:12px;\"><div  class=\"fusion-image-wrapper\" aria-haspopup=\"true\">\n\t\t\t\t\t\t\t<a href=\"https:\/\/portal.sma.gob.cl\/index.php\/sma-y-profepa-realizaron-seminario-virtual-centrado-en-el-fortalecimiento-del-articulo-11-del-acuerdo-de-escazu\/\" aria-label=\"SMA y PROFEPA realizaron seminario virtual centrado en el fortalecimiento del art\u00edculo 11 del Acuerdo de Escaz\u00fa\">\n\t\t\t\t\t\t\t<img decoding=\"async\" width=\"1918\" height=\"1008\" src=\"https:\/\/portal.sma.gob.cl\/wp-content\/uploads\/2024\/08\/Clipboard_07-31-2024_02.jpg\" class=\"attachment-full size-full wp-post-image\" alt=\"\" srcset=\"https:\/\/portal.sma.gob.cl\/wp-content\/uploads\/2024\/08\/Clipboard_07-31-2024_02-200x105.jpg 200w, https:\/\/portal.sma.gob.cl\/wp-content\/uploads\/2024\/08\/Clipboard_07-31-2024_02-400x210.jpg 400w, https:\/\/portal.sma.gob.cl\/wp-content\/uploads\/2024\/08\/Clipboard_07-31-2024_02-600x315.jpg 600w, https:\/\/portal.sma.gob.cl\/wp-content\/uploads\/2024\/08\/Clipboard_07-31-2024_02-800x420.jpg 800w, https:\/\/portal.sma.gob.cl\/wp-content\/uploads\/2024\/08\/Clipboard_07-31-2024_02-1200x631.jpg 1200w, https:\/\/portal.sma.gob.cl\/wp-content\/uploads\/2024\/08\/Clipboard_07-31-2024_02.jpg 1918w\" sizes=\"(min-width: 2200px) 100vw, (min-width: 824px) 340px, (min-width: 732px) 510px, (min-width: 640px) 732px, \" \/>\t\t\t<\/a>\n\t\t\t\t\t\t\t<\/div>\n<\/div><div class=\"fusion-title title fusion-title-4 fusion-title-text fusion-title-size-five\" style=\"--awb-text-color:#161616;--awb-margin-top:24px;--awb-margin-bottom:10px;--awb-margin-top-small:20px;--awb-margin-right-small:0px;--awb-margin-bottom-small:6px;--awb-margin-left-small:0px;--awb-link-hover-color:#d76728;--awb-font-size:25px;\"><div class=\"title-sep-container title-sep-container-left fusion-no-large-visibility fusion-no-medium-visibility fusion-no-small-visibility\"><div class=\"title-sep sep-double sep-solid\" style=\"border-color:#e0dede;\"><\/div><\/div><span class=\"awb-title-spacer fusion-no-large-visibility fusion-no-medium-visibility fusion-no-small-visibility\"><\/span><h5 class=\"fusion-title-heading title-heading-left fusion-responsive-typography-calculated\" style=\"font-family:&quot;museo-sans-rounded&quot;;font-style:normal;font-weight:700;margin:0;text-transform:var(--awb-typography1-text-transform);font-size:1em;--fontSize:25;line-height:1.2;\"><a href=\"https:\/\/portal.sma.gob.cl\/index.php\/sma-y-profepa-realizaron-seminario-virtual-centrado-en-el-fortalecimiento-del-articulo-11-del-acuerdo-de-escazu\/\" class=\"awb-custom-text-color awb-custom-text-hover-color\" target=\"_self\">SMA y PROFEPA realizaron seminario virtual centrado en el fortalecimiento del art\u00edculo 11 del Acuerdo de Escaz\u00fa<\/a><\/h5><span class=\"awb-title-spacer\"><\/span><div class=\"title-sep-container title-sep-container-right\"><div class=\"title-sep sep-double sep-solid\" style=\"border-color:#e0dede;\"><\/div><\/div><\/div><div class=\"fusion-text fusion-text-4\" style=\"--awb-font-size:16px;--awb-line-height:1.7;--awb-letter-spacing:0px;--awb-text-transform:var(--awb-typography2-text-transform);--awb-text-color:#6d6d6d;--awb-text-font-family:&quot;Public Sans&quot;;--awb-text-font-style:normal;--awb-text-font-weight:400;\"><\/div><\/div><\/li>\n<li class=\"fusion-layout-column fusion_builder_column fusion-builder-column-5 fusion-flex-column post-card fusion-grid-column fusion-post-cards-grid-column\" style=\"--awb-bg-blend:overlay;--awb-bg-size:cover;--awb-flex-grow:0;--awb-flex-shrink:0;--awb-flex-grow-medium:0;--awb-flex-shrink-medium:0;--awb-flex-grow-small:0;--awb-flex-shrink-small:0;\"><div class=\"fusion-column-wrapper fusion-flex-justify-content-flex-start fusion-content-layout-column\"><div class=\"fusion-classic-product-image-wrapper fusion-woo-product-image fusion-post-card-image fusion-post-card-image-1\" data-layout=\"static\" style=\"--awb-border-radius-top-left:12px;--awb-border-radius-top-right:12px;--awb-border-radius-bottom-right:12px;--awb-border-radius-bottom-left:12px;\"><div  class=\"fusion-image-wrapper\" aria-haspopup=\"true\">\n\t\t\t\t\t\t\t<a href=\"https:\/\/portal.sma.gob.cl\/index.php\/sma-presenta-nueva-plataforma-oirs-para-la-atencion-a-la-ciudadania-y-regulados\/\" aria-label=\"SMA presenta nueva plataforma OIRS para la atenci\u00f3n a la ciudadan\u00eda y regulados\">\n\t\t\t\t\t\t\t<img decoding=\"async\" width=\"2560\" height=\"1707\" src=\"https:\/\/portal.sma.gob.cl\/wp-content\/uploads\/2024\/07\/beautiful-young-woman-home-office-working-from-home-teleworking-concept-1-scaled.jpg\" class=\"attachment-full size-full wp-post-image\" alt=\"\" srcset=\"https:\/\/portal.sma.gob.cl\/wp-content\/uploads\/2024\/07\/beautiful-young-woman-home-office-working-from-home-teleworking-concept-1-200x133.jpg 200w, https:\/\/portal.sma.gob.cl\/wp-content\/uploads\/2024\/07\/beautiful-young-woman-home-office-working-from-home-teleworking-concept-1-400x267.jpg 400w, https:\/\/portal.sma.gob.cl\/wp-content\/uploads\/2024\/07\/beautiful-young-woman-home-office-working-from-home-teleworking-concept-1-600x400.jpg 600w, https:\/\/portal.sma.gob.cl\/wp-content\/uploads\/2024\/07\/beautiful-young-woman-home-office-working-from-home-teleworking-concept-1-800x533.jpg 800w, https:\/\/portal.sma.gob.cl\/wp-content\/uploads\/2024\/07\/beautiful-young-woman-home-office-working-from-home-teleworking-concept-1-1200x800.jpg 1200w, https:\/\/portal.sma.gob.cl\/wp-content\/uploads\/2024\/07\/beautiful-young-woman-home-office-working-from-home-teleworking-concept-1-scaled.jpg 2560w\" sizes=\"(min-width: 2200px) 100vw, (min-width: 824px) 340px, (min-width: 732px) 510px, (min-width: 640px) 732px, \" \/>\t\t\t<\/a>\n\t\t\t\t\t\t\t<\/div>\n<\/div><div class=\"fusion-title title fusion-title-5 fusion-title-text fusion-title-size-five\" style=\"--awb-text-color:#161616;--awb-margin-top:24px;--awb-margin-bottom:10px;--awb-margin-top-small:20px;--awb-margin-right-small:0px;--awb-margin-bottom-small:6px;--awb-margin-left-small:0px;--awb-link-hover-color:#d76728;--awb-font-size:25px;\"><div class=\"title-sep-container title-sep-container-left fusion-no-large-visibility fusion-no-medium-visibility fusion-no-small-visibility\"><div class=\"title-sep sep-double sep-solid\" style=\"border-color:#e0dede;\"><\/div><\/div><span class=\"awb-title-spacer fusion-no-large-visibility fusion-no-medium-visibility fusion-no-small-visibility\"><\/span><h5 class=\"fusion-title-heading title-heading-left fusion-responsive-typography-calculated\" style=\"font-family:&quot;museo-sans-rounded&quot;;font-style:normal;font-weight:700;margin:0;text-transform:var(--awb-typography1-text-transform);font-size:1em;--fontSize:25;line-height:1.2;\"><a href=\"https:\/\/portal.sma.gob.cl\/index.php\/sma-presenta-nueva-plataforma-oirs-para-la-atencion-a-la-ciudadania-y-regulados\/\" class=\"awb-custom-text-color awb-custom-text-hover-color\" target=\"_self\">SMA presenta nueva plataforma OIRS para la atenci\u00f3n a la ciudadan\u00eda y regulados<\/a><\/h5><span class=\"awb-title-spacer\"><\/span><div class=\"title-sep-container title-sep-container-right\"><div class=\"title-sep sep-double sep-solid\" style=\"border-color:#e0dede;\"><\/div><\/div><\/div><div class=\"fusion-text fusion-text-5\" style=\"--awb-font-size:16px;--awb-line-height:1.7;--awb-letter-spacing:0px;--awb-text-transform:var(--awb-typography2-text-transform);--awb-text-color:#6d6d6d;--awb-text-font-family:&quot;Public Sans&quot;;--awb-text-font-style:normal;--awb-text-font-weight:400;\"><\/div><\/div><\/li>\n<li class=\"fusion-layout-column fusion_builder_column fusion-builder-column-6 fusion-flex-column post-card fusion-grid-column fusion-post-cards-grid-column\" style=\"--awb-bg-blend:overlay;--awb-bg-size:cover;--awb-flex-grow:0;--awb-flex-shrink:0;--awb-flex-grow-medium:0;--awb-flex-shrink-medium:0;--awb-flex-grow-small:0;--awb-flex-shrink-small:0;\"><div class=\"fusion-column-wrapper fusion-flex-justify-content-flex-start fusion-content-layout-column\"><div class=\"fusion-classic-product-image-wrapper fusion-woo-product-image fusion-post-card-image fusion-post-card-image-1\" data-layout=\"static\" style=\"--awb-border-radius-top-left:12px;--awb-border-radius-top-right:12px;--awb-border-radius-bottom-right:12px;--awb-border-radius-bottom-left:12px;\"><div  class=\"fusion-image-wrapper\" aria-haspopup=\"true\">\n\t\t\t\t\t\t\t<a href=\"https:\/\/portal.sma.gob.cl\/index.php\/cop3-de-escazu-consigue-la-aprobacion-del-plan-de-accion-sobre-defensoras-y-defensores-de-derechos-humanos-en-asuntos-ambientales\/\" aria-label=\"COP3 de Escaz\u00fa consigue la aprobaci\u00f3n del Plan de Acci\u00f3n sobre Defensoras y Defensores de Derechos Humanos en Asuntos Ambientales\">\n\t\t\t\t\t\t\t<img decoding=\"async\" width=\"1600\" height=\"1066\" src=\"https:\/\/portal.sma.gob.cl\/wp-content\/uploads\/2024\/04\/12.jpeg\" class=\"attachment-full size-full wp-post-image\" alt=\"\" srcset=\"https:\/\/portal.sma.gob.cl\/wp-content\/uploads\/2024\/04\/12-200x133.jpeg 200w, https:\/\/portal.sma.gob.cl\/wp-content\/uploads\/2024\/04\/12-400x267.jpeg 400w, https:\/\/portal.sma.gob.cl\/wp-content\/uploads\/2024\/04\/12-600x400.jpeg 600w, https:\/\/portal.sma.gob.cl\/wp-content\/uploads\/2024\/04\/12-800x533.jpeg 800w, https:\/\/portal.sma.gob.cl\/wp-content\/uploads\/2024\/04\/12-1200x800.jpeg 1200w, https:\/\/portal.sma.gob.cl\/wp-content\/uploads\/2024\/04\/12.jpeg 1600w\" sizes=\"(min-width: 2200px) 100vw, (min-width: 824px) 340px, (min-width: 732px) 510px, (min-width: 640px) 732px, \" \/>\t\t\t<\/a>\n\t\t\t\t\t\t\t<\/div>\n<\/div><div class=\"fusion-title title fusion-title-6 fusion-title-text fusion-title-size-five\" style=\"--awb-text-color:#161616;--awb-margin-top:24px;--awb-margin-bottom:10px;--awb-margin-top-small:20px;--awb-margin-right-small:0px;--awb-margin-bottom-small:6px;--awb-margin-left-small:0px;--awb-link-hover-color:#d76728;--awb-font-size:25px;\"><div class=\"title-sep-container title-sep-container-left fusion-no-large-visibility fusion-no-medium-visibility fusion-no-small-visibility\"><div class=\"title-sep sep-double sep-solid\" style=\"border-color:#e0dede;\"><\/div><\/div><span class=\"awb-title-spacer fusion-no-large-visibility fusion-no-medium-visibility fusion-no-small-visibility\"><\/span><h5 class=\"fusion-title-heading title-heading-left fusion-responsive-typography-calculated\" style=\"font-family:&quot;museo-sans-rounded&quot;;font-style:normal;font-weight:700;margin:0;text-transform:var(--awb-typography1-text-transform);font-size:1em;--fontSize:25;line-height:1.2;\"><a href=\"https:\/\/portal.sma.gob.cl\/index.php\/cop3-de-escazu-consigue-la-aprobacion-del-plan-de-accion-sobre-defensoras-y-defensores-de-derechos-humanos-en-asuntos-ambientales\/\" class=\"awb-custom-text-color awb-custom-text-hover-color\" target=\"_self\">COP3 de Escaz\u00fa consigue la aprobaci\u00f3n del Plan de Acci\u00f3n sobre Defensoras y Defensores de Derechos Humanos en Asuntos Ambientales<\/a><\/h5><span class=\"awb-title-spacer\"><\/span><div class=\"title-sep-container title-sep-container-right\"><div class=\"title-sep sep-double sep-solid\" style=\"border-color:#e0dede;\"><\/div><\/div><\/div><div class=\"fusion-text fusion-text-6\" style=\"--awb-font-size:16px;--awb-line-height:1.7;--awb-letter-spacing:0px;--awb-text-transform:var(--awb-typography2-text-transform);--awb-text-color:#6d6d6d;--awb-text-font-family:&quot;Public Sans&quot;;--awb-text-font-style:normal;--awb-text-font-weight:400;\"><\/div><\/div><\/li>\n<li class=\"fusion-layout-column fusion_builder_column fusion-builder-column-7 fusion-flex-column post-card fusion-grid-column fusion-post-cards-grid-column\" style=\"--awb-bg-blend:overlay;--awb-bg-size:cover;--awb-flex-grow:0;--awb-flex-shrink:0;--awb-flex-grow-medium:0;--awb-flex-shrink-medium:0;--awb-flex-grow-small:0;--awb-flex-shrink-small:0;\"><div class=\"fusion-column-wrapper fusion-flex-justify-content-flex-start fusion-content-layout-column\"><div class=\"fusion-classic-product-image-wrapper fusion-woo-product-image fusion-post-card-image fusion-post-card-image-1\" data-layout=\"static\" style=\"--awb-border-radius-top-left:12px;--awb-border-radius-top-right:12px;--awb-border-radius-bottom-right:12px;--awb-border-radius-bottom-left:12px;\"><div  class=\"fusion-image-wrapper\" aria-haspopup=\"true\">\n\t\t\t\t\t\t\t<a href=\"https:\/\/portal.sma.gob.cl\/index.php\/cop3-mma-presenta-el-plan-nacional-de-implementacion-participativa-del-acuerdo-de-escazu\/\" aria-label=\"COP3: MMA presenta el Plan Nacional de Implementaci\u00f3n Participativa del Acuerdo de Escaz\u00fa\">\n\t\t\t\t\t\t\t<img decoding=\"async\" width=\"1600\" height=\"1066\" src=\"https:\/\/portal.sma.gob.cl\/wp-content\/uploads\/2024\/04\/WhatsApp-Image-2024-04-23-at-13.43.02-1.jpeg\" class=\"attachment-full size-full wp-post-image\" alt=\"\" srcset=\"https:\/\/portal.sma.gob.cl\/wp-content\/uploads\/2024\/04\/WhatsApp-Image-2024-04-23-at-13.43.02-1-200x133.jpeg 200w, https:\/\/portal.sma.gob.cl\/wp-content\/uploads\/2024\/04\/WhatsApp-Image-2024-04-23-at-13.43.02-1-400x267.jpeg 400w, https:\/\/portal.sma.gob.cl\/wp-content\/uploads\/2024\/04\/WhatsApp-Image-2024-04-23-at-13.43.02-1-600x400.jpeg 600w, https:\/\/portal.sma.gob.cl\/wp-content\/uploads\/2024\/04\/WhatsApp-Image-2024-04-23-at-13.43.02-1-800x533.jpeg 800w, https:\/\/portal.sma.gob.cl\/wp-content\/uploads\/2024\/04\/WhatsApp-Image-2024-04-23-at-13.43.02-1-1200x800.jpeg 1200w, https:\/\/portal.sma.gob.cl\/wp-content\/uploads\/2024\/04\/WhatsApp-Image-2024-04-23-at-13.43.02-1.jpeg 1600w\" sizes=\"(min-width: 2200px) 100vw, (min-width: 824px) 340px, (min-width: 732px) 510px, (min-width: 640px) 732px, \" \/>\t\t\t<\/a>\n\t\t\t\t\t\t\t<\/div>\n<\/div><div class=\"fusion-title title fusion-title-7 fusion-title-text fusion-title-size-five\" style=\"--awb-text-color:#161616;--awb-margin-top:24px;--awb-margin-bottom:10px;--awb-margin-top-small:20px;--awb-margin-right-small:0px;--awb-margin-bottom-small:6px;--awb-margin-left-small:0px;--awb-link-hover-color:#d76728;--awb-font-size:25px;\"><div class=\"title-sep-container title-sep-container-left fusion-no-large-visibility fusion-no-medium-visibility fusion-no-small-visibility\"><div class=\"title-sep sep-double sep-solid\" style=\"border-color:#e0dede;\"><\/div><\/div><span class=\"awb-title-spacer fusion-no-large-visibility fusion-no-medium-visibility fusion-no-small-visibility\"><\/span><h5 class=\"fusion-title-heading title-heading-left fusion-responsive-typography-calculated\" style=\"font-family:&quot;museo-sans-rounded&quot;;font-style:normal;font-weight:700;margin:0;text-transform:var(--awb-typography1-text-transform);font-size:1em;--fontSize:25;line-height:1.2;\"><a href=\"https:\/\/portal.sma.gob.cl\/index.php\/cop3-mma-presenta-el-plan-nacional-de-implementacion-participativa-del-acuerdo-de-escazu\/\" class=\"awb-custom-text-color awb-custom-text-hover-color\" target=\"_self\">COP3: MMA presenta el Plan Nacional de Implementaci\u00f3n Participativa del Acuerdo de Escaz\u00fa<\/a><\/h5><span class=\"awb-title-spacer\"><\/span><div class=\"title-sep-container title-sep-container-right\"><div class=\"title-sep sep-double sep-solid\" style=\"border-color:#e0dede;\"><\/div><\/div><\/div><div class=\"fusion-text fusion-text-7\" style=\"--awb-font-size:16px;--awb-line-height:1.7;--awb-letter-spacing:0px;--awb-text-transform:var(--awb-typography2-text-transform);--awb-text-color:#6d6d6d;--awb-text-font-family:&quot;Public Sans&quot;;--awb-text-font-style:normal;--awb-text-font-weight:400;\"><\/div><\/div><\/li>\n<li class=\"fusion-layout-column fusion_builder_column fusion-builder-column-8 fusion-flex-column post-card fusion-grid-column fusion-post-cards-grid-column\" style=\"--awb-bg-blend:overlay;--awb-bg-size:cover;--awb-flex-grow:0;--awb-flex-shrink:0;--awb-flex-grow-medium:0;--awb-flex-shrink-medium:0;--awb-flex-grow-small:0;--awb-flex-shrink-small:0;\"><div class=\"fusion-column-wrapper fusion-flex-justify-content-flex-start fusion-content-layout-column\"><div class=\"fusion-classic-product-image-wrapper fusion-woo-product-image fusion-post-card-image fusion-post-card-image-1\" data-layout=\"static\" style=\"--awb-border-radius-top-left:12px;--awb-border-radius-top-right:12px;--awb-border-radius-bottom-right:12px;--awb-border-radius-bottom-left:12px;\"><div  class=\"fusion-image-wrapper\" aria-haspopup=\"true\">\n\t\t\t\t\t\t\t<a href=\"https:\/\/portal.sma.gob.cl\/index.php\/consejo-de-ministros-aprueba-plan-nacional-de-implementacion-participativa-del-acuerdo-de-escazu\/\" aria-label=\"Consejo de Ministros aprueba Plan Nacional de Implementaci\u00f3n Participativa del Acuerdo de Escaz\u00fa\">\n\t\t\t\t\t\t\t<img decoding=\"async\" width=\"1500\" height=\"936\" src=\"https:\/\/portal.sma.gob.cl\/wp-content\/uploads\/2024\/04\/CM-15-1500x936-1.jpeg\" class=\"attachment-full size-full wp-post-image\" alt=\"\" srcset=\"https:\/\/portal.sma.gob.cl\/wp-content\/uploads\/2024\/04\/CM-15-1500x936-1-200x125.jpeg 200w, https:\/\/portal.sma.gob.cl\/wp-content\/uploads\/2024\/04\/CM-15-1500x936-1-400x250.jpeg 400w, https:\/\/portal.sma.gob.cl\/wp-content\/uploads\/2024\/04\/CM-15-1500x936-1-600x374.jpeg 600w, https:\/\/portal.sma.gob.cl\/wp-content\/uploads\/2024\/04\/CM-15-1500x936-1-800x499.jpeg 800w, https:\/\/portal.sma.gob.cl\/wp-content\/uploads\/2024\/04\/CM-15-1500x936-1-1200x749.jpeg 1200w, https:\/\/portal.sma.gob.cl\/wp-content\/uploads\/2024\/04\/CM-15-1500x936-1.jpeg 1500w\" sizes=\"(min-width: 2200px) 100vw, (min-width: 824px) 340px, (min-width: 732px) 510px, (min-width: 640px) 732px, \" \/>\t\t\t<\/a>\n\t\t\t\t\t\t\t<\/div>\n<\/div><div class=\"fusion-title title fusion-title-8 fusion-title-text fusion-title-size-five\" style=\"--awb-text-color:#161616;--awb-margin-top:24px;--awb-margin-bottom:10px;--awb-margin-top-small:20px;--awb-margin-right-small:0px;--awb-margin-bottom-small:6px;--awb-margin-left-small:0px;--awb-link-hover-color:#d76728;--awb-font-size:25px;\"><div class=\"title-sep-container title-sep-container-left fusion-no-large-visibility fusion-no-medium-visibility fusion-no-small-visibility\"><div class=\"title-sep sep-double sep-solid\" style=\"border-color:#e0dede;\"><\/div><\/div><span class=\"awb-title-spacer fusion-no-large-visibility fusion-no-medium-visibility fusion-no-small-visibility\"><\/span><h5 class=\"fusion-title-heading title-heading-left fusion-responsive-typography-calculated\" style=\"font-family:&quot;museo-sans-rounded&quot;;font-style:normal;font-weight:700;margin:0;text-transform:var(--awb-typography1-text-transform);font-size:1em;--fontSize:25;line-height:1.2;\"><a href=\"https:\/\/portal.sma.gob.cl\/index.php\/consejo-de-ministros-aprueba-plan-nacional-de-implementacion-participativa-del-acuerdo-de-escazu\/\" class=\"awb-custom-text-color awb-custom-text-hover-color\" target=\"_self\">Consejo de Ministros aprueba Plan Nacional de Implementaci\u00f3n Participativa del Acuerdo de Escaz\u00fa<\/a><\/h5><span class=\"awb-title-spacer\"><\/span><div class=\"title-sep-container title-sep-container-right\"><div class=\"title-sep sep-double sep-solid\" style=\"border-color:#e0dede;\"><\/div><\/div><\/div><div class=\"fusion-text fusion-text-8\" style=\"--awb-font-size:16px;--awb-line-height:1.7;--awb-letter-spacing:0px;--awb-text-transform:var(--awb-typography2-text-transform);--awb-text-color:#6d6d6d;--awb-text-font-family:&quot;Public Sans&quot;;--awb-text-font-style:normal;--awb-text-font-weight:400;\"><\/div><\/div><\/li>\n<li class=\"fusion-layout-column fusion_builder_column fusion-builder-column-9 fusion-flex-column post-card fusion-grid-column fusion-post-cards-grid-column\" style=\"--awb-bg-blend:overlay;--awb-bg-size:cover;--awb-flex-grow:0;--awb-flex-shrink:0;--awb-flex-grow-medium:0;--awb-flex-shrink-medium:0;--awb-flex-grow-small:0;--awb-flex-shrink-small:0;\"><div class=\"fusion-column-wrapper fusion-flex-justify-content-flex-start fusion-content-layout-column\"><div class=\"fusion-classic-product-image-wrapper fusion-woo-product-image fusion-post-card-image fusion-post-card-image-1\" data-layout=\"static\" style=\"--awb-border-radius-top-left:12px;--awb-border-radius-top-right:12px;--awb-border-radius-bottom-right:12px;--awb-border-radius-bottom-left:12px;\"><div  class=\"fusion-image-wrapper\" aria-haspopup=\"true\">\n\t\t\t\t\t\t\t<a href=\"https:\/\/portal.sma.gob.cl\/index.php\/con-amplia-participacion-del-publico-se-desarrollo-la-reunion-virtual-acuerdo-de-escazu-y-los-ejes-de-implementacion-nacional-y-proxima-cop\/\" aria-label=\"Con amplia participaci\u00f3n del p\u00fablico se desarroll\u00f3 la reuni\u00f3n virtual \u201cAcuerdo de Escaz\u00fa y los Ejes de implementaci\u00f3n nacional y pr\u00f3xima COP\u201d\">\n\t\t\t\t\t\t\t<img decoding=\"async\" width=\"1347\" height=\"759\" src=\"https:\/\/portal.sma.gob.cl\/wp-content\/uploads\/2023\/04\/Captura-de-pantalla-2023-04-06-131141.png\" class=\"attachment-full size-full wp-post-image\" alt=\"\" srcset=\"https:\/\/portal.sma.gob.cl\/wp-content\/uploads\/2023\/04\/Captura-de-pantalla-2023-04-06-131141-200x113.png 200w, https:\/\/portal.sma.gob.cl\/wp-content\/uploads\/2023\/04\/Captura-de-pantalla-2023-04-06-131141-400x225.png 400w, https:\/\/portal.sma.gob.cl\/wp-content\/uploads\/2023\/04\/Captura-de-pantalla-2023-04-06-131141-600x338.png 600w, https:\/\/portal.sma.gob.cl\/wp-content\/uploads\/2023\/04\/Captura-de-pantalla-2023-04-06-131141-800x451.png 800w, https:\/\/portal.sma.gob.cl\/wp-content\/uploads\/2023\/04\/Captura-de-pantalla-2023-04-06-131141-1200x676.png 1200w, https:\/\/portal.sma.gob.cl\/wp-content\/uploads\/2023\/04\/Captura-de-pantalla-2023-04-06-131141.png 1347w\" sizes=\"(min-width: 2200px) 100vw, (min-width: 824px) 340px, (min-width: 732px) 510px, (min-width: 640px) 732px, \" \/>\t\t\t<\/a>\n\t\t\t\t\t\t\t<\/div>\n<\/div><div class=\"fusion-title title fusion-title-9 fusion-title-text fusion-title-size-five\" style=\"--awb-text-color:#161616;--awb-margin-top:24px;--awb-margin-bottom:10px;--awb-margin-top-small:20px;--awb-margin-right-small:0px;--awb-margin-bottom-small:6px;--awb-margin-left-small:0px;--awb-link-hover-color:#d76728;--awb-font-size:25px;\"><div class=\"title-sep-container title-sep-container-left fusion-no-large-visibility fusion-no-medium-visibility fusion-no-small-visibility\"><div class=\"title-sep sep-double sep-solid\" style=\"border-color:#e0dede;\"><\/div><\/div><span class=\"awb-title-spacer fusion-no-large-visibility fusion-no-medium-visibility fusion-no-small-visibility\"><\/span><h5 class=\"fusion-title-heading title-heading-left fusion-responsive-typography-calculated\" style=\"font-family:&quot;museo-sans-rounded&quot;;font-style:normal;font-weight:700;margin:0;text-transform:var(--awb-typography1-text-transform);font-size:1em;--fontSize:25;line-height:1.2;\"><a href=\"https:\/\/portal.sma.gob.cl\/index.php\/con-amplia-participacion-del-publico-se-desarrollo-la-reunion-virtual-acuerdo-de-escazu-y-los-ejes-de-implementacion-nacional-y-proxima-cop\/\" class=\"awb-custom-text-color awb-custom-text-hover-color\" target=\"_self\">Con amplia participaci\u00f3n del p\u00fablico se desarroll\u00f3 la reuni\u00f3n virtual \u201cAcuerdo de Escaz\u00fa y los Ejes de implementaci\u00f3n nacional y pr\u00f3xima COP\u201d<\/a><\/h5><span class=\"awb-title-spacer\"><\/span><div class=\"title-sep-container title-sep-container-right\"><div class=\"title-sep sep-double sep-solid\" style=\"border-color:#e0dede;\"><\/div><\/div><\/div><div class=\"fusion-text fusion-text-9\" style=\"--awb-font-size:16px;--awb-line-height:1.7;--awb-letter-spacing:0px;--awb-text-transform:var(--awb-typography2-text-transform);--awb-text-color:#6d6d6d;--awb-text-font-family:&quot;Public Sans&quot;;--awb-text-font-style:normal;--awb-text-font-weight:400;\"><\/div><\/div><\/li>\n<li class=\"fusion-layout-column fusion_builder_column fusion-builder-column-10 fusion-flex-column post-card fusion-grid-column fusion-post-cards-grid-column\" style=\"--awb-bg-blend:overlay;--awb-bg-size:cover;--awb-flex-grow:0;--awb-flex-shrink:0;--awb-flex-grow-medium:0;--awb-flex-shrink-medium:0;--awb-flex-grow-small:0;--awb-flex-shrink-small:0;\"><div class=\"fusion-column-wrapper fusion-flex-justify-content-flex-start fusion-content-layout-column\"><div class=\"fusion-classic-product-image-wrapper fusion-woo-product-image fusion-post-card-image fusion-post-card-image-1\" data-layout=\"static\" style=\"--awb-border-radius-top-left:12px;--awb-border-radius-top-right:12px;--awb-border-radius-bottom-right:12px;--awb-border-radius-bottom-left:12px;\"><div  class=\"fusion-image-wrapper\" aria-haspopup=\"true\">\n\t\t\t\t\t\t\t<a href=\"https:\/\/portal.sma.gob.cl\/index.php\/acuerdo-de-escazu-funcionarias-y-funcionarios-del-mma-sma-y-sea-participan-en-jornada-sobre-estrategias-para-su-implementacion\/\" aria-label=\"Acuerdo de Escaz\u00fa: Funcionarias y funcionarios del MMA, SMA y SEA participan en jornada sobre estrategias para su implementaci\u00f3n\">\n\t\t\t\t\t\t\t<img decoding=\"async\" width=\"1280\" height=\"729\" src=\"https:\/\/portal.sma.gob.cl\/wp-content\/uploads\/2023\/01\/Escazu-MMA.jpeg\" class=\"attachment-full size-full wp-post-image\" alt=\"\" srcset=\"https:\/\/portal.sma.gob.cl\/wp-content\/uploads\/2023\/01\/Escazu-MMA-200x114.jpeg 200w, https:\/\/portal.sma.gob.cl\/wp-content\/uploads\/2023\/01\/Escazu-MMA-400x228.jpeg 400w, https:\/\/portal.sma.gob.cl\/wp-content\/uploads\/2023\/01\/Escazu-MMA-600x342.jpeg 600w, https:\/\/portal.sma.gob.cl\/wp-content\/uploads\/2023\/01\/Escazu-MMA-800x456.jpeg 800w, https:\/\/portal.sma.gob.cl\/wp-content\/uploads\/2023\/01\/Escazu-MMA-1200x683.jpeg 1200w, https:\/\/portal.sma.gob.cl\/wp-content\/uploads\/2023\/01\/Escazu-MMA.jpeg 1280w\" sizes=\"(min-width: 2200px) 100vw, (min-width: 824px) 340px, (min-width: 732px) 510px, (min-width: 640px) 732px, \" \/>\t\t\t<\/a>\n\t\t\t\t\t\t\t<\/div>\n<\/div><div class=\"fusion-title title fusion-title-10 fusion-title-text fusion-title-size-five\" style=\"--awb-text-color:#161616;--awb-margin-top:24px;--awb-margin-bottom:10px;--awb-margin-top-small:20px;--awb-margin-right-small:0px;--awb-margin-bottom-small:6px;--awb-margin-left-small:0px;--awb-link-hover-color:#d76728;--awb-font-size:25px;\"><div class=\"title-sep-container title-sep-container-left fusion-no-large-visibility fusion-no-medium-visibility fusion-no-small-visibility\"><div class=\"title-sep sep-double sep-solid\" style=\"border-color:#e0dede;\"><\/div><\/div><span class=\"awb-title-spacer fusion-no-large-visibility fusion-no-medium-visibility fusion-no-small-visibility\"><\/span><h5 class=\"fusion-title-heading title-heading-left fusion-responsive-typography-calculated\" style=\"font-family:&quot;museo-sans-rounded&quot;;font-style:normal;font-weight:700;margin:0;text-transform:var(--awb-typography1-text-transform);font-size:1em;--fontSize:25;line-height:1.2;\"><a href=\"https:\/\/portal.sma.gob.cl\/index.php\/acuerdo-de-escazu-funcionarias-y-funcionarios-del-mma-sma-y-sea-participan-en-jornada-sobre-estrategias-para-su-implementacion\/\" class=\"awb-custom-text-color awb-custom-text-hover-color\" target=\"_self\">Acuerdo de Escaz\u00fa: Funcionarias y funcionarios del MMA, SMA y SEA participan en jornada sobre estrategias para su implementaci\u00f3n<\/a><\/h5><span class=\"awb-title-spacer\"><\/span><div class=\"title-sep-container title-sep-container-right\"><div class=\"title-sep sep-double sep-solid\" style=\"border-color:#e0dede;\"><\/div><\/div><\/div><div class=\"fusion-text fusion-text-10\" style=\"--awb-font-size:16px;--awb-line-height:1.7;--awb-letter-spacing:0px;--awb-text-transform:var(--awb-typography2-text-transform);--awb-text-color:#6d6d6d;--awb-text-font-family:&quot;Public Sans&quot;;--awb-text-font-style:normal;--awb-text-font-weight:400;\"><\/div><\/div><\/li>\n<li class=\"fusion-layout-column fusion_builder_column fusion-builder-column-11 fusion-flex-column post-card fusion-grid-column fusion-post-cards-grid-column\" style=\"--awb-bg-blend:overlay;--awb-bg-size:cover;--awb-flex-grow:0;--awb-flex-shrink:0;--awb-flex-grow-medium:0;--awb-flex-shrink-medium:0;--awb-flex-grow-small:0;--awb-flex-shrink-small:0;\"><div class=\"fusion-column-wrapper fusion-flex-justify-content-flex-start fusion-content-layout-column\"><div class=\"fusion-classic-product-image-wrapper fusion-woo-product-image fusion-post-card-image fusion-post-card-image-1\" data-layout=\"static\" style=\"--awb-border-radius-top-left:12px;--awb-border-radius-top-right:12px;--awb-border-radius-bottom-right:12px;--awb-border-radius-bottom-left:12px;\"><div  class=\"fusion-image-wrapper\" aria-haspopup=\"true\">\n\t\t\t\t\t\t\t<a href=\"https:\/\/portal.sma.gob.cl\/index.php\/webinar-redlafica-abordo-la-participacion-ciudadana-plataformas-y-su-relacion-con-el-acuerdo-de-escazu\/\" aria-label=\"Webinar REDLAFICA abord\u00f3 la participaci\u00f3n ciudadana, plataformas y su relaci\u00f3n con el acuerdo de Escaz\u00fa\">\n\t\t\t\t\t\t\t<img decoding=\"async\" width=\"1000\" height=\"600\" src=\"https:\/\/portal.sma.gob.cl\/wp-content\/uploads\/2022\/07\/Agenda-ESG-Word-640-\u00d7-200-px-1000-\u00d7-600-px-4.png\" class=\"attachment-full size-full wp-post-image\" alt=\"\" srcset=\"https:\/\/portal.sma.gob.cl\/wp-content\/uploads\/2022\/07\/Agenda-ESG-Word-640-\u00d7-200-px-1000-\u00d7-600-px-4-200x120.png 200w, https:\/\/portal.sma.gob.cl\/wp-content\/uploads\/2022\/07\/Agenda-ESG-Word-640-\u00d7-200-px-1000-\u00d7-600-px-4-400x240.png 400w, https:\/\/portal.sma.gob.cl\/wp-content\/uploads\/2022\/07\/Agenda-ESG-Word-640-\u00d7-200-px-1000-\u00d7-600-px-4-600x360.png 600w, https:\/\/portal.sma.gob.cl\/wp-content\/uploads\/2022\/07\/Agenda-ESG-Word-640-\u00d7-200-px-1000-\u00d7-600-px-4-800x480.png 800w, https:\/\/portal.sma.gob.cl\/wp-content\/uploads\/2022\/07\/Agenda-ESG-Word-640-\u00d7-200-px-1000-\u00d7-600-px-4.png 1000w\" sizes=\"(min-width: 2200px) 100vw, (min-width: 824px) 340px, (min-width: 732px) 510px, (min-width: 640px) 732px, \" \/>\t\t\t<\/a>\n\t\t\t\t\t\t\t<\/div>\n<\/div><div class=\"fusion-title title fusion-title-11 fusion-title-text fusion-title-size-five\" style=\"--awb-text-color:#161616;--awb-margin-top:24px;--awb-margin-bottom:10px;--awb-margin-top-small:20px;--awb-margin-right-small:0px;--awb-margin-bottom-small:6px;--awb-margin-left-small:0px;--awb-link-hover-color:#d76728;--awb-font-size:25px;\"><div class=\"title-sep-container title-sep-container-left fusion-no-large-visibility fusion-no-medium-visibility fusion-no-small-visibility\"><div class=\"title-sep sep-double sep-solid\" style=\"border-color:#e0dede;\"><\/div><\/div><span class=\"awb-title-spacer fusion-no-large-visibility fusion-no-medium-visibility fusion-no-small-visibility\"><\/span><h5 class=\"fusion-title-heading title-heading-left fusion-responsive-typography-calculated\" style=\"font-family:&quot;museo-sans-rounded&quot;;font-style:normal;font-weight:700;margin:0;text-transform:var(--awb-typography1-text-transform);font-size:1em;--fontSize:25;line-height:1.2;\"><a href=\"https:\/\/portal.sma.gob.cl\/index.php\/webinar-redlafica-abordo-la-participacion-ciudadana-plataformas-y-su-relacion-con-el-acuerdo-de-escazu\/\" class=\"awb-custom-text-color awb-custom-text-hover-color\" target=\"_self\">Webinar REDLAFICA abord\u00f3 la participaci\u00f3n ciudadana, plataformas y su relaci\u00f3n con el acuerdo de Escaz\u00fa<\/a><\/h5><span class=\"awb-title-spacer\"><\/span><div class=\"title-sep-container title-sep-container-right\"><div class=\"title-sep sep-double sep-solid\" style=\"border-color:#e0dede;\"><\/div><\/div><\/div><div class=\"fusion-text fusion-text-11\" style=\"--awb-font-size:16px;--awb-line-height:1.7;--awb-letter-spacing:0px;--awb-text-transform:var(--awb-typography2-text-transform);--awb-text-color:#6d6d6d;--awb-text-font-family:&quot;Public Sans&quot;;--awb-text-font-style:normal;--awb-text-font-weight:400;\"><\/div><\/div><\/li>\n<\/ul><\/div><\/div><\/div><\/div><\/div><\/p>\n","protected":false},"excerpt":{"rendered":"","protected":false},"author":3,"featured_media":0,"parent":34182,"menu_order":0,"comment_status":"closed","ping_status":"closed","template":"100-width.php","meta":{"footnotes":""},"class_list":["post-34551","page","type-page","status-publish","hentry"],"_links":{"self":[{"href":"https:\/\/portal.sma.gob.cl\/index.php\/wp-json\/wp\/v2\/pages\/34551","targetHints":{"allow":["GET"]}}],"collection":[{"href":"https:\/\/portal.sma.gob.cl\/index.php\/wp-json\/wp\/v2\/pages"}],"about":[{"href":"https:\/\/portal.sma.gob.cl\/index.php\/wp-json\/wp\/v2\/types\/page"}],"author":[{"embeddable":true,"href":"https:\/\/portal.sma.gob.cl\/index.php\/wp-json\/wp\/v2\/users\/3"}],"replies":[{"embeddable":true,"href":"https:\/\/portal.sma.gob.cl\/index.php\/wp-json\/wp\/v2\/comments?post=34551"}],"version-history":[{"count":11,"href":"https:\/\/portal.sma.gob.cl\/index.php\/wp-json\/wp\/v2\/pages\/34551\/revisions"}],"predecessor-version":[{"id":34911,"href":"https:\/\/portal.sma.gob.cl\/index.php\/wp-json\/wp\/v2\/pages\/34551\/revisions\/34911"}],"up":[{"embeddable":true,"href":"https:\/\/portal.sma.gob.cl\/index.php\/wp-json\/wp\/v2\/pages\/34182"}],"wp:attachment":[{"href":"https:\/\/portal.sma.gob.cl\/index.php\/wp-json\/wp\/v2\/media?parent=34551"}],"curies":[{"name":"wp","href":"https:\/\/api.w.org\/{rel}","templated":true}]}}