{"id":35996,"date":"2025-07-17T16:51:14","date_gmt":"2025-07-17T20:51:14","guid":{"rendered":"https:\/\/portal.sma.gob.cl\/?page_id=35996"},"modified":"2025-08-06T08:40:18","modified_gmt":"2025-08-06T12:40:18","slug":"noticias","status":"publish","type":"page","link":"https:\/\/portal.sma.gob.cl\/index.php\/sistema-de-seguimiento-atmosferico-sisat\/noticias\/","title":{"rendered":"Noticias"},"content":{"rendered":"<p><div class=\"fusion-bg-parallax\" data-bg-align=\"center center\" data-direction=\"up\" data-mute=\"false\" data-opacity=\"100\" data-velocity=\"-0.3\" data-mobile-enabled=\"false\" data-break_parents=\"0\" data-bg-image=\"https:\/\/portal.sma.gob.cl\/wp-content\/uploads\/2025\/07\/humo-2-scaled.jpg\" data-bg-repeat=\"false\" ><\/div><div class=\"fusion-fullwidth fullwidth-box fusion-builder-row-1 fusion-flex-container has-pattern-background has-mask-background fusion-parallax-up nonhundred-percent-fullwidth non-hundred-percent-height-scrolling\" style=\"--awb-border-radius-top-left:0px;--awb-border-radius-top-right:0px;--awb-border-radius-bottom-right:0px;--awb-border-radius-bottom-left:0px;--awb-padding-top:100px;--awb-padding-bottom:100px;--awb-padding-right-small:7vh;--awb-padding-left-small:7vh;--awb-margin-top:0px;--awb-background-image:url(&quot;https:\/\/portal.sma.gob.cl\/wp-content\/uploads\/2025\/07\/humo-2-scaled.jpg&quot;);--awb-background-size:cover;--awb-flex-wrap:wrap;\" ><div class=\"fusion-builder-row fusion-row fusion-flex-align-items-flex-start fusion-flex-content-wrap\" style=\"max-width:1144px;margin-left: calc(-4% \/ 2 );margin-right: calc(-4% \/ 2 );\"><\/div><\/div><div class=\"fusion-fullwidth fullwidth-box fusion-builder-row-2 fusion-flex-container has-pattern-background has-mask-background nonhundred-percent-fullwidth non-hundred-percent-height-scrolling\" style=\"--awb-border-radius-top-left:0px;--awb-border-radius-top-right:0px;--awb-border-radius-bottom-right:0px;--awb-border-radius-bottom-left:0px;--awb-padding-top:50px;--awb-flex-wrap:wrap;\" ><div class=\"fusion-builder-row fusion-row fusion-flex-align-items-flex-start fusion-flex-content-wrap\" style=\"max-width:1144px;margin-left: calc(-4% \/ 2 );margin-right: calc(-4% \/ 2 );\"><div class=\"fusion-layout-column fusion_builder_column fusion-builder-column-0 fusion_builder_column_1_1 1_1 fusion-flex-column\" style=\"--awb-bg-size:cover;--awb-width-large:100%;--awb-margin-top-large:0px;--awb-spacing-right-large:1.92%;--awb-margin-bottom-large:20px;--awb-spacing-left-large:1.92%;--awb-width-medium:100%;--awb-order-medium:0;--awb-spacing-right-medium:1.92%;--awb-spacing-left-medium:1.92%;--awb-width-small:100%;--awb-order-small:0;--awb-spacing-right-small:1.92%;--awb-spacing-left-small:1.92%;\" data-scroll-devices=\"small-visibility,medium-visibility,large-visibility\"><div class=\"fusion-column-wrapper fusion-column-has-shadow fusion-flex-justify-content-flex-start fusion-content-layout-column\"><div class=\"fusion-title title fusion-title-1 fusion-sep-none fusion-title-text fusion-title-size-two\" style=\"--awb-text-color:#29569a;--awb-margin-bottom:25px;--awb-margin-top-small:0px;--awb-margin-right-small:0px;--awb-margin-bottom-small:20px;--awb-margin-left-small:0px;--awb-font-size:43px;\"><h2 class=\"fusion-title-heading title-heading-left fusion-responsive-typography-calculated\" style=\"font-family:&quot;museo-sans&quot;;font-style:normal;font-weight:700;margin:0;font-size:1em;--fontSize:43;line-height:1.35;\">Noticias<\/h2><\/div><div class=\"fusion-separator\" style=\"align-self: flex-start;margin-right:auto;margin-top:0px;margin-bottom:30px;width:100%;max-width:70%;\"><div class=\"fusion-separator-border sep-single sep-solid\" style=\"--awb-height:20px;--awb-amount:20px;--awb-sep-color:#dfd786;border-color:#dfd786;border-top-width:3px;\"><\/div><\/div><div class=\"fusion-text fusion-text-1\" style=\"--awb-font-size:17px;--awb-text-color:var(--awb-color8);--awb-text-font-family:&quot;museo-sans&quot;;--awb-text-font-style:normal;--awb-text-font-weight:300;\"><p>En la presente secci\u00f3n se dispone de noticias e informaciones relevantes vinculadas al Sistema de Seguimiento Atmosf\u00e9rico (SISAT), a los talleres de asistencia al cumplimiento y a diversas instancias que dan cuenta de la gesti\u00f3n realizada por la Superintendencia del Medio Ambiente.<\/p>\n<\/div><\/div><\/div><\/div><\/div><div class=\"fusion-fullwidth fullwidth-box fusion-builder-row-3 fusion-flex-container has-pattern-background has-mask-background nonhundred-percent-fullwidth non-hundred-percent-height-scrolling\" style=\"--awb-border-radius-top-left:0px;--awb-border-radius-top-right:0px;--awb-border-radius-bottom-right:0px;--awb-border-radius-bottom-left:0px;--awb-flex-wrap:wrap;\" ><div class=\"fusion-builder-row fusion-row fusion-flex-align-items-flex-start fusion-flex-content-wrap\" style=\"max-width:1144px;margin-left: calc(-4% \/ 2 );margin-right: calc(-4% \/ 2 );\"><div class=\"fusion-layout-column fusion_builder_column fusion-builder-column-1 fusion_builder_column_1_1 1_1 fusion-flex-column\" style=\"--awb-bg-size:cover;--awb-width-large:100%;--awb-margin-top-large:0px;--awb-spacing-right-large:1.92%;--awb-margin-bottom-large:20px;--awb-spacing-left-large:1.92%;--awb-width-medium:100%;--awb-order-medium:0;--awb-spacing-right-medium:1.92%;--awb-spacing-left-medium:1.92%;--awb-width-small:100%;--awb-order-small:0;--awb-spacing-right-small:1.92%;--awb-spacing-left-small:1.92%;\" data-scroll-devices=\"small-visibility,medium-visibility,large-visibility\"><div class=\"fusion-column-wrapper fusion-column-has-shadow fusion-flex-justify-content-flex-start fusion-content-layout-column\"><div class=\"fusion-post-cards fusion-post-cards-1 fusion-grid-archive fusion-grid-columns-2\" style=\"--awb-dots-align:center;--awb-columns:2;--awb-active-filter-border-size:3px;--awb-filters-height:36px;\" data-post-type-label=\"entradas\"><ul class=\"fusion-grid fusion-grid-2 fusion-flex-align-items-flex-start fusion-grid-posts-cards fusion-grid-container-infinite\" data-pages=\"2\"><li class=\"fusion-layout-column fusion_builder_column fusion-builder-column-2 fusion-flex-column post-card fusion-grid-column fusion-post-cards-grid-column\" style=\"--awb-bg-blend:overlay;--awb-bg-size:cover;--awb-flex-grow:0;--awb-flex-shrink:0;--awb-flex-grow-medium:0;--awb-flex-shrink-medium:0;--awb-flex-grow-small:0;--awb-flex-shrink-small:0;\"><div class=\"fusion-column-wrapper fusion-flex-justify-content-flex-start fusion-content-layout-column\"><div class=\"fusion-classic-product-image-wrapper fusion-woo-product-image fusion-post-card-image fusion-post-card-image-1\" data-layout=\"static\" style=\"--awb-border-radius-top-left:12px;--awb-border-radius-top-right:12px;--awb-border-radius-bottom-right:12px;--awb-border-radius-bottom-left:12px;\"><div  class=\"fusion-image-wrapper\" aria-haspopup=\"true\">\n\t\t\t\t\t\t\t<a href=\"https:\/\/portal.sma.gob.cl\/index.php\/sma-presenta-funcionalidad-clave-del-sisat-para-reforzar-el-cumplimiento-ambiental-en-la-rm\/\" aria-label=\"SMA presenta funcionalidad clave del SISAT para reforzar el cumplimiento ambiental en la RM\">\n\t\t\t\t\t\t\t<img decoding=\"async\" width=\"2560\" height=\"1920\" src=\"https:\/\/portal.sma.gob.cl\/wp-content\/uploads\/2025\/07\/WhatsApp-Image-2025-07-31-at-12.57.02-PM-scaled.jpeg\" class=\"attachment-full size-full wp-post-image\" alt=\"\" srcset=\"https:\/\/portal.sma.gob.cl\/wp-content\/uploads\/2025\/07\/WhatsApp-Image-2025-07-31-at-12.57.02-PM-200x150.jpeg 200w, https:\/\/portal.sma.gob.cl\/wp-content\/uploads\/2025\/07\/WhatsApp-Image-2025-07-31-at-12.57.02-PM-400x300.jpeg 400w, https:\/\/portal.sma.gob.cl\/wp-content\/uploads\/2025\/07\/WhatsApp-Image-2025-07-31-at-12.57.02-PM-600x450.jpeg 600w, https:\/\/portal.sma.gob.cl\/wp-content\/uploads\/2025\/07\/WhatsApp-Image-2025-07-31-at-12.57.02-PM-800x600.jpeg 800w, https:\/\/portal.sma.gob.cl\/wp-content\/uploads\/2025\/07\/WhatsApp-Image-2025-07-31-at-12.57.02-PM-1200x900.jpeg 1200w, https:\/\/portal.sma.gob.cl\/wp-content\/uploads\/2025\/07\/WhatsApp-Image-2025-07-31-at-12.57.02-PM-scaled.jpeg 2560w\" sizes=\"(min-width: 2200px) 100vw, (min-width: 732px) 530px, (min-width: 640px) 732px, \" \/>\t\t\t<\/a>\n\t\t\t\t\t\t\t<\/div>\n<\/div><div class=\"fusion-title title fusion-title-2 fusion-title-text fusion-title-size-five\" style=\"--awb-text-color:#161616;--awb-margin-top:24px;--awb-margin-bottom:10px;--awb-margin-top-small:20px;--awb-margin-right-small:0px;--awb-margin-bottom-small:6px;--awb-margin-left-small:0px;--awb-link-hover-color:#d76728;--awb-font-size:25px;\"><div class=\"title-sep-container title-sep-container-left fusion-no-large-visibility fusion-no-medium-visibility fusion-no-small-visibility\"><div class=\"title-sep sep-double sep-solid\" style=\"border-color:#e0dede;\"><\/div><\/div><span class=\"awb-title-spacer fusion-no-large-visibility fusion-no-medium-visibility fusion-no-small-visibility\"><\/span><h5 class=\"fusion-title-heading title-heading-left fusion-responsive-typography-calculated\" style=\"font-family:&quot;museo-sans-rounded&quot;;font-style:normal;font-weight:700;margin:0;text-transform:var(--awb-typography1-text-transform);font-size:1em;--fontSize:25;line-height:1.2;\"><a href=\"https:\/\/portal.sma.gob.cl\/index.php\/sma-presenta-funcionalidad-clave-del-sisat-para-reforzar-el-cumplimiento-ambiental-en-la-rm\/\" class=\"awb-custom-text-color awb-custom-text-hover-color\" target=\"_self\">SMA presenta funcionalidad clave del SISAT para reforzar el cumplimiento ambiental en la RM<\/a><\/h5><span class=\"awb-title-spacer\"><\/span><div class=\"title-sep-container title-sep-container-right\"><div class=\"title-sep sep-double sep-solid\" style=\"border-color:#e0dede;\"><\/div><\/div><\/div><div class=\"fusion-text fusion-text-2\" style=\"--awb-font-size:16px;--awb-line-height:1.7;--awb-letter-spacing:0px;--awb-text-transform:var(--awb-typography2-text-transform);--awb-text-color:#6d6d6d;--awb-text-font-family:&quot;Public Sans&quot;;--awb-text-font-style:normal;--awb-text-font-weight:400;\"><\/div><\/div><\/li>\n<li class=\"fusion-layout-column fusion_builder_column fusion-builder-column-3 fusion-flex-column post-card fusion-grid-column fusion-post-cards-grid-column\" style=\"--awb-bg-blend:overlay;--awb-bg-size:cover;--awb-flex-grow:0;--awb-flex-shrink:0;--awb-flex-grow-medium:0;--awb-flex-shrink-medium:0;--awb-flex-grow-small:0;--awb-flex-shrink-small:0;\"><div class=\"fusion-column-wrapper fusion-flex-justify-content-flex-start fusion-content-layout-column\"><div class=\"fusion-classic-product-image-wrapper fusion-woo-product-image fusion-post-card-image fusion-post-card-image-1\" data-layout=\"static\" style=\"--awb-border-radius-top-left:12px;--awb-border-radius-top-right:12px;--awb-border-radius-bottom-right:12px;--awb-border-radius-bottom-left:12px;\"><div  class=\"fusion-image-wrapper\" aria-haspopup=\"true\">\n\t\t\t\t\t\t\t<a href=\"https:\/\/portal.sma.gob.cl\/index.php\/sma-informa-a-establecimientos-que-deben-paralizar-en-periodo-gec-la-obligacion-de-reportar-sus-variables-operacionales\/\" aria-label=\"SMA informa a establecimientos que deben paralizar en periodo GEC la obligaci\u00f3n de reportar sus variables operacionales\">\n\t\t\t\t\t\t\t<img decoding=\"async\" width=\"1350\" height=\"869\" src=\"https:\/\/portal.sma.gob.cl\/wp-content\/uploads\/2025\/05\/Imagen2.jpg\" class=\"attachment-full size-full wp-post-image\" alt=\"\" srcset=\"https:\/\/portal.sma.gob.cl\/wp-content\/uploads\/2025\/05\/Imagen2-200x129.jpg 200w, https:\/\/portal.sma.gob.cl\/wp-content\/uploads\/2025\/05\/Imagen2-400x257.jpg 400w, https:\/\/portal.sma.gob.cl\/wp-content\/uploads\/2025\/05\/Imagen2-600x386.jpg 600w, https:\/\/portal.sma.gob.cl\/wp-content\/uploads\/2025\/05\/Imagen2-800x515.jpg 800w, https:\/\/portal.sma.gob.cl\/wp-content\/uploads\/2025\/05\/Imagen2-1200x772.jpg 1200w, https:\/\/portal.sma.gob.cl\/wp-content\/uploads\/2025\/05\/Imagen2.jpg 1350w\" sizes=\"(min-width: 2200px) 100vw, (min-width: 732px) 530px, (min-width: 640px) 732px, \" \/>\t\t\t<\/a>\n\t\t\t\t\t\t\t<\/div>\n<\/div><div class=\"fusion-title title fusion-title-3 fusion-title-text fusion-title-size-five\" style=\"--awb-text-color:#161616;--awb-margin-top:24px;--awb-margin-bottom:10px;--awb-margin-top-small:20px;--awb-margin-right-small:0px;--awb-margin-bottom-small:6px;--awb-margin-left-small:0px;--awb-link-hover-color:#d76728;--awb-font-size:25px;\"><div class=\"title-sep-container title-sep-container-left fusion-no-large-visibility fusion-no-medium-visibility fusion-no-small-visibility\"><div class=\"title-sep sep-double sep-solid\" style=\"border-color:#e0dede;\"><\/div><\/div><span class=\"awb-title-spacer fusion-no-large-visibility fusion-no-medium-visibility fusion-no-small-visibility\"><\/span><h5 class=\"fusion-title-heading title-heading-left fusion-responsive-typography-calculated\" style=\"font-family:&quot;museo-sans-rounded&quot;;font-style:normal;font-weight:700;margin:0;text-transform:var(--awb-typography1-text-transform);font-size:1em;--fontSize:25;line-height:1.2;\"><a href=\"https:\/\/portal.sma.gob.cl\/index.php\/sma-informa-a-establecimientos-que-deben-paralizar-en-periodo-gec-la-obligacion-de-reportar-sus-variables-operacionales\/\" class=\"awb-custom-text-color awb-custom-text-hover-color\" target=\"_self\">SMA informa a establecimientos que deben paralizar en periodo GEC la obligaci\u00f3n de reportar sus variables operacionales<\/a><\/h5><span class=\"awb-title-spacer\"><\/span><div class=\"title-sep-container title-sep-container-right\"><div class=\"title-sep sep-double sep-solid\" style=\"border-color:#e0dede;\"><\/div><\/div><\/div><div class=\"fusion-text fusion-text-3\" style=\"--awb-font-size:16px;--awb-line-height:1.7;--awb-letter-spacing:0px;--awb-text-transform:var(--awb-typography2-text-transform);--awb-text-color:#6d6d6d;--awb-text-font-family:&quot;Public Sans&quot;;--awb-text-font-style:normal;--awb-text-font-weight:400;\"><\/div><\/div><\/li>\n<li class=\"fusion-layout-column fusion_builder_column fusion-builder-column-4 fusion-flex-column post-card fusion-grid-column fusion-post-cards-grid-column\" style=\"--awb-bg-blend:overlay;--awb-bg-size:cover;--awb-flex-grow:0;--awb-flex-shrink:0;--awb-flex-grow-medium:0;--awb-flex-shrink-medium:0;--awb-flex-grow-small:0;--awb-flex-shrink-small:0;\"><div class=\"fusion-column-wrapper fusion-flex-justify-content-flex-start fusion-content-layout-column\"><div class=\"fusion-classic-product-image-wrapper fusion-woo-product-image fusion-post-card-image fusion-post-card-image-1\" data-layout=\"static\" style=\"--awb-border-radius-top-left:12px;--awb-border-radius-top-right:12px;--awb-border-radius-bottom-right:12px;--awb-border-radius-bottom-left:12px;\"><div  class=\"fusion-image-wrapper\" aria-haspopup=\"true\">\n\t\t\t\t\t\t\t<a href=\"https:\/\/portal.sma.gob.cl\/index.php\/sma-realizo-notificacion-preventiva-a-mas-de-mil-establecimientos-por-inicio-del-periodo-gec-se-recordo-obligacion-de-catastro-y-reporte-de-emisiones\/\" aria-label=\"SMA realiz\u00f3 notificaci\u00f3n preventiva a m\u00e1s de mil establecimientos por inicio del periodo GEC:  se record\u00f3 obligaci\u00f3n de catastro y reporte de emisiones\">\n\t\t\t\t\t\t\t<img decoding=\"async\" width=\"820\" height=\"620\" src=\"https:\/\/portal.sma.gob.cl\/wp-content\/uploads\/2025\/04\/periodo-gec.jpg\" class=\"attachment-full size-full wp-post-image\" alt=\"\" srcset=\"https:\/\/portal.sma.gob.cl\/wp-content\/uploads\/2025\/04\/periodo-gec-200x151.jpg 200w, https:\/\/portal.sma.gob.cl\/wp-content\/uploads\/2025\/04\/periodo-gec-400x302.jpg 400w, https:\/\/portal.sma.gob.cl\/wp-content\/uploads\/2025\/04\/periodo-gec-600x454.jpg 600w, https:\/\/portal.sma.gob.cl\/wp-content\/uploads\/2025\/04\/periodo-gec-800x605.jpg 800w, https:\/\/portal.sma.gob.cl\/wp-content\/uploads\/2025\/04\/periodo-gec.jpg 820w\" sizes=\"(min-width: 2200px) 100vw, (min-width: 732px) 530px, (min-width: 640px) 732px, \" \/>\t\t\t<\/a>\n\t\t\t\t\t\t\t<\/div>\n<\/div><div class=\"fusion-title title fusion-title-4 fusion-title-text fusion-title-size-five\" style=\"--awb-text-color:#161616;--awb-margin-top:24px;--awb-margin-bottom:10px;--awb-margin-top-small:20px;--awb-margin-right-small:0px;--awb-margin-bottom-small:6px;--awb-margin-left-small:0px;--awb-link-hover-color:#d76728;--awb-font-size:25px;\"><div class=\"title-sep-container title-sep-container-left fusion-no-large-visibility fusion-no-medium-visibility fusion-no-small-visibility\"><div class=\"title-sep sep-double sep-solid\" style=\"border-color:#e0dede;\"><\/div><\/div><span class=\"awb-title-spacer fusion-no-large-visibility fusion-no-medium-visibility fusion-no-small-visibility\"><\/span><h5 class=\"fusion-title-heading title-heading-left fusion-responsive-typography-calculated\" style=\"font-family:&quot;museo-sans-rounded&quot;;font-style:normal;font-weight:700;margin:0;text-transform:var(--awb-typography1-text-transform);font-size:1em;--fontSize:25;line-height:1.2;\"><a href=\"https:\/\/portal.sma.gob.cl\/index.php\/sma-realizo-notificacion-preventiva-a-mas-de-mil-establecimientos-por-inicio-del-periodo-gec-se-recordo-obligacion-de-catastro-y-reporte-de-emisiones\/\" class=\"awb-custom-text-color awb-custom-text-hover-color\" target=\"_self\">SMA realiz\u00f3 notificaci\u00f3n preventiva a m\u00e1s de mil establecimientos por inicio del periodo GEC:  se record\u00f3 obligaci\u00f3n de catastro y reporte de emisiones<\/a><\/h5><span class=\"awb-title-spacer\"><\/span><div class=\"title-sep-container title-sep-container-right\"><div class=\"title-sep sep-double sep-solid\" style=\"border-color:#e0dede;\"><\/div><\/div><\/div><div class=\"fusion-text fusion-text-4\" style=\"--awb-font-size:16px;--awb-line-height:1.7;--awb-letter-spacing:0px;--awb-text-transform:var(--awb-typography2-text-transform);--awb-text-color:#6d6d6d;--awb-text-font-family:&quot;Public Sans&quot;;--awb-text-font-style:normal;--awb-text-font-weight:400;\"><\/div><\/div><\/li>\n<li class=\"fusion-layout-column fusion_builder_column fusion-builder-column-5 fusion-flex-column post-card fusion-grid-column fusion-post-cards-grid-column\" style=\"--awb-bg-blend:overlay;--awb-bg-size:cover;--awb-flex-grow:0;--awb-flex-shrink:0;--awb-flex-grow-medium:0;--awb-flex-shrink-medium:0;--awb-flex-grow-small:0;--awb-flex-shrink-small:0;\"><div class=\"fusion-column-wrapper fusion-flex-justify-content-flex-start fusion-content-layout-column\"><div class=\"fusion-classic-product-image-wrapper fusion-woo-product-image fusion-post-card-image fusion-post-card-image-1\" data-layout=\"static\" style=\"--awb-border-radius-top-left:12px;--awb-border-radius-top-right:12px;--awb-border-radius-bottom-right:12px;--awb-border-radius-bottom-left:12px;\"><div  class=\"fusion-image-wrapper\" aria-haspopup=\"true\">\n\t\t\t\t\t\t\t<a href=\"https:\/\/portal.sma.gob.cl\/index.php\/sistema-de-compensacion-de-emisiones-reduce-44-millones-de-toneladas-de-co2\/\" aria-label=\"Sistema de Compensaci\u00f3n de Emisiones reduce 4,4 millones de toneladas de CO2\">\n\t\t\t\t\t\t\t<img decoding=\"async\" width=\"2560\" height=\"1707\" src=\"https:\/\/portal.sma.gob.cl\/wp-content\/uploads\/2025\/04\/DSC02146-Mejorado-NR-scaled.jpg\" class=\"attachment-full size-full wp-post-image\" alt=\"\" srcset=\"https:\/\/portal.sma.gob.cl\/wp-content\/uploads\/2025\/04\/DSC02146-Mejorado-NR-200x133.jpg 200w, https:\/\/portal.sma.gob.cl\/wp-content\/uploads\/2025\/04\/DSC02146-Mejorado-NR-400x267.jpg 400w, https:\/\/portal.sma.gob.cl\/wp-content\/uploads\/2025\/04\/DSC02146-Mejorado-NR-600x400.jpg 600w, https:\/\/portal.sma.gob.cl\/wp-content\/uploads\/2025\/04\/DSC02146-Mejorado-NR-800x533.jpg 800w, https:\/\/portal.sma.gob.cl\/wp-content\/uploads\/2025\/04\/DSC02146-Mejorado-NR-1200x800.jpg 1200w, https:\/\/portal.sma.gob.cl\/wp-content\/uploads\/2025\/04\/DSC02146-Mejorado-NR-scaled.jpg 2560w\" sizes=\"(min-width: 2200px) 100vw, (min-width: 732px) 530px, (min-width: 640px) 732px, \" \/>\t\t\t<\/a>\n\t\t\t\t\t\t\t<\/div>\n<\/div><div class=\"fusion-title title fusion-title-5 fusion-title-text fusion-title-size-five\" style=\"--awb-text-color:#161616;--awb-margin-top:24px;--awb-margin-bottom:10px;--awb-margin-top-small:20px;--awb-margin-right-small:0px;--awb-margin-bottom-small:6px;--awb-margin-left-small:0px;--awb-link-hover-color:#d76728;--awb-font-size:25px;\"><div class=\"title-sep-container title-sep-container-left fusion-no-large-visibility fusion-no-medium-visibility fusion-no-small-visibility\"><div class=\"title-sep sep-double sep-solid\" style=\"border-color:#e0dede;\"><\/div><\/div><span class=\"awb-title-spacer fusion-no-large-visibility fusion-no-medium-visibility fusion-no-small-visibility\"><\/span><h5 class=\"fusion-title-heading title-heading-left fusion-responsive-typography-calculated\" style=\"font-family:&quot;museo-sans-rounded&quot;;font-style:normal;font-weight:700;margin:0;text-transform:var(--awb-typography1-text-transform);font-size:1em;--fontSize:25;line-height:1.2;\"><a href=\"https:\/\/portal.sma.gob.cl\/index.php\/sistema-de-compensacion-de-emisiones-reduce-44-millones-de-toneladas-de-co2\/\" class=\"awb-custom-text-color awb-custom-text-hover-color\" target=\"_self\">Sistema de Compensaci\u00f3n de Emisiones reduce 4,4 millones de toneladas de CO2<\/a><\/h5><span class=\"awb-title-spacer\"><\/span><div class=\"title-sep-container title-sep-container-right\"><div class=\"title-sep sep-double sep-solid\" style=\"border-color:#e0dede;\"><\/div><\/div><\/div><div class=\"fusion-text fusion-text-5\" style=\"--awb-font-size:16px;--awb-line-height:1.7;--awb-letter-spacing:0px;--awb-text-transform:var(--awb-typography2-text-transform);--awb-text-color:#6d6d6d;--awb-text-font-family:&quot;Public Sans&quot;;--awb-text-font-style:normal;--awb-text-font-weight:400;\"><\/div><\/div><\/li>\n<li class=\"fusion-layout-column fusion_builder_column fusion-builder-column-6 fusion-flex-column post-card fusion-grid-column fusion-post-cards-grid-column\" style=\"--awb-bg-blend:overlay;--awb-bg-size:cover;--awb-flex-grow:0;--awb-flex-shrink:0;--awb-flex-grow-medium:0;--awb-flex-shrink-medium:0;--awb-flex-grow-small:0;--awb-flex-shrink-small:0;\"><div class=\"fusion-column-wrapper fusion-flex-justify-content-flex-start fusion-content-layout-column\"><div class=\"fusion-classic-product-image-wrapper fusion-woo-product-image fusion-post-card-image fusion-post-card-image-1\" data-layout=\"static\" style=\"--awb-border-radius-top-left:12px;--awb-border-radius-top-right:12px;--awb-border-radius-bottom-right:12px;--awb-border-radius-bottom-left:12px;\"><div  class=\"fusion-image-wrapper\" aria-haspopup=\"true\">\n\t\t\t\t\t\t\t<a href=\"https:\/\/portal.sma.gob.cl\/index.php\/sma-publica-listado-de-establecimientos-afectos-al-pago-del-impuesto-verde-del-ano-2024\/\" aria-label=\"SMA publica listado de establecimientos afectos al pago del Impuesto Verde del a\u00f1o 2024\">\n\t\t\t\t\t\t\t<img decoding=\"async\" width=\"1855\" height=\"1196\" src=\"https:\/\/portal.sma.gob.cl\/wp-content\/uploads\/2025\/03\/chimenea.jpg\" class=\"attachment-full size-full wp-post-image\" alt=\"\" srcset=\"https:\/\/portal.sma.gob.cl\/wp-content\/uploads\/2025\/03\/chimenea-200x129.jpg 200w, https:\/\/portal.sma.gob.cl\/wp-content\/uploads\/2025\/03\/chimenea-400x258.jpg 400w, https:\/\/portal.sma.gob.cl\/wp-content\/uploads\/2025\/03\/chimenea-600x387.jpg 600w, https:\/\/portal.sma.gob.cl\/wp-content\/uploads\/2025\/03\/chimenea-800x516.jpg 800w, https:\/\/portal.sma.gob.cl\/wp-content\/uploads\/2025\/03\/chimenea-1200x774.jpg 1200w, https:\/\/portal.sma.gob.cl\/wp-content\/uploads\/2025\/03\/chimenea.jpg 1855w\" sizes=\"(min-width: 2200px) 100vw, (min-width: 732px) 530px, (min-width: 640px) 732px, \" \/>\t\t\t<\/a>\n\t\t\t\t\t\t\t<\/div>\n<\/div><div class=\"fusion-title title fusion-title-6 fusion-title-text fusion-title-size-five\" style=\"--awb-text-color:#161616;--awb-margin-top:24px;--awb-margin-bottom:10px;--awb-margin-top-small:20px;--awb-margin-right-small:0px;--awb-margin-bottom-small:6px;--awb-margin-left-small:0px;--awb-link-hover-color:#d76728;--awb-font-size:25px;\"><div class=\"title-sep-container title-sep-container-left fusion-no-large-visibility fusion-no-medium-visibility fusion-no-small-visibility\"><div class=\"title-sep sep-double sep-solid\" style=\"border-color:#e0dede;\"><\/div><\/div><span class=\"awb-title-spacer fusion-no-large-visibility fusion-no-medium-visibility fusion-no-small-visibility\"><\/span><h5 class=\"fusion-title-heading title-heading-left fusion-responsive-typography-calculated\" style=\"font-family:&quot;museo-sans-rounded&quot;;font-style:normal;font-weight:700;margin:0;text-transform:var(--awb-typography1-text-transform);font-size:1em;--fontSize:25;line-height:1.2;\"><a href=\"https:\/\/portal.sma.gob.cl\/index.php\/sma-publica-listado-de-establecimientos-afectos-al-pago-del-impuesto-verde-del-ano-2024\/\" class=\"awb-custom-text-color awb-custom-text-hover-color\" target=\"_self\">SMA publica listado de establecimientos afectos al pago del Impuesto Verde del a\u00f1o 2024<\/a><\/h5><span class=\"awb-title-spacer\"><\/span><div class=\"title-sep-container title-sep-container-right\"><div class=\"title-sep sep-double sep-solid\" style=\"border-color:#e0dede;\"><\/div><\/div><\/div><div class=\"fusion-text fusion-text-6\" style=\"--awb-font-size:16px;--awb-line-height:1.7;--awb-letter-spacing:0px;--awb-text-transform:var(--awb-typography2-text-transform);--awb-text-color:#6d6d6d;--awb-text-font-family:&quot;Public Sans&quot;;--awb-text-font-style:normal;--awb-text-font-weight:400;\"><\/div><\/div><\/li>\n<li class=\"fusion-layout-column fusion_builder_column fusion-builder-column-7 fusion-flex-column post-card fusion-grid-column fusion-post-cards-grid-column\" style=\"--awb-bg-blend:overlay;--awb-bg-size:cover;--awb-flex-grow:0;--awb-flex-shrink:0;--awb-flex-grow-medium:0;--awb-flex-shrink-medium:0;--awb-flex-grow-small:0;--awb-flex-shrink-small:0;\"><div class=\"fusion-column-wrapper fusion-flex-justify-content-flex-start fusion-content-layout-column\"><div class=\"fusion-classic-product-image-wrapper fusion-woo-product-image fusion-post-card-image fusion-post-card-image-1\" data-layout=\"static\" style=\"--awb-border-radius-top-left:12px;--awb-border-radius-top-right:12px;--awb-border-radius-bottom-right:12px;--awb-border-radius-bottom-left:12px;\"><div  class=\"fusion-image-wrapper\" aria-haspopup=\"true\">\n\t\t\t\t\t\t\t<a href=\"https:\/\/portal.sma.gob.cl\/index.php\/sma-habilita-submodulo-de-informe-de-ventas-en-sisat-para-los-regulados-por-la-norma-de-emision-de-grupos-electrogenos\/\" aria-label=\"SMA habilita subm\u00f3dulo de Informe de Ventas en SISAT para los regulados por la Norma de Emisi\u00f3n de Grupos Electr\u00f3genos\">\n\t\t\t\t\t\t\t<img decoding=\"async\" width=\"1200\" height=\"675\" src=\"https:\/\/portal.sma.gob.cl\/wp-content\/uploads\/2025\/02\/Impuesto-Verde.jpg\" class=\"attachment-full size-full wp-post-image\" alt=\"\" srcset=\"https:\/\/portal.sma.gob.cl\/wp-content\/uploads\/2025\/02\/Impuesto-Verde-200x113.jpg 200w, https:\/\/portal.sma.gob.cl\/wp-content\/uploads\/2025\/02\/Impuesto-Verde-400x225.jpg 400w, https:\/\/portal.sma.gob.cl\/wp-content\/uploads\/2025\/02\/Impuesto-Verde-600x338.jpg 600w, https:\/\/portal.sma.gob.cl\/wp-content\/uploads\/2025\/02\/Impuesto-Verde-800x450.jpg 800w, https:\/\/portal.sma.gob.cl\/wp-content\/uploads\/2025\/02\/Impuesto-Verde.jpg 1200w\" sizes=\"(min-width: 2200px) 100vw, (min-width: 732px) 530px, (min-width: 640px) 732px, \" \/>\t\t\t<\/a>\n\t\t\t\t\t\t\t<\/div>\n<\/div><div class=\"fusion-title title fusion-title-7 fusion-title-text fusion-title-size-five\" style=\"--awb-text-color:#161616;--awb-margin-top:24px;--awb-margin-bottom:10px;--awb-margin-top-small:20px;--awb-margin-right-small:0px;--awb-margin-bottom-small:6px;--awb-margin-left-small:0px;--awb-link-hover-color:#d76728;--awb-font-size:25px;\"><div class=\"title-sep-container title-sep-container-left fusion-no-large-visibility fusion-no-medium-visibility fusion-no-small-visibility\"><div class=\"title-sep sep-double sep-solid\" style=\"border-color:#e0dede;\"><\/div><\/div><span class=\"awb-title-spacer fusion-no-large-visibility fusion-no-medium-visibility fusion-no-small-visibility\"><\/span><h5 class=\"fusion-title-heading title-heading-left fusion-responsive-typography-calculated\" style=\"font-family:&quot;museo-sans-rounded&quot;;font-style:normal;font-weight:700;margin:0;text-transform:var(--awb-typography1-text-transform);font-size:1em;--fontSize:25;line-height:1.2;\"><a href=\"https:\/\/portal.sma.gob.cl\/index.php\/sma-habilita-submodulo-de-informe-de-ventas-en-sisat-para-los-regulados-por-la-norma-de-emision-de-grupos-electrogenos\/\" class=\"awb-custom-text-color awb-custom-text-hover-color\" target=\"_self\">SMA habilita subm\u00f3dulo de Informe de Ventas en SISAT para los regulados por la Norma de Emisi\u00f3n de Grupos Electr\u00f3genos<\/a><\/h5><span class=\"awb-title-spacer\"><\/span><div class=\"title-sep-container title-sep-container-right\"><div class=\"title-sep sep-double sep-solid\" style=\"border-color:#e0dede;\"><\/div><\/div><\/div><div class=\"fusion-text fusion-text-7\" style=\"--awb-font-size:16px;--awb-line-height:1.7;--awb-letter-spacing:0px;--awb-text-transform:var(--awb-typography2-text-transform);--awb-text-color:#6d6d6d;--awb-text-font-family:&quot;Public Sans&quot;;--awb-text-font-style:normal;--awb-text-font-weight:400;\"><\/div><\/div><\/li>\n<li class=\"fusion-layout-column fusion_builder_column fusion-builder-column-8 fusion-flex-column post-card fusion-grid-column fusion-post-cards-grid-column\" style=\"--awb-bg-blend:overlay;--awb-bg-size:cover;--awb-flex-grow:0;--awb-flex-shrink:0;--awb-flex-grow-medium:0;--awb-flex-shrink-medium:0;--awb-flex-grow-small:0;--awb-flex-shrink-small:0;\"><div class=\"fusion-column-wrapper fusion-flex-justify-content-flex-start fusion-content-layout-column\"><div class=\"fusion-classic-product-image-wrapper fusion-woo-product-image fusion-post-card-image fusion-post-card-image-1\" data-layout=\"static\" style=\"--awb-border-radius-top-left:12px;--awb-border-radius-top-right:12px;--awb-border-radius-bottom-right:12px;--awb-border-radius-bottom-left:12px;\"><div  class=\"fusion-image-wrapper\" aria-haspopup=\"true\">\n\t\t\t\t\t\t\t<a href=\"https:\/\/portal.sma.gob.cl\/index.php\/impuesto-verde-2024-sma-notifica-a-establecimientos-que-deben-regularizar-su-reporte-en-el-sistema-de-seguimiento-atmosferico\/\" aria-label=\"Impuesto Verde 2024: SMA notifica a establecimientos que deben regularizar su reporte en el Sistema de Seguimiento Atmosf\u00e9rico\">\n\t\t\t\t\t\t\t<img decoding=\"async\" width=\"1200\" height=\"675\" src=\"https:\/\/portal.sma.gob.cl\/wp-content\/uploads\/2025\/02\/Impuesto-Verde.jpg\" class=\"attachment-full size-full wp-post-image\" alt=\"\" srcset=\"https:\/\/portal.sma.gob.cl\/wp-content\/uploads\/2025\/02\/Impuesto-Verde-200x113.jpg 200w, https:\/\/portal.sma.gob.cl\/wp-content\/uploads\/2025\/02\/Impuesto-Verde-400x225.jpg 400w, https:\/\/portal.sma.gob.cl\/wp-content\/uploads\/2025\/02\/Impuesto-Verde-600x338.jpg 600w, https:\/\/portal.sma.gob.cl\/wp-content\/uploads\/2025\/02\/Impuesto-Verde-800x450.jpg 800w, https:\/\/portal.sma.gob.cl\/wp-content\/uploads\/2025\/02\/Impuesto-Verde.jpg 1200w\" sizes=\"(min-width: 2200px) 100vw, (min-width: 732px) 530px, (min-width: 640px) 732px, \" \/>\t\t\t<\/a>\n\t\t\t\t\t\t\t<\/div>\n<\/div><div class=\"fusion-title title fusion-title-8 fusion-title-text fusion-title-size-five\" style=\"--awb-text-color:#161616;--awb-margin-top:24px;--awb-margin-bottom:10px;--awb-margin-top-small:20px;--awb-margin-right-small:0px;--awb-margin-bottom-small:6px;--awb-margin-left-small:0px;--awb-link-hover-color:#d76728;--awb-font-size:25px;\"><div class=\"title-sep-container title-sep-container-left fusion-no-large-visibility fusion-no-medium-visibility fusion-no-small-visibility\"><div class=\"title-sep sep-double sep-solid\" style=\"border-color:#e0dede;\"><\/div><\/div><span class=\"awb-title-spacer fusion-no-large-visibility fusion-no-medium-visibility fusion-no-small-visibility\"><\/span><h5 class=\"fusion-title-heading title-heading-left fusion-responsive-typography-calculated\" style=\"font-family:&quot;museo-sans-rounded&quot;;font-style:normal;font-weight:700;margin:0;text-transform:var(--awb-typography1-text-transform);font-size:1em;--fontSize:25;line-height:1.2;\"><a href=\"https:\/\/portal.sma.gob.cl\/index.php\/impuesto-verde-2024-sma-notifica-a-establecimientos-que-deben-regularizar-su-reporte-en-el-sistema-de-seguimiento-atmosferico\/\" class=\"awb-custom-text-color awb-custom-text-hover-color\" target=\"_self\">Impuesto Verde 2024: SMA notifica a establecimientos que deben regularizar su reporte en el Sistema de Seguimiento Atmosf\u00e9rico<\/a><\/h5><span class=\"awb-title-spacer\"><\/span><div class=\"title-sep-container title-sep-container-right\"><div class=\"title-sep sep-double sep-solid\" style=\"border-color:#e0dede;\"><\/div><\/div><\/div><div class=\"fusion-text fusion-text-8\" style=\"--awb-font-size:16px;--awb-line-height:1.7;--awb-letter-spacing:0px;--awb-text-transform:var(--awb-typography2-text-transform);--awb-text-color:#6d6d6d;--awb-text-font-family:&quot;Public Sans&quot;;--awb-text-font-style:normal;--awb-text-font-weight:400;\"><\/div><\/div><\/li>\n<li class=\"fusion-layout-column fusion_builder_column fusion-builder-column-9 fusion-flex-column post-card fusion-grid-column fusion-post-cards-grid-column\" style=\"--awb-bg-blend:overlay;--awb-bg-size:cover;--awb-flex-grow:0;--awb-flex-shrink:0;--awb-flex-grow-medium:0;--awb-flex-shrink-medium:0;--awb-flex-grow-small:0;--awb-flex-shrink-small:0;\"><div class=\"fusion-column-wrapper fusion-flex-justify-content-flex-start fusion-content-layout-column\"><div class=\"fusion-classic-product-image-wrapper fusion-woo-product-image fusion-post-card-image fusion-post-card-image-1\" data-layout=\"static\" style=\"--awb-border-radius-top-left:12px;--awb-border-radius-top-right:12px;--awb-border-radius-bottom-right:12px;--awb-border-radius-bottom-left:12px;\"><div  class=\"fusion-image-wrapper\" aria-haspopup=\"true\">\n\t\t\t\t\t\t\t<a href=\"https:\/\/portal.sma.gob.cl\/index.php\/profundizando-sobre-el-sisat\/\" aria-label=\"Columna en Induambiente: Profundizando sobre el SISAT\">\n\t\t\t\t\t\t\t<img decoding=\"async\" width=\"2560\" height=\"1920\" src=\"https:\/\/portal.sma.gob.cl\/wp-content\/uploads\/2025\/01\/IMG_8293-scaled.jpg\" class=\"attachment-full size-full wp-post-image\" alt=\"\" srcset=\"https:\/\/portal.sma.gob.cl\/wp-content\/uploads\/2025\/01\/IMG_8293-200x150.jpg 200w, https:\/\/portal.sma.gob.cl\/wp-content\/uploads\/2025\/01\/IMG_8293-400x300.jpg 400w, https:\/\/portal.sma.gob.cl\/wp-content\/uploads\/2025\/01\/IMG_8293-600x450.jpg 600w, https:\/\/portal.sma.gob.cl\/wp-content\/uploads\/2025\/01\/IMG_8293-800x600.jpg 800w, https:\/\/portal.sma.gob.cl\/wp-content\/uploads\/2025\/01\/IMG_8293-1200x900.jpg 1200w, https:\/\/portal.sma.gob.cl\/wp-content\/uploads\/2025\/01\/IMG_8293-scaled.jpg 2560w\" sizes=\"(min-width: 2200px) 100vw, (min-width: 732px) 530px, (min-width: 640px) 732px, \" \/>\t\t\t<\/a>\n\t\t\t\t\t\t\t<\/div>\n<\/div><div class=\"fusion-title title fusion-title-9 fusion-title-text fusion-title-size-five\" style=\"--awb-text-color:#161616;--awb-margin-top:24px;--awb-margin-bottom:10px;--awb-margin-top-small:20px;--awb-margin-right-small:0px;--awb-margin-bottom-small:6px;--awb-margin-left-small:0px;--awb-link-hover-color:#d76728;--awb-font-size:25px;\"><div class=\"title-sep-container title-sep-container-left fusion-no-large-visibility fusion-no-medium-visibility fusion-no-small-visibility\"><div class=\"title-sep sep-double sep-solid\" style=\"border-color:#e0dede;\"><\/div><\/div><span class=\"awb-title-spacer fusion-no-large-visibility fusion-no-medium-visibility fusion-no-small-visibility\"><\/span><h5 class=\"fusion-title-heading title-heading-left fusion-responsive-typography-calculated\" style=\"font-family:&quot;museo-sans-rounded&quot;;font-style:normal;font-weight:700;margin:0;text-transform:var(--awb-typography1-text-transform);font-size:1em;--fontSize:25;line-height:1.2;\"><a href=\"https:\/\/portal.sma.gob.cl\/index.php\/profundizando-sobre-el-sisat\/\" class=\"awb-custom-text-color awb-custom-text-hover-color\" target=\"_self\">Columna en Induambiente: Profundizando sobre el SISAT<\/a><\/h5><span class=\"awb-title-spacer\"><\/span><div class=\"title-sep-container title-sep-container-right\"><div class=\"title-sep sep-double sep-solid\" style=\"border-color:#e0dede;\"><\/div><\/div><\/div><div class=\"fusion-text fusion-text-9\" style=\"--awb-font-size:16px;--awb-line-height:1.7;--awb-letter-spacing:0px;--awb-text-transform:var(--awb-typography2-text-transform);--awb-text-color:#6d6d6d;--awb-text-font-family:&quot;Public Sans&quot;;--awb-text-font-style:normal;--awb-text-font-weight:400;\"><\/div><\/div><\/li>\n<li class=\"fusion-layout-column fusion_builder_column fusion-builder-column-10 fusion-flex-column post-card fusion-grid-column fusion-post-cards-grid-column\" style=\"--awb-bg-blend:overlay;--awb-bg-size:cover;--awb-flex-grow:0;--awb-flex-shrink:0;--awb-flex-grow-medium:0;--awb-flex-shrink-medium:0;--awb-flex-grow-small:0;--awb-flex-shrink-small:0;\"><div class=\"fusion-column-wrapper fusion-flex-justify-content-flex-start fusion-content-layout-column\"><div class=\"fusion-classic-product-image-wrapper fusion-woo-product-image fusion-post-card-image fusion-post-card-image-1\" data-layout=\"static\" style=\"--awb-border-radius-top-left:12px;--awb-border-radius-top-right:12px;--awb-border-radius-bottom-right:12px;--awb-border-radius-bottom-left:12px;\"><div  class=\"fusion-image-wrapper\" aria-haspopup=\"true\">\n\t\t\t\t\t\t\t<a href=\"https:\/\/portal.sma.gob.cl\/index.php\/sma-realiza-notificacion-masiva-a-establecimientos-sobre-actualizacion-en-el-modulo-de-catastro-del-sistema-de-seguimiento-atmosferico-sisat\/\" aria-label=\"SMA realiza notificaci\u00f3n masiva a establecimientos sobre actualizaci\u00f3n en el M\u00f3dulo de Catastro del Sistema de Seguimiento Atmosf\u00e9rico (SISAT)\">\n\t\t\t\t\t\t\t<img decoding=\"async\" width=\"1100\" height=\"640\" src=\"https:\/\/portal.sma.gob.cl\/wp-content\/uploads\/2024\/12\/SISAT.jpg\" class=\"attachment-full size-full wp-post-image\" alt=\"\" srcset=\"https:\/\/portal.sma.gob.cl\/wp-content\/uploads\/2024\/12\/SISAT-200x116.jpg 200w, https:\/\/portal.sma.gob.cl\/wp-content\/uploads\/2024\/12\/SISAT-400x233.jpg 400w, https:\/\/portal.sma.gob.cl\/wp-content\/uploads\/2024\/12\/SISAT-600x349.jpg 600w, https:\/\/portal.sma.gob.cl\/wp-content\/uploads\/2024\/12\/SISAT-800x465.jpg 800w, https:\/\/portal.sma.gob.cl\/wp-content\/uploads\/2024\/12\/SISAT.jpg 1100w\" sizes=\"(min-width: 2200px) 100vw, (min-width: 732px) 530px, (min-width: 640px) 732px, \" \/>\t\t\t<\/a>\n\t\t\t\t\t\t\t<\/div>\n<\/div><div class=\"fusion-title title fusion-title-10 fusion-title-text fusion-title-size-five\" style=\"--awb-text-color:#161616;--awb-margin-top:24px;--awb-margin-bottom:10px;--awb-margin-top-small:20px;--awb-margin-right-small:0px;--awb-margin-bottom-small:6px;--awb-margin-left-small:0px;--awb-link-hover-color:#d76728;--awb-font-size:25px;\"><div class=\"title-sep-container title-sep-container-left fusion-no-large-visibility fusion-no-medium-visibility fusion-no-small-visibility\"><div class=\"title-sep sep-double sep-solid\" style=\"border-color:#e0dede;\"><\/div><\/div><span class=\"awb-title-spacer fusion-no-large-visibility fusion-no-medium-visibility fusion-no-small-visibility\"><\/span><h5 class=\"fusion-title-heading title-heading-left fusion-responsive-typography-calculated\" style=\"font-family:&quot;museo-sans-rounded&quot;;font-style:normal;font-weight:700;margin:0;text-transform:var(--awb-typography1-text-transform);font-size:1em;--fontSize:25;line-height:1.2;\"><a href=\"https:\/\/portal.sma.gob.cl\/index.php\/sma-realiza-notificacion-masiva-a-establecimientos-sobre-actualizacion-en-el-modulo-de-catastro-del-sistema-de-seguimiento-atmosferico-sisat\/\" class=\"awb-custom-text-color awb-custom-text-hover-color\" target=\"_self\">SMA realiza notificaci\u00f3n masiva a establecimientos sobre actualizaci\u00f3n en el M\u00f3dulo de Catastro del Sistema de Seguimiento Atmosf\u00e9rico (SISAT)<\/a><\/h5><span class=\"awb-title-spacer\"><\/span><div class=\"title-sep-container title-sep-container-right\"><div class=\"title-sep sep-double sep-solid\" style=\"border-color:#e0dede;\"><\/div><\/div><\/div><div class=\"fusion-text fusion-text-10\" style=\"--awb-font-size:16px;--awb-line-height:1.7;--awb-letter-spacing:0px;--awb-text-transform:var(--awb-typography2-text-transform);--awb-text-color:#6d6d6d;--awb-text-font-family:&quot;Public Sans&quot;;--awb-text-font-style:normal;--awb-text-font-weight:400;\"><\/div><\/div><\/li>\n<li class=\"fusion-layout-column fusion_builder_column fusion-builder-column-11 fusion-flex-column post-card fusion-grid-column fusion-post-cards-grid-column\" style=\"--awb-bg-blend:overlay;--awb-bg-size:cover;--awb-flex-grow:0;--awb-flex-shrink:0;--awb-flex-grow-medium:0;--awb-flex-shrink-medium:0;--awb-flex-grow-small:0;--awb-flex-shrink-small:0;\"><div class=\"fusion-column-wrapper fusion-flex-justify-content-flex-start fusion-content-layout-column\"><div class=\"fusion-classic-product-image-wrapper fusion-woo-product-image fusion-post-card-image fusion-post-card-image-1\" data-layout=\"static\" style=\"--awb-border-radius-top-left:12px;--awb-border-radius-top-right:12px;--awb-border-radius-bottom-right:12px;--awb-border-radius-bottom-left:12px;\"><div  class=\"fusion-image-wrapper\" aria-haspopup=\"true\">\n\t\t\t\t\t\t\t<a href=\"https:\/\/portal.sma.gob.cl\/index.php\/sma-realizo-taller-para-titulares-sujetos-a-la-norma-de-emision-en-planteles-porcinos\/\" aria-label=\"SMA realiz\u00f3 taller para titulares sujetos a la norma de emisi\u00f3n en planteles porcinos\">\n\t\t\t\t\t\t\t<img decoding=\"async\" width=\"1920\" height=\"1080\" src=\"https:\/\/portal.sma.gob.cl\/wp-content\/uploads\/2024\/08\/Captura-de-pantalla-2024-08-14-100912.png\" class=\"attachment-full size-full wp-post-image\" alt=\"\" srcset=\"https:\/\/portal.sma.gob.cl\/wp-content\/uploads\/2024\/08\/Captura-de-pantalla-2024-08-14-100912-200x113.png 200w, https:\/\/portal.sma.gob.cl\/wp-content\/uploads\/2024\/08\/Captura-de-pantalla-2024-08-14-100912-400x225.png 400w, https:\/\/portal.sma.gob.cl\/wp-content\/uploads\/2024\/08\/Captura-de-pantalla-2024-08-14-100912-600x338.png 600w, https:\/\/portal.sma.gob.cl\/wp-content\/uploads\/2024\/08\/Captura-de-pantalla-2024-08-14-100912-800x450.png 800w, https:\/\/portal.sma.gob.cl\/wp-content\/uploads\/2024\/08\/Captura-de-pantalla-2024-08-14-100912-1200x675.png 1200w, https:\/\/portal.sma.gob.cl\/wp-content\/uploads\/2024\/08\/Captura-de-pantalla-2024-08-14-100912.png 1920w\" sizes=\"(min-width: 2200px) 100vw, (min-width: 732px) 530px, (min-width: 640px) 732px, \" \/>\t\t\t<\/a>\n\t\t\t\t\t\t\t<\/div>\n<\/div><div class=\"fusion-title title fusion-title-11 fusion-title-text fusion-title-size-five\" style=\"--awb-text-color:#161616;--awb-margin-top:24px;--awb-margin-bottom:10px;--awb-margin-top-small:20px;--awb-margin-right-small:0px;--awb-margin-bottom-small:6px;--awb-margin-left-small:0px;--awb-link-hover-color:#d76728;--awb-font-size:25px;\"><div class=\"title-sep-container title-sep-container-left fusion-no-large-visibility fusion-no-medium-visibility fusion-no-small-visibility\"><div class=\"title-sep sep-double sep-solid\" style=\"border-color:#e0dede;\"><\/div><\/div><span class=\"awb-title-spacer fusion-no-large-visibility fusion-no-medium-visibility fusion-no-small-visibility\"><\/span><h5 class=\"fusion-title-heading title-heading-left fusion-responsive-typography-calculated\" style=\"font-family:&quot;museo-sans-rounded&quot;;font-style:normal;font-weight:700;margin:0;text-transform:var(--awb-typography1-text-transform);font-size:1em;--fontSize:25;line-height:1.2;\"><a href=\"https:\/\/portal.sma.gob.cl\/index.php\/sma-realizo-taller-para-titulares-sujetos-a-la-norma-de-emision-en-planteles-porcinos\/\" class=\"awb-custom-text-color awb-custom-text-hover-color\" target=\"_self\">SMA realiz\u00f3 taller para titulares sujetos a la norma de emisi\u00f3n en planteles porcinos<\/a><\/h5><span class=\"awb-title-spacer\"><\/span><div class=\"title-sep-container title-sep-container-right\"><div class=\"title-sep sep-double sep-solid\" style=\"border-color:#e0dede;\"><\/div><\/div><\/div><div class=\"fusion-text fusion-text-11\" style=\"--awb-font-size:16px;--awb-line-height:1.7;--awb-letter-spacing:0px;--awb-text-transform:var(--awb-typography2-text-transform);--awb-text-color:#6d6d6d;--awb-text-font-family:&quot;Public Sans&quot;;--awb-text-font-style:normal;--awb-text-font-weight:400;\"><\/div><\/div><\/li>\n<li class=\"fusion-layout-column fusion_builder_column fusion-builder-column-12 fusion-flex-column post-card fusion-grid-column fusion-post-cards-grid-column\" style=\"--awb-bg-blend:overlay;--awb-bg-size:cover;--awb-flex-grow:0;--awb-flex-shrink:0;--awb-flex-grow-medium:0;--awb-flex-shrink-medium:0;--awb-flex-grow-small:0;--awb-flex-shrink-small:0;\"><div class=\"fusion-column-wrapper fusion-flex-justify-content-flex-start fusion-content-layout-column\"><div class=\"fusion-classic-product-image-wrapper fusion-woo-product-image fusion-post-card-image fusion-post-card-image-1\" data-layout=\"static\" style=\"--awb-border-radius-top-left:12px;--awb-border-radius-top-right:12px;--awb-border-radius-bottom-right:12px;--awb-border-radius-bottom-left:12px;\"><div  class=\"fusion-image-wrapper\" aria-haspopup=\"true\">\n\t\t\t\t\t\t\t<a href=\"https:\/\/portal.sma.gob.cl\/index.php\/sma-notifica-a-364-titulares-de-fuentes-fijas-sujetos-al-plan-de-descontaminacion-atmosferica-de-la-rm-por-incumplimientos-de-sus-obligaciones\/\" aria-label=\"SMA notifica a 364 titulares de fuentes fijas sujetos al Plan de Descontaminaci\u00f3n Atmosf\u00e9rica de la RM por incumplimientos de sus obligaciones\">\n\t\t\t\t\t\t\t<img decoding=\"async\" width=\"1600\" height=\"1067\" src=\"https:\/\/portal.sma.gob.cl\/wp-content\/uploads\/2024\/07\/empresa-humo.jpg\" class=\"attachment-full size-full wp-post-image\" alt=\"\" srcset=\"https:\/\/portal.sma.gob.cl\/wp-content\/uploads\/2024\/07\/empresa-humo-200x133.jpg 200w, https:\/\/portal.sma.gob.cl\/wp-content\/uploads\/2024\/07\/empresa-humo-400x267.jpg 400w, https:\/\/portal.sma.gob.cl\/wp-content\/uploads\/2024\/07\/empresa-humo-600x400.jpg 600w, https:\/\/portal.sma.gob.cl\/wp-content\/uploads\/2024\/07\/empresa-humo-800x534.jpg 800w, https:\/\/portal.sma.gob.cl\/wp-content\/uploads\/2024\/07\/empresa-humo-1200x800.jpg 1200w, https:\/\/portal.sma.gob.cl\/wp-content\/uploads\/2024\/07\/empresa-humo.jpg 1600w\" sizes=\"(min-width: 2200px) 100vw, (min-width: 732px) 530px, (min-width: 640px) 732px, \" \/>\t\t\t<\/a>\n\t\t\t\t\t\t\t<\/div>\n<\/div><div class=\"fusion-title title fusion-title-12 fusion-title-text fusion-title-size-five\" style=\"--awb-text-color:#161616;--awb-margin-top:24px;--awb-margin-bottom:10px;--awb-margin-top-small:20px;--awb-margin-right-small:0px;--awb-margin-bottom-small:6px;--awb-margin-left-small:0px;--awb-link-hover-color:#d76728;--awb-font-size:25px;\"><div class=\"title-sep-container title-sep-container-left fusion-no-large-visibility fusion-no-medium-visibility fusion-no-small-visibility\"><div class=\"title-sep sep-double sep-solid\" style=\"border-color:#e0dede;\"><\/div><\/div><span class=\"awb-title-spacer fusion-no-large-visibility fusion-no-medium-visibility fusion-no-small-visibility\"><\/span><h5 class=\"fusion-title-heading title-heading-left fusion-responsive-typography-calculated\" style=\"font-family:&quot;museo-sans-rounded&quot;;font-style:normal;font-weight:700;margin:0;text-transform:var(--awb-typography1-text-transform);font-size:1em;--fontSize:25;line-height:1.2;\"><a href=\"https:\/\/portal.sma.gob.cl\/index.php\/sma-notifica-a-364-titulares-de-fuentes-fijas-sujetos-al-plan-de-descontaminacion-atmosferica-de-la-rm-por-incumplimientos-de-sus-obligaciones\/\" class=\"awb-custom-text-color awb-custom-text-hover-color\" target=\"_self\">SMA notifica a 364 titulares de fuentes fijas sujetos al Plan de Descontaminaci\u00f3n Atmosf\u00e9rica de la RM por incumplimientos de sus obligaciones<\/a><\/h5><span class=\"awb-title-spacer\"><\/span><div class=\"title-sep-container title-sep-container-right\"><div class=\"title-sep sep-double sep-solid\" style=\"border-color:#e0dede;\"><\/div><\/div><\/div><div class=\"fusion-text fusion-text-12\" style=\"--awb-font-size:16px;--awb-line-height:1.7;--awb-letter-spacing:0px;--awb-text-transform:var(--awb-typography2-text-transform);--awb-text-color:#6d6d6d;--awb-text-font-family:&quot;Public Sans&quot;;--awb-text-font-style:normal;--awb-text-font-weight:400;\"><\/div><\/div><\/li>\n<li class=\"fusion-layout-column fusion_builder_column fusion-builder-column-13 fusion-flex-column post-card fusion-grid-column fusion-post-cards-grid-column\" style=\"--awb-bg-blend:overlay;--awb-bg-size:cover;--awb-flex-grow:0;--awb-flex-shrink:0;--awb-flex-grow-medium:0;--awb-flex-shrink-medium:0;--awb-flex-grow-small:0;--awb-flex-shrink-small:0;\"><div class=\"fusion-column-wrapper fusion-flex-justify-content-flex-start fusion-content-layout-column\"><div class=\"fusion-classic-product-image-wrapper fusion-woo-product-image fusion-post-card-image fusion-post-card-image-1\" data-layout=\"static\" style=\"--awb-border-radius-top-left:12px;--awb-border-radius-top-right:12px;--awb-border-radius-bottom-right:12px;--awb-border-radius-bottom-left:12px;\"><div  class=\"fusion-image-wrapper\" aria-haspopup=\"true\">\n\t\t\t\t\t\t\t<a href=\"https:\/\/portal.sma.gob.cl\/index.php\/gestion-de-episodios-criticos-sma-recuerda-a-regulados-la-obligacion-de-reportar-variables-operacionales-en-sistema-de-seguimiento-atmosferico\/\" aria-label=\"Gesti\u00f3n de Episodios Cr\u00edticos: SMA recuerda a regulados la obligaci\u00f3n de reportar variables operacionales en Sistema de Seguimiento Atmosf\u00e9rico\">\n\t\t\t\t\t\t\t<img decoding=\"async\" width=\"760\" height=\"360\" src=\"https:\/\/portal.sma.gob.cl\/wp-content\/uploads\/2024\/01\/Nota_impuesto_verdes.jpg\" class=\"attachment-full size-full wp-post-image\" alt=\"\" srcset=\"https:\/\/portal.sma.gob.cl\/wp-content\/uploads\/2024\/01\/Nota_impuesto_verdes-200x95.jpg 200w, https:\/\/portal.sma.gob.cl\/wp-content\/uploads\/2024\/01\/Nota_impuesto_verdes-400x189.jpg 400w, https:\/\/portal.sma.gob.cl\/wp-content\/uploads\/2024\/01\/Nota_impuesto_verdes-600x284.jpg 600w, https:\/\/portal.sma.gob.cl\/wp-content\/uploads\/2024\/01\/Nota_impuesto_verdes.jpg 760w\" sizes=\"(min-width: 2200px) 100vw, (min-width: 732px) 530px, (min-width: 640px) 732px, \" \/>\t\t\t<\/a>\n\t\t\t\t\t\t\t<\/div>\n<\/div><div class=\"fusion-title title fusion-title-13 fusion-title-text fusion-title-size-five\" style=\"--awb-text-color:#161616;--awb-margin-top:24px;--awb-margin-bottom:10px;--awb-margin-top-small:20px;--awb-margin-right-small:0px;--awb-margin-bottom-small:6px;--awb-margin-left-small:0px;--awb-link-hover-color:#d76728;--awb-font-size:25px;\"><div class=\"title-sep-container title-sep-container-left fusion-no-large-visibility fusion-no-medium-visibility fusion-no-small-visibility\"><div class=\"title-sep sep-double sep-solid\" style=\"border-color:#e0dede;\"><\/div><\/div><span class=\"awb-title-spacer fusion-no-large-visibility fusion-no-medium-visibility fusion-no-small-visibility\"><\/span><h5 class=\"fusion-title-heading title-heading-left fusion-responsive-typography-calculated\" style=\"font-family:&quot;museo-sans-rounded&quot;;font-style:normal;font-weight:700;margin:0;text-transform:var(--awb-typography1-text-transform);font-size:1em;--fontSize:25;line-height:1.2;\"><a href=\"https:\/\/portal.sma.gob.cl\/index.php\/gestion-de-episodios-criticos-sma-recuerda-a-regulados-la-obligacion-de-reportar-variables-operacionales-en-sistema-de-seguimiento-atmosferico\/\" class=\"awb-custom-text-color awb-custom-text-hover-color\" target=\"_self\">Gesti\u00f3n de Episodios Cr\u00edticos: SMA recuerda a regulados la obligaci\u00f3n de reportar variables operacionales en Sistema de Seguimiento Atmosf\u00e9rico<\/a><\/h5><span class=\"awb-title-spacer\"><\/span><div class=\"title-sep-container title-sep-container-right\"><div class=\"title-sep sep-double sep-solid\" style=\"border-color:#e0dede;\"><\/div><\/div><\/div><div class=\"fusion-text fusion-text-13\" style=\"--awb-font-size:16px;--awb-line-height:1.7;--awb-letter-spacing:0px;--awb-text-transform:var(--awb-typography2-text-transform);--awb-text-color:#6d6d6d;--awb-text-font-family:&quot;Public Sans&quot;;--awb-text-font-style:normal;--awb-text-font-weight:400;\"><\/div><\/div><\/li>\n<li class=\"fusion-layout-column fusion_builder_column fusion-builder-column-14 fusion-flex-column post-card fusion-grid-column fusion-post-cards-grid-column\" style=\"--awb-bg-blend:overlay;--awb-bg-size:cover;--awb-flex-grow:0;--awb-flex-shrink:0;--awb-flex-grow-medium:0;--awb-flex-shrink-medium:0;--awb-flex-grow-small:0;--awb-flex-shrink-small:0;\"><div class=\"fusion-column-wrapper fusion-flex-justify-content-flex-start fusion-content-layout-column\"><div class=\"fusion-classic-product-image-wrapper fusion-woo-product-image fusion-post-card-image fusion-post-card-image-1\" data-layout=\"static\" style=\"--awb-border-radius-top-left:12px;--awb-border-radius-top-right:12px;--awb-border-radius-bottom-right:12px;--awb-border-radius-bottom-left:12px;\"><div  class=\"fusion-image-wrapper\" aria-haspopup=\"true\">\n\t\t\t\t\t\t\t<a href=\"https:\/\/portal.sma.gob.cl\/index.php\/la-araucania-sma-y-ministerio-del-medio-ambiente-realizan-taller-sobre-cumplimiento-de-obligaciones-relacionadas-a-la-emision-de-contaminantes-atmosfericos\/\" aria-label=\"La Araucan\u00eda: SMA y Ministerio del Medio Ambiente realizan taller sobre cumplimiento de obligaciones relacionadas a la emisi\u00f3n de contaminantes atmosf\u00e9ricos\">\n\t\t\t\t\t\t\t<img decoding=\"async\" width=\"788\" height=\"395\" src=\"https:\/\/portal.sma.gob.cl\/wp-content\/uploads\/2024\/04\/MicrosoftTeams-image-20.png\" class=\"attachment-full size-full wp-post-image\" alt=\"\" srcset=\"https:\/\/portal.sma.gob.cl\/wp-content\/uploads\/2024\/04\/MicrosoftTeams-image-20-200x100.png 200w, https:\/\/portal.sma.gob.cl\/wp-content\/uploads\/2024\/04\/MicrosoftTeams-image-20-400x201.png 400w, https:\/\/portal.sma.gob.cl\/wp-content\/uploads\/2024\/04\/MicrosoftTeams-image-20-600x301.png 600w, https:\/\/portal.sma.gob.cl\/wp-content\/uploads\/2024\/04\/MicrosoftTeams-image-20.png 788w\" sizes=\"(min-width: 2200px) 100vw, (min-width: 732px) 530px, (min-width: 640px) 732px, \" \/>\t\t\t<\/a>\n\t\t\t\t\t\t\t<\/div>\n<\/div><div class=\"fusion-title title fusion-title-14 fusion-title-text fusion-title-size-five\" style=\"--awb-text-color:#161616;--awb-margin-top:24px;--awb-margin-bottom:10px;--awb-margin-top-small:20px;--awb-margin-right-small:0px;--awb-margin-bottom-small:6px;--awb-margin-left-small:0px;--awb-link-hover-color:#d76728;--awb-font-size:25px;\"><div class=\"title-sep-container title-sep-container-left fusion-no-large-visibility fusion-no-medium-visibility fusion-no-small-visibility\"><div class=\"title-sep sep-double sep-solid\" style=\"border-color:#e0dede;\"><\/div><\/div><span class=\"awb-title-spacer fusion-no-large-visibility fusion-no-medium-visibility fusion-no-small-visibility\"><\/span><h5 class=\"fusion-title-heading title-heading-left fusion-responsive-typography-calculated\" style=\"font-family:&quot;museo-sans-rounded&quot;;font-style:normal;font-weight:700;margin:0;text-transform:var(--awb-typography1-text-transform);font-size:1em;--fontSize:25;line-height:1.2;\"><a href=\"https:\/\/portal.sma.gob.cl\/index.php\/la-araucania-sma-y-ministerio-del-medio-ambiente-realizan-taller-sobre-cumplimiento-de-obligaciones-relacionadas-a-la-emision-de-contaminantes-atmosfericos\/\" class=\"awb-custom-text-color awb-custom-text-hover-color\" target=\"_self\">La Araucan\u00eda: SMA y Ministerio del Medio Ambiente realizan taller sobre cumplimiento de obligaciones relacionadas a la emisi\u00f3n de contaminantes atmosf\u00e9ricos<\/a><\/h5><span class=\"awb-title-spacer\"><\/span><div class=\"title-sep-container title-sep-container-right\"><div class=\"title-sep sep-double sep-solid\" style=\"border-color:#e0dede;\"><\/div><\/div><\/div><div class=\"fusion-text fusion-text-14\" style=\"--awb-font-size:16px;--awb-line-height:1.7;--awb-letter-spacing:0px;--awb-text-transform:var(--awb-typography2-text-transform);--awb-text-color:#6d6d6d;--awb-text-font-family:&quot;Public Sans&quot;;--awb-text-font-style:normal;--awb-text-font-weight:400;\"><\/div><\/div><\/li>\n<li class=\"fusion-layout-column fusion_builder_column fusion-builder-column-15 fusion-flex-column post-card fusion-grid-column fusion-post-cards-grid-column\" style=\"--awb-bg-blend:overlay;--awb-bg-size:cover;--awb-flex-grow:0;--awb-flex-shrink:0;--awb-flex-grow-medium:0;--awb-flex-shrink-medium:0;--awb-flex-grow-small:0;--awb-flex-shrink-small:0;\"><div class=\"fusion-column-wrapper fusion-flex-justify-content-flex-start fusion-content-layout-column\"><div class=\"fusion-classic-product-image-wrapper fusion-woo-product-image fusion-post-card-image fusion-post-card-image-1\" data-layout=\"static\" style=\"--awb-border-radius-top-left:12px;--awb-border-radius-top-right:12px;--awb-border-radius-bottom-right:12px;--awb-border-radius-bottom-left:12px;\"><div  class=\"fusion-image-wrapper\" aria-haspopup=\"true\">\n\t\t\t\t\t\t\t<a href=\"https:\/\/portal.sma.gob.cl\/index.php\/impuesto-verde-sma-publica-listado-de-establecimientos-que-superaron-limite-anual-de-material-particulado-y-co2\/\" aria-label=\"Impuesto Verde: SMA publica listado de establecimientos que superaron l\u00edmite anual de material particulado y CO2\">\n\t\t\t\t\t\t\t<img decoding=\"async\" width=\"2560\" height=\"1440\" src=\"https:\/\/portal.sma.gob.cl\/wp-content\/uploads\/2024\/03\/aerial-drone-view-thermal-station-s-tube-visible-clouds-with-smoke-coming-out-blue-clear-sky-scaled.jpg\" class=\"attachment-full size-full wp-post-image\" alt=\"\" srcset=\"https:\/\/portal.sma.gob.cl\/wp-content\/uploads\/2024\/03\/aerial-drone-view-thermal-station-s-tube-visible-clouds-with-smoke-coming-out-blue-clear-sky-200x113.jpg 200w, https:\/\/portal.sma.gob.cl\/wp-content\/uploads\/2024\/03\/aerial-drone-view-thermal-station-s-tube-visible-clouds-with-smoke-coming-out-blue-clear-sky-400x225.jpg 400w, https:\/\/portal.sma.gob.cl\/wp-content\/uploads\/2024\/03\/aerial-drone-view-thermal-station-s-tube-visible-clouds-with-smoke-coming-out-blue-clear-sky-600x338.jpg 600w, https:\/\/portal.sma.gob.cl\/wp-content\/uploads\/2024\/03\/aerial-drone-view-thermal-station-s-tube-visible-clouds-with-smoke-coming-out-blue-clear-sky-800x450.jpg 800w, https:\/\/portal.sma.gob.cl\/wp-content\/uploads\/2024\/03\/aerial-drone-view-thermal-station-s-tube-visible-clouds-with-smoke-coming-out-blue-clear-sky-1200x675.jpg 1200w, https:\/\/portal.sma.gob.cl\/wp-content\/uploads\/2024\/03\/aerial-drone-view-thermal-station-s-tube-visible-clouds-with-smoke-coming-out-blue-clear-sky-scaled.jpg 2560w\" sizes=\"(min-width: 2200px) 100vw, (min-width: 732px) 530px, (min-width: 640px) 732px, \" \/>\t\t\t<\/a>\n\t\t\t\t\t\t\t<\/div>\n<\/div><div class=\"fusion-title title fusion-title-15 fusion-title-text fusion-title-size-five\" style=\"--awb-text-color:#161616;--awb-margin-top:24px;--awb-margin-bottom:10px;--awb-margin-top-small:20px;--awb-margin-right-small:0px;--awb-margin-bottom-small:6px;--awb-margin-left-small:0px;--awb-link-hover-color:#d76728;--awb-font-size:25px;\"><div class=\"title-sep-container title-sep-container-left fusion-no-large-visibility fusion-no-medium-visibility fusion-no-small-visibility\"><div class=\"title-sep sep-double sep-solid\" style=\"border-color:#e0dede;\"><\/div><\/div><span class=\"awb-title-spacer fusion-no-large-visibility fusion-no-medium-visibility fusion-no-small-visibility\"><\/span><h5 class=\"fusion-title-heading title-heading-left fusion-responsive-typography-calculated\" style=\"font-family:&quot;museo-sans-rounded&quot;;font-style:normal;font-weight:700;margin:0;text-transform:var(--awb-typography1-text-transform);font-size:1em;--fontSize:25;line-height:1.2;\"><a href=\"https:\/\/portal.sma.gob.cl\/index.php\/impuesto-verde-sma-publica-listado-de-establecimientos-que-superaron-limite-anual-de-material-particulado-y-co2\/\" class=\"awb-custom-text-color awb-custom-text-hover-color\" target=\"_self\">Impuesto Verde: SMA publica listado de establecimientos que superaron l\u00edmite anual de material particulado y CO2<\/a><\/h5><span class=\"awb-title-spacer\"><\/span><div class=\"title-sep-container title-sep-container-right\"><div class=\"title-sep sep-double sep-solid\" style=\"border-color:#e0dede;\"><\/div><\/div><\/div><div class=\"fusion-text fusion-text-15\" style=\"--awb-font-size:16px;--awb-line-height:1.7;--awb-letter-spacing:0px;--awb-text-transform:var(--awb-typography2-text-transform);--awb-text-color:#6d6d6d;--awb-text-font-family:&quot;Public Sans&quot;;--awb-text-font-style:normal;--awb-text-font-weight:400;\"><\/div><\/div><\/li>\n<li class=\"fusion-layout-column fusion_builder_column fusion-builder-column-16 fusion-flex-column post-card fusion-grid-column fusion-post-cards-grid-column\" style=\"--awb-bg-blend:overlay;--awb-bg-size:cover;--awb-flex-grow:0;--awb-flex-shrink:0;--awb-flex-grow-medium:0;--awb-flex-shrink-medium:0;--awb-flex-grow-small:0;--awb-flex-shrink-small:0;\"><div class=\"fusion-column-wrapper fusion-flex-justify-content-flex-start fusion-content-layout-column\"><div class=\"fusion-classic-product-image-wrapper fusion-woo-product-image fusion-post-card-image fusion-post-card-image-1\" data-layout=\"static\" style=\"--awb-border-radius-top-left:12px;--awb-border-radius-top-right:12px;--awb-border-radius-bottom-right:12px;--awb-border-radius-bottom-left:12px;\"><div  class=\"fusion-image-wrapper\" aria-haspopup=\"true\">\n\t\t\t\t\t\t\t<a href=\"https:\/\/portal.sma.gob.cl\/index.php\/sma-realizo-taller-de-asistencia-al-cumplimiento-para-titulares-de-grandes-establecimientos-afectos-al-plan-de-descontaminacion-de-la-region-metropolitana\/\" aria-label=\"SMA realiz\u00f3 taller de asistencia al cumplimiento para titulares de Grandes Establecimientos afectos al Plan de Descontaminaci\u00f3n de la Regi\u00f3n Metropolitana\">\n\t\t\t\t\t\t\t<img decoding=\"async\" width=\"1349\" height=\"704\" src=\"https:\/\/portal.sma.gob.cl\/wp-content\/uploads\/2024\/01\/Imagen2.png\" class=\"attachment-full size-full wp-post-image\" alt=\"\" srcset=\"https:\/\/portal.sma.gob.cl\/wp-content\/uploads\/2024\/01\/Imagen2-200x104.png 200w, https:\/\/portal.sma.gob.cl\/wp-content\/uploads\/2024\/01\/Imagen2-400x209.png 400w, https:\/\/portal.sma.gob.cl\/wp-content\/uploads\/2024\/01\/Imagen2-600x313.png 600w, https:\/\/portal.sma.gob.cl\/wp-content\/uploads\/2024\/01\/Imagen2-800x417.png 800w, https:\/\/portal.sma.gob.cl\/wp-content\/uploads\/2024\/01\/Imagen2-1200x626.png 1200w, https:\/\/portal.sma.gob.cl\/wp-content\/uploads\/2024\/01\/Imagen2.png 1349w\" sizes=\"(min-width: 2200px) 100vw, (min-width: 732px) 530px, (min-width: 640px) 732px, \" \/>\t\t\t<\/a>\n\t\t\t\t\t\t\t<\/div>\n<\/div><div class=\"fusion-title title fusion-title-16 fusion-title-text fusion-title-size-five\" style=\"--awb-text-color:#161616;--awb-margin-top:24px;--awb-margin-bottom:10px;--awb-margin-top-small:20px;--awb-margin-right-small:0px;--awb-margin-bottom-small:6px;--awb-margin-left-small:0px;--awb-link-hover-color:#d76728;--awb-font-size:25px;\"><div class=\"title-sep-container title-sep-container-left fusion-no-large-visibility fusion-no-medium-visibility fusion-no-small-visibility\"><div class=\"title-sep sep-double sep-solid\" style=\"border-color:#e0dede;\"><\/div><\/div><span class=\"awb-title-spacer fusion-no-large-visibility fusion-no-medium-visibility fusion-no-small-visibility\"><\/span><h5 class=\"fusion-title-heading title-heading-left fusion-responsive-typography-calculated\" style=\"font-family:&quot;museo-sans-rounded&quot;;font-style:normal;font-weight:700;margin:0;text-transform:var(--awb-typography1-text-transform);font-size:1em;--fontSize:25;line-height:1.2;\"><a href=\"https:\/\/portal.sma.gob.cl\/index.php\/sma-realizo-taller-de-asistencia-al-cumplimiento-para-titulares-de-grandes-establecimientos-afectos-al-plan-de-descontaminacion-de-la-region-metropolitana\/\" class=\"awb-custom-text-color awb-custom-text-hover-color\" target=\"_self\">SMA realiz\u00f3 taller de asistencia al cumplimiento para titulares de Grandes Establecimientos afectos al Plan de Descontaminaci\u00f3n de la Regi\u00f3n Metropolitana<\/a><\/h5><span class=\"awb-title-spacer\"><\/span><div class=\"title-sep-container title-sep-container-right\"><div class=\"title-sep sep-double sep-solid\" style=\"border-color:#e0dede;\"><\/div><\/div><\/div><div class=\"fusion-text fusion-text-16\" style=\"--awb-font-size:16px;--awb-line-height:1.7;--awb-letter-spacing:0px;--awb-text-transform:var(--awb-typography2-text-transform);--awb-text-color:#6d6d6d;--awb-text-font-family:&quot;Public Sans&quot;;--awb-text-font-style:normal;--awb-text-font-weight:400;\"><\/div><\/div><\/li>\n<li class=\"fusion-layout-column fusion_builder_column fusion-builder-column-17 fusion-flex-column post-card fusion-grid-column fusion-post-cards-grid-column\" style=\"--awb-bg-blend:overlay;--awb-bg-size:cover;--awb-flex-grow:0;--awb-flex-shrink:0;--awb-flex-grow-medium:0;--awb-flex-shrink-medium:0;--awb-flex-grow-small:0;--awb-flex-shrink-small:0;\"><div class=\"fusion-column-wrapper fusion-flex-justify-content-flex-start fusion-content-layout-column\"><div class=\"fusion-classic-product-image-wrapper fusion-woo-product-image fusion-post-card-image fusion-post-card-image-1\" data-layout=\"static\" style=\"--awb-border-radius-top-left:12px;--awb-border-radius-top-right:12px;--awb-border-radius-bottom-right:12px;--awb-border-radius-bottom-left:12px;\"><div  class=\"fusion-image-wrapper\" aria-haspopup=\"true\">\n\t\t\t\t\t\t\t<a href=\"https:\/\/portal.sma.gob.cl\/index.php\/sma-recuerda-obligacion-de-reporte-en-modulo-de-gestion-de-episodios-criticos-gec-del-sistema-de-seguimiento-atmosferico-sisat-para-fuentes-estacionarias-de-establecimientos-afectos-2\/\" aria-label=\"SMA recuerda obligaci\u00f3n de Reporte en M\u00f3dulo de Gesti\u00f3n de Episodios Cr\u00edticos (GEC) del Sistema de Seguimiento Atmosf\u00e9rico (SISAT) para fuentes estacionarias de establecimientos afectos\">\n\t\t\t\t\t\t\t<img decoding=\"async\" width=\"1200\" height=\"900\" src=\"https:\/\/portal.sma.gob.cl\/wp-content\/uploads\/2023\/07\/Fuentes-fijas2-1200x900-1.jpg\" class=\"attachment-full size-full wp-post-image\" alt=\"\" srcset=\"https:\/\/portal.sma.gob.cl\/wp-content\/uploads\/2023\/07\/Fuentes-fijas2-1200x900-1-200x150.jpg 200w, https:\/\/portal.sma.gob.cl\/wp-content\/uploads\/2023\/07\/Fuentes-fijas2-1200x900-1-400x300.jpg 400w, https:\/\/portal.sma.gob.cl\/wp-content\/uploads\/2023\/07\/Fuentes-fijas2-1200x900-1-600x450.jpg 600w, https:\/\/portal.sma.gob.cl\/wp-content\/uploads\/2023\/07\/Fuentes-fijas2-1200x900-1-800x600.jpg 800w, https:\/\/portal.sma.gob.cl\/wp-content\/uploads\/2023\/07\/Fuentes-fijas2-1200x900-1.jpg 1200w\" sizes=\"(min-width: 2200px) 100vw, (min-width: 732px) 530px, (min-width: 640px) 732px, \" \/>\t\t\t<\/a>\n\t\t\t\t\t\t\t<\/div>\n<\/div><div class=\"fusion-title title fusion-title-17 fusion-title-text fusion-title-size-five\" style=\"--awb-text-color:#161616;--awb-margin-top:24px;--awb-margin-bottom:10px;--awb-margin-top-small:20px;--awb-margin-right-small:0px;--awb-margin-bottom-small:6px;--awb-margin-left-small:0px;--awb-link-hover-color:#d76728;--awb-font-size:25px;\"><div class=\"title-sep-container title-sep-container-left fusion-no-large-visibility fusion-no-medium-visibility fusion-no-small-visibility\"><div class=\"title-sep sep-double sep-solid\" style=\"border-color:#e0dede;\"><\/div><\/div><span class=\"awb-title-spacer fusion-no-large-visibility fusion-no-medium-visibility fusion-no-small-visibility\"><\/span><h5 class=\"fusion-title-heading title-heading-left fusion-responsive-typography-calculated\" style=\"font-family:&quot;museo-sans-rounded&quot;;font-style:normal;font-weight:700;margin:0;text-transform:var(--awb-typography1-text-transform);font-size:1em;--fontSize:25;line-height:1.2;\"><a href=\"https:\/\/portal.sma.gob.cl\/index.php\/sma-recuerda-obligacion-de-reporte-en-modulo-de-gestion-de-episodios-criticos-gec-del-sistema-de-seguimiento-atmosferico-sisat-para-fuentes-estacionarias-de-establecimientos-afectos-2\/\" class=\"awb-custom-text-color awb-custom-text-hover-color\" target=\"_self\">SMA recuerda obligaci\u00f3n de Reporte en M\u00f3dulo de Gesti\u00f3n de Episodios Cr\u00edticos (GEC) del Sistema de Seguimiento Atmosf\u00e9rico (SISAT) para fuentes estacionarias de establecimientos afectos<\/a><\/h5><span class=\"awb-title-spacer\"><\/span><div class=\"title-sep-container title-sep-container-right\"><div class=\"title-sep sep-double sep-solid\" style=\"border-color:#e0dede;\"><\/div><\/div><\/div><div class=\"fusion-text fusion-text-17\" style=\"--awb-font-size:16px;--awb-line-height:1.7;--awb-letter-spacing:0px;--awb-text-transform:var(--awb-typography2-text-transform);--awb-text-color:#6d6d6d;--awb-text-font-family:&quot;Public Sans&quot;;--awb-text-font-style:normal;--awb-text-font-weight:400;\"><\/div><\/div><\/li>\n<li class=\"fusion-layout-column fusion_builder_column fusion-builder-column-18 fusion-flex-column post-card fusion-grid-column fusion-post-cards-grid-column\" style=\"--awb-bg-blend:overlay;--awb-bg-size:cover;--awb-flex-grow:0;--awb-flex-shrink:0;--awb-flex-grow-medium:0;--awb-flex-shrink-medium:0;--awb-flex-grow-small:0;--awb-flex-shrink-small:0;\"><div class=\"fusion-column-wrapper fusion-flex-justify-content-flex-start fusion-content-layout-column\"><div class=\"fusion-classic-product-image-wrapper fusion-woo-product-image fusion-post-card-image fusion-post-card-image-1\" data-layout=\"static\" style=\"--awb-border-radius-top-left:12px;--awb-border-radius-top-right:12px;--awb-border-radius-bottom-right:12px;--awb-border-radius-bottom-left:12px;\"><div  class=\"fusion-image-wrapper\" aria-haspopup=\"true\">\n\t\t\t\t\t\t\t<a href=\"https:\/\/portal.sma.gob.cl\/index.php\/sma-realiza-taller-de-asistencia-al-cumplimiento-ambiental-para-establecimientos-afectos-al-impuesto-verde-2023\/\" aria-label=\"SMA realiza taller de asistencia al cumplimiento ambiental para establecimientos afectos al Impuesto Verde 2023\">\n\t\t\t\t\t\t\t<img decoding=\"async\" width=\"1512\" height=\"665\" src=\"https:\/\/portal.sma.gob.cl\/wp-content\/uploads\/2023\/05\/Taller-Impuesto-Verde.png\" class=\"attachment-full size-full wp-post-image\" alt=\"\" srcset=\"https:\/\/portal.sma.gob.cl\/wp-content\/uploads\/2023\/05\/Taller-Impuesto-Verde-200x88.png 200w, https:\/\/portal.sma.gob.cl\/wp-content\/uploads\/2023\/05\/Taller-Impuesto-Verde-400x176.png 400w, https:\/\/portal.sma.gob.cl\/wp-content\/uploads\/2023\/05\/Taller-Impuesto-Verde-600x264.png 600w, https:\/\/portal.sma.gob.cl\/wp-content\/uploads\/2023\/05\/Taller-Impuesto-Verde-800x352.png 800w, https:\/\/portal.sma.gob.cl\/wp-content\/uploads\/2023\/05\/Taller-Impuesto-Verde-1200x528.png 1200w, https:\/\/portal.sma.gob.cl\/wp-content\/uploads\/2023\/05\/Taller-Impuesto-Verde.png 1512w\" sizes=\"(min-width: 2200px) 100vw, (min-width: 732px) 530px, (min-width: 640px) 732px, \" \/>\t\t\t<\/a>\n\t\t\t\t\t\t\t<\/div>\n<\/div><div class=\"fusion-title title fusion-title-18 fusion-title-text fusion-title-size-five\" style=\"--awb-text-color:#161616;--awb-margin-top:24px;--awb-margin-bottom:10px;--awb-margin-top-small:20px;--awb-margin-right-small:0px;--awb-margin-bottom-small:6px;--awb-margin-left-small:0px;--awb-link-hover-color:#d76728;--awb-font-size:25px;\"><div class=\"title-sep-container title-sep-container-left fusion-no-large-visibility fusion-no-medium-visibility fusion-no-small-visibility\"><div class=\"title-sep sep-double sep-solid\" style=\"border-color:#e0dede;\"><\/div><\/div><span class=\"awb-title-spacer fusion-no-large-visibility fusion-no-medium-visibility fusion-no-small-visibility\"><\/span><h5 class=\"fusion-title-heading title-heading-left fusion-responsive-typography-calculated\" style=\"font-family:&quot;museo-sans-rounded&quot;;font-style:normal;font-weight:700;margin:0;text-transform:var(--awb-typography1-text-transform);font-size:1em;--fontSize:25;line-height:1.2;\"><a href=\"https:\/\/portal.sma.gob.cl\/index.php\/sma-realiza-taller-de-asistencia-al-cumplimiento-ambiental-para-establecimientos-afectos-al-impuesto-verde-2023\/\" class=\"awb-custom-text-color awb-custom-text-hover-color\" target=\"_self\">SMA realiza taller de asistencia al cumplimiento ambiental para establecimientos afectos al Impuesto Verde 2023<\/a><\/h5><span class=\"awb-title-spacer\"><\/span><div class=\"title-sep-container title-sep-container-right\"><div class=\"title-sep sep-double sep-solid\" style=\"border-color:#e0dede;\"><\/div><\/div><\/div><div class=\"fusion-text fusion-text-18\" style=\"--awb-font-size:16px;--awb-line-height:1.7;--awb-letter-spacing:0px;--awb-text-transform:var(--awb-typography2-text-transform);--awb-text-color:#6d6d6d;--awb-text-font-family:&quot;Public Sans&quot;;--awb-text-font-style:normal;--awb-text-font-weight:400;\"><\/div><\/div><\/li>\n<li class=\"fusion-layout-column fusion_builder_column fusion-builder-column-19 fusion-flex-column post-card fusion-grid-column fusion-post-cards-grid-column\" style=\"--awb-bg-blend:overlay;--awb-bg-size:cover;--awb-flex-grow:0;--awb-flex-shrink:0;--awb-flex-grow-medium:0;--awb-flex-shrink-medium:0;--awb-flex-grow-small:0;--awb-flex-shrink-small:0;\"><div class=\"fusion-column-wrapper fusion-flex-justify-content-flex-start fusion-content-layout-column\"><div class=\"fusion-classic-product-image-wrapper fusion-woo-product-image fusion-post-card-image fusion-post-card-image-1\" data-layout=\"static\" style=\"--awb-border-radius-top-left:12px;--awb-border-radius-top-right:12px;--awb-border-radius-bottom-right:12px;--awb-border-radius-bottom-left:12px;\"><div  class=\"fusion-image-wrapper\" aria-haspopup=\"true\">\n\t\t\t\t\t\t\t<a href=\"https:\/\/portal.sma.gob.cl\/index.php\/maule-mas-de-100-personas-asistieron-a-taller-para-fuentes-estacionarias-afectas-a-planes-de-descontaminacion\/\" aria-label=\"Maule: M\u00e1s de 100 personas asistieron a taller para fuentes estacionarias afectas a Planes de Descontaminaci\u00f3n\">\n\t\t\t\t\t\t\t<img decoding=\"async\" width=\"930\" height=\"523\" src=\"https:\/\/portal.sma.gob.cl\/wp-content\/uploads\/2023\/03\/Sisat-1.png\" class=\"attachment-full size-full wp-post-image\" alt=\"\" srcset=\"https:\/\/portal.sma.gob.cl\/wp-content\/uploads\/2023\/03\/Sisat-1-200x112.png 200w, https:\/\/portal.sma.gob.cl\/wp-content\/uploads\/2023\/03\/Sisat-1-400x225.png 400w, https:\/\/portal.sma.gob.cl\/wp-content\/uploads\/2023\/03\/Sisat-1-600x337.png 600w, https:\/\/portal.sma.gob.cl\/wp-content\/uploads\/2023\/03\/Sisat-1-800x450.png 800w, https:\/\/portal.sma.gob.cl\/wp-content\/uploads\/2023\/03\/Sisat-1.png 930w\" sizes=\"(min-width: 2200px) 100vw, (min-width: 732px) 530px, (min-width: 640px) 732px, \" \/>\t\t\t<\/a>\n\t\t\t\t\t\t\t<\/div>\n<\/div><div class=\"fusion-title title fusion-title-19 fusion-title-text fusion-title-size-five\" style=\"--awb-text-color:#161616;--awb-margin-top:24px;--awb-margin-bottom:10px;--awb-margin-top-small:20px;--awb-margin-right-small:0px;--awb-margin-bottom-small:6px;--awb-margin-left-small:0px;--awb-link-hover-color:#d76728;--awb-font-size:25px;\"><div class=\"title-sep-container title-sep-container-left fusion-no-large-visibility fusion-no-medium-visibility fusion-no-small-visibility\"><div class=\"title-sep sep-double sep-solid\" style=\"border-color:#e0dede;\"><\/div><\/div><span class=\"awb-title-spacer fusion-no-large-visibility fusion-no-medium-visibility fusion-no-small-visibility\"><\/span><h5 class=\"fusion-title-heading title-heading-left fusion-responsive-typography-calculated\" style=\"font-family:&quot;museo-sans-rounded&quot;;font-style:normal;font-weight:700;margin:0;text-transform:var(--awb-typography1-text-transform);font-size:1em;--fontSize:25;line-height:1.2;\"><a href=\"https:\/\/portal.sma.gob.cl\/index.php\/maule-mas-de-100-personas-asistieron-a-taller-para-fuentes-estacionarias-afectas-a-planes-de-descontaminacion\/\" class=\"awb-custom-text-color awb-custom-text-hover-color\" target=\"_self\">Maule: M\u00e1s de 100 personas asistieron a taller para fuentes estacionarias afectas a Planes de Descontaminaci\u00f3n<\/a><\/h5><span class=\"awb-title-spacer\"><\/span><div class=\"title-sep-container title-sep-container-right\"><div class=\"title-sep sep-double sep-solid\" style=\"border-color:#e0dede;\"><\/div><\/div><\/div><div class=\"fusion-text fusion-text-19\" style=\"--awb-font-size:16px;--awb-line-height:1.7;--awb-letter-spacing:0px;--awb-text-transform:var(--awb-typography2-text-transform);--awb-text-color:#6d6d6d;--awb-text-font-family:&quot;Public Sans&quot;;--awb-text-font-style:normal;--awb-text-font-weight:400;\"><\/div><\/div><\/li>\n<\/ul><div class=\"fusion-infinite-scroll-trigger\"><\/div><div class=\"pagination infinite-scroll clearfix\" style=\"display:none;\"><span class=\"current\">1<\/span><a href=\"https:\/\/portal.sma.gob.cl\/index.php\/wp-json\/wp\/v2\/pages\/35996\/page\/2\/\" class=\"inactive\">2<\/a><a class=\"pagination-next\" rel=\"next\" href=\"https:\/\/portal.sma.gob.cl\/index.php\/wp-json\/wp\/v2\/pages\/35996\/page\/2\/\"><span class=\"page-text\">Next<\/span><span class=\"page-next\"><\/span><\/a><\/div><div class=\"fusion-clearfix\"><\/div><\/div><\/div><\/div><\/div><\/div><\/p>\n","protected":false},"excerpt":{"rendered":"","protected":false},"author":3,"featured_media":0,"parent":35873,"menu_order":0,"comment_status":"closed","ping_status":"closed","template":"100-width.php","meta":{"footnotes":""},"class_list":["post-35996","page","type-page","status-publish","hentry"],"_links":{"self":[{"href":"https:\/\/portal.sma.gob.cl\/index.php\/wp-json\/wp\/v2\/pages\/35996","targetHints":{"allow":["GET"]}}],"collection":[{"href":"https:\/\/portal.sma.gob.cl\/index.php\/wp-json\/wp\/v2\/pages"}],"about":[{"href":"https:\/\/portal.sma.gob.cl\/index.php\/wp-json\/wp\/v2\/types\/page"}],"author":[{"embeddable":true,"href":"https:\/\/portal.sma.gob.cl\/index.php\/wp-json\/wp\/v2\/users\/3"}],"replies":[{"embeddable":true,"href":"https:\/\/portal.sma.gob.cl\/index.php\/wp-json\/wp\/v2\/comments?post=35996"}],"version-history":[{"count":9,"href":"https:\/\/portal.sma.gob.cl\/index.php\/wp-json\/wp\/v2\/pages\/35996\/revisions"}],"predecessor-version":[{"id":36531,"href":"https:\/\/portal.sma.gob.cl\/index.php\/wp-json\/wp\/v2\/pages\/35996\/revisions\/36531"}],"up":[{"embeddable":true,"href":"https:\/\/portal.sma.gob.cl\/index.php\/wp-json\/wp\/v2\/pages\/35873"}],"wp:attachment":[{"href":"https:\/\/portal.sma.gob.cl\/index.php\/wp-json\/wp\/v2\/media?parent=35996"}],"curies":[{"name":"wp","href":"https:\/\/api.w.org\/{rel}","templated":true}]}}