{"id":37559,"date":"2026-02-23T12:14:16","date_gmt":"2026-02-23T15:14:16","guid":{"rendered":"https:\/\/portal.sma.gob.cl\/?page_id=37559"},"modified":"2026-02-26T12:56:07","modified_gmt":"2026-02-26T15:56:07","slug":"acciones-sma-en-cqp","status":"publish","type":"page","link":"https:\/\/portal.sma.gob.cl\/index.php\/gestion-concon-quintero-y-puchuncavi\/acciones-sma-en-cqp\/","title":{"rendered":"Acciones SMA en CQP"},"content":{"rendered":"<p><div class=\"fusion-bg-parallax\" data-bg-align=\"left top\" data-direction=\"down\" data-mute=\"false\" data-opacity=\"100\" data-velocity=\"-0.3\" data-mobile-enabled=\"false\" data-break_parents=\"0\" data-bg-image=\"https:\/\/portal.sma.gob.cl\/wp-content\/uploads\/2024\/08\/234.jpg\" data-bg-repeat=\"false\" data-bg-gradient-type=\"linear\" data-bg-gradient-angle=\"58\" data-bg-gradient-start-color=\"#163277\" data-bg-gradient-start-position=\"13\" data-bg-gradient-end-color=\"rgba(22,50,119,0)\" data-bg-gradient-end-position=\"57\" data-bg-radial-direction=\"center center\" ><\/div><div class=\"fusion-fullwidth fullwidth-box fusion-builder-row-1 fusion-flex-container has-pattern-background has-mask-background fusion-parallax-down nonhundred-percent-fullwidth non-hundred-percent-height-scrolling\" style=\"--awb-background-position:left top;--awb-border-radius-top-left:0px;--awb-border-radius-top-right:0px;--awb-border-radius-bottom-right:0px;--awb-border-radius-bottom-left:0px;--awb-padding-right-small:7vh;--awb-padding-left-small:7vh;--awb-background-image:linear-gradient(58deg, #163277 13%,rgba(22,50,119,0) 57%),url(https:\/\/portal.sma.gob.cl\/wp-content\/uploads\/2024\/08\/234.jpg);;--awb-background-size:cover;--awb-flex-wrap:wrap;\" ><div class=\"fusion-builder-row fusion-row fusion-flex-align-items-flex-start fusion-flex-content-wrap\" style=\"max-width:1144px;margin-left: calc(-4% \/ 2 );margin-right: calc(-4% \/ 2 );\"><div class=\"fusion-layout-column fusion_builder_column fusion-builder-column-0 fusion_builder_column_2_3 2_3 fusion-flex-column fusion-animated\" style=\"--awb-padding-top:7vh;--awb-padding-bottom:7vh;--awb-padding-top-medium:10vh;--awb-padding-bottom-medium:10vh;--awb-padding-top-small:8vh;--awb-padding-right-small:2vh;--awb-padding-bottom-small:0px;--awb-padding-left-small:2vh;--awb-bg-size:cover;--awb-width-large:66.666666666667%;--awb-margin-top-large:0px;--awb-spacing-right-large:2.88%;--awb-margin-bottom-large:0px;--awb-spacing-left-large:2.88%;--awb-width-medium:50%;--awb-order-medium:0;--awb-spacing-right-medium:3.84%;--awb-spacing-left-medium:3.84%;--awb-width-small:100%;--awb-order-small:0;--awb-spacing-right-small:1.92%;--awb-spacing-left-small:1.92%;\" data-animationType=\"fadeInLeft\" data-animationDuration=\"1.0\" data-animationOffset=\"top-into-view\" data-scroll-devices=\"small-visibility,medium-visibility,large-visibility\"><div class=\"fusion-column-wrapper fusion-column-has-shadow fusion-flex-justify-content-flex-start fusion-content-layout-row\"><\/div><\/div><\/div><\/div><div class=\"fusion-fullwidth fullwidth-box fusion-builder-row-2 has-pattern-background has-mask-background nonhundred-percent-fullwidth non-hundred-percent-height-scrolling\" style=\"--awb-border-radius-top-left:0px;--awb-border-radius-top-right:0px;--awb-border-radius-bottom-right:0px;--awb-border-radius-bottom-left:0px;--awb-padding-top:20px;--awb-padding-bottom:20px;--awb-margin-bottom:40px;--awb-flex-wrap:wrap;\" ><div class=\"fusion-builder-row fusion-row\"><div class=\"fusion-layout-column fusion_builder_column fusion-builder-column-1 fusion_builder_column_1_1 1_1 fusion-one-full fusion-column-first fusion-column-last\" style=\"--awb-padding-top:40px;--awb-padding-bottom:20px;--awb-padding-top-medium:60px;--awb-padding-bottom-medium:60px;--awb-padding-top-small:20px;--awb-bg-size:cover;--awb-margin-bottom:0px;\" data-scroll-devices=\"small-visibility,medium-visibility,large-visibility\"><div class=\"fusion-column-wrapper fusion-column-has-shadow fusion-flex-column-wrapper-legacy\"><div class=\"fusion-title title fusion-title-1 fusion-sep-none fusion-title-text fusion-title-size-two\" style=\"--awb-text-color:#163277;--awb-margin-bottom:10px;--awb-margin-top-small:0px;--awb-margin-right-small:0px;--awb-margin-bottom-small:20px;--awb-margin-left-small:0px;--awb-font-size:38px;\"><h2 class=\"fusion-title-heading title-heading-left fusion-responsive-typography-calculated\" style=\"font-family:&quot;museo-sans&quot;;font-style:normal;font-weight:900;margin:0;font-size:1em;--fontSize:38;line-height:1.35;\">Acciones SMA en CQP<\/h2><\/div><div class=\"fusion-sep-clear\"><\/div><div class=\"fusion-separator fusion-clearfix\" style=\"float:left;margin-bottom:30px;width:100%;max-width:40%;\"><div class=\"fusion-separator-border sep-single sep-solid\" style=\"--awb-height:20px;--awb-amount:20px;--awb-sep-color:#eddb5b;border-color:#eddb5b;border-top-width:3px;\"><\/div><\/div><div class=\"fusion-sep-clear\"><\/div><div class=\"fusion-text fusion-text-1\" style=\"--awb-font-size:17px;\"><p>En el territorio conformado por Conc\u00f3n, Quintero y Puchuncav\u00ed, la Superintendencia del Medio Ambiente (SMA) implementa una estrategia prioritaria y permanente de fiscalizaci\u00f3n y seguimiento ambiental, considerando la complejidad industrial y los desaf\u00edos hist\u00f3ricos en materia de calidad del aire y control de emisiones en la zona.<\/p>\n<p><strong>En este marco, la instituci\u00f3n ha establecido distintas medidas:<\/strong><\/p>\n<\/div><div class=\"fusion-clearfix\"><\/div><\/div><\/div><div class=\"fusion-layout-column fusion_builder_column fusion-builder-column-2 fusion_builder_column_1_1 1_1 fusion-one-full fusion-column-first fusion-column-last\" style=\"--awb-padding-top:20px;--awb-padding-bottom:40px;--awb-padding-top-medium:60px;--awb-padding-bottom-medium:60px;--awb-padding-top-small:20px;--awb-bg-size:cover;--awb-margin-bottom:0px;\" data-scroll-devices=\"small-visibility,medium-visibility,large-visibility\"><div class=\"fusion-column-wrapper fusion-column-has-shadow fusion-flex-column-wrapper-legacy\"><div class=\"fusion-content-boxes content-boxes columns row fusion-columns-1 fusion-columns-total-4 fusion-content-boxes-1 content-boxes-timeline-vertical content-left content-boxes-timeline-layout content-boxes-icon-with-title fusion-delayed-animation\" style=\"--awb-backgroundcolor:var(--awb-custom13);--awb-border-radius-top-left:10px;--awb-border-radius-top-right:10px;--awb-border-radius-bottom-right:10px;--awb-border-radius-bottom-left:10px;--awb-body-color:var(--awb-color8);--awb-title-color:#154bb7;--awb-iconcolor:#163277;--awb-hover-accent-color:#a0ce4e;--awb-circle-hover-accent-color:#a0ce4e;--awb-item-margin-bottom:40px;\" data-animation-delay=\"350\" data-animationOffset=\"top-into-view\"><div style=\"--awb-backgroundcolor:var(--awb-custom13);--awb-iconcolor:#163277;--awb-content-padding-left:62px;\" class=\"fusion-column content-box-column content-box-column content-box-column-1 col-lg-12 col-md-12 col-sm-12 fusion-content-box-hover content-box-column-last-in-row\"><div class=\"col content-box-wrapper content-wrapper-background link-area-link-icon icon-hover-animation-fade fusion-animated\" data-animationType=\"fadeIn\" data-animationDuration=\"0.25\" data-animationOffset=\"top-into-view\"><div class=\"heading heading-with-icon icon-left\" style=\"margin-top:10px;\"><div class=\"icon\" style=\"margin-top:-10px;margin-bottom:-10px;-webkit-animation-duration: 350ms;animation-duration: 350ms;\"><i style=\"border-color:#333333;border-width:0px;background-color:#54c6ee;box-sizing:content-box;height:42px;width:42px;line-height:42px;border-radius:50%;font-size:21px;\" aria-hidden=\"true\" class=\"fontawesome-icon fa-tasks fas circle-yes\"><\/i><\/div><h2 class=\"content-box-heading fusion-responsive-typography-calculated\" style=\"--h2_typography-font-size:22px;--fontSize:22;line-height:1.5;\">Estrategia integral y prioritaria de fiscalizaci\u00f3n ambiental<\/h2><\/div><div class=\"fusion-clearfix\"><\/div><div class=\"content-container\">\n<p>La SMA ha definido este territorio como un foco estrat\u00e9gico de gesti\u00f3n ambiental, desplegando actividades de fiscalizaci\u00f3n de manera intensiva, programaciones especiales y acciones preventivas reforzadas. Esto contempla inspecciones en terreno, revisi\u00f3n de antecedentes, verificaci\u00f3n de cumplimiento de medidas ambientales y seguimiento continuo de las obligaciones establecidas en los instrumentos de gesti\u00f3n ambiental vigentes. La estrategia combina acciones preventivas, correctivas y sancionatorias para asegurar el cumplimiento normativo y la protecci\u00f3n de la salud de las personas.<\/p>\n<\/div><div class=\"content-box-shortcode-timeline-vertical\" style=\"border-color:#333333;left:71px;top:56px;-webkit-transition-duration: 350ms;animation-duration: 350ms;\"><\/div><\/div><\/div><div style=\"--awb-backgroundcolor:var(--awb-custom13);--awb-iconcolor:#163277;--awb-content-padding-left:62px;\" class=\"fusion-column content-box-column content-box-column content-box-column-2 col-lg-12 col-md-12 col-sm-12 fusion-content-box-hover content-box-column-last-in-row\"><div class=\"col content-box-wrapper content-wrapper-background link-area-link-icon icon-hover-animation-fade fusion-animated\" data-animationType=\"fadeIn\" data-animationDuration=\"0.25\" data-animationOffset=\"top-into-view\"><div class=\"heading heading-with-icon icon-left\" style=\"margin-top:10px;\"><div class=\"icon\" style=\"margin-top:-10px;margin-bottom:-10px;-webkit-animation-duration: 350ms;animation-duration: 350ms;\"><i style=\"border-color:#333333;border-width:0px;background-color:#54c6ee;box-sizing:content-box;height:42px;width:42px;line-height:42px;border-radius:50%;font-size:21px;\" aria-hidden=\"true\" class=\"fontawesome-icon fa-cloud fas circle-yes\"><\/i><\/div><h2 class=\"content-box-heading fusion-responsive-typography-calculated\" style=\"--h2_typography-font-size:22px;--fontSize:22;line-height:1.5;\">Monitoreo reforzado y control de calidad del aire<\/h2><\/div><div class=\"fusion-clearfix\"><\/div><div class=\"content-container\">\n<p>Como parte del seguimiento ambiental en Conc\u00f3n, Quintero y Puchuncav\u00ed, la SMA ha fortalecido el monitoreo de calidad del aire mediante la supervisi\u00f3n de estaciones oficiales y la implementaci\u00f3n de mediciones complementarias, incluyendo compuestos org\u00e1nicos vol\u00e1tiles (COVs). Estas acciones permiten contar con informaci\u00f3n t\u00e9cnica robusta para orientar la fiscalizaci\u00f3n, evaluar el desempe\u00f1o ambiental de las instalaciones reguladas y adoptar decisiones basadas en evidencia cient\u00edfica frente a eventuales episodios ambientales.<\/p>\n<\/div><div class=\"content-box-shortcode-timeline-vertical\" style=\"border-color:#333333;left:71px;top:56px;-webkit-transition-duration: 350ms;animation-duration: 350ms;\"><\/div><\/div><\/div><div style=\"--awb-backgroundcolor:var(--awb-custom13);--awb-iconcolor:#163277;--awb-content-padding-left:62px;\" class=\"fusion-column content-box-column content-box-column content-box-column-3 col-lg-12 col-md-12 col-sm-12 fusion-content-box-hover content-box-column-last-in-row\"><div class=\"col content-box-wrapper content-wrapper-background link-area-link-icon icon-hover-animation-fade fusion-animated\" data-animationType=\"fadeIn\" data-animationDuration=\"0.25\" data-animationOffset=\"top-into-view\"><div class=\"heading heading-with-icon icon-left\" style=\"margin-top:10px;\"><div class=\"icon\" style=\"margin-top:-10px;margin-bottom:-10px;-webkit-animation-duration: 350ms;animation-duration: 350ms;\"><i style=\"border-color:#333333;border-width:0px;background-color:#54c6ee;box-sizing:content-box;height:42px;width:42px;line-height:42px;border-radius:50%;font-size:21px;\" aria-hidden=\"true\" class=\"fontawesome-icon fa-flask fas circle-yes\"><\/i><\/div><h2 class=\"content-box-heading fusion-responsive-typography-calculated\" style=\"--h2_typography-font-size:22px;--fontSize:22;line-height:1.5;\">Rol del Laboratorio de la SMA en el seguimiento ambiental<\/h2><\/div><div class=\"fusion-clearfix\"><\/div><div class=\"content-container\">\n<p>El Laboratorio de la SMA cumple un rol clave en esta estrategia integral, aportando respaldo cient\u00edfico y t\u00e9cnico a las acciones de fiscalizaci\u00f3n. A trav\u00e9s del an\u00e1lisis de muestras ambientales, verificaci\u00f3n de datos de monitoreo, desarrollo de metodolog\u00edas y evaluaci\u00f3n de contaminantes atmosf\u00e9ricos, el laboratorio fortalece la calidad, trazabilidad y confiabilidad de la informaci\u00f3n utilizada en procesos inspectivos y sancionatorios. Su trabajo permite sustentar t\u00e9cnicamente las decisiones institucionales y elevar los est\u00e1ndares de control ambiental en la zona.<\/p>\n<\/div><div class=\"content-box-shortcode-timeline-vertical\" style=\"border-color:#333333;left:71px;top:56px;-webkit-transition-duration: 350ms;animation-duration: 350ms;\"><\/div><\/div><\/div><div style=\"--awb-backgroundcolor:var(--awb-custom13);--awb-iconcolor:#163277;--awb-content-padding-left:62px;\" class=\"fusion-column content-box-column content-box-column content-box-column-4 col-lg-12 col-md-12 col-sm-12 fusion-content-box-hover content-box-column-last content-box-column-last-in-row\"><div class=\"col content-box-wrapper content-wrapper-background link-area-link-icon icon-hover-animation-fade fusion-animated\" data-animationType=\"fadeIn\" data-animationDuration=\"0.25\" data-animationOffset=\"top-into-view\"><div class=\"heading heading-with-icon icon-left\" style=\"margin-top:10px;\"><div class=\"icon\" style=\"margin-top:-10px;margin-bottom:-10px;-webkit-animation-duration: 350ms;animation-duration: 350ms;\"><i style=\"border-color:#333333;border-width:0px;background-color:#54c6ee;box-sizing:content-box;height:42px;width:42px;line-height:42px;border-radius:50%;font-size:21px;\" aria-hidden=\"true\" class=\"fontawesome-icon fa-gavel fas circle-yes\"><\/i><\/div><h2 class=\"content-box-heading fusion-responsive-typography-calculated\" style=\"--h2_typography-font-size:22px;--fontSize:22;line-height:1.5;\">Transparencia, sanciones y coordinaci\u00f3n interinstitucional<\/h2><\/div><div class=\"fusion-clearfix\"><\/div><div class=\"content-container\">\n<p>La estrategia en Conc\u00f3n, Quintero y Puchuncav\u00ed se complementa con medidas de transparencia activa, poniendo a disposici\u00f3n p\u00fablica informaci\u00f3n de monitoreo ambiental relevante para la ciudadan\u00eda. Asimismo, cuando se detectan incumplimientos, la SMA ejerce sus atribuciones legales mediante la instrucci\u00f3n de procedimientos sancionatorios y la adopci\u00f3n de medidas. Estas acciones se desarrollan en coordinaci\u00f3n con otros organismos del Estado, consolidando una respuesta integral y prioritaria de fiscalizaci\u00f3n y seguimiento ambiental en el territorio.<\/p>\n<\/div><div class=\"content-box-shortcode-timeline-vertical\" style=\"border-color:#333333;left:71px;top:56px;-webkit-transition-duration: 350ms;animation-duration: 350ms;\"><\/div><\/div><\/div><div class=\"fusion-clearfix\"><\/div><\/div><div class=\"fusion-clearfix\"><\/div><\/div><\/div><\/div><\/div><\/p>\n","protected":false},"excerpt":{"rendered":"","protected":false},"author":3,"featured_media":0,"parent":32337,"menu_order":0,"comment_status":"closed","ping_status":"closed","template":"100-width.php","meta":{"footnotes":""},"class_list":["post-37559","page","type-page","status-publish","hentry"],"_links":{"self":[{"href":"https:\/\/portal.sma.gob.cl\/index.php\/wp-json\/wp\/v2\/pages\/37559","targetHints":{"allow":["GET"]}}],"collection":[{"href":"https:\/\/portal.sma.gob.cl\/index.php\/wp-json\/wp\/v2\/pages"}],"about":[{"href":"https:\/\/portal.sma.gob.cl\/index.php\/wp-json\/wp\/v2\/types\/page"}],"author":[{"embeddable":true,"href":"https:\/\/portal.sma.gob.cl\/index.php\/wp-json\/wp\/v2\/users\/3"}],"replies":[{"embeddable":true,"href":"https:\/\/portal.sma.gob.cl\/index.php\/wp-json\/wp\/v2\/comments?post=37559"}],"version-history":[{"count":13,"href":"https:\/\/portal.sma.gob.cl\/index.php\/wp-json\/wp\/v2\/pages\/37559\/revisions"}],"predecessor-version":[{"id":37819,"href":"https:\/\/portal.sma.gob.cl\/index.php\/wp-json\/wp\/v2\/pages\/37559\/revisions\/37819"}],"up":[{"embeddable":true,"href":"https:\/\/portal.sma.gob.cl\/index.php\/wp-json\/wp\/v2\/pages\/32337"}],"wp:attachment":[{"href":"https:\/\/portal.sma.gob.cl\/index.php\/wp-json\/wp\/v2\/media?parent=37559"}],"curies":[{"name":"wp","href":"https:\/\/api.w.org\/{rel}","templated":true}]}}