{"id":37776,"date":"2026-02-25T16:38:05","date_gmt":"2026-02-25T19:38:05","guid":{"rendered":"https:\/\/portal.sma.gob.cl\/?page_id=37776"},"modified":"2026-02-26T14:44:19","modified_gmt":"2026-02-26T17:44:19","slug":"preguntas-frecuentes","status":"publish","type":"page","link":"https:\/\/portal.sma.gob.cl\/index.php\/gestion-concon-quintero-y-puchuncavi\/ayuda\/preguntas-frecuentes\/","title":{"rendered":"Preguntas frecuentes"},"content":{"rendered":"<p><div class=\"fusion-bg-parallax\" data-bg-align=\"left top\" data-direction=\"down\" data-mute=\"false\" data-opacity=\"100\" data-velocity=\"-0.3\" data-mobile-enabled=\"false\" data-break_parents=\"0\" data-bg-image=\"https:\/\/portal.sma.gob.cl\/wp-content\/uploads\/2024\/08\/234.jpg\" data-bg-repeat=\"false\" data-bg-gradient-type=\"linear\" data-bg-gradient-angle=\"58\" data-bg-gradient-start-color=\"#163277\" data-bg-gradient-start-position=\"13\" data-bg-gradient-end-color=\"rgba(22,50,119,0)\" data-bg-gradient-end-position=\"57\" data-bg-radial-direction=\"center center\" ><\/div><div class=\"fusion-fullwidth fullwidth-box fusion-builder-row-1 fusion-flex-container has-pattern-background has-mask-background fusion-parallax-down nonhundred-percent-fullwidth non-hundred-percent-height-scrolling\" style=\"--awb-background-position:left top;--awb-border-radius-top-left:0px;--awb-border-radius-top-right:0px;--awb-border-radius-bottom-right:0px;--awb-border-radius-bottom-left:0px;--awb-padding-right-small:7vh;--awb-padding-left-small:7vh;--awb-background-image:linear-gradient(58deg, #163277 13%,rgba(22,50,119,0) 57%),url(https:\/\/portal.sma.gob.cl\/wp-content\/uploads\/2024\/08\/234.jpg);;--awb-background-size:cover;--awb-flex-wrap:wrap;\" ><div class=\"fusion-builder-row fusion-row fusion-flex-align-items-flex-start fusion-flex-content-wrap\" style=\"max-width:1144px;margin-left: calc(-4% \/ 2 );margin-right: calc(-4% \/ 2 );\"><div class=\"fusion-layout-column fusion_builder_column fusion-builder-column-0 fusion_builder_column_2_3 2_3 fusion-flex-column fusion-animated\" style=\"--awb-padding-top:7vh;--awb-padding-bottom:7vh;--awb-padding-top-medium:10vh;--awb-padding-bottom-medium:10vh;--awb-padding-top-small:8vh;--awb-padding-right-small:2vh;--awb-padding-bottom-small:0px;--awb-padding-left-small:2vh;--awb-bg-size:cover;--awb-width-large:66.666666666667%;--awb-margin-top-large:0px;--awb-spacing-right-large:2.88%;--awb-margin-bottom-large:0px;--awb-spacing-left-large:2.88%;--awb-width-medium:50%;--awb-order-medium:0;--awb-spacing-right-medium:3.84%;--awb-spacing-left-medium:3.84%;--awb-width-small:100%;--awb-order-small:0;--awb-spacing-right-small:1.92%;--awb-spacing-left-small:1.92%;\" data-animationType=\"fadeInLeft\" data-animationDuration=\"1.0\" data-animationOffset=\"top-into-view\" data-scroll-devices=\"small-visibility,medium-visibility,large-visibility\"><div class=\"fusion-column-wrapper fusion-column-has-shadow fusion-flex-justify-content-flex-start fusion-content-layout-row\"><\/div><\/div><\/div><\/div><div class=\"fusion-fullwidth fullwidth-box fusion-builder-row-2 has-pattern-background has-mask-background nonhundred-percent-fullwidth non-hundred-percent-height-scrolling\" style=\"--awb-border-radius-top-left:0px;--awb-border-radius-top-right:0px;--awb-border-radius-bottom-right:0px;--awb-border-radius-bottom-left:0px;--awb-padding-top:20px;--awb-padding-bottom:20px;--awb-margin-bottom:40px;--awb-flex-wrap:wrap;\" ><div class=\"fusion-builder-row fusion-row\"><div class=\"fusion-layout-column fusion_builder_column fusion-builder-column-1 fusion_builder_column_1_2 1_2 fusion-one-half fusion-column-first\" style=\"--awb-padding-top:40px;--awb-padding-bottom:20px;--awb-padding-top-medium:60px;--awb-padding-bottom-medium:60px;--awb-padding-top-small:20px;--awb-bg-size:cover;--awb-margin-bottom:0px;width:48%; margin-right: 4%;\" data-scroll-devices=\"small-visibility,medium-visibility,large-visibility\"><div class=\"fusion-column-wrapper fusion-column-has-shadow fusion-flex-column-wrapper-legacy\"><div class=\"fusion-title title fusion-title-1 fusion-sep-none fusion-title-text fusion-title-size-two\" style=\"--awb-text-color:#163277;--awb-margin-bottom:10px;--awb-margin-top-small:0px;--awb-margin-right-small:0px;--awb-margin-bottom-small:20px;--awb-margin-left-small:0px;--awb-font-size:38px;\"><h2 class=\"fusion-title-heading title-heading-left fusion-responsive-typography-calculated\" style=\"font-family:&quot;museo-sans&quot;;font-style:normal;font-weight:900;margin:0;font-size:1em;--fontSize:38;line-height:1.5;\">Preguntas frecuentes<\/h2><\/div><div class=\"fusion-sep-clear\"><\/div><div class=\"fusion-separator fusion-clearfix\" style=\"float:left;margin-bottom:30px;width:100%;max-width:40%;\"><div class=\"fusion-separator-border sep-single sep-solid\" style=\"--awb-height:20px;--awb-amount:20px;--awb-sep-color:#eddb5b;border-color:#eddb5b;border-top-width:3px;\"><\/div><\/div><div class=\"fusion-sep-clear\"><\/div><div class=\"fusion-clearfix\"><\/div><\/div><\/div><div class=\"fusion-layout-column fusion_builder_column fusion-builder-column-2 fusion_builder_column_1_1 1_1 fusion-one-full fusion-column-last\" style=\"--awb-bg-size:cover;\" data-scroll-devices=\"small-visibility,medium-visibility,large-visibility\"><div class=\"fusion-column-wrapper fusion-column-has-shadow fusion-flex-column-wrapper-legacy\"><div class=\"fusion-title title fusion-title-2 fusion-title-text fusion-title-size-one\" style=\"--awb-text-color:#163277;--awb-margin-top-small:0px;--awb-margin-right-small:0px;--awb-margin-bottom-small:20px;--awb-margin-left-small:0px;--awb-sep-color:var(--awb-custom10);--awb-font-size:24px;\"><h1 class=\"fusion-title-heading title-heading-left fusion-responsive-typography-calculated\" style=\"margin:0;font-size:1em;--fontSize:24;line-height:1.45;\"><strong>Generales<\/strong><\/h1><span class=\"awb-title-spacer\"><\/span><div class=\"title-sep-container\"><div class=\"title-sep sep-single sep-solid\" style=\"border-color:var(--awb-custom10);\"><\/div><\/div><\/div><div class=\"accordian fusion-accordian\" style=\"--awb-padding-top:10px;--awb-padding-right:20px;--awb-padding-bottom:10px;--awb-padding-left:20px;--awb-border-size:1px;--awb-icon-size:13px;--awb-content-font-size:16px;--awb-icon-alignment:left;--awb-hover-color:#f9f9f9;--awb-border-color:var(--awb-custom10);--awb-background-color:#ffffff;--awb-divider-color:var(--awb-custom10);--awb-divider-hover-color:#e0dede;--awb-icon-color:#ffffff;--awb-title-color:#00355e;--awb-content-color:var(--awb-color8);--awb-icon-box-color:#333333;--awb-toggle-hover-accent-color:var(--awb-color6);--awb-title-font-family:&quot;museo-sans&quot;;--awb-title-font-weight:300;--awb-title-font-style:normal;--awb-title-font-size:20px;--awb-content-font-family:&quot;Open Sans&quot;;--awb-content-font-style:normal;--awb-content-font-weight:400;\"><div class=\"panel-group fusion-toggle-icon-boxed\" id=\"accordion-37776-1\"><div class=\"fusion-panel panel-default panel-ae69960a8a6c81502 fusion-toggle-no-divider fusion-toggle-boxed-mode\" style=\"--awb-title-font-family:&quot;museo-sans&quot;;--awb-title-font-weight:700;--awb-title-font-style:normal;--awb-title-font-size:18px;--awb-title-color:#00355e;--awb-content-color:var(--awb-color8);\"><div class=\"panel-heading\"><h4 class=\"panel-title toggle\" id=\"toggle_ae69960a8a6c81502\"><a aria-expanded=\"false\" aria-controls=\"ae69960a8a6c81502\" role=\"button\" data-toggle=\"collapse\" data-parent=\"#accordion-37776-1\" data-target=\"#ae69960a8a6c81502\" href=\"#ae69960a8a6c81502\"><span class=\"fusion-toggle-icon-wrapper\" aria-hidden=\"true\"><i class=\"fa-fusion-box active-icon fa-angle-up fas\" aria-hidden=\"true\"><\/i><i class=\"fa-fusion-box inactive-icon fa-chevron-down fas\" aria-hidden=\"true\"><\/i><\/span><span class=\"fusion-toggle-heading\">\u00bfQu\u00e9 se entiende por Emisi\u00f3n Atmosf\u00e9rica?<\/span><\/a><\/h4><\/div><div id=\"ae69960a8a6c81502\" class=\"panel-collapse collapse \" aria-labelledby=\"toggle_ae69960a8a6c81502\"><div class=\"panel-body toggle-content fusion-clearfix\">\n<p>Es la descarga directa o indirecta a la atm\u00f3sfera de gases o part\u00edculas.<\/p>\n<\/div><\/div><\/div><div class=\"fusion-panel panel-default panel-a635e4b5e73d86716 fusion-toggle-no-divider fusion-toggle-boxed-mode\" style=\"--awb-title-font-family:&quot;museo-sans&quot;;--awb-title-font-weight:700;--awb-title-font-style:normal;--awb-title-font-size:18px;--awb-title-color:#00355e;--awb-content-color:var(--awb-color8);\"><div class=\"panel-heading\"><h4 class=\"panel-title toggle\" id=\"toggle_a635e4b5e73d86716\"><a aria-expanded=\"false\" aria-controls=\"a635e4b5e73d86716\" role=\"button\" data-toggle=\"collapse\" data-parent=\"#accordion-37776-1\" data-target=\"#a635e4b5e73d86716\" href=\"#a635e4b5e73d86716\"><span class=\"fusion-toggle-icon-wrapper\" aria-hidden=\"true\"><i class=\"fa-fusion-box active-icon fa-angle-up fas\" aria-hidden=\"true\"><\/i><i class=\"fa-fusion-box inactive-icon fa-chevron-down fas\" aria-hidden=\"true\"><\/i><\/span><span class=\"fusion-toggle-heading\">\u00bfQu\u00e9 es un Plan de Prevenci\u00f3n y\/o Descontaminaci\u00f3n?<\/span><\/a><\/h4><\/div><div id=\"a635e4b5e73d86716\" class=\"panel-collapse collapse \" aria-labelledby=\"toggle_a635e4b5e73d86716\"><div class=\"panel-body toggle-content fusion-clearfix\">\n<p>Los Planes de descontaminaci\u00f3n atmosf\u00e9rica (PDA), son instrumentos de gesti\u00f3n ambiental, que a trav\u00e9s de la definici\u00f3n e implementaci\u00f3n de medidas y acciones espec\u00edficas, tiene por finalidad recuperar los niveles establecidos en las normas primarias y\/o secundarias de calidad ambiental de una zona calificada como saturada por uno o m\u00e1s contaminantes.<\/p>\n<p>Los Planes de Prevenci\u00f3n Atmosf\u00e9rica (PPA), tienen por finalidad evitar que los niveles establecidos en las normas primarios y\/o secundarias de calidad ambiental se encuentren en saturaci\u00f3n, a trav\u00e9s de la definici\u00f3n e implementaci\u00f3n de medidas o acciones espec\u00edficas, que logren la reducci\u00f3n de los niveles de concentraci\u00f3n se\u00f1alados en dichas normas por debajo de la latencia.<\/p>\n<\/div><\/div><\/div><div class=\"fusion-panel panel-default panel-6390816b05771b8ae fusion-toggle-no-divider fusion-toggle-boxed-mode\" style=\"--awb-title-font-family:&quot;museo-sans&quot;;--awb-title-font-weight:700;--awb-title-font-style:normal;--awb-title-font-size:18px;--awb-title-color:#00355e;--awb-content-color:var(--awb-color8);\"><div class=\"panel-heading\"><h4 class=\"panel-title toggle\" id=\"toggle_6390816b05771b8ae\"><a aria-expanded=\"false\" aria-controls=\"6390816b05771b8ae\" role=\"button\" data-toggle=\"collapse\" data-parent=\"#accordion-37776-1\" data-target=\"#6390816b05771b8ae\" href=\"#6390816b05771b8ae\"><span class=\"fusion-toggle-icon-wrapper\" aria-hidden=\"true\"><i class=\"fa-fusion-box active-icon fa-angle-up fas\" aria-hidden=\"true\"><\/i><i class=\"fa-fusion-box inactive-icon fa-chevron-down fas\" aria-hidden=\"true\"><\/i><\/span><span class=\"fusion-toggle-heading\">\u00bfCada cu\u00e1nto tiempo se revisan los Planes de Prevenci\u00f3n y\/o Descontaminaci\u00f3n?<\/span><\/a><\/h4><\/div><div id=\"6390816b05771b8ae\" class=\"panel-collapse collapse \" aria-labelledby=\"toggle_6390816b05771b8ae\"><div class=\"panel-body toggle-content fusion-clearfix\">\n<p>Todo plan de prevenci\u00f3n o de descontaminaci\u00f3n ser\u00e1 revisado por el Ministerio del Medio Ambiente, al menos, cada cinco a\u00f1os.<\/p>\n<p>En particular, para el Plan de Prevenci\u00f3n y Descontaminaci\u00f3n de las comunas de Conc\u00f3n, Quintero y Puchuncav\u00ed, se inici\u00f3 su revisi\u00f3n a trav\u00e9s de la resoluci\u00f3n exenta N\u00b0 313\/2024 del Ministerio del Medio Ambiente publicada en el diario Oficinal el 4 de abril de 2024.<\/p>\n<\/div><\/div><\/div><div class=\"fusion-panel panel-default panel-685ad3aeb141f5509 fusion-toggle-no-divider fusion-toggle-boxed-mode\" style=\"--awb-title-font-family:&quot;museo-sans&quot;;--awb-title-font-weight:700;--awb-title-font-style:normal;--awb-title-font-size:18px;--awb-title-color:#00355e;--awb-content-color:var(--awb-color8);\"><div class=\"panel-heading\"><h4 class=\"panel-title toggle\" id=\"toggle_685ad3aeb141f5509\"><a aria-expanded=\"false\" aria-controls=\"685ad3aeb141f5509\" role=\"button\" data-toggle=\"collapse\" data-parent=\"#accordion-37776-1\" data-target=\"#685ad3aeb141f5509\" href=\"#685ad3aeb141f5509\"><span class=\"fusion-toggle-icon-wrapper\" aria-hidden=\"true\"><i class=\"fa-fusion-box active-icon fa-angle-up fas\" aria-hidden=\"true\"><\/i><i class=\"fa-fusion-box inactive-icon fa-chevron-down fas\" aria-hidden=\"true\"><\/i><\/span><span class=\"fusion-toggle-heading\">\u00bfQui\u00e9n es el encargado de fiscalizar las medidas de los Planes de Prevenci\u00f3n y Descontaminaci\u00f3n?<\/span><\/a><\/h4><\/div><div id=\"685ad3aeb141f5509\" class=\"panel-collapse collapse \" aria-labelledby=\"toggle_685ad3aeb141f5509\"><div class=\"panel-body toggle-content fusion-clearfix\">\n<p>La Superintendencia del Medio Ambiente (SMA), tiene por objeto ejecutar, organizar y coordinar el seguimiento y fiscalizaci\u00f3n las medidas establecidas en diversos Instrumentos de Car\u00e1cter Ambiental, dentro de los cuales se encuentran los Planes de Prevenci\u00f3n y\/o de Descontaminaci\u00f3n Ambiental. Es as\u00ed que la fiscalizaci\u00f3n y verificaci\u00f3n del permanente cumplimiento de las medidas que establecen los Planes de prevenci\u00f3n y\/o descontaminaci\u00f3n, ser\u00e1n efectuada por la Superintendencia del Medio Ambiente, de conformidad a su ley org\u00e1nica contenida en el art\u00edculo segundo de la Ley N\u00b020.417, y sin perjuicio de las atribuciones de los organismos sectoriales que participan en la implementaci\u00f3n del respectivo Plan.<\/p>\n<\/div><\/div><\/div><div class=\"fusion-panel panel-default panel-52f0c72552c8b5a70 fusion-toggle-no-divider fusion-toggle-boxed-mode\" style=\"--awb-title-font-family:&quot;museo-sans&quot;;--awb-title-font-weight:700;--awb-title-font-style:normal;--awb-title-font-size:18px;--awb-title-color:#00355e;--awb-content-color:var(--awb-color8);\"><div class=\"panel-heading\"><h4 class=\"panel-title toggle\" id=\"toggle_52f0c72552c8b5a70\"><a aria-expanded=\"false\" aria-controls=\"52f0c72552c8b5a70\" role=\"button\" data-toggle=\"collapse\" data-parent=\"#accordion-37776-1\" data-target=\"#52f0c72552c8b5a70\" href=\"#52f0c72552c8b5a70\"><span class=\"fusion-toggle-icon-wrapper\" aria-hidden=\"true\"><i class=\"fa-fusion-box active-icon fa-angle-up fas\" aria-hidden=\"true\"><\/i><i class=\"fa-fusion-box inactive-icon fa-chevron-down fas\" aria-hidden=\"true\"><\/i><\/span><span class=\"fusion-toggle-heading\">\u00bfLa SMA visita las empresas con previo aviso?<\/span><\/a><\/h4><\/div><div id=\"52f0c72552c8b5a70\" class=\"panel-collapse collapse \" aria-labelledby=\"toggle_52f0c72552c8b5a70\"><div class=\"panel-body toggle-content fusion-clearfix\">\n<p>La Superintendencia del Medio Ambiente establece programas y subprogramas de fiscalizaci\u00f3n de forma anual. Los programas se refieren a actividades de fiscalizaci\u00f3n que deben ser ejecutadas por la SMA, mientras que los subprogramas son actividades de fiscalizaci\u00f3n encomendadas a Organismos Sectoriales Competentes, de acuerdo con lo establecido en el art\u00edculo 16 de la Ley Org\u00e1nica de la SMA. Por lo tanto, dichas fiscalizaciones no son avisadas con previo aviso a las empresas.<\/p>\n<\/div><\/div><\/div><div class=\"fusion-panel panel-default panel-076b7f018a0173bd2 fusion-toggle-no-divider fusion-toggle-boxed-mode\" style=\"--awb-title-font-family:&quot;museo-sans&quot;;--awb-title-font-weight:700;--awb-title-font-style:normal;--awb-title-font-size:18px;--awb-title-color:#00355e;--awb-content-color:var(--awb-color8);\"><div class=\"panel-heading\"><h4 class=\"panel-title toggle\" id=\"toggle_076b7f018a0173bd2\"><a aria-expanded=\"false\" aria-controls=\"076b7f018a0173bd2\" role=\"button\" data-toggle=\"collapse\" data-parent=\"#accordion-37776-1\" data-target=\"#076b7f018a0173bd2\" href=\"#076b7f018a0173bd2\"><span class=\"fusion-toggle-icon-wrapper\" aria-hidden=\"true\"><i class=\"fa-fusion-box active-icon fa-angle-up fas\" aria-hidden=\"true\"><\/i><i class=\"fa-fusion-box inactive-icon fa-chevron-down fas\" aria-hidden=\"true\"><\/i><\/span><span class=\"fusion-toggle-heading\">\u00bfCu\u00e1les son las multas cuando existe una infracci\u00f3n de alg\u00fan instrumento de car\u00e1cter ambiental?<\/span><\/a><\/h4><\/div><div id=\"076b7f018a0173bd2\" class=\"panel-collapse collapse \" aria-labelledby=\"toggle_076b7f018a0173bd2\"><div class=\"panel-body toggle-content fusion-clearfix\">\n<p>Seg\u00fan la ley N\u00b020.417, que le entrega facultades a la SMA para la fiscalizaci\u00f3n de: Resoluci\u00f3n de Calificaci\u00f3n Ambiental, Planes de Prevenci\u00f3n y\/o Descontaminaci\u00f3n Ambiental, Norma de Calidad Ambiental y Norma de Emisi\u00f3n, la SMA puede iniciar un proceso sancionatorio a una empresa si infringe el art\u00edculo 35 de la ley 20.417, y seg\u00fan lo indica el art\u00edculo 47 de la misma ley, el procedimiento administrativo sancionatorio se inicia con la formulaci\u00f3n de cargos.<br \/>\nLa Formulaci\u00f3n de Cargos es un documento que formaliza el inicio de un Procedimiento Sancionatorio. Dicho procedimiento debe se\u00f1alar una descripci\u00f3n clara de los hechos que se estimen constitutivos de infracci\u00f3n, la fecha de su verificaci\u00f3n, la norma, medidas o condiciones eventualmente infringidas, la disposici\u00f3n que establece la infracci\u00f3n y la sanci\u00f3n posible.<br \/>\nDe acuerdo a lo establecido en el art\u00edculo 38 de la Ley Org\u00e1nica de la SMA, las infracciones cuyo conocimiento compete a la Superintendencia, podr\u00e1n ser objeto de las siguientes sanciones:<\/p>\n<p>a) Amonestaci\u00f3n por escrito.<br \/>\nb) Multa de una a diez mil unidades tributarias anuales (UTA).<br \/>\nc) Clausura temporal o definitiva.<br \/>\nd) Revocaci\u00f3n de la Resoluci\u00f3n de Calificaci\u00f3n Ambiental.<\/p>\n<\/div><\/div><\/div><\/div><\/div><div class=\"fusion-clearfix\"><\/div><\/div><\/div><\/div><\/div><div class=\"fusion-fullwidth fullwidth-box fusion-builder-row-3 has-pattern-background has-mask-background nonhundred-percent-fullwidth non-hundred-percent-height-scrolling\" style=\"--awb-border-radius-top-left:0px;--awb-border-radius-top-right:0px;--awb-border-radius-bottom-right:0px;--awb-border-radius-bottom-left:0px;--awb-padding-top:20px;--awb-padding-bottom:60px;--awb-background-color:var(--awb-color2);--awb-flex-wrap:wrap;\" ><div class=\"fusion-builder-row fusion-row\"><div class=\"fusion-layout-column fusion_builder_column fusion-builder-column-3 fusion_builder_column_1_1 1_1 fusion-one-full fusion-column-first fusion-column-last\" style=\"--awb-bg-size:cover;--awb-margin-top:40px;\" data-scroll-devices=\"small-visibility,medium-visibility,large-visibility\"><div class=\"fusion-column-wrapper fusion-column-has-shadow fusion-flex-column-wrapper-legacy\"><div class=\"fusion-title title fusion-title-3 fusion-title-text fusion-title-size-one\" style=\"--awb-text-color:#163277;--awb-margin-top-small:0px;--awb-margin-right-small:0px;--awb-margin-bottom-small:20px;--awb-margin-left-small:0px;--awb-sep-color:var(--awb-custom10);--awb-font-size:24px;\"><h1 class=\"fusion-title-heading title-heading-left fusion-responsive-typography-calculated\" style=\"margin:0;font-size:1em;--fontSize:24;line-height:1.45;\"><strong>Calidad del aire<\/strong><\/h1><span class=\"awb-title-spacer\"><\/span><div class=\"title-sep-container\"><div class=\"title-sep sep-single sep-solid\" style=\"border-color:var(--awb-custom10);\"><\/div><\/div><\/div><div class=\"accordian fusion-accordian\" style=\"--awb-padding-top:10px;--awb-padding-right:20px;--awb-padding-bottom:10px;--awb-padding-left:20px;--awb-border-size:1px;--awb-icon-size:13px;--awb-content-font-size:16px;--awb-icon-alignment:left;--awb-hover-color:#f9f9f9;--awb-border-color:var(--awb-custom10);--awb-background-color:#ffffff;--awb-divider-color:var(--awb-custom10);--awb-divider-hover-color:#e0dede;--awb-icon-color:#ffffff;--awb-title-color:#00355e;--awb-content-color:var(--awb-color8);--awb-icon-box-color:#333333;--awb-toggle-hover-accent-color:var(--awb-color6);--awb-title-font-family:&quot;museo-sans&quot;;--awb-title-font-weight:300;--awb-title-font-style:normal;--awb-title-font-size:20px;--awb-content-font-family:&quot;Open Sans&quot;;--awb-content-font-style:normal;--awb-content-font-weight:400;\"><div class=\"panel-group fusion-toggle-icon-boxed\" id=\"accordion-37776-2\"><div class=\"fusion-panel panel-default panel-86c4aeebdad4b1f25 fusion-toggle-no-divider fusion-toggle-boxed-mode\" style=\"--awb-title-font-family:&quot;museo-sans&quot;;--awb-title-font-weight:700;--awb-title-font-style:normal;--awb-title-font-size:18px;--awb-title-color:#00355e;--awb-content-color:var(--awb-color8);\"><div class=\"panel-heading\"><h4 class=\"panel-title toggle\" id=\"toggle_86c4aeebdad4b1f25\"><a aria-expanded=\"false\" aria-controls=\"86c4aeebdad4b1f25\" role=\"button\" data-toggle=\"collapse\" data-parent=\"#accordion-37776-2\" data-target=\"#86c4aeebdad4b1f25\" href=\"#86c4aeebdad4b1f25\"><span class=\"fusion-toggle-icon-wrapper\" aria-hidden=\"true\"><i class=\"fa-fusion-box active-icon fa-angle-up fas\" aria-hidden=\"true\"><\/i><i class=\"fa-fusion-box inactive-icon fa-chevron-down fas\" aria-hidden=\"true\"><\/i><\/span><span class=\"fusion-toggle-heading\">\u00bfQu\u00e9 son las normas primarias de calidad del aire?<\/span><\/a><\/h4><\/div><div id=\"86c4aeebdad4b1f25\" class=\"panel-collapse collapse \" aria-labelledby=\"toggle_86c4aeebdad4b1f25\"><div class=\"panel-body toggle-content fusion-clearfix\">\n<p>Son aquellas que establecen los valores de las concentraciones y periodos, m\u00e1ximos o m\u00ednimos permitidos de elementos, compuestos, sustancias, derivados qu\u00edmicos o biol\u00f3gicos, energ\u00edas, radiaciones, vibraciones, ruidos o combinaci\u00f3n de ellos, cuya presencia o carencia en el ambiente pueda constituir un riesgo para la vida o la salud de la poblaci\u00f3n.<\/p>\n<\/div><\/div><\/div><div class=\"fusion-panel panel-default panel-797adffd59e623e40 fusion-toggle-no-divider fusion-toggle-boxed-mode\" style=\"--awb-title-font-family:&quot;museo-sans&quot;;--awb-title-font-weight:700;--awb-title-font-style:normal;--awb-title-font-size:18px;--awb-title-color:#00355e;--awb-content-color:var(--awb-color8);\"><div class=\"panel-heading\"><h4 class=\"panel-title toggle\" id=\"toggle_797adffd59e623e40\"><a aria-expanded=\"false\" aria-controls=\"797adffd59e623e40\" role=\"button\" data-toggle=\"collapse\" data-parent=\"#accordion-37776-2\" data-target=\"#797adffd59e623e40\" href=\"#797adffd59e623e40\"><span class=\"fusion-toggle-icon-wrapper\" aria-hidden=\"true\"><i class=\"fa-fusion-box active-icon fa-angle-up fas\" aria-hidden=\"true\"><\/i><i class=\"fa-fusion-box inactive-icon fa-chevron-down fas\" aria-hidden=\"true\"><\/i><\/span><span class=\"fusion-toggle-heading\">\u00bfQu\u00e9 son las normas secundarias de calidad del aire?<\/span><\/a><\/h4><\/div><div id=\"797adffd59e623e40\" class=\"panel-collapse collapse \" aria-labelledby=\"toggle_797adffd59e623e40\"><div class=\"panel-body toggle-content fusion-clearfix\">\n<p>Son aquellas que establecen los valores de las concentraciones y periodos, m\u00e1ximos o m\u00ednimos permitidos de sustancias, elementos, energ\u00eda o combinaci\u00f3n de ellos, cuya presencia o carencia en el ambiente pueda constituir un riesgo para la protecci\u00f3n o la conservaci\u00f3n del medio ambiente, o la preservaci\u00f3n de la naturaleza.<\/p>\n<\/div><\/div><\/div><div class=\"fusion-panel panel-default panel-a04796c5481301214 fusion-toggle-no-divider fusion-toggle-boxed-mode\" style=\"--awb-title-font-family:&quot;museo-sans&quot;;--awb-title-font-weight:700;--awb-title-font-style:normal;--awb-title-font-size:18px;--awb-title-color:#00355e;--awb-content-color:var(--awb-color8);\"><div class=\"panel-heading\"><h4 class=\"panel-title toggle\" id=\"toggle_a04796c5481301214\"><a aria-expanded=\"false\" aria-controls=\"a04796c5481301214\" role=\"button\" data-toggle=\"collapse\" data-parent=\"#accordion-37776-2\" data-target=\"#a04796c5481301214\" href=\"#a04796c5481301214\"><span class=\"fusion-toggle-icon-wrapper\" aria-hidden=\"true\"><i class=\"fa-fusion-box active-icon fa-angle-up fas\" aria-hidden=\"true\"><\/i><i class=\"fa-fusion-box inactive-icon fa-chevron-down fas\" aria-hidden=\"true\"><\/i><\/span><span class=\"fusion-toggle-heading\">\u00bfC\u00f3mo se mide la Calidad del Aire?<\/span><\/a><\/h4><\/div><div id=\"a04796c5481301214\" class=\"panel-collapse collapse \" aria-labelledby=\"toggle_a04796c5481301214\"><div class=\"panel-body toggle-content fusion-clearfix\">\n<p>La calidad del aire se mide a trav\u00e9s de datos obtenidos desde estaciones de monitoreo o estaciones de muestreo.<\/p>\n<\/div><\/div><\/div><div class=\"fusion-panel panel-default panel-4fd01427ecbe770a8 fusion-toggle-no-divider fusion-toggle-boxed-mode\" style=\"--awb-title-font-family:&quot;museo-sans&quot;;--awb-title-font-weight:700;--awb-title-font-style:normal;--awb-title-font-size:18px;--awb-title-color:#00355e;--awb-content-color:var(--awb-color8);\"><div class=\"panel-heading\"><h4 class=\"panel-title toggle\" id=\"toggle_4fd01427ecbe770a8\"><a aria-expanded=\"false\" aria-controls=\"4fd01427ecbe770a8\" role=\"button\" data-toggle=\"collapse\" data-parent=\"#accordion-37776-2\" data-target=\"#4fd01427ecbe770a8\" href=\"#4fd01427ecbe770a8\"><span class=\"fusion-toggle-icon-wrapper\" aria-hidden=\"true\"><i class=\"fa-fusion-box active-icon fa-angle-up fas\" aria-hidden=\"true\"><\/i><i class=\"fa-fusion-box inactive-icon fa-chevron-down fas\" aria-hidden=\"true\"><\/i><\/span><span class=\"fusion-toggle-heading\">\u00bfQu\u00e9 es una estaci\u00f3n de calidad del aire?<\/span><\/a><\/h4><\/div><div id=\"4fd01427ecbe770a8\" class=\"panel-collapse collapse \" aria-labelledby=\"toggle_4fd01427ecbe770a8\"><div class=\"panel-body toggle-content fusion-clearfix\">\n<p>Infraestructura, caseta o sistema donde se instalan los instrumentos de medici\u00f3n y\/o muestreadores. Cabe se\u00f1alar que los instrumentos instalados en casetas portables peque\u00f1as (llamados ene\/asure) e instrumentos del tipo de muestreo que pueden permanecer a la intemperie, tambi\u00e9n son considerados como estaciones de calidad del aire.<\/p>\n<\/div><\/div><\/div><div class=\"fusion-panel panel-default panel-79fecba59ea8b1f27 fusion-toggle-no-divider fusion-toggle-boxed-mode\" style=\"--awb-title-font-family:&quot;museo-sans&quot;;--awb-title-font-weight:700;--awb-title-font-style:normal;--awb-title-font-size:18px;--awb-title-color:#00355e;--awb-content-color:var(--awb-color8);\"><div class=\"panel-heading\"><h4 class=\"panel-title toggle\" id=\"toggle_79fecba59ea8b1f27\"><a aria-expanded=\"false\" aria-controls=\"79fecba59ea8b1f27\" role=\"button\" data-toggle=\"collapse\" data-parent=\"#accordion-37776-2\" data-target=\"#79fecba59ea8b1f27\" href=\"#79fecba59ea8b1f27\"><span class=\"fusion-toggle-icon-wrapper\" aria-hidden=\"true\"><i class=\"fa-fusion-box active-icon fa-angle-up fas\" aria-hidden=\"true\"><\/i><i class=\"fa-fusion-box inactive-icon fa-chevron-down fas\" aria-hidden=\"true\"><\/i><\/span><span class=\"fusion-toggle-heading\">\u00bfQu\u00e9 es un Inventario de Emisiones?<\/span><\/a><\/h4><\/div><div id=\"79fecba59ea8b1f27\" class=\"panel-collapse collapse \" aria-labelledby=\"toggle_79fecba59ea8b1f27\"><div class=\"panel-body toggle-content fusion-clearfix\">\n<p>Es el recuento de la cantidad de contaminantes liberados a la atm\u00f3sfera. Por lo general, un inventario de emisiones contiene las emisiones totales de uno o m\u00e1s contaminantes atmosf\u00e9ricos espec\u00edficos, los cuales provienen de todo tipo de fuentes emisoras en una determinada \u00e1rea geogr\u00e1fica y durante un lapso de tiempo establecido, por lo general un a\u00f1o espec\u00edfico.<\/p>\n<\/div><\/div><\/div><\/div><\/div><div class=\"fusion-clearfix\"><\/div><\/div><\/div><\/div><\/div><div class=\"fusion-fullwidth fullwidth-box fusion-builder-row-4 has-pattern-background has-mask-background nonhundred-percent-fullwidth non-hundred-percent-height-scrolling\" style=\"--awb-border-radius-top-left:0px;--awb-border-radius-top-right:0px;--awb-border-radius-bottom-right:0px;--awb-border-radius-bottom-left:0px;--awb-padding-top:20px;--awb-padding-bottom:60px;--awb-background-color:var(--awb-color1);--awb-flex-wrap:wrap;\" ><div class=\"fusion-builder-row fusion-row\"><div class=\"fusion-layout-column fusion_builder_column fusion-builder-column-4 fusion_builder_column_1_1 1_1 fusion-one-full fusion-column-first fusion-column-last\" style=\"--awb-bg-size:cover;--awb-margin-top:40px;\" data-scroll-devices=\"small-visibility,medium-visibility,large-visibility\"><div class=\"fusion-column-wrapper fusion-column-has-shadow fusion-flex-column-wrapper-legacy\"><div class=\"fusion-title title fusion-title-4 fusion-title-text fusion-title-size-one\" style=\"--awb-text-color:#163277;--awb-margin-top-small:0px;--awb-margin-right-small:0px;--awb-margin-bottom-small:20px;--awb-margin-left-small:0px;--awb-sep-color:var(--awb-custom10);--awb-font-size:24px;\"><h1 class=\"fusion-title-heading title-heading-left fusion-responsive-typography-calculated\" style=\"margin:0;font-size:1em;--fontSize:24;line-height:1.45;\"><strong>Compuestos Org\u00e1nicos Vol\u00e1tiles<\/strong><\/h1><span class=\"awb-title-spacer\"><\/span><div class=\"title-sep-container\"><div class=\"title-sep sep-single sep-solid\" style=\"border-color:var(--awb-custom10);\"><\/div><\/div><\/div><div class=\"accordian fusion-accordian\" style=\"--awb-padding-top:10px;--awb-padding-right:20px;--awb-padding-bottom:10px;--awb-padding-left:20px;--awb-border-size:1px;--awb-icon-size:13px;--awb-content-font-size:16px;--awb-icon-alignment:left;--awb-hover-color:#f9f9f9;--awb-border-color:var(--awb-custom10);--awb-background-color:#ffffff;--awb-divider-color:var(--awb-custom10);--awb-divider-hover-color:#e0dede;--awb-icon-color:#ffffff;--awb-title-color:#00355e;--awb-content-color:var(--awb-color8);--awb-icon-box-color:#333333;--awb-toggle-hover-accent-color:var(--awb-color6);--awb-title-font-family:&quot;museo-sans&quot;;--awb-title-font-weight:300;--awb-title-font-style:normal;--awb-title-font-size:20px;--awb-content-font-family:&quot;Open Sans&quot;;--awb-content-font-style:normal;--awb-content-font-weight:400;\"><div class=\"panel-group fusion-toggle-icon-boxed\" id=\"accordion-37776-3\"><div class=\"fusion-panel panel-default panel-b74ed8b43612386fb fusion-toggle-no-divider fusion-toggle-boxed-mode\" style=\"--awb-title-font-family:&quot;museo-sans&quot;;--awb-title-font-weight:700;--awb-title-font-style:normal;--awb-title-font-size:18px;--awb-title-color:#00355e;--awb-content-color:var(--awb-color8);\"><div class=\"panel-heading\"><h4 class=\"panel-title toggle\" id=\"toggle_b74ed8b43612386fb\"><a aria-expanded=\"false\" aria-controls=\"b74ed8b43612386fb\" role=\"button\" data-toggle=\"collapse\" data-parent=\"#accordion-37776-3\" data-target=\"#b74ed8b43612386fb\" href=\"#b74ed8b43612386fb\"><span class=\"fusion-toggle-icon-wrapper\" aria-hidden=\"true\"><i class=\"fa-fusion-box active-icon fa-angle-up fas\" aria-hidden=\"true\"><\/i><i class=\"fa-fusion-box inactive-icon fa-chevron-down fas\" aria-hidden=\"true\"><\/i><\/span><span class=\"fusion-toggle-heading\">\u00bfExiste una norma de Compuestos Org\u00e1nicos Vol\u00e1tiles (COVs)?<\/span><\/a><\/h4><\/div><div id=\"b74ed8b43612386fb\" class=\"panel-collapse collapse \" aria-labelledby=\"toggle_b74ed8b43612386fb\"><div class=\"panel-body toggle-content fusion-clearfix\">\n<p>El 11 de mayo de 2023 se public\u00f3 el Decreto N\u00b05 del Ministerio del Medio Ambiente, que establece norma primaria de calidad del aire para el compuesto org\u00e1nico vol\u00e1til benceno. Si bien la norma se encuentra vigente, aun no se disponen de estaciones de monitoreo con representatividad poblacional (EMRPG-COVs) oficiales en la zona.<\/p>\n<\/div><\/div><\/div><div class=\"fusion-panel panel-default panel-a92845af1bcfac43f fusion-toggle-no-divider fusion-toggle-boxed-mode\" style=\"--awb-title-font-family:&quot;museo-sans&quot;;--awb-title-font-weight:700;--awb-title-font-style:normal;--awb-title-font-size:18px;--awb-title-color:#00355e;--awb-content-color:var(--awb-color8);\"><div class=\"panel-heading\"><h4 class=\"panel-title toggle\" id=\"toggle_a92845af1bcfac43f\"><a aria-expanded=\"false\" aria-controls=\"a92845af1bcfac43f\" role=\"button\" data-toggle=\"collapse\" data-parent=\"#accordion-37776-3\" data-target=\"#a92845af1bcfac43f\" href=\"#a92845af1bcfac43f\"><span class=\"fusion-toggle-icon-wrapper\" aria-hidden=\"true\"><i class=\"fa-fusion-box active-icon fa-angle-up fas\" aria-hidden=\"true\"><\/i><i class=\"fa-fusion-box inactive-icon fa-chevron-down fas\" aria-hidden=\"true\"><\/i><\/span><span class=\"fusion-toggle-heading\">\u00bfCu\u00e1l es la estrategia para la determinaci\u00f3n de COVs de la SMA?<\/span><\/a><\/h4><\/div><div id=\"a92845af1bcfac43f\" class=\"panel-collapse collapse \" aria-labelledby=\"toggle_a92845af1bcfac43f\"><div class=\"panel-body toggle-content fusion-clearfix\">\n<p>El Laboratorio de la Superintendencia del Medio Ambiente, como parte de la estrategia institucional, est\u00e1 llevando a cabo un programa de medici\u00f3n, muestreo y an\u00e1lisis para la determinaci\u00f3n de Compuestos Org\u00e1nicos Vol\u00e1tiles (COVs), el que considera la realizaci\u00f3n de mediciones en l\u00ednea, la toma de muestras de forma peri\u00f3dica en puntos establecidos y la toma de muestras puntuales frente a eventos que ocurran en la zona.<\/p>\n<\/div><\/div><\/div><div class=\"fusion-panel panel-default panel-b9ff17bffeddd5743 fusion-toggle-no-divider fusion-toggle-boxed-mode\" style=\"--awb-title-font-family:&quot;museo-sans&quot;;--awb-title-font-weight:700;--awb-title-font-style:normal;--awb-title-font-size:18px;--awb-title-color:#00355e;--awb-content-color:var(--awb-color8);\"><div class=\"panel-heading\"><h4 class=\"panel-title toggle\" id=\"toggle_b9ff17bffeddd5743\"><a aria-expanded=\"false\" aria-controls=\"b9ff17bffeddd5743\" role=\"button\" data-toggle=\"collapse\" data-parent=\"#accordion-37776-3\" data-target=\"#b9ff17bffeddd5743\" href=\"#b9ff17bffeddd5743\"><span class=\"fusion-toggle-icon-wrapper\" aria-hidden=\"true\"><i class=\"fa-fusion-box active-icon fa-angle-up fas\" aria-hidden=\"true\"><\/i><i class=\"fa-fusion-box inactive-icon fa-chevron-down fas\" aria-hidden=\"true\"><\/i><\/span><span class=\"fusion-toggle-heading\">\u00bfD\u00f3nde puedo conocer cu\u00e1les son los m\u00e9todos de medici\u00f3n definidos por la Superintendencia para la determinaci\u00f3n de Benceno?<\/span><\/a><\/h4><\/div><div id=\"b9ff17bffeddd5743\" class=\"panel-collapse collapse \" aria-labelledby=\"toggle_b9ff17bffeddd5743\"><div class=\"panel-body toggle-content fusion-clearfix\">\n<p>La Resoluci\u00f3n exenta N\u00b0720\/2024 de la SMA, establece los m\u00e9todos de medici\u00f3n para la norma primaria de calidad del aire para el compuesto org\u00e1nico vol\u00e1til Benceno.<\/p>\n<\/div><\/div><\/div><\/div><\/div><div class=\"fusion-clearfix\"><\/div><\/div><\/div><\/div><\/div><\/p>\n","protected":false},"excerpt":{"rendered":"","protected":false},"author":3,"featured_media":0,"parent":37773,"menu_order":0,"comment_status":"closed","ping_status":"closed","template":"100-width.php","meta":{"footnotes":""},"class_list":["post-37776","page","type-page","status-publish","hentry"],"_links":{"self":[{"href":"https:\/\/portal.sma.gob.cl\/index.php\/wp-json\/wp\/v2\/pages\/37776","targetHints":{"allow":["GET"]}}],"collection":[{"href":"https:\/\/portal.sma.gob.cl\/index.php\/wp-json\/wp\/v2\/pages"}],"about":[{"href":"https:\/\/portal.sma.gob.cl\/index.php\/wp-json\/wp\/v2\/types\/page"}],"author":[{"embeddable":true,"href":"https:\/\/portal.sma.gob.cl\/index.php\/wp-json\/wp\/v2\/users\/3"}],"replies":[{"embeddable":true,"href":"https:\/\/portal.sma.gob.cl\/index.php\/wp-json\/wp\/v2\/comments?post=37776"}],"version-history":[{"count":20,"href":"https:\/\/portal.sma.gob.cl\/index.php\/wp-json\/wp\/v2\/pages\/37776\/revisions"}],"predecessor-version":[{"id":37827,"href":"https:\/\/portal.sma.gob.cl\/index.php\/wp-json\/wp\/v2\/pages\/37776\/revisions\/37827"}],"up":[{"embeddable":true,"href":"https:\/\/portal.sma.gob.cl\/index.php\/wp-json\/wp\/v2\/pages\/37773"}],"wp:attachment":[{"href":"https:\/\/portal.sma.gob.cl\/index.php\/wp-json\/wp\/v2\/media?parent=37776"}],"curies":[{"name":"wp","href":"https:\/\/api.w.org\/{rel}","templated":true}]}}